{"id":12802,"date":"2019-06-18T10:13:07","date_gmt":"2019-06-18T08:13:07","guid":{"rendered":"http:\/\/ec.kuusi.ovh\/?post_type=best_practices&#038;p=12802"},"modified":"2022-12-22T12:02:04","modified_gmt":"2022-12-22T11:02:04","slug":"des-rues-pleines-de-vie-ivanic-grad","status":"publish","type":"best_practices","link":"https:\/\/energy-cities.eu\/fr\/bonne-pratique\/des-rues-pleines-de-vie-ivanic-grad\/","title":{"rendered":"Des rues pleines de vie !"},"content":{"rendered":"\n<p><strong>Les Rues Vivantes sont une exp\u00e9rience sociale effectu\u00e9e dans une situation de la vie r\u00e9elle dans laquelle les habitants d\u2019une ville peuvent temporairement transformer leur rue en l\u2019endroit dont ils ont toujours r\u00eav\u00e9.<\/strong><\/p>\n\n\n\n<p><strong><em>Les objectifs des Rues Vivantes \u00e0\nIvani\u0107-Grad sont de pr\u00e9parer le terrain pour recevoir un centre-ville\npi\u00e9tonnier, de promouvoir le v\u00e9lo comme moyen de transport, de soutenir la\nproduction et la consommation locales et de d\u00e9velopper l\u2019\u00e9conomie circulaire.\nLa municipalit\u00e9 a pour objectif d\u2019attirer les jeunes \u00e0 vivre \u00e0 Ivani\u0107-Grad\napr\u00e8s avoir termin\u00e9 leurs \u00e9tudes et de faire avancer les mentalit\u00e9s concernant\nl\u2019utilisation individuelle des voitures et les mod\u00e8les de consommation non\ndurables. Pour ce faire, la municipalit\u00e9 est en lien avec des entreprises locales\net les citoyens; et passe d&rsquo;une approche descendante \u00e0 une approche ascendante\net co-cr\u00e9ative.<\/em><\/strong><strong><em><\/em><\/strong><\/p>\n\n\n\n<p><strong>Contexte<\/strong><\/p>\n\n\n\n<p>La ville\nd&rsquo;Ivani\u0107-Grad est bien d\u00e9velopp\u00e9e gr\u00e2ce aux ressources en gaz et en p\u00e9trole,\nmais cela a un impact n\u00e9gatif sur l&rsquo;environnement local. La ville est \u00e9galement\nconfront\u00e9e \u00e0 deux probl\u00e8mes d\u00e9mographiques importants&nbsp;: le vieillissement\nde la population et l\u2019\u00e9migration. En raison de la crise \u00e9conomique prolong\u00e9e, des\nlocaux commerciaux du centre-ville sont actuellement d\u00e9sert\u00e9s. Il y a aussi des\nterres abandonn\u00e9es convenant \u00e0 l&rsquo;agriculture. Ces terres appartiennent\nactuellement \u00e0 la municipalit\u00e9, au minist\u00e8re de l&rsquo;Agriculture et aux\npropri\u00e9taires priv\u00e9s qui ont quitt\u00e9 Ivani\u0107-Grad. <\/p>\n\n\n\n<p><strong>Production et consommation d&rsquo;aliments locaux, \u00e9conomie\ncirculaire et \u00e9volution des mentalit\u00e9s <\/strong><\/p>\n\n\n\n<p>Afin d\u2019aborder\nla question de la production alimentaire locale, la municipalit\u00e9 a organis\u00e9 un\nconcours de production de citrouilles \u00e0 l\u2019occasion de la cr\u00e9ation de la\npremi\u00e8re Rue Vivante pour sensibiliser les citoyens \u00e0 l&rsquo;initiative Rues\nVivantes et lier l\u2019initiative \u00e0 un \u00e9v\u00e9nement populaire&nbsp;: le festival des\ncitrouilles.<\/p>\n\n\n\n<p>Le maire\nd&rsquo;Ivani\u0107-Grad a distribu\u00e9 \u00e0 tous les citoyens qui ont rempli le formulaire de\ncandidature 100 kits de jardinage urbain comprenant des graines de citrouille,\ndes outils de jardinage, des \u00e9tiquettes de marquage pour semis et des\ninstructions. Dans ce cadre, des terrains appartenant \u00e0 la municipalit\u00e9 ont \u00e9t\u00e9\npr\u00eat\u00e9s aux citoyens vivant dans des immeubles d&rsquo;habitation collectifs sans jardin\npour qu\u2019ils puissent les reconvertir en jardins urbains. Les r\u00e9sultats les ont\nencourag\u00e9s \u00e0 poursuivre ces initiatives dans les ann\u00e9es \u00e0 venir, cr\u00e9ant une\ndemande de plus en plus importante de terrains pour les futures Rues Vivantes.\nPar cons\u00e9quent, la municipalit\u00e9 est en discussion avec le minist\u00e8re national de\nl&rsquo;Agriculture pour l\u2019utilisation des parcelles de terres actuellement\nabandonn\u00e9es. La municipalit\u00e9 discute \u00e9galement avec des citoyens qui\nn&rsquo;utilisent pas leurs terres afin que ces derniers les rendent disponibles pour\nle jardinage urbain. Les exploitations familiales locales ont exprim\u00e9 leur\nint\u00e9r\u00eat \u00e0 acheter les l\u00e9gumes et les fruits produits localement. Les citoyens\net les entreprises locales ont donc \u00e9t\u00e9 mis en contact par la municipalit\u00e9 pour\nde futures collaborations.<\/p>\n\n\n\n<p>De plus, les\nRues Vivantes ont offert la possibilit\u00e9 d\u2019\u00e9changer des exp\u00e9riences avec des\nexperts mac\u00e9doniens sur la production agricole, ce qui a d\u00e9bouch\u00e9 sur un\ncontrat de commerce international sign\u00e9 entre des entreprises d\u2019Ivani\u0107-Grad et\ndes experts mac\u00e9doniens. Dans ce cadre, l&rsquo;expertise mac\u00e9donienne sera\ntransf\u00e9r\u00e9e \u00e0 Ivani\u0107 et, \u00e0 son tour, Ivani\u0107 exportera des produits innovants\nd\u00e9velopp\u00e9s au sein des Rues Vivantes tels que des kits de jardinage urbains,\ndes graines de citrouille, des \u00e9co-jouets locaux et des dispositifs \u00e9cologiques pens\u00e9s par des designers et des\nentreprises locales. Du point de vue social, le projet devrait permettre \u00e0 de\nnombreux citoyens d&rsquo;Ivani\u0107, originaires de Mac\u00e9doine, de renouer avec leurs\nfamilles originaires de Mac\u00e9doine.<\/p>\n\n\n\n<p>Dans le cadre des\nRues Vivantes, la municipalit\u00e9 a encourag\u00e9 les petites entreprises \u00e0 coop\u00e9rer\net \u00e0 communiquer sur les objectifs communs qu\u2019elles visent, et non \u00e0 se\nconsid\u00e9rer comme des concurrentes. Ainsi, l&rsquo;ONG Brenta a \u00e9t\u00e9 cr\u00e9\u00e9e pour\nregrouper les producteurs de vin afin de leur apprendre \u00e0 mieux coop\u00e9rer.\nBeaucoup produisent du vin \u0160krlet, conduisant \u00e0 l&rsquo;organisation d&rsquo;un nouvel\n\u00e9v\u00e9nement local&nbsp;: le festival du vin \u0160krlet. Ils r\u00e9pondent maintenant\nensemble \u00e0 la forte demande locale en vin \u0160krlet, \u00e0 laquelle ils ne pourraient\npas r\u00e9pondre individuellement. La municipalit\u00e9 a jou\u00e9 un r\u00f4le de facilitateur\nen connectant les gens et les entreprises sur son territoire.<\/p>\n\n\n\n<p>Ivani\u0107-Grad a\n\u00e9galement organis\u00e9 un atelier sur le financement participatif pour mettre en\nrelation les \u00e9tudiants et les producteurs locaux actuels et futurs avec deux\nobjectifs&nbsp;: l&rsquo;orientation des \u00e9tudiants dans leurs choix professionnels et\nla cr\u00e9ation d&rsquo;entreprises locales. En cons\u00e9quence, une usine locale de biscuits\nverra le jour et la boulangerie locale a d\u00e9velopp\u00e9 de nouveaux produits et du mobilier\nurbain pour les Rues Vivantes de la place principale. Des outils de jardinage\net des h\u00f4tels \u00e0 insectes ont \u00e9galement \u00e9t\u00e9 cr\u00e9\u00e9s gr\u00e2ce aux Rues Vivantes, mettant\nen relation les \u00e9tudiants en design qui ont con\u00e7u les \u00e9l\u00e9ments, les retrait\u00e9s qualifi\u00e9s\nqui ont fabriqu\u00e9 chaque \u00e9l\u00e9ment en se basant sur les dessins des \u00e9tudiants en\ndesign, et les enfants de la maternelle qui les ont assembl\u00e9s. Tout cela s&rsquo;est\nd\u00e9roul\u00e9 sur la place principale de la ville lors du salon \u00e9cologique d\u2019Ivani\u0107.\nAinsi, apr\u00e8s avoir suivi des cours intensifs de financement participatif, les\n\u00e9tudiants envisagent maintenant de cr\u00e9er une start-up en design urbain.<\/p>\n\n\n\n<p>Tout ce qu&rsquo;il a\nfallu pour en faire une v\u00e9ritable innovation sociale, c&rsquo;est une radio locale\nqui relaie les bonnes informations, des retrait\u00e9s passionn\u00e9s, des \u00e9tudiants en\ndesign cr\u00e9atifs et proactifs et un personnel municipal \u00e0 l&rsquo;esprit ouvert se\nrassemblant gr\u00e2ce aux Rues Vivantes d\u2019Ivani\u0107.<\/p>\n\n\n\n<p><strong>Consommation\nlocale et sensibilisation<\/strong>\n<\/p>\n\n\n\n<p>Pendant la\np\u00e9riode de No\u00ebl, la municipalit\u00e9 a encourag\u00e9 les citoyens \u00e0 acheter des cadeaux\nproduits localement (nourriture, boissons, jouets). Il s&rsquo;est av\u00e9r\u00e9 que de\nnombreux citoyens ne savaient pas o\u00f9 acheter ces produits, et ils ne savaient\npas non plus qui \u00e9taient les producteurs locaux et s&rsquo;ils poss\u00e9daient un\nmagasin. Pour r\u00e9soudre ce probl\u00e8me, un salon d\u2019exposition temporaire a vu le\njour sur la place principale o\u00f9 les producteurs locaux pouvaient y vendre leurs\nproduits avant la p\u00e9riode de No\u00ebl. Cela s&rsquo;est av\u00e9r\u00e9 \u00eatre une grande r\u00e9ussite.\nGr\u00e2ce aux Rues Vivantes, les mentalit\u00e9s des citoyens \u00e9voluent en ce qui\nconcerne l\u2019importance de la production locale et leurs habitudes de\nconsommation.<\/p>\n\n\n\n<p><strong><br>\nUn centre-ville pi\u00e9tonnier<\/strong><\/p>\n\n\n\n<p>Par le pass\u00e9,\nla municipalit\u00e9 a d\u00e9j\u00e0 pens\u00e9 \u00e0 interdire l\u2019acc\u00e8s du centre-ville aux voitures,\nmais cette mesure \u00e9tait assez impopulaire \u00e0 l\u2019\u00e9poque.<\/p>\n\n\n\n<p>Pendant\nl\u2019\u00e9v\u00e8nement Rues Vivantes, la ville a ferm\u00e9 l\u2019acc\u00e8s du centre-ville aux\nvoitures deux fois pendant deux semaines \u00e0 diff\u00e9rentes p\u00e9riodes de l\u2019ann\u00e9e\n2017. Au d\u00e9but, les entreprises locales et les propri\u00e9taires de magasins\ncraignaient que leurs ventes ne diminuent. Cependant, lors de l&rsquo;atelier urbain,\nils ont compris que m\u00eame si la place est interdite d\u2019acc\u00e8s aux voitures, il\nleur restait toujours la possibilit\u00e9 de livrer leurs marchandises. En outre,\nlorsqu&rsquo;ils ont r\u00e9alis\u00e9 que les habitants souhaitent que la place soit pi\u00e9tonne,\nils ont compris qu\u2019ils pourraient finalement en tirer avantage. La municipalit\u00e9\na promis de mettre en place les moyens de communication n\u00e9cessaires pour\npromouvoir leurs entreprises. Les r\u00e9sultats positifs obtenus dans d&rsquo;autres\nvilles europ\u00e9ennes ont montr\u00e9 que les centres-villes sans voiture n\u2019apportent\npas seulement des probl\u00e8mes, mais aussi des solutions.<\/p>\n\n\n\n<p>\u00c0 la fin de\nl\u2019exp\u00e9rience, les conclusions suivantes ont \u00e9t\u00e9 tir\u00e9es&nbsp;:<\/p>\n\n\n\n<ul><li>Les\njeunes et les familles avec enfants voient la place principale comme un lieu\ns\u00fbr et attrayant avec des espaces verts, des terrains de jeux et des caf\u00e9s.<\/li><li>D&rsquo;autre\npart, d&rsquo;autres citoyens (en particulier les hommes d&rsquo;\u00e2ge moyen) ont vot\u00e9 contre\nl\u2019interdiction d\u2019acc\u00e8s de la place principale aux voitures (ils peuvent\ng\u00e9n\u00e9ralement garer leur voiture devant les magasins).<\/li><li>On\nestime que les activit\u00e9s organis\u00e9es dans les Rues Vivantes n&rsquo;\u00e9taient quand m\u00eame\npas suffisantes pour changer compl\u00e8tement les mentalit\u00e9s et convaincre les\ncitoyens \u00e0 se rendre compte des bienfaits de faire du v\u00e9lo et de marcher.<\/li><li>Pour\nconstruire une place pi\u00e9tonne, il faut pr\u00e9voir un budget pour les\ninfrastructures, ce qui n\u2019est pas inclus dans le budget municipal des deux\nprochaines ann\u00e9es. Cependant, les sp\u00e9cialistes du projet ont propos\u00e9 de mettre\nen place des petites activit\u00e9s et des travaux mineurs qui ne n\u00e9cessitent qu\u2019un\nbudget raisonnable. <\/li><\/ul>\n\n\n\n<p>Dans un avenir\nproche, la municipalit\u00e9 d&rsquo;Ivani\u0107 devra modifier ses plans d&rsquo;urbanisme,\nnotamment en ce qui concerne le centre-ville historique. L\u2019organisation d\u2019un\nautre atelier urbain est pr\u00e9vue o\u00f9 les citoyens seront invit\u00e9s \u00e0 exprimer leurs\nopinions, leurs besoins et donner leurs suggestions. <\/p>\n\n\n\n<p>Seul un engagement politique et une d\u00e9cision du maire de fermer la place pour une p\u00e9riode plus longue, par exemple six mois, peuvent avoir un effet plus important et permettre aux autorit\u00e9s municipales et aux citoyens de mieux \u00e9valuer l&rsquo;acceptation et l&rsquo;impact d&rsquo;une place pi\u00e9tonne \u00e0 Ivani\u0107.<\/p>\n","protected":false},"excerpt":{"rendered":"<p>Les Rues Vivantes sont une exp\u00e9rience sociale effectu\u00e9e dans une situation de la vie r\u00e9elle dans laquelle les habitants d\u2019une ville peuvent temporairement transformer leur <a href=\"https:\/\/energy-cities.eu\/fr\/bonne-pratique\/des-rues-pleines-de-vie-ivanic-grad\/\">[\u2026]<\/a><\/p>\n","protected":false},"author":30,"featured_media":17919,"template":"","hub":[306],"topic":[82,109,110,113],"acf":[],"yoast_head":"<!-- This site is optimized with the Yoast SEO plugin v18.8 - https:\/\/yoast.com\/wordpress\/plugins\/seo\/ -->\n<title>Des rues pleines de vie ! - Energy Cities<\/title>\n<meta name=\"robots\" content=\"index, follow, max-snippet:-1, max-image-preview:large, max-video-preview:-1\" \/>\n<link rel=\"canonical\" href=\"https:\/\/energy-cities.eu\/fr\/bonne-pratique\/des-rues-pleines-de-vie-ivanic-grad\/\" \/>\n<meta property=\"og:locale\" content=\"fr_FR\" \/>\n<meta property=\"og:type\" content=\"article\" \/>\n<meta property=\"og:title\" content=\"Des rues pleines de vie ! - Energy Cities\" \/>\n<meta property=\"og:description\" content=\"Les Rues Vivantes sont une exp\u00e9rience sociale effectu\u00e9e dans une situation de la vie r\u00e9elle dans laquelle les habitants d\u2019une ville peuvent temporairement transformer leur [\u2026]\" \/>\n<meta property=\"og:url\" content=\"https:\/\/energy-cities.eu\/fr\/bonne-pratique\/des-rues-pleines-de-vie-ivanic-grad\/\" \/>\n<meta property=\"og:site_name\" content=\"Energy Cities\" \/>\n<meta property=\"article:publisher\" content=\"https:\/\/www.facebook.com\/energycities.eu\/\" \/>\n<meta property=\"article:modified_time\" content=\"2022-12-22T11:02:04+00:00\" \/>\n<meta property=\"og:image\" content=\"https:\/\/energy-cities.eu\/wp-content\/uploads\/2019\/01\/Ivanic_Grad_LS.jpg\" \/>\n\t<meta property=\"og:image:width\" content=\"2448\" \/>\n\t<meta property=\"og:image:height\" content=\"1881\" \/>\n\t<meta property=\"og:image:type\" content=\"image\/jpeg\" \/>\n<meta name=\"twitter:card\" content=\"summary_large_image\" \/>\n<meta name=\"twitter:site\" content=\"@energycities\" \/>\n<meta name=\"twitter:label1\" content=\"Dur\u00e9e de lecture estim\u00e9e\" \/>\n\t<meta name=\"twitter:data1\" content=\"7 minutes\" \/>\n<script type=\"application\/ld+json\" class=\"yoast-schema-graph\">{\"@context\":\"https:\/\/schema.org\",\"@graph\":[{\"@type\":\"Organization\",\"@id\":\"https:\/\/energy-cities.eu\/fr\/#organization\",\"name\":\"Energy Cities\",\"url\":\"https:\/\/energy-cities.eu\/fr\/\",\"sameAs\":[\"https:\/\/www.facebook.com\/energycities.eu\/\",\"https:\/\/www.youtube.com\/channel\/UChIHn2wF76JzuTbAjSMs0hQ\",\"https:\/\/fr.wikipedia.org\/wiki\/Energy_Cities\",\"https:\/\/twitter.com\/energycities\"],\"logo\":{\"@type\":\"ImageObject\",\"inLanguage\":\"fr-FR\",\"@id\":\"https:\/\/energy-cities.eu\/fr\/#\/schema\/logo\/image\/\",\"url\":\"https:\/\/energy-cities.eu\/wp-content\/uploads\/2019\/07\/energy-cities-couleur.jpg\",\"contentUrl\":\"https:\/\/energy-cities.eu\/wp-content\/uploads\/2019\/07\/energy-cities-couleur.jpg\",\"width\":3508,\"height\":2587,\"caption\":\"Energy Cities\"},\"image\":{\"@id\":\"https:\/\/energy-cities.eu\/fr\/#\/schema\/logo\/image\/\"}},{\"@type\":\"WebSite\",\"@id\":\"https:\/\/energy-cities.eu\/fr\/#website\",\"url\":\"https:\/\/energy-cities.eu\/fr\/\",\"name\":\"Energy Cities\",\"description\":\" The European learning community for future-proof cities\",\"publisher\":{\"@id\":\"https:\/\/energy-cities.eu\/fr\/#organization\"},\"potentialAction\":[{\"@type\":\"SearchAction\",\"target\":{\"@type\":\"EntryPoint\",\"urlTemplate\":\"https:\/\/energy-cities.eu\/fr\/?s={search_term_string}\"},\"query-input\":\"required name=search_term_string\"}],\"inLanguage\":\"fr-FR\"},{\"@type\":\"ImageObject\",\"inLanguage\":\"fr-FR\",\"@id\":\"https:\/\/energy-cities.eu\/fr\/bonne-pratique\/des-rues-pleines-de-vie-ivanic-grad\/#primaryimage\",\"url\":\"https:\/\/energy-cities.eu\/wp-content\/uploads\/2019\/01\/Ivanic_Grad_LS.jpg\",\"contentUrl\":\"https:\/\/energy-cities.eu\/wp-content\/uploads\/2019\/01\/Ivanic_Grad_LS.jpg\",\"width\":2448,\"height\":1881,\"caption\":\"\u00a9 Ivanic Grad\"},{\"@type\":\"WebPage\",\"@id\":\"https:\/\/energy-cities.eu\/fr\/bonne-pratique\/des-rues-pleines-de-vie-ivanic-grad\/#webpage\",\"url\":\"https:\/\/energy-cities.eu\/fr\/bonne-pratique\/des-rues-pleines-de-vie-ivanic-grad\/\",\"name\":\"Des rues pleines de vie ! - Energy Cities\",\"isPartOf\":{\"@id\":\"https:\/\/energy-cities.eu\/fr\/#website\"},\"primaryImageOfPage\":{\"@id\":\"https:\/\/energy-cities.eu\/fr\/bonne-pratique\/des-rues-pleines-de-vie-ivanic-grad\/#primaryimage\"},\"datePublished\":\"2019-06-18T08:13:07+00:00\",\"dateModified\":\"2022-12-22T11:02:04+00:00\",\"breadcrumb\":{\"@id\":\"https:\/\/energy-cities.eu\/fr\/bonne-pratique\/des-rues-pleines-de-vie-ivanic-grad\/#breadcrumb\"},\"inLanguage\":\"fr-FR\",\"potentialAction\":[{\"@type\":\"ReadAction\",\"target\":[\"https:\/\/energy-cities.eu\/fr\/bonne-pratique\/des-rues-pleines-de-vie-ivanic-grad\/\"]}]},{\"@type\":\"BreadcrumbList\",\"@id\":\"https:\/\/energy-cities.eu\/fr\/bonne-pratique\/des-rues-pleines-de-vie-ivanic-grad\/#breadcrumb\",\"itemListElement\":[{\"@type\":\"ListItem\",\"position\":1,\"name\":\"Home\",\"item\":\"https:\/\/energy-cities.eu\/fr\/nous-sommes-un-reseau-europeen-blabla\/\"},{\"@type\":\"ListItem\",\"position\":2,\"name\":\"Des rues pleines de vie !\"}]}]}<\/script>\n<!-- \/ Yoast SEO plugin. -->","yoast_head_json":{"title":"Des rues pleines de vie ! - Energy Cities","robots":{"index":"index","follow":"follow","max-snippet":"max-snippet:-1","max-image-preview":"max-image-preview:large","max-video-preview":"max-video-preview:-1"},"canonical":"https:\/\/energy-cities.eu\/fr\/bonne-pratique\/des-rues-pleines-de-vie-ivanic-grad\/","og_locale":"fr_FR","og_type":"article","og_title":"Des rues pleines de vie ! - Energy Cities","og_description":"Les Rues Vivantes sont une exp\u00e9rience sociale effectu\u00e9e dans une situation de la vie r\u00e9elle dans laquelle les habitants d\u2019une ville peuvent temporairement transformer leur [\u2026]","og_url":"https:\/\/energy-cities.eu\/fr\/bonne-pratique\/des-rues-pleines-de-vie-ivanic-grad\/","og_site_name":"Energy Cities","article_publisher":"https:\/\/www.facebook.com\/energycities.eu\/","article_modified_time":"2022-12-22T11:02:04+00:00","og_image":[{"width":2448,"height":1881,"url":"https:\/\/energy-cities.eu\/wp-content\/uploads\/2019\/01\/Ivanic_Grad_LS.jpg","type":"image\/jpeg"}],"twitter_card":"summary_large_image","twitter_site":"@energycities","twitter_misc":{"Dur\u00e9e de lecture estim\u00e9e":"7 minutes"},"schema":{"@context":"https:\/\/schema.org","@graph":[{"@type":"Organization","@id":"https:\/\/energy-cities.eu\/fr\/#organization","name":"Energy Cities","url":"https:\/\/energy-cities.eu\/fr\/","sameAs":["https:\/\/www.facebook.com\/energycities.eu\/","https:\/\/www.youtube.com\/channel\/UChIHn2wF76JzuTbAjSMs0hQ","https:\/\/fr.wikipedia.org\/wiki\/Energy_Cities","https:\/\/twitter.com\/energycities"],"logo":{"@type":"ImageObject","inLanguage":"fr-FR","@id":"https:\/\/energy-cities.eu\/fr\/#\/schema\/logo\/image\/","url":"https:\/\/energy-cities.eu\/wp-content\/uploads\/2019\/07\/energy-cities-couleur.jpg","contentUrl":"https:\/\/energy-cities.eu\/wp-content\/uploads\/2019\/07\/energy-cities-couleur.jpg","width":3508,"height":2587,"caption":"Energy Cities"},"image":{"@id":"https:\/\/energy-cities.eu\/fr\/#\/schema\/logo\/image\/"}},{"@type":"WebSite","@id":"https:\/\/energy-cities.eu\/fr\/#website","url":"https:\/\/energy-cities.eu\/fr\/","name":"Energy Cities","description":" The European learning community for future-proof cities","publisher":{"@id":"https:\/\/energy-cities.eu\/fr\/#organization"},"potentialAction":[{"@type":"SearchAction","target":{"@type":"EntryPoint","urlTemplate":"https:\/\/energy-cities.eu\/fr\/?s={search_term_string}"},"query-input":"required name=search_term_string"}],"inLanguage":"fr-FR"},{"@type":"ImageObject","inLanguage":"fr-FR","@id":"https:\/\/energy-cities.eu\/fr\/bonne-pratique\/des-rues-pleines-de-vie-ivanic-grad\/#primaryimage","url":"https:\/\/energy-cities.eu\/wp-content\/uploads\/2019\/01\/Ivanic_Grad_LS.jpg","contentUrl":"https:\/\/energy-cities.eu\/wp-content\/uploads\/2019\/01\/Ivanic_Grad_LS.jpg","width":2448,"height":1881,"caption":"\u00a9 Ivanic Grad"},{"@type":"WebPage","@id":"https:\/\/energy-cities.eu\/fr\/bonne-pratique\/des-rues-pleines-de-vie-ivanic-grad\/#webpage","url":"https:\/\/energy-cities.eu\/fr\/bonne-pratique\/des-rues-pleines-de-vie-ivanic-grad\/","name":"Des rues pleines de vie ! - Energy Cities","isPartOf":{"@id":"https:\/\/energy-cities.eu\/fr\/#website"},"primaryImageOfPage":{"@id":"https:\/\/energy-cities.eu\/fr\/bonne-pratique\/des-rues-pleines-de-vie-ivanic-grad\/#primaryimage"},"datePublished":"2019-06-18T08:13:07+00:00","dateModified":"2022-12-22T11:02:04+00:00","breadcrumb":{"@id":"https:\/\/energy-cities.eu\/fr\/bonne-pratique\/des-rues-pleines-de-vie-ivanic-grad\/#breadcrumb"},"inLanguage":"fr-FR","potentialAction":[{"@type":"ReadAction","target":["https:\/\/energy-cities.eu\/fr\/bonne-pratique\/des-rues-pleines-de-vie-ivanic-grad\/"]}]},{"@type":"BreadcrumbList","@id":"https:\/\/energy-cities.eu\/fr\/bonne-pratique\/des-rues-pleines-de-vie-ivanic-grad\/#breadcrumb","itemListElement":[{"@type":"ListItem","position":1,"name":"Home","item":"https:\/\/energy-cities.eu\/fr\/nous-sommes-un-reseau-europeen-blabla\/"},{"@type":"ListItem","position":2,"name":"Des rues pleines de vie !"}]}]}},"featured_img":"https:\/\/energy-cities.eu\/wp-content\/uploads\/2019\/01\/Ivanic_Grad_LS.jpg","coauthors":[],"author_meta":{"author_link":"https:\/\/energy-cities.eu\/fr\/staff\/b-karas\/","display_name":"Beatrice Karas"},"relative_dates":{"created":"Publi\u00e9 7 ans il y a","modified":"Mis \u00e0 jour 3 ans il y a"},"absolute_dates":{"created":"Publi\u00e9 le 18 juin 2019","modified":"Mise \u00e0 jour le 22 d\u00e9cembre 2022"},"absolute_dates_time":{"created":"Publi\u00e9 le 18 juin 2019 10:13  ","modified":"Mise \u00e0 jour le 22 d\u00e9cembre 2022 12:02  "},"featured_img_caption":"\u00a9 Ivanic Grad","tax_additional":{"hub":{"linked":["<a href=\"https:\/\/energy-cities.eu\/fr\/hub\/energie-citoyenne\/\" class=\"advgb-post-tax-term\">\u00c9nergie citoyenne<\/a>"],"unlinked":["<span class=\"advgb-post-tax-term\">\u00c9nergie citoyenne<\/span>"],"slug":"hub","name":"Hubs"},"topic":{"linked":["<a href=\"https:\/\/energy-cities.eu\/fr\/th\u00e9matique\/gouvernance-participative\/\" class=\"advgb-post-tax-term\">Gouvernance participative<\/a>","<a href=\"https:\/\/energy-cities.eu\/fr\/th\u00e9matique\/cooperation-fr\/\" class=\"advgb-post-tax-term\">Coop\u00e9ration<\/a>","<a href=\"https:\/\/energy-cities.eu\/fr\/th\u00e9matique\/planification-vision\/\" class=\"advgb-post-tax-term\">Vision &amp; Planification urbaine<\/a>","<a href=\"https:\/\/energy-cities.eu\/fr\/th\u00e9matique\/style-de-vie-comportements\/\" class=\"advgb-post-tax-term\">Mode de vie &amp; Comportements<\/a>"],"unlinked":["<span class=\"advgb-post-tax-term\">Gouvernance participative<\/span>","<span class=\"advgb-post-tax-term\">Coop\u00e9ration<\/span>","<span class=\"advgb-post-tax-term\">Vision &amp; Planification urbaine<\/span>","<span class=\"advgb-post-tax-term\">Mode de vie &amp; Comportements<\/span>"],"slug":"topic","name":"Topics"}},"_links":{"self":[{"href":"https:\/\/energy-cities.eu\/fr\/wp-json\/wp\/v2\/best_practices\/12802"}],"collection":[{"href":"https:\/\/energy-cities.eu\/fr\/wp-json\/wp\/v2\/best_practices"}],"about":[{"href":"https:\/\/energy-cities.eu\/fr\/wp-json\/wp\/v2\/types\/best_practices"}],"author":[{"embeddable":true,"href":"https:\/\/energy-cities.eu\/fr\/wp-json\/wp\/v2\/users\/30"}],"version-history":[{"count":1,"href":"https:\/\/energy-cities.eu\/fr\/wp-json\/wp\/v2\/best_practices\/12802\/revisions"}],"predecessor-version":[{"id":52224,"href":"https:\/\/energy-cities.eu\/fr\/wp-json\/wp\/v2\/best_practices\/12802\/revisions\/52224"}],"wp:featuredmedia":[{"embeddable":true,"href":"https:\/\/energy-cities.eu\/fr\/wp-json\/wp\/v2\/media\/17919"}],"wp:attachment":[{"href":"https:\/\/energy-cities.eu\/fr\/wp-json\/wp\/v2\/media?parent=12802"}],"wp:term":[{"taxonomy":"hub","embeddable":true,"href":"https:\/\/energy-cities.eu\/fr\/wp-json\/wp\/v2\/hub?post=12802"},{"taxonomy":"topic","embeddable":true,"href":"https:\/\/energy-cities.eu\/fr\/wp-json\/wp\/v2\/topic?post=12802"}],"curies":[{"name":"wp","href":"https:\/\/api.w.org\/{rel}","templated":true}]}}