{"id":13580,"date":"2019-03-13T16:10:25","date_gmt":"2019-03-13T16:10:25","guid":{"rendered":"http:\/\/ec.kuusi.ovh\/?post_type=board_members&#038;p=13580"},"modified":"2024-10-04T11:55:47","modified_gmt":"2024-10-04T09:55:47","slug":"vittorio-molina","status":"publish","type":"board_members","link":"https:\/\/energy-cities.eu\/fr\/administrateur\/vittorio-molina\/","title":{"rendered":"Vittorio Molinari"},"content":{"rendered":"\n<p>Maire adjoint charg\u00e9 de l&rsquo;environnement, de l&rsquo;\u00e9conomie circulaire et de la transition \u00e9cologique de la ville de Mod\u00e8ne.<\/p>\n\n\n\n<p>N\u00e9 en 1953, il s&rsquo;est int\u00e9ress\u00e9 pour la premi\u00e8re fois \u00e0 l&rsquo;\u00e9cologie \u00e0 19 ans, lorsqu&rsquo;il a assist\u00e9 \u00e0 une conf\u00e9rence publique organis\u00e9e peu apr\u00e8s la d\u00e9claration de Stockholm.<\/p>\n\n\n\n<p>Depuis lors, son engagement en faveur de l&rsquo;environnement s&rsquo;est transform\u00e9 en un mouvement contre les centrales nucl\u00e9aires et en un tourisme durable. Dans les ann\u00e9es 80, il a \u00e9t\u00e9 l&rsquo;un des premiers \u00e0 organiser des campagnes et \u00e0 militer pour un tourisme bas\u00e9 sur la nature \u00e0 Mod\u00e8ne, tout en promouvant et en organisant des activit\u00e9s d&rsquo;\u00e9ducation \u00e0 l&rsquo;environnement dans les \u00e9coles locales.<\/p>\n\n\n\n<p>M. Molinari a particip\u00e9 \u00e0 la cr\u00e9ation de l&rsquo;association italienne des guides de randonn\u00e9e environnementale, puis a fond\u00e9 une agence de voyage sp\u00e9cialement d\u00e9di\u00e9e au tourisme de nature pour les \u00e9tudiants. En 2001, le World Travel Market de Londres lui a d\u00e9cern\u00e9 le Green Globe 21 en tant que meilleur organisateur de tourisme durable. Il a \u00e9galement particip\u00e9 activement \u00e0 Slow Food Italie et a \u00e9t\u00e9 vice-pr\u00e9sident du Consortium italien des magasins de commerce \u00e9quitable.<\/p>\n\n\n\n<p>Plus r\u00e9cemment, il a encourag\u00e9 la cr\u00e9ation du cercle de l&rsquo;\u00e9conomie du donut \u00e0 Mod\u00e8ne, dans le but de rassembler des \u00e9conomistes, des philosophes, des architectes, des chercheurs et des citoyens, afin de promouvoir des actions locales &#8211; tourn\u00e9es vers l&rsquo;Europe et le monde &#8211; en faveur d&rsquo;une \u00e9conomie ax\u00e9e sur l&rsquo;environnement et les \u00eatres humains, selon le mod\u00e8le de l&rsquo;\u00e9conomie du donut de l&rsquo;\u00e9conomiste Kate Raworh.<\/p>\n\n\n\n<p>Repr\u00e9sentant la ville de Mod\u00e8ne au sein du r\u00e9seau, M. Molinari souhaite continuer \u00e0 apporter la perspective europ\u00e9enne et les meilleures pratiques au niveau local, en encourageant les citoyens, les entreprises et l&rsquo;ensemble de la communaut\u00e9 \u00e0 se joindre \u00e0 un effort commun en faveur d&rsquo;une transition \u00e9cologique \u00e9quitable.<\/p>\n\n\n\n<blockquote class=\"wp-block-quote\"><p>Agir contre le changement climatique n&rsquo;est pas seulement une question d&rsquo;\u00e9conomie ou d&rsquo;\u00e9ducation. Il s&rsquo;agit d&rsquo;un n\u0153ud crucial qui maintient ensemble tant de questions qui, prises isol\u00e9ment, ressemblent \u00e0 des urgences : march\u00e9 du travail, gestion des d\u00e9chets, mobilit\u00e9, consommation de terres, efficacit\u00e9 \u00e9nerg\u00e9tique et \u00e9nergies renouvelables, alimentation et sant\u00e9, coop\u00e9ration internationale et d\u00e9veloppement communautaire. Le d\u00e9fi consiste \u00e0 faire en sorte que tout soit li\u00e9, afin que chaque personne &#8211; et pas seulement celles qui ont le plus d&rsquo;opportunit\u00e9s et de capacit\u00e9s d&rsquo;innovation &#8211; soit incluse dans le processus de changement.<\/p><\/blockquote>\n","protected":false},"excerpt":{"rendered":"<p>Maire adjoint charg\u00e9 de l&rsquo;environnement, de l&rsquo;\u00e9conomie circulaire et de la transition \u00e9cologique de la ville de Mod\u00e8ne. N\u00e9 en 1953, il s&rsquo;est int\u00e9ress\u00e9 pour <a href=\"https:\/\/energy-cities.eu\/fr\/administrateur\/vittorio-molina\/\">[\u2026]<\/a><\/p>\n","protected":false},"author":37,"featured_media":80868,"template":"","acf":[],"yoast_head":"<!-- This site is optimized with the Yoast SEO plugin v18.8 - https:\/\/yoast.com\/wordpress\/plugins\/seo\/ -->\n<title>Vittorio Molinari - Energy Cities<\/title>\n<meta name=\"robots\" content=\"index, follow, max-snippet:-1, max-image-preview:large, max-video-preview:-1\" \/>\n<link rel=\"canonical\" href=\"https:\/\/energy-cities.eu\/fr\/administrateur\/vittorio-molina\/\" \/>\n<meta property=\"og:locale\" content=\"fr_FR\" \/>\n<meta property=\"og:type\" content=\"article\" \/>\n<meta property=\"og:title\" content=\"Vittorio Molinari - Energy Cities\" \/>\n<meta property=\"og:description\" content=\"Maire adjoint charg\u00e9 de l&rsquo;environnement, de l&rsquo;\u00e9conomie circulaire et de la transition \u00e9cologique de la ville de Mod\u00e8ne. N\u00e9 en 1953, il s&rsquo;est int\u00e9ress\u00e9 pour [\u2026]\" \/>\n<meta property=\"og:url\" content=\"https:\/\/energy-cities.eu\/fr\/administrateur\/vittorio-molina\/\" \/>\n<meta property=\"og:site_name\" content=\"Energy Cities\" \/>\n<meta property=\"article:publisher\" content=\"https:\/\/www.facebook.com\/energycities.eu\/\" \/>\n<meta property=\"article:modified_time\" content=\"2024-10-04T09:55:47+00:00\" \/>\n<meta property=\"og:image\" content=\"https:\/\/energy-cities.eu\/wp-content\/uploads\/2019\/03\/Molinari_pictureHD3.jpg\" \/>\n\t<meta property=\"og:image:width\" content=\"534\" \/>\n\t<meta property=\"og:image:height\" content=\"360\" \/>\n\t<meta property=\"og:image:type\" content=\"image\/jpeg\" \/>\n<meta name=\"twitter:card\" content=\"summary_large_image\" \/>\n<meta name=\"twitter:site\" content=\"@energycities\" \/>\n<meta name=\"twitter:label1\" content=\"Dur\u00e9e de lecture estim\u00e9e\" \/>\n\t<meta name=\"twitter:data1\" content=\"2 minutes\" \/>\n<script type=\"application\/ld+json\" class=\"yoast-schema-graph\">{\"@context\":\"https:\/\/schema.org\",\"@graph\":[{\"@type\":\"Organization\",\"@id\":\"https:\/\/energy-cities.eu\/fr\/#organization\",\"name\":\"Energy Cities\",\"url\":\"https:\/\/energy-cities.eu\/fr\/\",\"sameAs\":[\"https:\/\/www.facebook.com\/energycities.eu\/\",\"https:\/\/www.youtube.com\/channel\/UChIHn2wF76JzuTbAjSMs0hQ\",\"https:\/\/fr.wikipedia.org\/wiki\/Energy_Cities\",\"https:\/\/twitter.com\/energycities\"],\"logo\":{\"@type\":\"ImageObject\",\"inLanguage\":\"fr-FR\",\"@id\":\"https:\/\/energy-cities.eu\/fr\/#\/schema\/logo\/image\/\",\"url\":\"https:\/\/energy-cities.eu\/wp-content\/uploads\/2019\/07\/energy-cities-couleur.jpg\",\"contentUrl\":\"https:\/\/energy-cities.eu\/wp-content\/uploads\/2019\/07\/energy-cities-couleur.jpg\",\"width\":3508,\"height\":2587,\"caption\":\"Energy Cities\"},\"image\":{\"@id\":\"https:\/\/energy-cities.eu\/fr\/#\/schema\/logo\/image\/\"}},{\"@type\":\"WebSite\",\"@id\":\"https:\/\/energy-cities.eu\/fr\/#website\",\"url\":\"https:\/\/energy-cities.eu\/fr\/\",\"name\":\"Energy Cities\",\"description\":\" The European learning community for future-proof cities\",\"publisher\":{\"@id\":\"https:\/\/energy-cities.eu\/fr\/#organization\"},\"potentialAction\":[{\"@type\":\"SearchAction\",\"target\":{\"@type\":\"EntryPoint\",\"urlTemplate\":\"https:\/\/energy-cities.eu\/fr\/?s={search_term_string}\"},\"query-input\":\"required name=search_term_string\"}],\"inLanguage\":\"fr-FR\"},{\"@type\":\"ImageObject\",\"inLanguage\":\"fr-FR\",\"@id\":\"https:\/\/energy-cities.eu\/fr\/administrateur\/vittorio-molina\/#primaryimage\",\"url\":\"https:\/\/energy-cities.eu\/wp-content\/uploads\/2019\/03\/Molinari_pictureHD3.jpg\",\"contentUrl\":\"https:\/\/energy-cities.eu\/wp-content\/uploads\/2019\/03\/Molinari_pictureHD3.jpg\",\"width\":534,\"height\":360},{\"@type\":\"WebPage\",\"@id\":\"https:\/\/energy-cities.eu\/fr\/administrateur\/vittorio-molina\/#webpage\",\"url\":\"https:\/\/energy-cities.eu\/fr\/administrateur\/vittorio-molina\/\",\"name\":\"Vittorio Molinari - Energy Cities\",\"isPartOf\":{\"@id\":\"https:\/\/energy-cities.eu\/fr\/#website\"},\"primaryImageOfPage\":{\"@id\":\"https:\/\/energy-cities.eu\/fr\/administrateur\/vittorio-molina\/#primaryimage\"},\"datePublished\":\"2019-03-13T16:10:25+00:00\",\"dateModified\":\"2024-10-04T09:55:47+00:00\",\"breadcrumb\":{\"@id\":\"https:\/\/energy-cities.eu\/fr\/administrateur\/vittorio-molina\/#breadcrumb\"},\"inLanguage\":\"fr-FR\",\"potentialAction\":[{\"@type\":\"ReadAction\",\"target\":[\"https:\/\/energy-cities.eu\/fr\/administrateur\/vittorio-molina\/\"]}]},{\"@type\":\"BreadcrumbList\",\"@id\":\"https:\/\/energy-cities.eu\/fr\/administrateur\/vittorio-molina\/#breadcrumb\",\"itemListElement\":[{\"@type\":\"ListItem\",\"position\":1,\"name\":\"Home\",\"item\":\"https:\/\/energy-cities.eu\/fr\/nous-sommes-un-reseau-europeen-blabla\/\"},{\"@type\":\"ListItem\",\"position\":2,\"name\":\"Vittorio Molinari\"}]}]}<\/script>\n<!-- \/ Yoast SEO plugin. -->","yoast_head_json":{"title":"Vittorio Molinari - Energy Cities","robots":{"index":"index","follow":"follow","max-snippet":"max-snippet:-1","max-image-preview":"max-image-preview:large","max-video-preview":"max-video-preview:-1"},"canonical":"https:\/\/energy-cities.eu\/fr\/administrateur\/vittorio-molina\/","og_locale":"fr_FR","og_type":"article","og_title":"Vittorio Molinari - Energy Cities","og_description":"Maire adjoint charg\u00e9 de l&rsquo;environnement, de l&rsquo;\u00e9conomie circulaire et de la transition \u00e9cologique de la ville de Mod\u00e8ne. N\u00e9 en 1953, il s&rsquo;est int\u00e9ress\u00e9 pour [\u2026]","og_url":"https:\/\/energy-cities.eu\/fr\/administrateur\/vittorio-molina\/","og_site_name":"Energy Cities","article_publisher":"https:\/\/www.facebook.com\/energycities.eu\/","article_modified_time":"2024-10-04T09:55:47+00:00","og_image":[{"width":534,"height":360,"url":"https:\/\/energy-cities.eu\/wp-content\/uploads\/2019\/03\/Molinari_pictureHD3.jpg","type":"image\/jpeg"}],"twitter_card":"summary_large_image","twitter_site":"@energycities","twitter_misc":{"Dur\u00e9e de lecture estim\u00e9e":"2 minutes"},"schema":{"@context":"https:\/\/schema.org","@graph":[{"@type":"Organization","@id":"https:\/\/energy-cities.eu\/fr\/#organization","name":"Energy Cities","url":"https:\/\/energy-cities.eu\/fr\/","sameAs":["https:\/\/www.facebook.com\/energycities.eu\/","https:\/\/www.youtube.com\/channel\/UChIHn2wF76JzuTbAjSMs0hQ","https:\/\/fr.wikipedia.org\/wiki\/Energy_Cities","https:\/\/twitter.com\/energycities"],"logo":{"@type":"ImageObject","inLanguage":"fr-FR","@id":"https:\/\/energy-cities.eu\/fr\/#\/schema\/logo\/image\/","url":"https:\/\/energy-cities.eu\/wp-content\/uploads\/2019\/07\/energy-cities-couleur.jpg","contentUrl":"https:\/\/energy-cities.eu\/wp-content\/uploads\/2019\/07\/energy-cities-couleur.jpg","width":3508,"height":2587,"caption":"Energy Cities"},"image":{"@id":"https:\/\/energy-cities.eu\/fr\/#\/schema\/logo\/image\/"}},{"@type":"WebSite","@id":"https:\/\/energy-cities.eu\/fr\/#website","url":"https:\/\/energy-cities.eu\/fr\/","name":"Energy Cities","description":" The European learning community for future-proof cities","publisher":{"@id":"https:\/\/energy-cities.eu\/fr\/#organization"},"potentialAction":[{"@type":"SearchAction","target":{"@type":"EntryPoint","urlTemplate":"https:\/\/energy-cities.eu\/fr\/?s={search_term_string}"},"query-input":"required name=search_term_string"}],"inLanguage":"fr-FR"},{"@type":"ImageObject","inLanguage":"fr-FR","@id":"https:\/\/energy-cities.eu\/fr\/administrateur\/vittorio-molina\/#primaryimage","url":"https:\/\/energy-cities.eu\/wp-content\/uploads\/2019\/03\/Molinari_pictureHD3.jpg","contentUrl":"https:\/\/energy-cities.eu\/wp-content\/uploads\/2019\/03\/Molinari_pictureHD3.jpg","width":534,"height":360},{"@type":"WebPage","@id":"https:\/\/energy-cities.eu\/fr\/administrateur\/vittorio-molina\/#webpage","url":"https:\/\/energy-cities.eu\/fr\/administrateur\/vittorio-molina\/","name":"Vittorio Molinari - Energy Cities","isPartOf":{"@id":"https:\/\/energy-cities.eu\/fr\/#website"},"primaryImageOfPage":{"@id":"https:\/\/energy-cities.eu\/fr\/administrateur\/vittorio-molina\/#primaryimage"},"datePublished":"2019-03-13T16:10:25+00:00","dateModified":"2024-10-04T09:55:47+00:00","breadcrumb":{"@id":"https:\/\/energy-cities.eu\/fr\/administrateur\/vittorio-molina\/#breadcrumb"},"inLanguage":"fr-FR","potentialAction":[{"@type":"ReadAction","target":["https:\/\/energy-cities.eu\/fr\/administrateur\/vittorio-molina\/"]}]},{"@type":"BreadcrumbList","@id":"https:\/\/energy-cities.eu\/fr\/administrateur\/vittorio-molina\/#breadcrumb","itemListElement":[{"@type":"ListItem","position":1,"name":"Home","item":"https:\/\/energy-cities.eu\/fr\/nous-sommes-un-reseau-europeen-blabla\/"},{"@type":"ListItem","position":2,"name":"Vittorio Molinari"}]}]}},"featured_img":"https:\/\/energy-cities.eu\/wp-content\/uploads\/2019\/03\/Molinari_pictureHD3.jpg","coauthors":[],"author_meta":{"author_link":"https:\/\/energy-cities.eu\/fr\/staff\/r-chatelet\/","display_name":"Rapha\u00ebl Chatelet"},"relative_dates":{"created":"Publi\u00e9 7 ans il y a","modified":"Mis \u00e0 jour 2 ans il y a"},"absolute_dates":{"created":"Publi\u00e9 le 13 mars 2019","modified":"Mise \u00e0 jour le 04 octobre 2024"},"absolute_dates_time":{"created":"Publi\u00e9 le 13 mars 2019 4:10  ","modified":"Mise \u00e0 jour le 04 octobre 2024 11:55  "},"featured_img_caption":"","tax_additional":[],"_links":{"self":[{"href":"https:\/\/energy-cities.eu\/fr\/wp-json\/wp\/v2\/board_members\/13580"}],"collection":[{"href":"https:\/\/energy-cities.eu\/fr\/wp-json\/wp\/v2\/board_members"}],"about":[{"href":"https:\/\/energy-cities.eu\/fr\/wp-json\/wp\/v2\/types\/board_members"}],"author":[{"embeddable":true,"href":"https:\/\/energy-cities.eu\/fr\/wp-json\/wp\/v2\/users\/37"}],"version-history":[{"count":9,"href":"https:\/\/energy-cities.eu\/fr\/wp-json\/wp\/v2\/board_members\/13580\/revisions"}],"predecessor-version":[{"id":80879,"href":"https:\/\/energy-cities.eu\/fr\/wp-json\/wp\/v2\/board_members\/13580\/revisions\/80879"}],"wp:featuredmedia":[{"embeddable":true,"href":"https:\/\/energy-cities.eu\/fr\/wp-json\/wp\/v2\/media\/80868"}],"wp:attachment":[{"href":"https:\/\/energy-cities.eu\/fr\/wp-json\/wp\/v2\/media?parent=13580"}],"curies":[{"name":"wp","href":"https:\/\/api.w.org\/{rel}","templated":true}]}}