{"id":30997,"date":"2020-05-12T13:02:02","date_gmt":"2020-05-12T11:02:02","guid":{"rendered":"https:\/\/energy-cities.eu\/?post_type=events&#038;p=30997"},"modified":"2022-07-20T12:11:49","modified_gmt":"2022-07-20T10:11:49","slug":"live-chat-bonus-energie-alimentation-une-ville-peut-elle-reellement-et-doit-elle-viser-lautonomie-alimentaire","status":"publish","type":"events","link":"https:\/\/energy-cities.eu\/fr\/evenement\/live-chat-bonus-energie-alimentation-une-ville-peut-elle-reellement-et-doit-elle-viser-lautonomie-alimentaire\/","title":{"rendered":"Live Chat #5 &#8211; \u00c9nergie &#038; alimentation : Une ville peut-elle r\u00e9ellement (et doit-elle) viser l\u2019autonomie alimentaire ?"},"content":{"rendered":"\n<p><strong><em>R\u00e9serv\u00e9 aux membres du r\u00e9seau.<\/em><\/strong><\/p>\n\n\n\n<p>La discussion aura lieu en fran\u00e7ais.<\/p>\n\n\n\n<p>Comment traduire en actes la ferme volont\u00e9 municipale d&rsquo;\u00e9voluer vers un mod\u00e8le bio, local, sain et juste ? La ville de Mouans-Sartoux s\u2019y att\u00e8le depuis 2008 avec la mise en place d\u2019une r\u00e9gie municipale agricole qui a entrain\u00e9 plein \u00ab\u00a0d\u2019effets bonus\u00a0\u00bb. <\/p>\n\n\n\n<p>La MEAD, Maison d\u2019\u00e9ducation \u00e0 l\u2019alimentation durable est une structure in\u00e9dite sur le territoire, au carrefour des projets des collectivit\u00e9s publiques et des porteurs d\u2019initiatives priv\u00e9es, pour d\u00e9velopper en commun les solutions qui font \u00e9voluer les politiques alimentaires vers plus de bio et de local en restauration collective. <\/p>\n\n\n\n<p>La ville est aussi chef de file de BioCanteen, r\u00e9seau de transfert europ\u00e9en<\/p>\n\n\n\n<p>Avec l\u2019initiateur de cette multiple dynamique : <\/p>\n\n\n\n<p>&#8211;\tGilles PEROLE, adjoint au Maire de Mouans-Sartoux, Pr\u00e9sident de Un Plus Bio <\/p>\n\n\n\n<p><em>Discussion anim\u00e9e par Sylvie LACASSAGNE, Energy Cities<\/em>.<\/p>\n\n\n\n<p><strong>Si vous \u00eates membre d&rsquo;Energy Cities et souhaitez participer \u00e0 cette discussion, merci de contact floriane.cappelletti@energy-cities.eu<\/strong><\/p>\n\n\n<hr>\n\n\n<\/p>\n<p><em>Quelle ann\u00e9e particuli\u00e8re pour c\u00e9l\u00e9brer les 30 ans d&rsquo;Energy Cities ! En cette p\u00e9riode o\u00f9 la distanciation sociale est exig\u00e9e, l&rsquo;intelligence collective est plus importante que jamais.<\/em><\/p>\n<p>\n\n\n\n<\/p>\n<p><em>L&rsquo;\u00e9quipe d&rsquo;Energy Cities vous invite \u00e0 une s\u00e9rie de discussions autour de la transition \u00e9nerg\u00e9tique. Tous les jeudis apr\u00e8s le d\u00e9jeuner, servez-vous une bonne part de g\u00e2teau, une tasse de th\u00e9 (non inclus) et rejoignez-nous en ligne !<\/em> <\/p>\n<p>\n\n\n<p><\/p>\n\n\n<div class=\"wp-block-image\"><figure class=\"aligncenter size-large\"><img loading=\"lazy\" width=\"150\" height=\"106\" src=\"https:\/\/energy-cities.eu\/wp-content\/uploads\/2020\/05\/Logo30years-150x100-1.jpg\" alt=\"\" class=\"wp-image-31003\"\/><\/figure><\/div>\n","protected":false},"excerpt":{"rendered":"<p>R\u00e9serv\u00e9 aux membres du r\u00e9seau. La discussion aura lieu en fran\u00e7ais. Comment traduire en actes la ferme volont\u00e9 municipale d&rsquo;\u00e9voluer vers un mod\u00e8le bio, local, <a href=\"https:\/\/energy-cities.eu\/fr\/evenement\/live-chat-bonus-energie-alimentation-une-ville-peut-elle-reellement-et-doit-elle-viser-lautonomie-alimentaire\/\">[\u2026]<\/a><\/p>\n","protected":false},"author":27,"featured_media":30972,"template":"","tags":[],"hub":[307],"topic":[319],"event_type":[89],"acf":[],"yoast_head":"<!-- This site is optimized with the Yoast SEO plugin v18.8 - https:\/\/yoast.com\/wordpress\/plugins\/seo\/ -->\n<title>Live Chat #5 - \u00c9nergie &amp; alimentation : Une ville peut-elle r\u00e9ellement (et doit-elle) viser l\u2019autonomie alimentaire ? - Energy Cities<\/title>\n<meta name=\"robots\" content=\"index, follow, max-snippet:-1, max-image-preview:large, max-video-preview:-1\" \/>\n<link rel=\"canonical\" href=\"https:\/\/energy-cities.eu\/fr\/evenement\/live-chat-bonus-energie-alimentation-une-ville-peut-elle-reellement-et-doit-elle-viser-lautonomie-alimentaire\/\" \/>\n<meta property=\"og:locale\" content=\"fr_FR\" \/>\n<meta property=\"og:type\" content=\"article\" \/>\n<meta property=\"og:title\" content=\"Live Chat #5 - \u00c9nergie &amp; alimentation : Une ville peut-elle r\u00e9ellement (et doit-elle) viser l\u2019autonomie alimentaire ? - Energy Cities\" \/>\n<meta property=\"og:description\" content=\"R\u00e9serv\u00e9 aux membres du r\u00e9seau. La discussion aura lieu en fran\u00e7ais. Comment traduire en actes la ferme volont\u00e9 municipale d&rsquo;\u00e9voluer vers un mod\u00e8le bio, local, [\u2026]\" \/>\n<meta property=\"og:url\" content=\"https:\/\/energy-cities.eu\/fr\/evenement\/live-chat-bonus-energie-alimentation-une-ville-peut-elle-reellement-et-doit-elle-viser-lautonomie-alimentaire\/\" \/>\n<meta property=\"og:site_name\" content=\"Energy Cities\" \/>\n<meta property=\"article:publisher\" content=\"https:\/\/www.facebook.com\/energycities.eu\/\" \/>\n<meta property=\"article:modified_time\" content=\"2022-07-20T10:11:49+00:00\" \/>\n<meta property=\"og:image\" content=\"https:\/\/energy-cities.eu\/wp-content\/uploads\/2020\/05\/image-live-chats-PNG-1024x808.png\" \/>\n\t<meta property=\"og:image:width\" content=\"1024\" \/>\n\t<meta property=\"og:image:height\" content=\"808\" \/>\n\t<meta property=\"og:image:type\" content=\"image\/png\" \/>\n<meta name=\"twitter:card\" content=\"summary_large_image\" \/>\n<meta name=\"twitter:site\" content=\"@energycities\" \/>\n<meta name=\"twitter:label1\" content=\"Dur\u00e9e de lecture estim\u00e9e\" \/>\n\t<meta name=\"twitter:data1\" content=\"2 minutes\" \/>\n<script type=\"application\/ld+json\" class=\"yoast-schema-graph\">{\"@context\":\"https:\/\/schema.org\",\"@graph\":[{\"@type\":\"Organization\",\"@id\":\"https:\/\/energy-cities.eu\/fr\/#organization\",\"name\":\"Energy Cities\",\"url\":\"https:\/\/energy-cities.eu\/fr\/\",\"sameAs\":[\"https:\/\/www.facebook.com\/energycities.eu\/\",\"https:\/\/www.youtube.com\/channel\/UChIHn2wF76JzuTbAjSMs0hQ\",\"https:\/\/fr.wikipedia.org\/wiki\/Energy_Cities\",\"https:\/\/twitter.com\/energycities\"],\"logo\":{\"@type\":\"ImageObject\",\"inLanguage\":\"fr-FR\",\"@id\":\"https:\/\/energy-cities.eu\/fr\/#\/schema\/logo\/image\/\",\"url\":\"https:\/\/energy-cities.eu\/wp-content\/uploads\/2019\/07\/energy-cities-couleur.jpg\",\"contentUrl\":\"https:\/\/energy-cities.eu\/wp-content\/uploads\/2019\/07\/energy-cities-couleur.jpg\",\"width\":3508,\"height\":2587,\"caption\":\"Energy Cities\"},\"image\":{\"@id\":\"https:\/\/energy-cities.eu\/fr\/#\/schema\/logo\/image\/\"}},{\"@type\":\"WebSite\",\"@id\":\"https:\/\/energy-cities.eu\/fr\/#website\",\"url\":\"https:\/\/energy-cities.eu\/fr\/\",\"name\":\"Energy Cities\",\"description\":\" The European learning community for future-proof cities\",\"publisher\":{\"@id\":\"https:\/\/energy-cities.eu\/fr\/#organization\"},\"potentialAction\":[{\"@type\":\"SearchAction\",\"target\":{\"@type\":\"EntryPoint\",\"urlTemplate\":\"https:\/\/energy-cities.eu\/fr\/?s={search_term_string}\"},\"query-input\":\"required name=search_term_string\"}],\"inLanguage\":\"fr-FR\"},{\"@type\":\"ImageObject\",\"inLanguage\":\"fr-FR\",\"@id\":\"https:\/\/energy-cities.eu\/fr\/evenement\/live-chat-bonus-energie-alimentation-une-ville-peut-elle-reellement-et-doit-elle-viser-lautonomie-alimentaire\/#primaryimage\",\"url\":\"https:\/\/energy-cities.eu\/wp-content\/uploads\/2020\/05\/image-live-chats-PNG.png\",\"contentUrl\":\"https:\/\/energy-cities.eu\/wp-content\/uploads\/2020\/05\/image-live-chats-PNG.png\",\"width\":3598,\"height\":2840},{\"@type\":\"WebPage\",\"@id\":\"https:\/\/energy-cities.eu\/fr\/evenement\/live-chat-bonus-energie-alimentation-une-ville-peut-elle-reellement-et-doit-elle-viser-lautonomie-alimentaire\/#webpage\",\"url\":\"https:\/\/energy-cities.eu\/fr\/evenement\/live-chat-bonus-energie-alimentation-une-ville-peut-elle-reellement-et-doit-elle-viser-lautonomie-alimentaire\/\",\"name\":\"Live Chat #5 - \u00c9nergie & alimentation : Une ville peut-elle r\u00e9ellement (et doit-elle) viser l\u2019autonomie alimentaire ? - Energy Cities\",\"isPartOf\":{\"@id\":\"https:\/\/energy-cities.eu\/fr\/#website\"},\"primaryImageOfPage\":{\"@id\":\"https:\/\/energy-cities.eu\/fr\/evenement\/live-chat-bonus-energie-alimentation-une-ville-peut-elle-reellement-et-doit-elle-viser-lautonomie-alimentaire\/#primaryimage\"},\"datePublished\":\"2020-05-12T11:02:02+00:00\",\"dateModified\":\"2022-07-20T10:11:49+00:00\",\"breadcrumb\":{\"@id\":\"https:\/\/energy-cities.eu\/fr\/evenement\/live-chat-bonus-energie-alimentation-une-ville-peut-elle-reellement-et-doit-elle-viser-lautonomie-alimentaire\/#breadcrumb\"},\"inLanguage\":\"fr-FR\",\"potentialAction\":[{\"@type\":\"ReadAction\",\"target\":[\"https:\/\/energy-cities.eu\/fr\/evenement\/live-chat-bonus-energie-alimentation-une-ville-peut-elle-reellement-et-doit-elle-viser-lautonomie-alimentaire\/\"]}]},{\"@type\":\"BreadcrumbList\",\"@id\":\"https:\/\/energy-cities.eu\/fr\/evenement\/live-chat-bonus-energie-alimentation-une-ville-peut-elle-reellement-et-doit-elle-viser-lautonomie-alimentaire\/#breadcrumb\",\"itemListElement\":[{\"@type\":\"ListItem\",\"position\":1,\"name\":\"Home\",\"item\":\"https:\/\/energy-cities.eu\/fr\/nous-sommes-un-reseau-europeen-blabla\/\"},{\"@type\":\"ListItem\",\"position\":2,\"name\":\"Live Chat #5 - \u00c9nergie & alimentation : Une ville peut-elle r\u00e9ellement (et doit-elle) viser l\u2019autonomie alimentaire ?\"}]}]}<\/script>\n<!-- \/ Yoast SEO plugin. -->","yoast_head_json":{"title":"Live Chat #5 - \u00c9nergie & alimentation : Une ville peut-elle r\u00e9ellement (et doit-elle) viser l\u2019autonomie alimentaire ? - Energy Cities","robots":{"index":"index","follow":"follow","max-snippet":"max-snippet:-1","max-image-preview":"max-image-preview:large","max-video-preview":"max-video-preview:-1"},"canonical":"https:\/\/energy-cities.eu\/fr\/evenement\/live-chat-bonus-energie-alimentation-une-ville-peut-elle-reellement-et-doit-elle-viser-lautonomie-alimentaire\/","og_locale":"fr_FR","og_type":"article","og_title":"Live Chat #5 - \u00c9nergie & alimentation : Une ville peut-elle r\u00e9ellement (et doit-elle) viser l\u2019autonomie alimentaire ? - Energy Cities","og_description":"R\u00e9serv\u00e9 aux membres du r\u00e9seau. La discussion aura lieu en fran\u00e7ais. Comment traduire en actes la ferme volont\u00e9 municipale d&rsquo;\u00e9voluer vers un mod\u00e8le bio, local, [\u2026]","og_url":"https:\/\/energy-cities.eu\/fr\/evenement\/live-chat-bonus-energie-alimentation-une-ville-peut-elle-reellement-et-doit-elle-viser-lautonomie-alimentaire\/","og_site_name":"Energy Cities","article_publisher":"https:\/\/www.facebook.com\/energycities.eu\/","article_modified_time":"2022-07-20T10:11:49+00:00","og_image":[{"width":1024,"height":808,"url":"https:\/\/energy-cities.eu\/wp-content\/uploads\/2020\/05\/image-live-chats-PNG-1024x808.png","type":"image\/png"}],"twitter_card":"summary_large_image","twitter_site":"@energycities","twitter_misc":{"Dur\u00e9e de lecture estim\u00e9e":"2 minutes"},"schema":{"@context":"https:\/\/schema.org","@graph":[{"@type":"Organization","@id":"https:\/\/energy-cities.eu\/fr\/#organization","name":"Energy Cities","url":"https:\/\/energy-cities.eu\/fr\/","sameAs":["https:\/\/www.facebook.com\/energycities.eu\/","https:\/\/www.youtube.com\/channel\/UChIHn2wF76JzuTbAjSMs0hQ","https:\/\/fr.wikipedia.org\/wiki\/Energy_Cities","https:\/\/twitter.com\/energycities"],"logo":{"@type":"ImageObject","inLanguage":"fr-FR","@id":"https:\/\/energy-cities.eu\/fr\/#\/schema\/logo\/image\/","url":"https:\/\/energy-cities.eu\/wp-content\/uploads\/2019\/07\/energy-cities-couleur.jpg","contentUrl":"https:\/\/energy-cities.eu\/wp-content\/uploads\/2019\/07\/energy-cities-couleur.jpg","width":3508,"height":2587,"caption":"Energy Cities"},"image":{"@id":"https:\/\/energy-cities.eu\/fr\/#\/schema\/logo\/image\/"}},{"@type":"WebSite","@id":"https:\/\/energy-cities.eu\/fr\/#website","url":"https:\/\/energy-cities.eu\/fr\/","name":"Energy Cities","description":" The European learning community for future-proof cities","publisher":{"@id":"https:\/\/energy-cities.eu\/fr\/#organization"},"potentialAction":[{"@type":"SearchAction","target":{"@type":"EntryPoint","urlTemplate":"https:\/\/energy-cities.eu\/fr\/?s={search_term_string}"},"query-input":"required name=search_term_string"}],"inLanguage":"fr-FR"},{"@type":"ImageObject","inLanguage":"fr-FR","@id":"https:\/\/energy-cities.eu\/fr\/evenement\/live-chat-bonus-energie-alimentation-une-ville-peut-elle-reellement-et-doit-elle-viser-lautonomie-alimentaire\/#primaryimage","url":"https:\/\/energy-cities.eu\/wp-content\/uploads\/2020\/05\/image-live-chats-PNG.png","contentUrl":"https:\/\/energy-cities.eu\/wp-content\/uploads\/2020\/05\/image-live-chats-PNG.png","width":3598,"height":2840},{"@type":"WebPage","@id":"https:\/\/energy-cities.eu\/fr\/evenement\/live-chat-bonus-energie-alimentation-une-ville-peut-elle-reellement-et-doit-elle-viser-lautonomie-alimentaire\/#webpage","url":"https:\/\/energy-cities.eu\/fr\/evenement\/live-chat-bonus-energie-alimentation-une-ville-peut-elle-reellement-et-doit-elle-viser-lautonomie-alimentaire\/","name":"Live Chat #5 - \u00c9nergie & alimentation : Une ville peut-elle r\u00e9ellement (et doit-elle) viser l\u2019autonomie alimentaire ? - Energy Cities","isPartOf":{"@id":"https:\/\/energy-cities.eu\/fr\/#website"},"primaryImageOfPage":{"@id":"https:\/\/energy-cities.eu\/fr\/evenement\/live-chat-bonus-energie-alimentation-une-ville-peut-elle-reellement-et-doit-elle-viser-lautonomie-alimentaire\/#primaryimage"},"datePublished":"2020-05-12T11:02:02+00:00","dateModified":"2022-07-20T10:11:49+00:00","breadcrumb":{"@id":"https:\/\/energy-cities.eu\/fr\/evenement\/live-chat-bonus-energie-alimentation-une-ville-peut-elle-reellement-et-doit-elle-viser-lautonomie-alimentaire\/#breadcrumb"},"inLanguage":"fr-FR","potentialAction":[{"@type":"ReadAction","target":["https:\/\/energy-cities.eu\/fr\/evenement\/live-chat-bonus-energie-alimentation-une-ville-peut-elle-reellement-et-doit-elle-viser-lautonomie-alimentaire\/"]}]},{"@type":"BreadcrumbList","@id":"https:\/\/energy-cities.eu\/fr\/evenement\/live-chat-bonus-energie-alimentation-une-ville-peut-elle-reellement-et-doit-elle-viser-lautonomie-alimentaire\/#breadcrumb","itemListElement":[{"@type":"ListItem","position":1,"name":"Home","item":"https:\/\/energy-cities.eu\/fr\/nous-sommes-un-reseau-europeen-blabla\/"},{"@type":"ListItem","position":2,"name":"Live Chat #5 - \u00c9nergie & alimentation : Une ville peut-elle r\u00e9ellement (et doit-elle) viser l\u2019autonomie alimentaire ?"}]}]}},"featured_img":"https:\/\/energy-cities.eu\/wp-content\/uploads\/2020\/05\/image-live-chats-PNG.png","coauthors":[],"author_meta":{"author_link":"https:\/\/energy-cities.eu\/fr\/staff\/f-cappelletti\/","display_name":"Floriane Cappelletti"},"relative_dates":{"created":"Publi\u00e9 6 ans il y a","modified":"Mis \u00e0 jour 4 ans il y a"},"absolute_dates":{"created":"Publi\u00e9 le 12 mai 2020","modified":"Mise \u00e0 jour le 20 juillet 2022"},"absolute_dates_time":{"created":"Publi\u00e9 le 12 mai 2020 1:02  ","modified":"Mise \u00e0 jour le 20 juillet 2022 12:11  "},"featured_img_caption":"","tax_additional":{"post_tag":{"linked":[],"unlinked":[],"slug":"post_tag","name":"\u00c9tiquettes"},"hub":{"linked":["<a href=\"https:\/\/energy-cities.eu\/fr\/hub\/alimentation-durable\/\" class=\"advgb-post-tax-term\">Alimentation durable<\/a>"],"unlinked":["<span class=\"advgb-post-tax-term\">Alimentation durable<\/span>"],"slug":"hub","name":"Hubs"},"topic":{"linked":["<a href=\"https:\/\/energy-cities.eu\/fr\/th\u00e9matique\/systemes-alimentaires-durables\/\" class=\"advgb-post-tax-term\">Syst\u00e8mes alimentaires durables<\/a>"],"unlinked":["<span class=\"advgb-post-tax-term\">Syst\u00e8mes alimentaires durables<\/span>"],"slug":"topic","name":"Topics"},"event_type":{"linked":["<a href=\"https:\/\/energy-cities.eu\/fr\/event_type\/webinar-fr\/\" class=\"advgb-post-tax-term\">webinar<\/a>"],"unlinked":["<span class=\"advgb-post-tax-term\">webinar<\/span>"],"slug":"event_type","name":"Event Types"}},"_links":{"self":[{"href":"https:\/\/energy-cities.eu\/fr\/wp-json\/wp\/v2\/events\/30997"}],"collection":[{"href":"https:\/\/energy-cities.eu\/fr\/wp-json\/wp\/v2\/events"}],"about":[{"href":"https:\/\/energy-cities.eu\/fr\/wp-json\/wp\/v2\/types\/events"}],"author":[{"embeddable":true,"href":"https:\/\/energy-cities.eu\/fr\/wp-json\/wp\/v2\/users\/27"}],"version-history":[{"count":9,"href":"https:\/\/energy-cities.eu\/fr\/wp-json\/wp\/v2\/events\/30997\/revisions"}],"predecessor-version":[{"id":53555,"href":"https:\/\/energy-cities.eu\/fr\/wp-json\/wp\/v2\/events\/30997\/revisions\/53555"}],"wp:featuredmedia":[{"embeddable":true,"href":"https:\/\/energy-cities.eu\/fr\/wp-json\/wp\/v2\/media\/30972"}],"wp:attachment":[{"href":"https:\/\/energy-cities.eu\/fr\/wp-json\/wp\/v2\/media?parent=30997"}],"wp:term":[{"taxonomy":"post_tag","embeddable":true,"href":"https:\/\/energy-cities.eu\/fr\/wp-json\/wp\/v2\/tags?post=30997"},{"taxonomy":"hub","embeddable":true,"href":"https:\/\/energy-cities.eu\/fr\/wp-json\/wp\/v2\/hub?post=30997"},{"taxonomy":"topic","embeddable":true,"href":"https:\/\/energy-cities.eu\/fr\/wp-json\/wp\/v2\/topic?post=30997"},{"taxonomy":"event_type","embeddable":true,"href":"https:\/\/energy-cities.eu\/fr\/wp-json\/wp\/v2\/event_type?post=30997"}],"curies":[{"name":"wp","href":"https:\/\/api.w.org\/{rel}","templated":true}]}}