{"id":51336,"date":"2022-06-23T16:00:12","date_gmt":"2022-06-23T14:00:12","guid":{"rendered":"https:\/\/energy-cities.eu\/?post_type=events&#038;p=51336"},"modified":"2022-06-23T16:00:13","modified_gmt":"2022-06-23T14:00:13","slug":"quelles-solutions-durables-et-dignes-pour-lutter-contre-la-precarite-alimentaire-dans-nos-territoires","status":"publish","type":"events","link":"https:\/\/energy-cities.eu\/fr\/evenement\/quelles-solutions-durables-et-dignes-pour-lutter-contre-la-precarite-alimentaire-dans-nos-territoires\/","title":{"rendered":"Quelles solutions durables et dignes pour lutter  contre la pr\u00e9carit\u00e9 alimentaire dans nos territoires ?"},"content":{"rendered":"\n<p><strong><em>Comment repenser les solidarit\u00e9s alimentaires ?\u00a0Quelles solutions durables et dignes pour lutter\u00a0<\/em><\/strong><br><strong><em>contre la pr\u00e9carit\u00e9 alimentaire dans nos territoires ?\u00a0<\/em><\/strong><\/p>\n\n\n\n<p>On en parle avec vous et: <\/p>\n\n\n\n<ul><li><strong>Marie Drique<\/strong>, charg\u00e9e de projet acc\u00e8s digne \u00e0 l\u2019alimentation &#8211; Secours Catholique-Caritas France (SCCF)<\/li><li>Une adh\u00e9rente du <strong>projet &lsquo;cuisinons ensemble&rsquo; du SCCF de Lyon<\/strong>, actrice d&rsquo;une exposition sonore sur la pr\u00e9carit\u00e9 alimentaire<\/li><li><strong>Pauline Scherer<\/strong>, sociologue de l&rsquo;action collective et du changement social, de la pr\u00e9carit\u00e9 et l&rsquo;alimentation durable, ing\u00e9nieur pilote de Territoires \u00e0 VivreS \u00e0 Montpellier,\u00a0<\/li><\/ul>\n\n\n\n<p>L\u2019aide alimentaire (distributions de denr\u00e9es par des associations caritatives) n\u2019est qu\u2019un palliatif \u00e0 la pr\u00e9carit\u00e9 alimentaire. Avec 9,2 millions de personnes en situation de pr\u00e9carit\u00e9 en 2020 (+45% de hausse de la demande alimentaire en 2020 suite \u00e0 la crise du COVID19), des solutions de fonds doivent \u00eatre mises en \u0153uvre pour garantir un acc\u00e8s digne et p\u00e9renne.\u00a0<\/p>\n\n\n\n<p>La combinaison des \u20183C\u2019 (Climat, Conflit et Covid) met sur le devant de la sc\u00e8ne l\u2019urgence de garantir l\u2019acc\u00e8s \u00e0 toutes et tous \u00e0 une alimentation de qualit\u00e9. Une r\u00e9ponse syst\u00e9mique est n\u00e9cessaire : il faut agir sur les ressources mon\u00e9taires des m\u00e9nages concern\u00e9s, sur l\u2019offre et le \u2018paysage alimentaire\u2019, tout en co-construisant avec les personnes concern\u00e9es pour cr\u00e9er des fili\u00e8res solidaires et durables, qui ne laissent personne de c\u00f4t\u00e9. <\/p>\n\n\n\n<p>De nombreux acteurs engag\u00e9s sur les territoires observent aujourd\u2019hui ce besoin mais les outils manquent pour mettre en \u0153uvre une r\u00e9ponse ad\u00e9quate. Un autre regard est n\u00e9cessaire pour prendre v\u00e9ritablement en compte les probl\u00e9matiques v\u00e9cues par les personnes en situation de pr\u00e9carit\u00e9 et permettre le d\u00e9veloppement de syst\u00e8mes alimentaires territoriaux durables, inclusifs et d\u00e9mocratiques.<\/p>\n\n\n\n<p>Ce webinaire est organis\u00e9 par\u00a0<a href=\"http:\/\/43rg.mj.am\/lnk\/AVMAAFl4jmEAAct8ZsAAAGR77MwAAP-iAnIAJMexAARBUwBioxe42QKRHxgjTnyt5sTBBYwTLwAEEk4\/2\/lzhYOKUp8hxGMhMOzarYLw\/aHR0cHM6Ly9kcml2ZS5nb29nbGUuY29tL2ZpbGUvZC8xM2lxZXVTNHVZcnZYQ1NDQ1ZneFFySWl1ZDZKWHV0dTQvdmlldz91dG1fY2FtcGFpZ249QUxUQUEmdXRtX21lZGl1bT1lbWFpbCZ1dG1fc291cmNlPU1haWxqZXQ\" target=\"_blank\" rel=\"noreferrer noopener\">ALTAA<\/a>\u00a0avec le concours du\u00a0<a href=\"http:\/\/43rg.mj.am\/lnk\/AVMAAFl4jmEAAct8ZsAAAGR77MwAAP-iAnIAJMexAARBUwBioxe42QKRHxgjTnyt5sTBBYwTLwAEEk4\/3\/ItBaGxBJ07gUvpT2iG6F8Q\/aHR0cHM6Ly93d3cuc2Vjb3Vycy1jYXRob2xpcXVlLm9yZy8_dXRtX2NhbXBhaWduPUFMVEFBJnV0bV9tZWRpdW09ZW1haWwmdXRtX3NvdXJjZT1NYWlsamV0\" target=\"_blank\" rel=\"noreferrer noopener\">Secours Catholique-Caritas France<\/a>\u00a0dans le cadre des \u00ab chantiers \u00bb de la <a href=\"http:\/\/43rg.mj.am\/lnk\/AVMAAFl4jmEAAct8ZsAAAGR77MwAAP-iAnIAJMexAARBUwBioxe42QKRHxgjTnyt5sTBBYwTLwAEEk4\/4\/BoPrdpvtwGCJApdNwK5Hpw\/aHR0cHM6Ly9mYWJyaXF1ZWRlc3RyYW5zaXRpb25zLm5ldC9pbmRleF9mci5odG1sP3V0bV9jYW1wYWlnbj1BTFRBQSZ1dG1fbWVkaXVtPWVtYWlsJnV0bV9zb3VyY2U9TWFpbGpldA\" target=\"_blank\" rel=\"noreferrer noopener\">Fabrique des transitions.<\/a> <\/p>\n\n\n\n<p><strong>ALTAA c\u2019est quoi d\u00e9j\u00e0 ?<\/strong>\u00a0Un projet d\u2019alliance en construction pour cr\u00e9er un espace de dialogue, de coop\u00e9ration et d\u2019action \u00e0 l\u2019\u00e9chelle nationale pour soutenir la mont\u00e9e en comp\u00e9tence d\u2019acteurs engag\u00e9s sur et aupr\u00e8s des territoires, partageant une vision ambitieuse de la transition des syst\u00e8mes alimentaires.<\/p>\n\n\n\n<p><\/p>\n","protected":false},"excerpt":{"rendered":"<p>Comment repenser les solidarit\u00e9s alimentaires ?\u00a0Quelles solutions durables et dignes pour lutter\u00a0contre la pr\u00e9carit\u00e9 alimentaire dans nos territoires ?\u00a0 On en parle avec vous et: <a href=\"https:\/\/energy-cities.eu\/fr\/evenement\/quelles-solutions-durables-et-dignes-pour-lutter-contre-la-precarite-alimentaire-dans-nos-territoires\/\">[\u2026]<\/a><\/p>\n","protected":false},"author":59,"featured_media":51337,"template":"","tags":[],"hub":[307],"topic":[319],"event_type":[89],"acf":[],"yoast_head":"<!-- This site is optimized with the Yoast SEO plugin v18.8 - https:\/\/yoast.com\/wordpress\/plugins\/seo\/ -->\n<title>Quelles solutions durables et dignes pour lutter contre la pr\u00e9carit\u00e9 alimentaire dans nos territoires ? - Energy Cities<\/title>\n<meta name=\"description\" content=\"Comment repenser les solidarit\u00e9s alimentaires ?\u00a0Quelles solutions durables et dignes pour lutter\u00a0contre la pr\u00e9carit\u00e9 alimentaire dans nos territoires ?\u00a0\" \/>\n<meta name=\"robots\" content=\"index, follow, max-snippet:-1, max-image-preview:large, max-video-preview:-1\" \/>\n<link rel=\"canonical\" href=\"https:\/\/energy-cities.eu\/fr\/evenement\/quelles-solutions-durables-et-dignes-pour-lutter-contre-la-precarite-alimentaire-dans-nos-territoires\/\" \/>\n<meta property=\"og:locale\" content=\"fr_FR\" \/>\n<meta property=\"og:type\" content=\"article\" \/>\n<meta property=\"og:title\" content=\"Quelles solutions durables et dignes pour lutter contre la pr\u00e9carit\u00e9 alimentaire dans nos territoires ? - Energy Cities\" \/>\n<meta property=\"og:description\" content=\"Comment repenser les solidarit\u00e9s alimentaires ?\u00a0Quelles solutions durables et dignes pour lutter\u00a0contre la pr\u00e9carit\u00e9 alimentaire dans nos territoires ?\u00a0\" \/>\n<meta property=\"og:url\" content=\"https:\/\/energy-cities.eu\/fr\/evenement\/quelles-solutions-durables-et-dignes-pour-lutter-contre-la-precarite-alimentaire-dans-nos-territoires\/\" \/>\n<meta property=\"og:site_name\" content=\"Energy Cities\" \/>\n<meta property=\"article:publisher\" content=\"https:\/\/www.facebook.com\/energycities.eu\/\" \/>\n<meta property=\"article:modified_time\" content=\"2022-06-23T14:00:13+00:00\" \/>\n<meta property=\"og:image\" content=\"https:\/\/energy-cities.eu\/wp-content\/uploads\/2022\/06\/ALTAA-event.png\" \/>\n\t<meta property=\"og:image:width\" content=\"600\" \/>\n\t<meta property=\"og:image:height\" content=\"200\" \/>\n\t<meta property=\"og:image:type\" content=\"image\/png\" \/>\n<meta name=\"twitter:card\" content=\"summary_large_image\" \/>\n<meta name=\"twitter:site\" content=\"@energycities\" \/>\n<meta name=\"twitter:label1\" content=\"Dur\u00e9e de lecture estim\u00e9e\" \/>\n\t<meta name=\"twitter:data1\" content=\"2 minutes\" \/>\n<script type=\"application\/ld+json\" class=\"yoast-schema-graph\">{\"@context\":\"https:\/\/schema.org\",\"@graph\":[{\"@type\":\"Organization\",\"@id\":\"https:\/\/energy-cities.eu\/fr\/#organization\",\"name\":\"Energy Cities\",\"url\":\"https:\/\/energy-cities.eu\/fr\/\",\"sameAs\":[\"https:\/\/www.facebook.com\/energycities.eu\/\",\"https:\/\/www.youtube.com\/channel\/UChIHn2wF76JzuTbAjSMs0hQ\",\"https:\/\/fr.wikipedia.org\/wiki\/Energy_Cities\",\"https:\/\/twitter.com\/energycities\"],\"logo\":{\"@type\":\"ImageObject\",\"inLanguage\":\"fr-FR\",\"@id\":\"https:\/\/energy-cities.eu\/fr\/#\/schema\/logo\/image\/\",\"url\":\"https:\/\/energy-cities.eu\/wp-content\/uploads\/2019\/07\/energy-cities-couleur.jpg\",\"contentUrl\":\"https:\/\/energy-cities.eu\/wp-content\/uploads\/2019\/07\/energy-cities-couleur.jpg\",\"width\":3508,\"height\":2587,\"caption\":\"Energy Cities\"},\"image\":{\"@id\":\"https:\/\/energy-cities.eu\/fr\/#\/schema\/logo\/image\/\"}},{\"@type\":\"WebSite\",\"@id\":\"https:\/\/energy-cities.eu\/fr\/#website\",\"url\":\"https:\/\/energy-cities.eu\/fr\/\",\"name\":\"Energy Cities\",\"description\":\" The European learning community for future-proof cities\",\"publisher\":{\"@id\":\"https:\/\/energy-cities.eu\/fr\/#organization\"},\"potentialAction\":[{\"@type\":\"SearchAction\",\"target\":{\"@type\":\"EntryPoint\",\"urlTemplate\":\"https:\/\/energy-cities.eu\/fr\/?s={search_term_string}\"},\"query-input\":\"required name=search_term_string\"}],\"inLanguage\":\"fr-FR\"},{\"@type\":\"ImageObject\",\"inLanguage\":\"fr-FR\",\"@id\":\"https:\/\/energy-cities.eu\/fr\/evenement\/quelles-solutions-durables-et-dignes-pour-lutter-contre-la-precarite-alimentaire-dans-nos-territoires\/#primaryimage\",\"url\":\"https:\/\/energy-cities.eu\/wp-content\/uploads\/2022\/06\/ALTAA-event.png\",\"contentUrl\":\"https:\/\/energy-cities.eu\/wp-content\/uploads\/2022\/06\/ALTAA-event.png\",\"width\":600,\"height\":200},{\"@type\":\"WebPage\",\"@id\":\"https:\/\/energy-cities.eu\/fr\/evenement\/quelles-solutions-durables-et-dignes-pour-lutter-contre-la-precarite-alimentaire-dans-nos-territoires\/#webpage\",\"url\":\"https:\/\/energy-cities.eu\/fr\/evenement\/quelles-solutions-durables-et-dignes-pour-lutter-contre-la-precarite-alimentaire-dans-nos-territoires\/\",\"name\":\"Quelles solutions durables et dignes pour lutter contre la pr\u00e9carit\u00e9 alimentaire dans nos territoires ? - Energy Cities\",\"isPartOf\":{\"@id\":\"https:\/\/energy-cities.eu\/fr\/#website\"},\"primaryImageOfPage\":{\"@id\":\"https:\/\/energy-cities.eu\/fr\/evenement\/quelles-solutions-durables-et-dignes-pour-lutter-contre-la-precarite-alimentaire-dans-nos-territoires\/#primaryimage\"},\"datePublished\":\"2022-06-23T14:00:12+00:00\",\"dateModified\":\"2022-06-23T14:00:13+00:00\",\"description\":\"Comment repenser les solidarit\u00e9s alimentaires ?\u00a0Quelles solutions durables et dignes pour lutter\u00a0contre la pr\u00e9carit\u00e9 alimentaire dans nos territoires ?\u00a0\",\"breadcrumb\":{\"@id\":\"https:\/\/energy-cities.eu\/fr\/evenement\/quelles-solutions-durables-et-dignes-pour-lutter-contre-la-precarite-alimentaire-dans-nos-territoires\/#breadcrumb\"},\"inLanguage\":\"fr-FR\",\"potentialAction\":[{\"@type\":\"ReadAction\",\"target\":[\"https:\/\/energy-cities.eu\/fr\/evenement\/quelles-solutions-durables-et-dignes-pour-lutter-contre-la-precarite-alimentaire-dans-nos-territoires\/\"]}]},{\"@type\":\"BreadcrumbList\",\"@id\":\"https:\/\/energy-cities.eu\/fr\/evenement\/quelles-solutions-durables-et-dignes-pour-lutter-contre-la-precarite-alimentaire-dans-nos-territoires\/#breadcrumb\",\"itemListElement\":[{\"@type\":\"ListItem\",\"position\":1,\"name\":\"Home\",\"item\":\"https:\/\/energy-cities.eu\/fr\/nous-sommes-un-reseau-europeen-blabla\/\"},{\"@type\":\"ListItem\",\"position\":2,\"name\":\"Quelles solutions durables et dignes pour lutter contre la pr\u00e9carit\u00e9 alimentaire dans nos territoires ?\"}]}]}<\/script>\n<!-- \/ Yoast SEO plugin. -->","yoast_head_json":{"title":"Quelles solutions durables et dignes pour lutter contre la pr\u00e9carit\u00e9 alimentaire dans nos territoires ? - Energy Cities","description":"Comment repenser les solidarit\u00e9s alimentaires ?\u00a0Quelles solutions durables et dignes pour lutter\u00a0contre la pr\u00e9carit\u00e9 alimentaire dans nos territoires ?\u00a0","robots":{"index":"index","follow":"follow","max-snippet":"max-snippet:-1","max-image-preview":"max-image-preview:large","max-video-preview":"max-video-preview:-1"},"canonical":"https:\/\/energy-cities.eu\/fr\/evenement\/quelles-solutions-durables-et-dignes-pour-lutter-contre-la-precarite-alimentaire-dans-nos-territoires\/","og_locale":"fr_FR","og_type":"article","og_title":"Quelles solutions durables et dignes pour lutter contre la pr\u00e9carit\u00e9 alimentaire dans nos territoires ? - Energy Cities","og_description":"Comment repenser les solidarit\u00e9s alimentaires ?\u00a0Quelles solutions durables et dignes pour lutter\u00a0contre la pr\u00e9carit\u00e9 alimentaire dans nos territoires ?\u00a0","og_url":"https:\/\/energy-cities.eu\/fr\/evenement\/quelles-solutions-durables-et-dignes-pour-lutter-contre-la-precarite-alimentaire-dans-nos-territoires\/","og_site_name":"Energy Cities","article_publisher":"https:\/\/www.facebook.com\/energycities.eu\/","article_modified_time":"2022-06-23T14:00:13+00:00","og_image":[{"width":600,"height":200,"url":"https:\/\/energy-cities.eu\/wp-content\/uploads\/2022\/06\/ALTAA-event.png","type":"image\/png"}],"twitter_card":"summary_large_image","twitter_site":"@energycities","twitter_misc":{"Dur\u00e9e de lecture estim\u00e9e":"2 minutes"},"schema":{"@context":"https:\/\/schema.org","@graph":[{"@type":"Organization","@id":"https:\/\/energy-cities.eu\/fr\/#organization","name":"Energy Cities","url":"https:\/\/energy-cities.eu\/fr\/","sameAs":["https:\/\/www.facebook.com\/energycities.eu\/","https:\/\/www.youtube.com\/channel\/UChIHn2wF76JzuTbAjSMs0hQ","https:\/\/fr.wikipedia.org\/wiki\/Energy_Cities","https:\/\/twitter.com\/energycities"],"logo":{"@type":"ImageObject","inLanguage":"fr-FR","@id":"https:\/\/energy-cities.eu\/fr\/#\/schema\/logo\/image\/","url":"https:\/\/energy-cities.eu\/wp-content\/uploads\/2019\/07\/energy-cities-couleur.jpg","contentUrl":"https:\/\/energy-cities.eu\/wp-content\/uploads\/2019\/07\/energy-cities-couleur.jpg","width":3508,"height":2587,"caption":"Energy Cities"},"image":{"@id":"https:\/\/energy-cities.eu\/fr\/#\/schema\/logo\/image\/"}},{"@type":"WebSite","@id":"https:\/\/energy-cities.eu\/fr\/#website","url":"https:\/\/energy-cities.eu\/fr\/","name":"Energy Cities","description":" The European learning community for future-proof cities","publisher":{"@id":"https:\/\/energy-cities.eu\/fr\/#organization"},"potentialAction":[{"@type":"SearchAction","target":{"@type":"EntryPoint","urlTemplate":"https:\/\/energy-cities.eu\/fr\/?s={search_term_string}"},"query-input":"required name=search_term_string"}],"inLanguage":"fr-FR"},{"@type":"ImageObject","inLanguage":"fr-FR","@id":"https:\/\/energy-cities.eu\/fr\/evenement\/quelles-solutions-durables-et-dignes-pour-lutter-contre-la-precarite-alimentaire-dans-nos-territoires\/#primaryimage","url":"https:\/\/energy-cities.eu\/wp-content\/uploads\/2022\/06\/ALTAA-event.png","contentUrl":"https:\/\/energy-cities.eu\/wp-content\/uploads\/2022\/06\/ALTAA-event.png","width":600,"height":200},{"@type":"WebPage","@id":"https:\/\/energy-cities.eu\/fr\/evenement\/quelles-solutions-durables-et-dignes-pour-lutter-contre-la-precarite-alimentaire-dans-nos-territoires\/#webpage","url":"https:\/\/energy-cities.eu\/fr\/evenement\/quelles-solutions-durables-et-dignes-pour-lutter-contre-la-precarite-alimentaire-dans-nos-territoires\/","name":"Quelles solutions durables et dignes pour lutter contre la pr\u00e9carit\u00e9 alimentaire dans nos territoires ? - Energy Cities","isPartOf":{"@id":"https:\/\/energy-cities.eu\/fr\/#website"},"primaryImageOfPage":{"@id":"https:\/\/energy-cities.eu\/fr\/evenement\/quelles-solutions-durables-et-dignes-pour-lutter-contre-la-precarite-alimentaire-dans-nos-territoires\/#primaryimage"},"datePublished":"2022-06-23T14:00:12+00:00","dateModified":"2022-06-23T14:00:13+00:00","description":"Comment repenser les solidarit\u00e9s alimentaires ?\u00a0Quelles solutions durables et dignes pour lutter\u00a0contre la pr\u00e9carit\u00e9 alimentaire dans nos territoires ?\u00a0","breadcrumb":{"@id":"https:\/\/energy-cities.eu\/fr\/evenement\/quelles-solutions-durables-et-dignes-pour-lutter-contre-la-precarite-alimentaire-dans-nos-territoires\/#breadcrumb"},"inLanguage":"fr-FR","potentialAction":[{"@type":"ReadAction","target":["https:\/\/energy-cities.eu\/fr\/evenement\/quelles-solutions-durables-et-dignes-pour-lutter-contre-la-precarite-alimentaire-dans-nos-territoires\/"]}]},{"@type":"BreadcrumbList","@id":"https:\/\/energy-cities.eu\/fr\/evenement\/quelles-solutions-durables-et-dignes-pour-lutter-contre-la-precarite-alimentaire-dans-nos-territoires\/#breadcrumb","itemListElement":[{"@type":"ListItem","position":1,"name":"Home","item":"https:\/\/energy-cities.eu\/fr\/nous-sommes-un-reseau-europeen-blabla\/"},{"@type":"ListItem","position":2,"name":"Quelles solutions durables et dignes pour lutter contre la pr\u00e9carit\u00e9 alimentaire dans nos territoires ?"}]}]}},"featured_img":"https:\/\/energy-cities.eu\/wp-content\/uploads\/2022\/06\/ALTAA-event.png","coauthors":[],"author_meta":{"author_link":"https:\/\/energy-cities.eu\/fr\/staff\/m-arosio\/","display_name":"Marta Arosio"},"relative_dates":{"created":"Publi\u00e9 4 ans il y a","modified":"Mis \u00e0 jour 4 ans il y a"},"absolute_dates":{"created":"Publi\u00e9 le 23 juin 2022","modified":"Mise \u00e0 jour le 23 juin 2022"},"absolute_dates_time":{"created":"Publi\u00e9 le 23 juin 2022 4:00  ","modified":"Mise \u00e0 jour le 23 juin 2022 4:00  "},"featured_img_caption":"","tax_additional":{"post_tag":{"linked":[],"unlinked":[],"slug":"post_tag","name":"\u00c9tiquettes"},"hub":{"linked":["<a href=\"https:\/\/energy-cities.eu\/fr\/hub\/alimentation-durable\/\" class=\"advgb-post-tax-term\">Alimentation durable<\/a>"],"unlinked":["<span class=\"advgb-post-tax-term\">Alimentation durable<\/span>"],"slug":"hub","name":"Hubs"},"topic":{"linked":["<a href=\"https:\/\/energy-cities.eu\/fr\/th\u00e9matique\/systemes-alimentaires-durables\/\" class=\"advgb-post-tax-term\">Syst\u00e8mes alimentaires durables<\/a>"],"unlinked":["<span class=\"advgb-post-tax-term\">Syst\u00e8mes alimentaires durables<\/span>"],"slug":"topic","name":"Topics"},"event_type":{"linked":["<a href=\"https:\/\/energy-cities.eu\/fr\/event_type\/webinar-fr\/\" class=\"advgb-post-tax-term\">webinar<\/a>"],"unlinked":["<span class=\"advgb-post-tax-term\">webinar<\/span>"],"slug":"event_type","name":"Event Types"}},"_links":{"self":[{"href":"https:\/\/energy-cities.eu\/fr\/wp-json\/wp\/v2\/events\/51336"}],"collection":[{"href":"https:\/\/energy-cities.eu\/fr\/wp-json\/wp\/v2\/events"}],"about":[{"href":"https:\/\/energy-cities.eu\/fr\/wp-json\/wp\/v2\/types\/events"}],"author":[{"embeddable":true,"href":"https:\/\/energy-cities.eu\/fr\/wp-json\/wp\/v2\/users\/59"}],"version-history":[{"count":2,"href":"https:\/\/energy-cities.eu\/fr\/wp-json\/wp\/v2\/events\/51336\/revisions"}],"predecessor-version":[{"id":51340,"href":"https:\/\/energy-cities.eu\/fr\/wp-json\/wp\/v2\/events\/51336\/revisions\/51340"}],"wp:featuredmedia":[{"embeddable":true,"href":"https:\/\/energy-cities.eu\/fr\/wp-json\/wp\/v2\/media\/51337"}],"wp:attachment":[{"href":"https:\/\/energy-cities.eu\/fr\/wp-json\/wp\/v2\/media?parent=51336"}],"wp:term":[{"taxonomy":"post_tag","embeddable":true,"href":"https:\/\/energy-cities.eu\/fr\/wp-json\/wp\/v2\/tags?post=51336"},{"taxonomy":"hub","embeddable":true,"href":"https:\/\/energy-cities.eu\/fr\/wp-json\/wp\/v2\/hub?post=51336"},{"taxonomy":"topic","embeddable":true,"href":"https:\/\/energy-cities.eu\/fr\/wp-json\/wp\/v2\/topic?post=51336"},{"taxonomy":"event_type","embeddable":true,"href":"https:\/\/energy-cities.eu\/fr\/wp-json\/wp\/v2\/event_type?post=51336"}],"curies":[{"name":"wp","href":"https:\/\/api.w.org\/{rel}","templated":true}]}}