{"id":55363,"date":"2022-09-13T10:37:22","date_gmt":"2022-09-13T08:37:22","guid":{"rendered":"https:\/\/energy-cities.eu\/?post_type=events&#038;p=55363"},"modified":"2022-09-13T10:39:34","modified_gmt":"2022-09-13T08:39:34","slug":"le-monde-au-chevet-dune-planete-en-metamorphose-197219922022-retour-sur-50-ans-de-sommets-de-la-terre","status":"publish","type":"events","link":"https:\/\/energy-cities.eu\/fr\/evenement\/le-monde-au-chevet-dune-planete-en-metamorphose-197219922022-retour-sur-50-ans-de-sommets-de-la-terre\/","title":{"rendered":"Le monde au chevet d&rsquo;une plan\u00e8te en m\u00e9tamorphose 1972\u20221992\u20222022 &#8211; Retour sur 50 ans de Sommets de la terre"},"content":{"rendered":"\n<p>Depuis maintenant 50 ans les institutions onusiennes , les ONG, les chercheurs nous informent d\u2019un changement \u00e0 venir, nous expliquent qu\u2019 environnement, technologie, soci\u00e9t\u00e9, tout est li\u00e9 et \u00e9voluera simultan\u00e9ment; Que les entreprises et les villes doivent s&rsquo;adapter pour renforcer leur r\u00e9silience et int\u00e9grer l&rsquo;adaptation dans leur strat\u00e9gie \u00e0 long terme.<\/p>\n\n\n\n<p>Malheureusement, nous sommes ainsi faits qu\u2019il faut \u00eatre devant le fait pour bouger et alors l\u2019urgence s\u2019impose.<\/p>\n\n\n\n<p>D\u00e8s 1972 et le premier sommet de la terre \u00e0 Stockholm nous d\u00e9couvrions par le rapport Meadows command\u00e9 par le Club de Rome que sur une plan\u00e8te finie la croissance devrait tenir compte des limites impos\u00e9es par la nature.<\/p>\n\n\n\n<p>En 1992, dix ans plus tard, \u00e0 Rio, la \u00ab&nbsp;finitude&nbsp;\u00bb de la plan\u00e8te et les r\u00e8gles d\u2019un \u00ab&nbsp;d\u00e9veloppement soutenable&nbsp;\u00bb s\u2019imposent: si nous n\u2019y prenons pas garde , nous mettrons en danger notre \u00e9cosyst\u00e8me, notre vie, par les effets du r\u00e9chauffement climatique et la perte de la biodiversit\u00e9 .<\/p>\n\n\n\n<p>D\u00e8s 1992 , et malgr\u00e9 les embuches que s\u00e8ment tous les sceptiques, entreprises, \u00e9tats et citoyens d\u00e9couvrent les menaces. Il faudra malheureusement des ann\u00e9es pour que le politique accepte ce que lui dit la recherche . Les d\u00e9cisions sont lourdes \u00e0 prendre car c\u2019est tout un mode de vie qu\u2019il faut changer. A- t-on trop attendu?<\/p>\n\n\n\n<p>Le programme est consultable sur la page suivante : <a href=\"https:\/\/www.enmetamorphose.com\/?p=4274\" target=\"_blank\" rel=\"noreferrer noopener\">https:\/\/www.enmetamorphose.com\/?p=4274<\/a><\/p>\n","protected":false},"excerpt":{"rendered":"<p>Depuis maintenant 50 ans les institutions onusiennes , les ONG, les chercheurs nous informent d\u2019un changement \u00e0 venir, nous expliquent qu\u2019 environnement, technologie, soci\u00e9t\u00e9, tout <a href=\"https:\/\/energy-cities.eu\/fr\/evenement\/le-monde-au-chevet-dune-planete-en-metamorphose-197219922022-retour-sur-50-ans-de-sommets-de-la-terre\/\">[\u2026]<\/a><\/p>\n","protected":false},"author":27,"featured_media":55369,"template":"","tags":[],"hub":[308,309],"topic":[296,339,341,344,346,365,367,382],"event_type":[90,225],"acf":[],"yoast_head":"<!-- This site is optimized with the Yoast SEO plugin v18.8 - https:\/\/yoast.com\/wordpress\/plugins\/seo\/ -->\n<title>Le monde au chevet d&#039;une plan\u00e8te en m\u00e9tamorphose 1972\u20221992\u20222022 - Retour sur 50 ans de Sommets de la terre - Energy Cities<\/title>\n<meta name=\"robots\" content=\"index, follow, max-snippet:-1, max-image-preview:large, max-video-preview:-1\" \/>\n<link rel=\"canonical\" href=\"https:\/\/energy-cities.eu\/fr\/evenement\/le-monde-au-chevet-dune-planete-en-metamorphose-197219922022-retour-sur-50-ans-de-sommets-de-la-terre\/\" \/>\n<meta property=\"og:locale\" content=\"fr_FR\" \/>\n<meta property=\"og:type\" content=\"article\" \/>\n<meta property=\"og:title\" content=\"Le monde au chevet d&#039;une plan\u00e8te en m\u00e9tamorphose 1972\u20221992\u20222022 - Retour sur 50 ans de Sommets de la terre - Energy Cities\" \/>\n<meta property=\"og:description\" content=\"Depuis maintenant 50 ans les institutions onusiennes , les ONG, les chercheurs nous informent d\u2019un changement \u00e0 venir, nous expliquent qu\u2019 environnement, technologie, soci\u00e9t\u00e9, tout [\u2026]\" \/>\n<meta property=\"og:url\" content=\"https:\/\/energy-cities.eu\/fr\/evenement\/le-monde-au-chevet-dune-planete-en-metamorphose-197219922022-retour-sur-50-ans-de-sommets-de-la-terre\/\" \/>\n<meta property=\"og:site_name\" content=\"Energy Cities\" \/>\n<meta property=\"article:publisher\" content=\"https:\/\/www.facebook.com\/energycities.eu\/\" \/>\n<meta property=\"article:modified_time\" content=\"2022-09-13T08:39:34+00:00\" \/>\n<meta property=\"og:image\" content=\"https:\/\/energy-cities.eu\/wp-content\/uploads\/2022\/09\/planete-en-metamorphose.png\" \/>\n\t<meta property=\"og:image:width\" content=\"791\" \/>\n\t<meta property=\"og:image:height\" content=\"395\" \/>\n\t<meta property=\"og:image:type\" content=\"image\/png\" \/>\n<meta name=\"twitter:card\" content=\"summary_large_image\" \/>\n<meta name=\"twitter:site\" content=\"@energycities\" \/>\n<meta name=\"twitter:label1\" content=\"Dur\u00e9e de lecture estim\u00e9e\" \/>\n\t<meta name=\"twitter:data1\" content=\"1 minute\" \/>\n<script type=\"application\/ld+json\" class=\"yoast-schema-graph\">{\"@context\":\"https:\/\/schema.org\",\"@graph\":[{\"@type\":\"Organization\",\"@id\":\"https:\/\/energy-cities.eu\/fr\/#organization\",\"name\":\"Energy Cities\",\"url\":\"https:\/\/energy-cities.eu\/fr\/\",\"sameAs\":[\"https:\/\/www.facebook.com\/energycities.eu\/\",\"https:\/\/www.youtube.com\/channel\/UChIHn2wF76JzuTbAjSMs0hQ\",\"https:\/\/fr.wikipedia.org\/wiki\/Energy_Cities\",\"https:\/\/twitter.com\/energycities\"],\"logo\":{\"@type\":\"ImageObject\",\"inLanguage\":\"fr-FR\",\"@id\":\"https:\/\/energy-cities.eu\/fr\/#\/schema\/logo\/image\/\",\"url\":\"https:\/\/energy-cities.eu\/wp-content\/uploads\/2019\/07\/energy-cities-couleur.jpg\",\"contentUrl\":\"https:\/\/energy-cities.eu\/wp-content\/uploads\/2019\/07\/energy-cities-couleur.jpg\",\"width\":3508,\"height\":2587,\"caption\":\"Energy Cities\"},\"image\":{\"@id\":\"https:\/\/energy-cities.eu\/fr\/#\/schema\/logo\/image\/\"}},{\"@type\":\"WebSite\",\"@id\":\"https:\/\/energy-cities.eu\/fr\/#website\",\"url\":\"https:\/\/energy-cities.eu\/fr\/\",\"name\":\"Energy Cities\",\"description\":\" The European learning community for future-proof cities\",\"publisher\":{\"@id\":\"https:\/\/energy-cities.eu\/fr\/#organization\"},\"potentialAction\":[{\"@type\":\"SearchAction\",\"target\":{\"@type\":\"EntryPoint\",\"urlTemplate\":\"https:\/\/energy-cities.eu\/fr\/?s={search_term_string}\"},\"query-input\":\"required name=search_term_string\"}],\"inLanguage\":\"fr-FR\"},{\"@type\":\"ImageObject\",\"inLanguage\":\"fr-FR\",\"@id\":\"https:\/\/energy-cities.eu\/fr\/evenement\/le-monde-au-chevet-dune-planete-en-metamorphose-197219922022-retour-sur-50-ans-de-sommets-de-la-terre\/#primaryimage\",\"url\":\"https:\/\/energy-cities.eu\/wp-content\/uploads\/2022\/09\/planete-en-metamorphose.png\",\"contentUrl\":\"https:\/\/energy-cities.eu\/wp-content\/uploads\/2022\/09\/planete-en-metamorphose.png\",\"width\":791,\"height\":395},{\"@type\":\"WebPage\",\"@id\":\"https:\/\/energy-cities.eu\/fr\/evenement\/le-monde-au-chevet-dune-planete-en-metamorphose-197219922022-retour-sur-50-ans-de-sommets-de-la-terre\/#webpage\",\"url\":\"https:\/\/energy-cities.eu\/fr\/evenement\/le-monde-au-chevet-dune-planete-en-metamorphose-197219922022-retour-sur-50-ans-de-sommets-de-la-terre\/\",\"name\":\"Le monde au chevet d'une plan\u00e8te en m\u00e9tamorphose 1972\u20221992\u20222022 - Retour sur 50 ans de Sommets de la terre - Energy Cities\",\"isPartOf\":{\"@id\":\"https:\/\/energy-cities.eu\/fr\/#website\"},\"primaryImageOfPage\":{\"@id\":\"https:\/\/energy-cities.eu\/fr\/evenement\/le-monde-au-chevet-dune-planete-en-metamorphose-197219922022-retour-sur-50-ans-de-sommets-de-la-terre\/#primaryimage\"},\"datePublished\":\"2022-09-13T08:37:22+00:00\",\"dateModified\":\"2022-09-13T08:39:34+00:00\",\"breadcrumb\":{\"@id\":\"https:\/\/energy-cities.eu\/fr\/evenement\/le-monde-au-chevet-dune-planete-en-metamorphose-197219922022-retour-sur-50-ans-de-sommets-de-la-terre\/#breadcrumb\"},\"inLanguage\":\"fr-FR\",\"potentialAction\":[{\"@type\":\"ReadAction\",\"target\":[\"https:\/\/energy-cities.eu\/fr\/evenement\/le-monde-au-chevet-dune-planete-en-metamorphose-197219922022-retour-sur-50-ans-de-sommets-de-la-terre\/\"]}]},{\"@type\":\"BreadcrumbList\",\"@id\":\"https:\/\/energy-cities.eu\/fr\/evenement\/le-monde-au-chevet-dune-planete-en-metamorphose-197219922022-retour-sur-50-ans-de-sommets-de-la-terre\/#breadcrumb\",\"itemListElement\":[{\"@type\":\"ListItem\",\"position\":1,\"name\":\"Home\",\"item\":\"https:\/\/energy-cities.eu\/fr\/nous-sommes-un-reseau-europeen-blabla\/\"},{\"@type\":\"ListItem\",\"position\":2,\"name\":\"Le monde au chevet d'une plan\u00e8te en m\u00e9tamorphose 1972\u20221992\u20222022 - Retour sur 50 ans de Sommets de la terre\"}]}]}<\/script>\n<!-- \/ Yoast SEO plugin. -->","yoast_head_json":{"title":"Le monde au chevet d'une plan\u00e8te en m\u00e9tamorphose 1972\u20221992\u20222022 - Retour sur 50 ans de Sommets de la terre - Energy Cities","robots":{"index":"index","follow":"follow","max-snippet":"max-snippet:-1","max-image-preview":"max-image-preview:large","max-video-preview":"max-video-preview:-1"},"canonical":"https:\/\/energy-cities.eu\/fr\/evenement\/le-monde-au-chevet-dune-planete-en-metamorphose-197219922022-retour-sur-50-ans-de-sommets-de-la-terre\/","og_locale":"fr_FR","og_type":"article","og_title":"Le monde au chevet d'une plan\u00e8te en m\u00e9tamorphose 1972\u20221992\u20222022 - Retour sur 50 ans de Sommets de la terre - Energy Cities","og_description":"Depuis maintenant 50 ans les institutions onusiennes , les ONG, les chercheurs nous informent d\u2019un changement \u00e0 venir, nous expliquent qu\u2019 environnement, technologie, soci\u00e9t\u00e9, tout [\u2026]","og_url":"https:\/\/energy-cities.eu\/fr\/evenement\/le-monde-au-chevet-dune-planete-en-metamorphose-197219922022-retour-sur-50-ans-de-sommets-de-la-terre\/","og_site_name":"Energy Cities","article_publisher":"https:\/\/www.facebook.com\/energycities.eu\/","article_modified_time":"2022-09-13T08:39:34+00:00","og_image":[{"width":791,"height":395,"url":"https:\/\/energy-cities.eu\/wp-content\/uploads\/2022\/09\/planete-en-metamorphose.png","type":"image\/png"}],"twitter_card":"summary_large_image","twitter_site":"@energycities","twitter_misc":{"Dur\u00e9e de lecture estim\u00e9e":"1 minute"},"schema":{"@context":"https:\/\/schema.org","@graph":[{"@type":"Organization","@id":"https:\/\/energy-cities.eu\/fr\/#organization","name":"Energy Cities","url":"https:\/\/energy-cities.eu\/fr\/","sameAs":["https:\/\/www.facebook.com\/energycities.eu\/","https:\/\/www.youtube.com\/channel\/UChIHn2wF76JzuTbAjSMs0hQ","https:\/\/fr.wikipedia.org\/wiki\/Energy_Cities","https:\/\/twitter.com\/energycities"],"logo":{"@type":"ImageObject","inLanguage":"fr-FR","@id":"https:\/\/energy-cities.eu\/fr\/#\/schema\/logo\/image\/","url":"https:\/\/energy-cities.eu\/wp-content\/uploads\/2019\/07\/energy-cities-couleur.jpg","contentUrl":"https:\/\/energy-cities.eu\/wp-content\/uploads\/2019\/07\/energy-cities-couleur.jpg","width":3508,"height":2587,"caption":"Energy Cities"},"image":{"@id":"https:\/\/energy-cities.eu\/fr\/#\/schema\/logo\/image\/"}},{"@type":"WebSite","@id":"https:\/\/energy-cities.eu\/fr\/#website","url":"https:\/\/energy-cities.eu\/fr\/","name":"Energy Cities","description":" The European learning community for future-proof cities","publisher":{"@id":"https:\/\/energy-cities.eu\/fr\/#organization"},"potentialAction":[{"@type":"SearchAction","target":{"@type":"EntryPoint","urlTemplate":"https:\/\/energy-cities.eu\/fr\/?s={search_term_string}"},"query-input":"required name=search_term_string"}],"inLanguage":"fr-FR"},{"@type":"ImageObject","inLanguage":"fr-FR","@id":"https:\/\/energy-cities.eu\/fr\/evenement\/le-monde-au-chevet-dune-planete-en-metamorphose-197219922022-retour-sur-50-ans-de-sommets-de-la-terre\/#primaryimage","url":"https:\/\/energy-cities.eu\/wp-content\/uploads\/2022\/09\/planete-en-metamorphose.png","contentUrl":"https:\/\/energy-cities.eu\/wp-content\/uploads\/2022\/09\/planete-en-metamorphose.png","width":791,"height":395},{"@type":"WebPage","@id":"https:\/\/energy-cities.eu\/fr\/evenement\/le-monde-au-chevet-dune-planete-en-metamorphose-197219922022-retour-sur-50-ans-de-sommets-de-la-terre\/#webpage","url":"https:\/\/energy-cities.eu\/fr\/evenement\/le-monde-au-chevet-dune-planete-en-metamorphose-197219922022-retour-sur-50-ans-de-sommets-de-la-terre\/","name":"Le monde au chevet d'une plan\u00e8te en m\u00e9tamorphose 1972\u20221992\u20222022 - Retour sur 50 ans de Sommets de la terre - Energy Cities","isPartOf":{"@id":"https:\/\/energy-cities.eu\/fr\/#website"},"primaryImageOfPage":{"@id":"https:\/\/energy-cities.eu\/fr\/evenement\/le-monde-au-chevet-dune-planete-en-metamorphose-197219922022-retour-sur-50-ans-de-sommets-de-la-terre\/#primaryimage"},"datePublished":"2022-09-13T08:37:22+00:00","dateModified":"2022-09-13T08:39:34+00:00","breadcrumb":{"@id":"https:\/\/energy-cities.eu\/fr\/evenement\/le-monde-au-chevet-dune-planete-en-metamorphose-197219922022-retour-sur-50-ans-de-sommets-de-la-terre\/#breadcrumb"},"inLanguage":"fr-FR","potentialAction":[{"@type":"ReadAction","target":["https:\/\/energy-cities.eu\/fr\/evenement\/le-monde-au-chevet-dune-planete-en-metamorphose-197219922022-retour-sur-50-ans-de-sommets-de-la-terre\/"]}]},{"@type":"BreadcrumbList","@id":"https:\/\/energy-cities.eu\/fr\/evenement\/le-monde-au-chevet-dune-planete-en-metamorphose-197219922022-retour-sur-50-ans-de-sommets-de-la-terre\/#breadcrumb","itemListElement":[{"@type":"ListItem","position":1,"name":"Home","item":"https:\/\/energy-cities.eu\/fr\/nous-sommes-un-reseau-europeen-blabla\/"},{"@type":"ListItem","position":2,"name":"Le monde au chevet d'une plan\u00e8te en m\u00e9tamorphose 1972\u20221992\u20222022 - Retour sur 50 ans de Sommets de la terre"}]}]}},"featured_img":"https:\/\/energy-cities.eu\/wp-content\/uploads\/2022\/09\/planete-en-metamorphose.png","coauthors":[],"author_meta":{"author_link":"https:\/\/energy-cities.eu\/fr\/staff\/f-cappelletti\/","display_name":"Floriane Cappelletti"},"relative_dates":{"created":"Publi\u00e9 4 ans il y a","modified":"Mis \u00e0 jour 4 ans il y a"},"absolute_dates":{"created":"Publi\u00e9 le 13 septembre 2022","modified":"Mise \u00e0 jour le 13 septembre 2022"},"absolute_dates_time":{"created":"Publi\u00e9 le 13 septembre 2022 10:37  ","modified":"Mise \u00e0 jour le 13 septembre 2022 10:39  "},"featured_img_caption":"","tax_additional":{"post_tag":{"linked":[],"unlinked":[],"slug":"post_tag","name":"\u00c9tiquettes"},"hub":{"linked":["<a href=\"https:\/\/energy-cities.eu\/fr\/hub\/villes-zero-carbone\/\" class=\"advgb-post-tax-term\">Villes z\u00e9ro carbone<\/a>","<a href=\"https:\/\/energy-cities.eu\/fr\/hub\/economies-locales\/\" class=\"advgb-post-tax-term\">\u00c9conomies justes<\/a>"],"unlinked":["<span class=\"advgb-post-tax-term\">Villes z\u00e9ro carbone<\/span>","<span class=\"advgb-post-tax-term\">\u00c9conomies justes<\/span>"],"slug":"hub","name":"Hubs"},"topic":{"linked":["<a href=\"https:\/\/energy-cities.eu\/fr\/th\u00e9matique\/neutralite-climatique\/\" class=\"advgb-post-tax-term\">Neutralit\u00e9 climatique<\/a>","<a href=\"https:\/\/energy-cities.eu\/fr\/th\u00e9matique\/reduction-des-emissions\/\" class=\"advgb-post-tax-term\">R\u00e9duction des \u00e9missions<\/a>","<a href=\"https:\/\/energy-cities.eu\/fr\/th\u00e9matique\/resilience-fr\/\" class=\"advgb-post-tax-term\">R\u00e9silience<\/a>","<a href=\"https:\/\/energy-cities.eu\/fr\/th\u00e9matique\/qualite-de-vie\/\" class=\"advgb-post-tax-term\">Qualit\u00e9 de vie<\/a>","<a href=\"https:\/\/energy-cities.eu\/fr\/th\u00e9matique\/economie-denergies\/\" class=\"advgb-post-tax-term\">\u00c9conomies d&#039;\u00e9nergies<\/a>","<a href=\"https:\/\/energy-cities.eu\/fr\/th\u00e9matique\/societe\/\" class=\"advgb-post-tax-term\">Soci\u00e9t\u00e9<\/a>","<a href=\"https:\/\/energy-cities.eu\/fr\/th\u00e9matique\/gestion-de-crise\/\" class=\"advgb-post-tax-term\">Gestion de crise<\/a>","<a href=\"https:\/\/energy-cities.eu\/fr\/th\u00e9matique\/mesures-politiques\/\" class=\"advgb-post-tax-term\">Mesures politiques<\/a>"],"unlinked":["<span class=\"advgb-post-tax-term\">Neutralit\u00e9 climatique<\/span>","<span class=\"advgb-post-tax-term\">R\u00e9duction des \u00e9missions<\/span>","<span class=\"advgb-post-tax-term\">R\u00e9silience<\/span>","<span class=\"advgb-post-tax-term\">Qualit\u00e9 de vie<\/span>","<span class=\"advgb-post-tax-term\">\u00c9conomies d&#039;\u00e9nergies<\/span>","<span class=\"advgb-post-tax-term\">Soci\u00e9t\u00e9<\/span>","<span class=\"advgb-post-tax-term\">Gestion de crise<\/span>","<span class=\"advgb-post-tax-term\">Mesures politiques<\/span>"],"slug":"topic","name":"Topics"},"event_type":{"linked":["<a href=\"https:\/\/energy-cities.eu\/fr\/event_type\/conference-fr\/\" class=\"advgb-post-tax-term\">conference<\/a>","<a href=\"https:\/\/energy-cities.eu\/fr\/event_type\/web-conference-2\/\" class=\"advgb-post-tax-term\">web conference<\/a>"],"unlinked":["<span class=\"advgb-post-tax-term\">conference<\/span>","<span class=\"advgb-post-tax-term\">web conference<\/span>"],"slug":"event_type","name":"Event Types"}},"_links":{"self":[{"href":"https:\/\/energy-cities.eu\/fr\/wp-json\/wp\/v2\/events\/55363"}],"collection":[{"href":"https:\/\/energy-cities.eu\/fr\/wp-json\/wp\/v2\/events"}],"about":[{"href":"https:\/\/energy-cities.eu\/fr\/wp-json\/wp\/v2\/types\/events"}],"author":[{"embeddable":true,"href":"https:\/\/energy-cities.eu\/fr\/wp-json\/wp\/v2\/users\/27"}],"version-history":[{"count":9,"href":"https:\/\/energy-cities.eu\/fr\/wp-json\/wp\/v2\/events\/55363\/revisions"}],"predecessor-version":[{"id":55374,"href":"https:\/\/energy-cities.eu\/fr\/wp-json\/wp\/v2\/events\/55363\/revisions\/55374"}],"wp:featuredmedia":[{"embeddable":true,"href":"https:\/\/energy-cities.eu\/fr\/wp-json\/wp\/v2\/media\/55369"}],"wp:attachment":[{"href":"https:\/\/energy-cities.eu\/fr\/wp-json\/wp\/v2\/media?parent=55363"}],"wp:term":[{"taxonomy":"post_tag","embeddable":true,"href":"https:\/\/energy-cities.eu\/fr\/wp-json\/wp\/v2\/tags?post=55363"},{"taxonomy":"hub","embeddable":true,"href":"https:\/\/energy-cities.eu\/fr\/wp-json\/wp\/v2\/hub?post=55363"},{"taxonomy":"topic","embeddable":true,"href":"https:\/\/energy-cities.eu\/fr\/wp-json\/wp\/v2\/topic?post=55363"},{"taxonomy":"event_type","embeddable":true,"href":"https:\/\/energy-cities.eu\/fr\/wp-json\/wp\/v2\/event_type?post=55363"}],"curies":[{"name":"wp","href":"https:\/\/api.w.org\/{rel}","templated":true}]}}