{"id":56102,"date":"2022-10-11T16:29:09","date_gmt":"2022-10-11T14:29:09","guid":{"rendered":"https:\/\/energy-cities.eu\/?post_type=events&#038;p=56102"},"modified":"2022-10-18T09:53:21","modified_gmt":"2022-10-18T07:53:21","slug":"voyage-detude-strategie-et-plan-daction-agro-alimentaire-de-valence-espagne","status":"publish","type":"events","link":"https:\/\/energy-cities.eu\/fr\/evenement\/voyage-detude-strategie-et-plan-daction-agro-alimentaire-de-valence-espagne\/","title":{"rendered":"Voyage d&rsquo;\u00e9tude : strat\u00e9gie et plan d&rsquo;action agro-alimentaires de Valence, Espagne"},"content":{"rendered":"\n<p><strong>On tient table ouverte \u00e0 Valencia&nbsp;!<\/strong><\/p>\n\n\n\n<p>Valencia c\u2019est la capitale de la paella, c\u2019est aussi une ville-membre tr\u00e8s active d\u2019Energy Cities et un territoire privil\u00e9gi\u00e9 o\u00f9 l\u2019agriculture, la p\u00eache et l\u2019\u00e9levage occupent bien l\u2019espace p\u00e9ri-urbain.<\/p>\n\n\n\n<p>Depuis la signature du Pacte de Milan en 2015, la municipalit\u00e9 a mis en place une strat\u00e9gie et un plan d\u2019action agro-alimentaire locaux remarquables, avec la cr\u00e9ation d\u2019un conseil alimentaire municipal, le renforcement des circuits courts et une politique fonci\u00e8re qui favorise la souverainet\u00e9 alimentaire du territoire.<\/p>\n\n\n\n<p>Venez d\u00e9couvrir avec nous sur place le dessous des cartes, les projets, les processus de gouvernance en interne et les alliances qui ont \u00e9t\u00e9 tiss\u00e9es pour mener \u00e0 bien cette strat\u00e9gie !<\/p>\n\n\n\n<figure class=\"wp-block-embed is-type-video is-provider-youtube wp-block-embed-youtube wp-embed-aspect-16-9 wp-has-aspect-ratio\"><div class=\"wp-block-embed__wrapper\">\n<iframe loading=\"lazy\" title=\"Projet Valence (Espagne) - Alliances pour une gouvernance alimentaire\" width=\"500\" height=\"281\" src=\"https:\/\/www.youtube.com\/embed\/BGnRIgtfp5s?feature=oembed\" frameborder=\"0\" allow=\"accelerometer; autoplay; clipboard-write; encrypted-media; gyroscope; picture-in-picture\" allowfullscreen><\/iframe>\n<\/div><\/figure>\n\n\n\n<p>Ce voyage d\u2019\u00e9tude est organis\u00e9 par Energy Cities avec le soutien de l\u2019ADEME.<\/p>\n\n\n\n<p>Le nombre de place est limit\u00e9 \u00e0 20 personnes, priorit\u00e9 accord\u00e9e aux collectivit\u00e9s locales.<\/p>\n\n\n\n<p>Prix par personne\u00a0: 420 euros TTC comprenant\u00a0: la participation aux rencontres et visites, l\u2019interpr\u00e9tariat simultan\u00e9 fran\u00e7ais-espagnol, la restauration du midi et du soir (2 diners et 2 d\u00e9jeuners), ainsi que les transports publics locaux. Les factures seront envoy\u00e9es par Energy Cities \u00e0 l&rsquo;issue du voyage. Ne sont pas compris dans ce prix\u00a0: l\u2019h\u00e9bergement et le voyage aller-retour vers Valencia, que les participants devront r\u00e9gler et organiser eux-m\u00eames.<\/p>\n\n\n\n<p>Les mises \u00e0 jour du programme seront publi\u00e9es sur cette page.<\/p>\n\n\n\n<p><strong>Date limite d&rsquo;inscription : jeudi 10 Novembre<\/strong> <strong>2022<\/strong><\/p>\n\n\n\n<p>Contacts&nbsp;: Sylvie Lacassagne et Blandine Pidoux, Energy Cities<\/p>\n","protected":false},"excerpt":{"rendered":"<p>On tient table ouverte \u00e0 Valencia&nbsp;! Valencia c\u2019est la capitale de la paella, c\u2019est aussi une ville-membre tr\u00e8s active d\u2019Energy Cities et un territoire privil\u00e9gi\u00e9 <a href=\"https:\/\/energy-cities.eu\/fr\/evenement\/voyage-detude-strategie-et-plan-daction-agro-alimentaire-de-valence-espagne\/\">[\u2026]<\/a><\/p>\n","protected":false},"author":10,"featured_media":56228,"template":"","tags":[],"hub":[307,309],"topic":[102,110,319,341,357,361,365,376],"event_type":[226],"acf":[],"yoast_head":"<!-- This site is optimized with the Yoast SEO plugin v18.8 - https:\/\/yoast.com\/wordpress\/plugins\/seo\/ -->\n<title>Voyage d&#039;\u00e9tude : strat\u00e9gie et plan d&#039;action agro-alimentaires de Valence, Espagne - Energy Cities<\/title>\n<meta name=\"robots\" content=\"index, follow, max-snippet:-1, max-image-preview:large, max-video-preview:-1\" \/>\n<link rel=\"canonical\" href=\"https:\/\/energy-cities.eu\/fr\/evenement\/voyage-detude-strategie-et-plan-daction-agro-alimentaire-de-valence-espagne\/\" \/>\n<meta property=\"og:locale\" content=\"fr_FR\" \/>\n<meta property=\"og:type\" content=\"article\" \/>\n<meta property=\"og:title\" content=\"Voyage d&#039;\u00e9tude : strat\u00e9gie et plan d&#039;action agro-alimentaires de Valence, Espagne - Energy Cities\" \/>\n<meta property=\"og:description\" content=\"On tient table ouverte \u00e0 Valencia&nbsp;! Valencia c\u2019est la capitale de la paella, c\u2019est aussi une ville-membre tr\u00e8s active d\u2019Energy Cities et un territoire privil\u00e9gi\u00e9 [\u2026]\" \/>\n<meta property=\"og:url\" content=\"https:\/\/energy-cities.eu\/fr\/evenement\/voyage-detude-strategie-et-plan-daction-agro-alimentaire-de-valence-espagne\/\" \/>\n<meta property=\"og:site_name\" content=\"Energy Cities\" \/>\n<meta property=\"article:publisher\" content=\"https:\/\/www.facebook.com\/energycities.eu\/\" \/>\n<meta property=\"article:modified_time\" content=\"2022-10-18T07:53:21+00:00\" \/>\n<meta property=\"og:image\" content=\"https:\/\/energy-cities.eu\/wp-content\/uploads\/2022\/10\/mercado-central-valencia-entrada-1.jpg\" \/>\n\t<meta property=\"og:image:width\" content=\"765\" \/>\n\t<meta property=\"og:image:height\" content=\"510\" \/>\n\t<meta property=\"og:image:type\" content=\"image\/jpeg\" \/>\n<meta name=\"twitter:card\" content=\"summary_large_image\" \/>\n<meta name=\"twitter:site\" content=\"@energycities\" \/>\n<meta name=\"twitter:label1\" content=\"Dur\u00e9e de lecture estim\u00e9e\" \/>\n\t<meta name=\"twitter:data1\" content=\"2 minutes\" \/>\n<script type=\"application\/ld+json\" class=\"yoast-schema-graph\">{\"@context\":\"https:\/\/schema.org\",\"@graph\":[{\"@type\":\"Organization\",\"@id\":\"https:\/\/energy-cities.eu\/fr\/#organization\",\"name\":\"Energy Cities\",\"url\":\"https:\/\/energy-cities.eu\/fr\/\",\"sameAs\":[\"https:\/\/www.facebook.com\/energycities.eu\/\",\"https:\/\/www.youtube.com\/channel\/UChIHn2wF76JzuTbAjSMs0hQ\",\"https:\/\/fr.wikipedia.org\/wiki\/Energy_Cities\",\"https:\/\/twitter.com\/energycities\"],\"logo\":{\"@type\":\"ImageObject\",\"inLanguage\":\"fr-FR\",\"@id\":\"https:\/\/energy-cities.eu\/fr\/#\/schema\/logo\/image\/\",\"url\":\"https:\/\/energy-cities.eu\/wp-content\/uploads\/2019\/07\/energy-cities-couleur.jpg\",\"contentUrl\":\"https:\/\/energy-cities.eu\/wp-content\/uploads\/2019\/07\/energy-cities-couleur.jpg\",\"width\":3508,\"height\":2587,\"caption\":\"Energy Cities\"},\"image\":{\"@id\":\"https:\/\/energy-cities.eu\/fr\/#\/schema\/logo\/image\/\"}},{\"@type\":\"WebSite\",\"@id\":\"https:\/\/energy-cities.eu\/fr\/#website\",\"url\":\"https:\/\/energy-cities.eu\/fr\/\",\"name\":\"Energy Cities\",\"description\":\" The European learning community for future-proof cities\",\"publisher\":{\"@id\":\"https:\/\/energy-cities.eu\/fr\/#organization\"},\"potentialAction\":[{\"@type\":\"SearchAction\",\"target\":{\"@type\":\"EntryPoint\",\"urlTemplate\":\"https:\/\/energy-cities.eu\/fr\/?s={search_term_string}\"},\"query-input\":\"required name=search_term_string\"}],\"inLanguage\":\"fr-FR\"},{\"@type\":\"ImageObject\",\"inLanguage\":\"fr-FR\",\"@id\":\"https:\/\/energy-cities.eu\/fr\/evenement\/voyage-detude-strategie-et-plan-daction-agro-alimentaire-de-valence-espagne\/#primaryimage\",\"url\":\"https:\/\/energy-cities.eu\/wp-content\/uploads\/2022\/10\/mercado-central-valencia-entrada-1.jpg\",\"contentUrl\":\"https:\/\/energy-cities.eu\/wp-content\/uploads\/2022\/10\/mercado-central-valencia-entrada-1.jpg\",\"width\":765,\"height\":510},{\"@type\":\"WebPage\",\"@id\":\"https:\/\/energy-cities.eu\/fr\/evenement\/voyage-detude-strategie-et-plan-daction-agro-alimentaire-de-valence-espagne\/#webpage\",\"url\":\"https:\/\/energy-cities.eu\/fr\/evenement\/voyage-detude-strategie-et-plan-daction-agro-alimentaire-de-valence-espagne\/\",\"name\":\"Voyage d'\u00e9tude : strat\u00e9gie et plan d'action agro-alimentaires de Valence, Espagne - Energy Cities\",\"isPartOf\":{\"@id\":\"https:\/\/energy-cities.eu\/fr\/#website\"},\"primaryImageOfPage\":{\"@id\":\"https:\/\/energy-cities.eu\/fr\/evenement\/voyage-detude-strategie-et-plan-daction-agro-alimentaire-de-valence-espagne\/#primaryimage\"},\"datePublished\":\"2022-10-11T14:29:09+00:00\",\"dateModified\":\"2022-10-18T07:53:21+00:00\",\"breadcrumb\":{\"@id\":\"https:\/\/energy-cities.eu\/fr\/evenement\/voyage-detude-strategie-et-plan-daction-agro-alimentaire-de-valence-espagne\/#breadcrumb\"},\"inLanguage\":\"fr-FR\",\"potentialAction\":[{\"@type\":\"ReadAction\",\"target\":[\"https:\/\/energy-cities.eu\/fr\/evenement\/voyage-detude-strategie-et-plan-daction-agro-alimentaire-de-valence-espagne\/\"]}]},{\"@type\":\"BreadcrumbList\",\"@id\":\"https:\/\/energy-cities.eu\/fr\/evenement\/voyage-detude-strategie-et-plan-daction-agro-alimentaire-de-valence-espagne\/#breadcrumb\",\"itemListElement\":[{\"@type\":\"ListItem\",\"position\":1,\"name\":\"Home\",\"item\":\"https:\/\/energy-cities.eu\/fr\/nous-sommes-un-reseau-europeen-blabla\/\"},{\"@type\":\"ListItem\",\"position\":2,\"name\":\"Voyage d'\u00e9tude : strat\u00e9gie et plan d'action agro-alimentaires de Valence, Espagne\"}]}]}<\/script>\n<!-- \/ Yoast SEO plugin. -->","yoast_head_json":{"title":"Voyage d'\u00e9tude : strat\u00e9gie et plan d'action agro-alimentaires de Valence, Espagne - Energy Cities","robots":{"index":"index","follow":"follow","max-snippet":"max-snippet:-1","max-image-preview":"max-image-preview:large","max-video-preview":"max-video-preview:-1"},"canonical":"https:\/\/energy-cities.eu\/fr\/evenement\/voyage-detude-strategie-et-plan-daction-agro-alimentaire-de-valence-espagne\/","og_locale":"fr_FR","og_type":"article","og_title":"Voyage d'\u00e9tude : strat\u00e9gie et plan d'action agro-alimentaires de Valence, Espagne - Energy Cities","og_description":"On tient table ouverte \u00e0 Valencia&nbsp;! Valencia c\u2019est la capitale de la paella, c\u2019est aussi une ville-membre tr\u00e8s active d\u2019Energy Cities et un territoire privil\u00e9gi\u00e9 [\u2026]","og_url":"https:\/\/energy-cities.eu\/fr\/evenement\/voyage-detude-strategie-et-plan-daction-agro-alimentaire-de-valence-espagne\/","og_site_name":"Energy Cities","article_publisher":"https:\/\/www.facebook.com\/energycities.eu\/","article_modified_time":"2022-10-18T07:53:21+00:00","og_image":[{"width":765,"height":510,"url":"https:\/\/energy-cities.eu\/wp-content\/uploads\/2022\/10\/mercado-central-valencia-entrada-1.jpg","type":"image\/jpeg"}],"twitter_card":"summary_large_image","twitter_site":"@energycities","twitter_misc":{"Dur\u00e9e de lecture estim\u00e9e":"2 minutes"},"schema":{"@context":"https:\/\/schema.org","@graph":[{"@type":"Organization","@id":"https:\/\/energy-cities.eu\/fr\/#organization","name":"Energy Cities","url":"https:\/\/energy-cities.eu\/fr\/","sameAs":["https:\/\/www.facebook.com\/energycities.eu\/","https:\/\/www.youtube.com\/channel\/UChIHn2wF76JzuTbAjSMs0hQ","https:\/\/fr.wikipedia.org\/wiki\/Energy_Cities","https:\/\/twitter.com\/energycities"],"logo":{"@type":"ImageObject","inLanguage":"fr-FR","@id":"https:\/\/energy-cities.eu\/fr\/#\/schema\/logo\/image\/","url":"https:\/\/energy-cities.eu\/wp-content\/uploads\/2019\/07\/energy-cities-couleur.jpg","contentUrl":"https:\/\/energy-cities.eu\/wp-content\/uploads\/2019\/07\/energy-cities-couleur.jpg","width":3508,"height":2587,"caption":"Energy Cities"},"image":{"@id":"https:\/\/energy-cities.eu\/fr\/#\/schema\/logo\/image\/"}},{"@type":"WebSite","@id":"https:\/\/energy-cities.eu\/fr\/#website","url":"https:\/\/energy-cities.eu\/fr\/","name":"Energy Cities","description":" The European learning community for future-proof cities","publisher":{"@id":"https:\/\/energy-cities.eu\/fr\/#organization"},"potentialAction":[{"@type":"SearchAction","target":{"@type":"EntryPoint","urlTemplate":"https:\/\/energy-cities.eu\/fr\/?s={search_term_string}"},"query-input":"required name=search_term_string"}],"inLanguage":"fr-FR"},{"@type":"ImageObject","inLanguage":"fr-FR","@id":"https:\/\/energy-cities.eu\/fr\/evenement\/voyage-detude-strategie-et-plan-daction-agro-alimentaire-de-valence-espagne\/#primaryimage","url":"https:\/\/energy-cities.eu\/wp-content\/uploads\/2022\/10\/mercado-central-valencia-entrada-1.jpg","contentUrl":"https:\/\/energy-cities.eu\/wp-content\/uploads\/2022\/10\/mercado-central-valencia-entrada-1.jpg","width":765,"height":510},{"@type":"WebPage","@id":"https:\/\/energy-cities.eu\/fr\/evenement\/voyage-detude-strategie-et-plan-daction-agro-alimentaire-de-valence-espagne\/#webpage","url":"https:\/\/energy-cities.eu\/fr\/evenement\/voyage-detude-strategie-et-plan-daction-agro-alimentaire-de-valence-espagne\/","name":"Voyage d'\u00e9tude : strat\u00e9gie et plan d'action agro-alimentaires de Valence, Espagne - Energy Cities","isPartOf":{"@id":"https:\/\/energy-cities.eu\/fr\/#website"},"primaryImageOfPage":{"@id":"https:\/\/energy-cities.eu\/fr\/evenement\/voyage-detude-strategie-et-plan-daction-agro-alimentaire-de-valence-espagne\/#primaryimage"},"datePublished":"2022-10-11T14:29:09+00:00","dateModified":"2022-10-18T07:53:21+00:00","breadcrumb":{"@id":"https:\/\/energy-cities.eu\/fr\/evenement\/voyage-detude-strategie-et-plan-daction-agro-alimentaire-de-valence-espagne\/#breadcrumb"},"inLanguage":"fr-FR","potentialAction":[{"@type":"ReadAction","target":["https:\/\/energy-cities.eu\/fr\/evenement\/voyage-detude-strategie-et-plan-daction-agro-alimentaire-de-valence-espagne\/"]}]},{"@type":"BreadcrumbList","@id":"https:\/\/energy-cities.eu\/fr\/evenement\/voyage-detude-strategie-et-plan-daction-agro-alimentaire-de-valence-espagne\/#breadcrumb","itemListElement":[{"@type":"ListItem","position":1,"name":"Home","item":"https:\/\/energy-cities.eu\/fr\/nous-sommes-un-reseau-europeen-blabla\/"},{"@type":"ListItem","position":2,"name":"Voyage d'\u00e9tude : strat\u00e9gie et plan d'action agro-alimentaires de Valence, Espagne"}]}]}},"featured_img":"https:\/\/energy-cities.eu\/wp-content\/uploads\/2022\/10\/mercado-central-valencia-entrada-1.jpg","coauthors":[],"author_meta":{"author_link":"https:\/\/energy-cities.eu\/fr\/staff\/b-pidoux\/","display_name":"Blandine Pidoux"},"relative_dates":{"created":"Publi\u00e9 4 ans il y a","modified":"Mis \u00e0 jour 4 ans il y a"},"absolute_dates":{"created":"Publi\u00e9 le 11 octobre 2022","modified":"Mise \u00e0 jour le 18 octobre 2022"},"absolute_dates_time":{"created":"Publi\u00e9 le 11 octobre 2022 4:29  ","modified":"Mise \u00e0 jour le 18 octobre 2022 9:53  "},"featured_img_caption":"","tax_additional":{"post_tag":{"linked":[],"unlinked":[],"slug":"post_tag","name":"\u00c9tiquettes"},"hub":{"linked":["<a href=\"https:\/\/energy-cities.eu\/fr\/hub\/alimentation-durable\/\" class=\"advgb-post-tax-term\">Alimentation durable<\/a>","<a href=\"https:\/\/energy-cities.eu\/fr\/hub\/economies-locales\/\" class=\"advgb-post-tax-term\">\u00c9conomies justes<\/a>"],"unlinked":["<span class=\"advgb-post-tax-term\">Alimentation durable<\/span>","<span class=\"advgb-post-tax-term\">\u00c9conomies justes<\/span>"],"slug":"hub","name":"Hubs"},"topic":{"linked":["<a href=\"https:\/\/energy-cities.eu\/fr\/th\u00e9matique\/outils-formation\/\" class=\"advgb-post-tax-term\">Outils &amp; formation<\/a>","<a href=\"https:\/\/energy-cities.eu\/fr\/th\u00e9matique\/planification-vision\/\" class=\"advgb-post-tax-term\">Vision &amp; Planification urbaine<\/a>","<a href=\"https:\/\/energy-cities.eu\/fr\/th\u00e9matique\/systemes-alimentaires-durables\/\" class=\"advgb-post-tax-term\">Syst\u00e8mes alimentaires durables<\/a>","<a href=\"https:\/\/energy-cities.eu\/fr\/th\u00e9matique\/resilience-fr\/\" class=\"advgb-post-tax-term\">R\u00e9silience<\/a>","<a href=\"https:\/\/energy-cities.eu\/fr\/th\u00e9matique\/agriculture-fr\/\" class=\"advgb-post-tax-term\">Agriculture<\/a>","<a href=\"https:\/\/energy-cities.eu\/fr\/th\u00e9matique\/participation-citoyenne\/\" class=\"advgb-post-tax-term\">Participation citoyenne<\/a>","<a href=\"https:\/\/energy-cities.eu\/fr\/th\u00e9matique\/societe\/\" class=\"advgb-post-tax-term\">Soci\u00e9t\u00e9<\/a>","<a href=\"https:\/\/energy-cities.eu\/fr\/th\u00e9matique\/modeles-economiques\/\" class=\"advgb-post-tax-term\">Mod\u00e8les \u00e9conomiques<\/a>"],"unlinked":["<span class=\"advgb-post-tax-term\">Outils &amp; formation<\/span>","<span class=\"advgb-post-tax-term\">Vision &amp; Planification urbaine<\/span>","<span class=\"advgb-post-tax-term\">Syst\u00e8mes alimentaires durables<\/span>","<span class=\"advgb-post-tax-term\">R\u00e9silience<\/span>","<span class=\"advgb-post-tax-term\">Agriculture<\/span>","<span class=\"advgb-post-tax-term\">Participation citoyenne<\/span>","<span class=\"advgb-post-tax-term\">Soci\u00e9t\u00e9<\/span>","<span class=\"advgb-post-tax-term\">Mod\u00e8les \u00e9conomiques<\/span>"],"slug":"topic","name":"Topics"},"event_type":{"linked":["<a href=\"https:\/\/energy-cities.eu\/fr\/event_type\/formation\/\" class=\"advgb-post-tax-term\">formation<\/a>"],"unlinked":["<span class=\"advgb-post-tax-term\">formation<\/span>"],"slug":"event_type","name":"Event Types"}},"_links":{"self":[{"href":"https:\/\/energy-cities.eu\/fr\/wp-json\/wp\/v2\/events\/56102"}],"collection":[{"href":"https:\/\/energy-cities.eu\/fr\/wp-json\/wp\/v2\/events"}],"about":[{"href":"https:\/\/energy-cities.eu\/fr\/wp-json\/wp\/v2\/types\/events"}],"author":[{"embeddable":true,"href":"https:\/\/energy-cities.eu\/fr\/wp-json\/wp\/v2\/users\/10"}],"version-history":[{"count":16,"href":"https:\/\/energy-cities.eu\/fr\/wp-json\/wp\/v2\/events\/56102\/revisions"}],"predecessor-version":[{"id":56290,"href":"https:\/\/energy-cities.eu\/fr\/wp-json\/wp\/v2\/events\/56102\/revisions\/56290"}],"wp:featuredmedia":[{"embeddable":true,"href":"https:\/\/energy-cities.eu\/fr\/wp-json\/wp\/v2\/media\/56228"}],"wp:attachment":[{"href":"https:\/\/energy-cities.eu\/fr\/wp-json\/wp\/v2\/media?parent=56102"}],"wp:term":[{"taxonomy":"post_tag","embeddable":true,"href":"https:\/\/energy-cities.eu\/fr\/wp-json\/wp\/v2\/tags?post=56102"},{"taxonomy":"hub","embeddable":true,"href":"https:\/\/energy-cities.eu\/fr\/wp-json\/wp\/v2\/hub?post=56102"},{"taxonomy":"topic","embeddable":true,"href":"https:\/\/energy-cities.eu\/fr\/wp-json\/wp\/v2\/topic?post=56102"},{"taxonomy":"event_type","embeddable":true,"href":"https:\/\/energy-cities.eu\/fr\/wp-json\/wp\/v2\/event_type?post=56102"}],"curies":[{"name":"wp","href":"https:\/\/api.w.org\/{rel}","templated":true}]}}