{"id":63465,"date":"2023-05-04T12:55:44","date_gmt":"2023-05-04T10:55:44","guid":{"rendered":"https:\/\/energy-cities.eu\/?post_type=events&#038;p=63465"},"modified":"2023-05-11T11:20:39","modified_gmt":"2023-05-11T09:20:39","slug":"63465","status":"publish","type":"events","link":"https:\/\/energy-cities.eu\/fr\/evenement\/63465\/","title":{"rendered":"Prenons un verre ensemble \u00e0 Bruxelles !"},"content":{"rendered":"\n<div style=\"height:21px\" aria-hidden=\"true\" class=\"wp-block-spacer\"><\/div>\n\n\n\n<div class=\"wp-block-image\"><figure class=\"aligncenter size-full is-resized\"><img loading=\"lazy\" src=\"https:\/\/energy-cities.eu\/wp-content\/uploads\/2023\/05\/people-friendly-lunch-Brussels-2022.png\" alt=\"\" class=\"wp-image-63463\" width=\"630\" height=\"370\" srcset=\"https:\/\/energy-cities.eu\/wp-content\/uploads\/2023\/05\/people-friendly-lunch-Brussels-2022.png 670w, https:\/\/energy-cities.eu\/wp-content\/uploads\/2023\/05\/people-friendly-lunch-Brussels-2022-350x205.png 350w, https:\/\/energy-cities.eu\/wp-content\/uploads\/2023\/05\/people-friendly-lunch-Brussels-2022-511x300.png 511w\" sizes=\"(max-width: 630px) 100vw, 630px\" \/><\/figure><\/div>\n\n\n\n<p><strong>R\u00e9serv\u00e9 aux membres et partenaires d&rsquo;Energy Cities. Dans le cadre de <a href=\"https:\/\/energy-cities.eu\/fr\/nouveau-partenariat-strategique-pour-soutenir-villes-et-regions\/\">notre partenariat avec ACR+<\/a>, cette invitation s&rsquo;adresse \u00e9galement aux membres d&rsquo;ACR+.<\/strong><\/p>\n\n\n\n<p>A l&rsquo;occasion de la <a href=\"https:\/\/energy.ec.europa.eu\/events\/european-sustainable-energy-week-2023-2023-06-20_en\">Semaine europ\u00e9enne de l&rsquo;\u00e9nergie durable (EUSEW),<\/a> des repr\u00e9sentant\u00b7es des gouvernements locaux, des organisations de la soci\u00e9t\u00e9 civile, des associations de villes, des praticien\u00b7nes, des universitaires et bien d&rsquo;autres personnes de toute l&rsquo;Europe se rendent \u00e0 Bruxelles pour participer aux discussions sur la mani\u00e8re d&rsquo;acc\u00e9l\u00e9rer la transition vers une \u00e9nergie propre.<\/p>\n\n\n\n<p>Nous nous devions de saisir cette formidable opportunit\u00e9 pour rencontrer nos membres et partenaires, partager un ap\u00e9ritif et de bons moments de discussion. Energy Cities vous invite, vous et vos coll\u00e8gues, \u00e0 vous joindre \u00e0 nous pour un \u00ab\u00a0after-work\u00a0\u00bb convivial au c\u0153ur du quartier Saint-Gilles.<\/p>\n\n\n\n<p>Nous nous retrouverons \u00e0 <a href=\"https:\/\/www.tricoterie.be\/fr\/?lang=fr\">La Tricoterie<\/a>, un espace culturel et \u00e9v\u00e9nementiel, cr\u00e9\u00e9 en 2010 par des citoyen\u00b7nes qui voulaient changer le monde en r\u00e9alisant un r\u00eave : cr\u00e9er un lieu unique ax\u00e9 sur la culture, les rencontres et le d\u00e9veloppement durable. Venez rencontrer d&rsquo;autres repr\u00e9sentant\u00b7es de villes membres de notre r\u00e9seau ou autres organisations !<\/p>\n\n\n\n<p>Tout ce dont nous avons besoin, c&rsquo;est de votre pr\u00e9sence.<br>Si vous souhaitez participer, <a href=\"https:\/\/energy-cities.eu\/staff\/m-arosio\/?usermail=marta.arosio\">contactez Marta<\/a>.<\/p>\n","protected":false},"excerpt":{"rendered":"<p>R\u00e9serv\u00e9 aux membres et partenaires d&rsquo;Energy Cities. Dans le cadre de notre partenariat avec ACR+, cette invitation s&rsquo;adresse \u00e9galement aux membres d&rsquo;ACR+. A l&rsquo;occasion de <a href=\"https:\/\/energy-cities.eu\/fr\/evenement\/63465\/\">[\u2026]<\/a><\/p>\n","protected":false},"author":27,"featured_media":63618,"template":"","tags":[],"hub":[310,308,306,307,309],"topic":[],"event_type":[],"acf":[],"yoast_head":"<!-- This site is optimized with the Yoast SEO plugin v18.8 - https:\/\/yoast.com\/wordpress\/plugins\/seo\/ -->\n<title>Prenons un verre ensemble \u00e0 Bruxelles ! - Energy Cities<\/title>\n<meta name=\"robots\" content=\"index, follow, max-snippet:-1, max-image-preview:large, max-video-preview:-1\" \/>\n<link rel=\"canonical\" href=\"https:\/\/energy-cities.eu\/fr\/evenement\/63465\/\" \/>\n<meta property=\"og:locale\" content=\"fr_FR\" \/>\n<meta property=\"og:type\" content=\"article\" \/>\n<meta property=\"og:title\" content=\"Prenons un verre ensemble \u00e0 Bruxelles ! - Energy Cities\" \/>\n<meta property=\"og:description\" content=\"R\u00e9serv\u00e9 aux membres et partenaires d&rsquo;Energy Cities. Dans le cadre de notre partenariat avec ACR+, cette invitation s&rsquo;adresse \u00e9galement aux membres d&rsquo;ACR+. A l&rsquo;occasion de [\u2026]\" \/>\n<meta property=\"og:url\" content=\"https:\/\/energy-cities.eu\/fr\/evenement\/63465\/\" \/>\n<meta property=\"og:site_name\" content=\"Energy Cities\" \/>\n<meta property=\"article:publisher\" content=\"https:\/\/www.facebook.com\/energycities.eu\/\" \/>\n<meta property=\"article:modified_time\" content=\"2023-05-11T09:20:39+00:00\" \/>\n<meta property=\"og:image\" content=\"https:\/\/energy-cities.eu\/wp-content\/uploads\/2023\/05\/drew-beamer-bTN-zKFy9uA-unsplash-scaled.jpg\" \/>\n\t<meta property=\"og:image:width\" content=\"2560\" \/>\n\t<meta property=\"og:image:height\" content=\"1405\" \/>\n\t<meta property=\"og:image:type\" content=\"image\/jpeg\" \/>\n<meta name=\"twitter:card\" content=\"summary_large_image\" \/>\n<meta name=\"twitter:site\" content=\"@energycities\" \/>\n<meta name=\"twitter:label1\" content=\"Dur\u00e9e de lecture estim\u00e9e\" \/>\n\t<meta name=\"twitter:data1\" content=\"2 minutes\" \/>\n<script type=\"application\/ld+json\" class=\"yoast-schema-graph\">{\"@context\":\"https:\/\/schema.org\",\"@graph\":[{\"@type\":\"Organization\",\"@id\":\"https:\/\/energy-cities.eu\/fr\/#organization\",\"name\":\"Energy Cities\",\"url\":\"https:\/\/energy-cities.eu\/fr\/\",\"sameAs\":[\"https:\/\/www.facebook.com\/energycities.eu\/\",\"https:\/\/www.youtube.com\/channel\/UChIHn2wF76JzuTbAjSMs0hQ\",\"https:\/\/fr.wikipedia.org\/wiki\/Energy_Cities\",\"https:\/\/twitter.com\/energycities\"],\"logo\":{\"@type\":\"ImageObject\",\"inLanguage\":\"fr-FR\",\"@id\":\"https:\/\/energy-cities.eu\/fr\/#\/schema\/logo\/image\/\",\"url\":\"https:\/\/energy-cities.eu\/wp-content\/uploads\/2019\/07\/energy-cities-couleur.jpg\",\"contentUrl\":\"https:\/\/energy-cities.eu\/wp-content\/uploads\/2019\/07\/energy-cities-couleur.jpg\",\"width\":3508,\"height\":2587,\"caption\":\"Energy Cities\"},\"image\":{\"@id\":\"https:\/\/energy-cities.eu\/fr\/#\/schema\/logo\/image\/\"}},{\"@type\":\"WebSite\",\"@id\":\"https:\/\/energy-cities.eu\/fr\/#website\",\"url\":\"https:\/\/energy-cities.eu\/fr\/\",\"name\":\"Energy Cities\",\"description\":\" The European learning community for future-proof cities\",\"publisher\":{\"@id\":\"https:\/\/energy-cities.eu\/fr\/#organization\"},\"potentialAction\":[{\"@type\":\"SearchAction\",\"target\":{\"@type\":\"EntryPoint\",\"urlTemplate\":\"https:\/\/energy-cities.eu\/fr\/?s={search_term_string}\"},\"query-input\":\"required name=search_term_string\"}],\"inLanguage\":\"fr-FR\"},{\"@type\":\"ImageObject\",\"inLanguage\":\"fr-FR\",\"@id\":\"https:\/\/energy-cities.eu\/fr\/evenement\/63465\/#primaryimage\",\"url\":\"https:\/\/energy-cities.eu\/wp-content\/uploads\/2023\/05\/drew-beamer-bTN-zKFy9uA-unsplash-scaled.jpg\",\"contentUrl\":\"https:\/\/energy-cities.eu\/wp-content\/uploads\/2023\/05\/drew-beamer-bTN-zKFy9uA-unsplash-scaled.jpg\",\"width\":2560,\"height\":1405},{\"@type\":\"WebPage\",\"@id\":\"https:\/\/energy-cities.eu\/fr\/evenement\/63465\/#webpage\",\"url\":\"https:\/\/energy-cities.eu\/fr\/evenement\/63465\/\",\"name\":\"Prenons un verre ensemble \u00e0 Bruxelles ! - Energy Cities\",\"isPartOf\":{\"@id\":\"https:\/\/energy-cities.eu\/fr\/#website\"},\"primaryImageOfPage\":{\"@id\":\"https:\/\/energy-cities.eu\/fr\/evenement\/63465\/#primaryimage\"},\"datePublished\":\"2023-05-04T10:55:44+00:00\",\"dateModified\":\"2023-05-11T09:20:39+00:00\",\"breadcrumb\":{\"@id\":\"https:\/\/energy-cities.eu\/fr\/evenement\/63465\/#breadcrumb\"},\"inLanguage\":\"fr-FR\",\"potentialAction\":[{\"@type\":\"ReadAction\",\"target\":[\"https:\/\/energy-cities.eu\/fr\/evenement\/63465\/\"]}]},{\"@type\":\"BreadcrumbList\",\"@id\":\"https:\/\/energy-cities.eu\/fr\/evenement\/63465\/#breadcrumb\",\"itemListElement\":[{\"@type\":\"ListItem\",\"position\":1,\"name\":\"Home\",\"item\":\"https:\/\/energy-cities.eu\/fr\/nous-sommes-un-reseau-europeen-blabla\/\"},{\"@type\":\"ListItem\",\"position\":2,\"name\":\"Prenons un verre ensemble \u00e0 Bruxelles !\"}]}]}<\/script>\n<!-- \/ Yoast SEO plugin. -->","yoast_head_json":{"title":"Prenons un verre ensemble \u00e0 Bruxelles ! - Energy Cities","robots":{"index":"index","follow":"follow","max-snippet":"max-snippet:-1","max-image-preview":"max-image-preview:large","max-video-preview":"max-video-preview:-1"},"canonical":"https:\/\/energy-cities.eu\/fr\/evenement\/63465\/","og_locale":"fr_FR","og_type":"article","og_title":"Prenons un verre ensemble \u00e0 Bruxelles ! - Energy Cities","og_description":"R\u00e9serv\u00e9 aux membres et partenaires d&rsquo;Energy Cities. Dans le cadre de notre partenariat avec ACR+, cette invitation s&rsquo;adresse \u00e9galement aux membres d&rsquo;ACR+. A l&rsquo;occasion de [\u2026]","og_url":"https:\/\/energy-cities.eu\/fr\/evenement\/63465\/","og_site_name":"Energy Cities","article_publisher":"https:\/\/www.facebook.com\/energycities.eu\/","article_modified_time":"2023-05-11T09:20:39+00:00","og_image":[{"width":2560,"height":1405,"url":"https:\/\/energy-cities.eu\/wp-content\/uploads\/2023\/05\/drew-beamer-bTN-zKFy9uA-unsplash-scaled.jpg","type":"image\/jpeg"}],"twitter_card":"summary_large_image","twitter_site":"@energycities","twitter_misc":{"Dur\u00e9e de lecture estim\u00e9e":"2 minutes"},"schema":{"@context":"https:\/\/schema.org","@graph":[{"@type":"Organization","@id":"https:\/\/energy-cities.eu\/fr\/#organization","name":"Energy Cities","url":"https:\/\/energy-cities.eu\/fr\/","sameAs":["https:\/\/www.facebook.com\/energycities.eu\/","https:\/\/www.youtube.com\/channel\/UChIHn2wF76JzuTbAjSMs0hQ","https:\/\/fr.wikipedia.org\/wiki\/Energy_Cities","https:\/\/twitter.com\/energycities"],"logo":{"@type":"ImageObject","inLanguage":"fr-FR","@id":"https:\/\/energy-cities.eu\/fr\/#\/schema\/logo\/image\/","url":"https:\/\/energy-cities.eu\/wp-content\/uploads\/2019\/07\/energy-cities-couleur.jpg","contentUrl":"https:\/\/energy-cities.eu\/wp-content\/uploads\/2019\/07\/energy-cities-couleur.jpg","width":3508,"height":2587,"caption":"Energy Cities"},"image":{"@id":"https:\/\/energy-cities.eu\/fr\/#\/schema\/logo\/image\/"}},{"@type":"WebSite","@id":"https:\/\/energy-cities.eu\/fr\/#website","url":"https:\/\/energy-cities.eu\/fr\/","name":"Energy Cities","description":" The European learning community for future-proof cities","publisher":{"@id":"https:\/\/energy-cities.eu\/fr\/#organization"},"potentialAction":[{"@type":"SearchAction","target":{"@type":"EntryPoint","urlTemplate":"https:\/\/energy-cities.eu\/fr\/?s={search_term_string}"},"query-input":"required name=search_term_string"}],"inLanguage":"fr-FR"},{"@type":"ImageObject","inLanguage":"fr-FR","@id":"https:\/\/energy-cities.eu\/fr\/evenement\/63465\/#primaryimage","url":"https:\/\/energy-cities.eu\/wp-content\/uploads\/2023\/05\/drew-beamer-bTN-zKFy9uA-unsplash-scaled.jpg","contentUrl":"https:\/\/energy-cities.eu\/wp-content\/uploads\/2023\/05\/drew-beamer-bTN-zKFy9uA-unsplash-scaled.jpg","width":2560,"height":1405},{"@type":"WebPage","@id":"https:\/\/energy-cities.eu\/fr\/evenement\/63465\/#webpage","url":"https:\/\/energy-cities.eu\/fr\/evenement\/63465\/","name":"Prenons un verre ensemble \u00e0 Bruxelles ! - Energy Cities","isPartOf":{"@id":"https:\/\/energy-cities.eu\/fr\/#website"},"primaryImageOfPage":{"@id":"https:\/\/energy-cities.eu\/fr\/evenement\/63465\/#primaryimage"},"datePublished":"2023-05-04T10:55:44+00:00","dateModified":"2023-05-11T09:20:39+00:00","breadcrumb":{"@id":"https:\/\/energy-cities.eu\/fr\/evenement\/63465\/#breadcrumb"},"inLanguage":"fr-FR","potentialAction":[{"@type":"ReadAction","target":["https:\/\/energy-cities.eu\/fr\/evenement\/63465\/"]}]},{"@type":"BreadcrumbList","@id":"https:\/\/energy-cities.eu\/fr\/evenement\/63465\/#breadcrumb","itemListElement":[{"@type":"ListItem","position":1,"name":"Home","item":"https:\/\/energy-cities.eu\/fr\/nous-sommes-un-reseau-europeen-blabla\/"},{"@type":"ListItem","position":2,"name":"Prenons un verre ensemble \u00e0 Bruxelles !"}]}]}},"featured_img":"https:\/\/energy-cities.eu\/wp-content\/uploads\/2023\/05\/drew-beamer-bTN-zKFy9uA-unsplash-scaled.jpg","coauthors":[],"author_meta":{"author_link":"https:\/\/energy-cities.eu\/fr\/staff\/f-cappelletti\/","display_name":"Floriane Cappelletti"},"relative_dates":{"created":"Publi\u00e9 3 ans il y a","modified":"Mis \u00e0 jour 3 ans il y a"},"absolute_dates":{"created":"Publi\u00e9 le 04 mai 2023","modified":"Mise \u00e0 jour le 11 mai 2023"},"absolute_dates_time":{"created":"Publi\u00e9 le 04 mai 2023 12:55  ","modified":"Mise \u00e0 jour le 11 mai 2023 11:20  "},"featured_img_caption":"","tax_additional":{"post_tag":{"linked":[],"unlinked":[],"slug":"post_tag","name":"\u00c9tiquettes"},"hub":{"linked":["<a href=\"https:\/\/energy-cities.eu\/fr\/hub\/gouvernance-locale\/\" class=\"advgb-post-tax-term\">Gouvernance locale<\/a>","<a href=\"https:\/\/energy-cities.eu\/fr\/hub\/villes-zero-carbone\/\" class=\"advgb-post-tax-term\">Villes z\u00e9ro carbone<\/a>","<a href=\"https:\/\/energy-cities.eu\/fr\/hub\/energie-citoyenne\/\" class=\"advgb-post-tax-term\">\u00c9nergie citoyenne<\/a>","<a href=\"https:\/\/energy-cities.eu\/fr\/hub\/alimentation-durable\/\" class=\"advgb-post-tax-term\">Alimentation durable<\/a>","<a href=\"https:\/\/energy-cities.eu\/fr\/hub\/economies-locales\/\" class=\"advgb-post-tax-term\">\u00c9conomies justes<\/a>"],"unlinked":["<span class=\"advgb-post-tax-term\">Gouvernance locale<\/span>","<span class=\"advgb-post-tax-term\">Villes z\u00e9ro carbone<\/span>","<span class=\"advgb-post-tax-term\">\u00c9nergie citoyenne<\/span>","<span class=\"advgb-post-tax-term\">Alimentation durable<\/span>","<span class=\"advgb-post-tax-term\">\u00c9conomies justes<\/span>"],"slug":"hub","name":"Hubs"},"topic":{"linked":[],"unlinked":[],"slug":"topic","name":"Topics"},"event_type":{"linked":[],"unlinked":[],"slug":"event_type","name":"Event Types"}},"_links":{"self":[{"href":"https:\/\/energy-cities.eu\/fr\/wp-json\/wp\/v2\/events\/63465"}],"collection":[{"href":"https:\/\/energy-cities.eu\/fr\/wp-json\/wp\/v2\/events"}],"about":[{"href":"https:\/\/energy-cities.eu\/fr\/wp-json\/wp\/v2\/types\/events"}],"author":[{"embeddable":true,"href":"https:\/\/energy-cities.eu\/fr\/wp-json\/wp\/v2\/users\/27"}],"version-history":[{"count":9,"href":"https:\/\/energy-cities.eu\/fr\/wp-json\/wp\/v2\/events\/63465\/revisions"}],"predecessor-version":[{"id":63476,"href":"https:\/\/energy-cities.eu\/fr\/wp-json\/wp\/v2\/events\/63465\/revisions\/63476"}],"wp:featuredmedia":[{"embeddable":true,"href":"https:\/\/energy-cities.eu\/fr\/wp-json\/wp\/v2\/media\/63618"}],"wp:attachment":[{"href":"https:\/\/energy-cities.eu\/fr\/wp-json\/wp\/v2\/media?parent=63465"}],"wp:term":[{"taxonomy":"post_tag","embeddable":true,"href":"https:\/\/energy-cities.eu\/fr\/wp-json\/wp\/v2\/tags?post=63465"},{"taxonomy":"hub","embeddable":true,"href":"https:\/\/energy-cities.eu\/fr\/wp-json\/wp\/v2\/hub?post=63465"},{"taxonomy":"topic","embeddable":true,"href":"https:\/\/energy-cities.eu\/fr\/wp-json\/wp\/v2\/topic?post=63465"},{"taxonomy":"event_type","embeddable":true,"href":"https:\/\/energy-cities.eu\/fr\/wp-json\/wp\/v2\/event_type?post=63465"}],"curies":[{"name":"wp","href":"https:\/\/api.w.org\/{rel}","templated":true}]}}