{"id":93298,"date":"2026-02-12T12:30:00","date_gmt":"2026-02-12T11:30:00","guid":{"rendered":"https:\/\/energy-cities.eu\/?post_type=events&#038;p=93298"},"modified":"2026-02-25T15:42:40","modified_gmt":"2026-02-25T14:42:40","slug":"le-cfp-et-vous-negocier-avec-vos-ministeres","status":"publish","type":"events","link":"https:\/\/energy-cities.eu\/fr\/evenement\/le-cfp-et-vous-negocier-avec-vos-ministeres\/","title":{"rendered":"Le CFP et vous : n\u00e9gocier avec vos minist\u00e8res"},"content":{"rendered":"\n<p>En juillet, la Commission europ\u00e9enne a d\u00e9voil\u00e9 sa proposition pour le prochain budget \u00e0 long terme de l&rsquo;UE (2028-2034) : un cadre financier pluriannuel (CFP) de 2 000 milliards d&rsquo;euros.<\/p>\n\n\n\n<p>Le CFP d\u00e9finit l&rsquo;orientation de l&rsquo;action de l&rsquo;UE pour les sept prochaines ann\u00e9es et, parmi ses multiples objectifs, il fixe les r\u00e8gles des programmes europ\u00e9ens dont d\u00e9pendent quotidiennement les collectivit\u00e9s locales et r\u00e9gionales : politique de coh\u00e9sion (FEDER), Fonds pour une transition juste, FSE+, Erasmus+, LIFE, Horizon Europe, INTERREG, etc.<\/p>\n\n\n\n<div style=\"height:28px\" aria-hidden=\"true\" class=\"wp-block-spacer\"><\/div>\n\n\n\n<p>Les n\u00e9gociations sur le prochain cadre financier pluriannuel de l&rsquo;UE pour les sept prochaines ann\u00e9es sont bien avanc\u00e9es. Leur issue d\u00e9terminera les programmes, les fonds et les outils de financement qui seront disponibles, ce qui aura une incidence cruciale sur la mani\u00e8re dont les collectivit\u00e9s locales pourront mettre en \u0153uvre la transition \u00e9cologique.<\/p>\n\n\n\n<p>Parall\u00e8lement, les \u00c9tats membres commencent \u00e0 \u00e9laborer leurs plans de partenariat nationaux et r\u00e9gionaux, qui regroupent les politiques de coh\u00e9sion, d&rsquo;agriculture, sociales et de logement. Ces choix seront d\u00e9terminants pour la mani\u00e8re dont les fonds europ\u00e9ens seront allou\u00e9s sur le terrain.<\/p>\n\n\n\n<p>Dans ce webinaire MMF &amp; You, nous nous concentrerons sur <strong>ce qui est discut\u00e9 en ce moment dans les diff\u00e9rents \u00c9tats membres<\/strong>. Rejoignez-nous pour <strong>\u00e9couter les t\u00e9moignages de collectivit\u00e9s locales <\/strong>de toute l&rsquo;Europe sur les n\u00e9gociations en cours, partager ls informations sur votre contexte national et trouver l&rsquo;inspiration pour d\u00e9finir vos demandes dans votre pays afin que les fonds europ\u00e9ens soient canalis\u00e9s aussi efficacement que possible vers le niveau local.<\/p>\n\n\n\n<p>Pour vous pr\u00e9parer au webinaire, vous pouvez consulter les articles <a href=\"https:\/\/energy-cities.eu\/policy\/whatseup-27-national-plans-for-the-next-eu-budget\/\" target=\"_blank\" rel=\"noreferrer noopener\">What&rsquo;sEUp<\/a> et <a href=\"https:\/\/energy-cities.eu\/policy\/qa-on-the-next-mff-everything-cities-want-to-know-about-the-next-eu-budget\/\">Q<\/a><a href=\"https:\/\/energy-cities.eu\/policy\/qa-on-the-next-mff-everything-cities-want-to-know-about-the-next-eu-budget\/\" target=\"_blank\" rel=\"noreferrer noopener\">&amp;<\/a><a href=\"https:\/\/energy-cities.eu\/policy\/qa-on-the-next-mff-everything-cities-want-to-know-about-the-next-eu-budget\/\">A<\/a>.<\/p>\n","protected":false},"excerpt":{"rendered":"<p>Rejoignez-nous pour d\u00e9couvrir ce qui se discute dans les diff\u00e9rents \u00c9tats membres, en \u00e9coutant les t\u00e9moignages des autorit\u00e9s locales de toute l&rsquo;Europe sur les n\u00e9gociations en cours dans leurs pays. Partagez vos id\u00e9es et trouvez l&rsquo;inspiration pour d\u00e9finir vos revendications dans votre pays afin que les fonds europ\u00e9ens soient achemin\u00e9s aussi efficacement que possible au niveau local.<\/p>\n","protected":false},"author":92,"featured_media":93299,"template":"","tags":[],"hub":[310,308,306,307,309],"topic":[332,611,612],"event_type":[89],"acf":[],"yoast_head":"<!-- This site is optimized with the Yoast SEO plugin v18.8 - https:\/\/yoast.com\/wordpress\/plugins\/seo\/ -->\n<title>Le CFP et vous : n\u00e9gocier avec vos minist\u00e8res - Energy Cities<\/title>\n<meta name=\"description\" content=\"Rejoignez-nous pour d\u00e9couvrir ce qui se discute dans les diff\u00e9rents \u00c9tats membres, en \u00e9coutant les t\u00e9moignages des autorit\u00e9s locales de toute l&#039;Europe sur les n\u00e9gociations en cours dans leurs pays. Partagez vos id\u00e9es et trouvez l&#039;inspiration pour d\u00e9finir vos revendications dans votre pays afin que les fonds europ\u00e9ens soient achemin\u00e9s aussi efficacement que possible au niveau local.\" \/>\n<meta name=\"robots\" content=\"index, follow, max-snippet:-1, max-image-preview:large, max-video-preview:-1\" \/>\n<link rel=\"canonical\" href=\"https:\/\/energy-cities.eu\/fr\/evenement\/le-cfp-et-vous-negocier-avec-vos-ministeres\/\" \/>\n<meta property=\"og:locale\" content=\"fr_FR\" \/>\n<meta property=\"og:type\" content=\"article\" \/>\n<meta property=\"og:title\" content=\"Le CFP et vous : n\u00e9gocier avec vos minist\u00e8res - Energy Cities\" \/>\n<meta property=\"og:description\" content=\"Rejoignez-nous pour d\u00e9couvrir ce qui se discute dans les diff\u00e9rents \u00c9tats membres, en \u00e9coutant les t\u00e9moignages des autorit\u00e9s locales de toute l&#039;Europe sur les n\u00e9gociations en cours dans leurs pays. Partagez vos id\u00e9es et trouvez l&#039;inspiration pour d\u00e9finir vos revendications dans votre pays afin que les fonds europ\u00e9ens soient achemin\u00e9s aussi efficacement que possible au niveau local.\" \/>\n<meta property=\"og:url\" content=\"https:\/\/energy-cities.eu\/fr\/evenement\/le-cfp-et-vous-negocier-avec-vos-ministeres\/\" \/>\n<meta property=\"og:site_name\" content=\"Energy Cities\" \/>\n<meta property=\"article:publisher\" content=\"https:\/\/www.facebook.com\/energycities.eu\/\" \/>\n<meta property=\"article:modified_time\" content=\"2026-02-25T14:42:40+00:00\" \/>\n<meta property=\"og:image\" content=\"https:\/\/energy-cities.eu\/wp-content\/uploads\/2026\/02\/Website-banner-2560-x-1709-px5.png\" \/>\n\t<meta property=\"og:image:width\" content=\"2560\" \/>\n\t<meta property=\"og:image:height\" content=\"1709\" \/>\n\t<meta property=\"og:image:type\" content=\"image\/png\" \/>\n<meta name=\"twitter:card\" content=\"summary_large_image\" \/>\n<meta name=\"twitter:site\" content=\"@energycities\" \/>\n<meta name=\"twitter:label1\" content=\"Dur\u00e9e de lecture estim\u00e9e\" \/>\n\t<meta name=\"twitter:data1\" content=\"2 minutes\" \/>\n<script type=\"application\/ld+json\" class=\"yoast-schema-graph\">{\"@context\":\"https:\/\/schema.org\",\"@graph\":[{\"@type\":\"Organization\",\"@id\":\"https:\/\/energy-cities.eu\/fr\/#organization\",\"name\":\"Energy Cities\",\"url\":\"https:\/\/energy-cities.eu\/fr\/\",\"sameAs\":[\"https:\/\/www.facebook.com\/energycities.eu\/\",\"https:\/\/www.youtube.com\/channel\/UChIHn2wF76JzuTbAjSMs0hQ\",\"https:\/\/fr.wikipedia.org\/wiki\/Energy_Cities\",\"https:\/\/twitter.com\/energycities\"],\"logo\":{\"@type\":\"ImageObject\",\"inLanguage\":\"fr-FR\",\"@id\":\"https:\/\/energy-cities.eu\/fr\/#\/schema\/logo\/image\/\",\"url\":\"https:\/\/energy-cities.eu\/wp-content\/uploads\/2019\/07\/energy-cities-couleur.jpg\",\"contentUrl\":\"https:\/\/energy-cities.eu\/wp-content\/uploads\/2019\/07\/energy-cities-couleur.jpg\",\"width\":3508,\"height\":2587,\"caption\":\"Energy Cities\"},\"image\":{\"@id\":\"https:\/\/energy-cities.eu\/fr\/#\/schema\/logo\/image\/\"}},{\"@type\":\"WebSite\",\"@id\":\"https:\/\/energy-cities.eu\/fr\/#website\",\"url\":\"https:\/\/energy-cities.eu\/fr\/\",\"name\":\"Energy Cities\",\"description\":\" The European learning community for future-proof cities\",\"publisher\":{\"@id\":\"https:\/\/energy-cities.eu\/fr\/#organization\"},\"potentialAction\":[{\"@type\":\"SearchAction\",\"target\":{\"@type\":\"EntryPoint\",\"urlTemplate\":\"https:\/\/energy-cities.eu\/fr\/?s={search_term_string}\"},\"query-input\":\"required name=search_term_string\"}],\"inLanguage\":\"fr-FR\"},{\"@type\":\"ImageObject\",\"inLanguage\":\"fr-FR\",\"@id\":\"https:\/\/energy-cities.eu\/fr\/evenement\/le-cfp-et-vous-negocier-avec-vos-ministeres\/#primaryimage\",\"url\":\"https:\/\/energy-cities.eu\/wp-content\/uploads\/2026\/02\/Website-banner-2560-x-1709-px5.png\",\"contentUrl\":\"https:\/\/energy-cities.eu\/wp-content\/uploads\/2026\/02\/Website-banner-2560-x-1709-px5.png\",\"width\":2560,\"height\":1709},{\"@type\":\"WebPage\",\"@id\":\"https:\/\/energy-cities.eu\/fr\/evenement\/le-cfp-et-vous-negocier-avec-vos-ministeres\/#webpage\",\"url\":\"https:\/\/energy-cities.eu\/fr\/evenement\/le-cfp-et-vous-negocier-avec-vos-ministeres\/\",\"name\":\"Le CFP et vous : n\u00e9gocier avec vos minist\u00e8res - Energy Cities\",\"isPartOf\":{\"@id\":\"https:\/\/energy-cities.eu\/fr\/#website\"},\"primaryImageOfPage\":{\"@id\":\"https:\/\/energy-cities.eu\/fr\/evenement\/le-cfp-et-vous-negocier-avec-vos-ministeres\/#primaryimage\"},\"datePublished\":\"2026-02-12T11:30:00+00:00\",\"dateModified\":\"2026-02-25T14:42:40+00:00\",\"description\":\"Rejoignez-nous pour d\u00e9couvrir ce qui se discute dans les diff\u00e9rents \u00c9tats membres, en \u00e9coutant les t\u00e9moignages des autorit\u00e9s locales de toute l'Europe sur les n\u00e9gociations en cours dans leurs pays. Partagez vos id\u00e9es et trouvez l'inspiration pour d\u00e9finir vos revendications dans votre pays afin que les fonds europ\u00e9ens soient achemin\u00e9s aussi efficacement que possible au niveau local.\",\"breadcrumb\":{\"@id\":\"https:\/\/energy-cities.eu\/fr\/evenement\/le-cfp-et-vous-negocier-avec-vos-ministeres\/#breadcrumb\"},\"inLanguage\":\"fr-FR\",\"potentialAction\":[{\"@type\":\"ReadAction\",\"target\":[\"https:\/\/energy-cities.eu\/fr\/evenement\/le-cfp-et-vous-negocier-avec-vos-ministeres\/\"]}]},{\"@type\":\"BreadcrumbList\",\"@id\":\"https:\/\/energy-cities.eu\/fr\/evenement\/le-cfp-et-vous-negocier-avec-vos-ministeres\/#breadcrumb\",\"itemListElement\":[{\"@type\":\"ListItem\",\"position\":1,\"name\":\"Home\",\"item\":\"https:\/\/energy-cities.eu\/fr\/nous-sommes-un-reseau-europeen-blabla\/\"},{\"@type\":\"ListItem\",\"position\":2,\"name\":\"Le CFP et vous : n\u00e9gocier avec vos minist\u00e8res\"}]}]}<\/script>\n<!-- \/ Yoast SEO plugin. -->","yoast_head_json":{"title":"Le CFP et vous : n\u00e9gocier avec vos minist\u00e8res - Energy Cities","description":"Rejoignez-nous pour d\u00e9couvrir ce qui se discute dans les diff\u00e9rents \u00c9tats membres, en \u00e9coutant les t\u00e9moignages des autorit\u00e9s locales de toute l'Europe sur les n\u00e9gociations en cours dans leurs pays. Partagez vos id\u00e9es et trouvez l'inspiration pour d\u00e9finir vos revendications dans votre pays afin que les fonds europ\u00e9ens soient achemin\u00e9s aussi efficacement que possible au niveau local.","robots":{"index":"index","follow":"follow","max-snippet":"max-snippet:-1","max-image-preview":"max-image-preview:large","max-video-preview":"max-video-preview:-1"},"canonical":"https:\/\/energy-cities.eu\/fr\/evenement\/le-cfp-et-vous-negocier-avec-vos-ministeres\/","og_locale":"fr_FR","og_type":"article","og_title":"Le CFP et vous : n\u00e9gocier avec vos minist\u00e8res - Energy Cities","og_description":"Rejoignez-nous pour d\u00e9couvrir ce qui se discute dans les diff\u00e9rents \u00c9tats membres, en \u00e9coutant les t\u00e9moignages des autorit\u00e9s locales de toute l'Europe sur les n\u00e9gociations en cours dans leurs pays. Partagez vos id\u00e9es et trouvez l'inspiration pour d\u00e9finir vos revendications dans votre pays afin que les fonds europ\u00e9ens soient achemin\u00e9s aussi efficacement que possible au niveau local.","og_url":"https:\/\/energy-cities.eu\/fr\/evenement\/le-cfp-et-vous-negocier-avec-vos-ministeres\/","og_site_name":"Energy Cities","article_publisher":"https:\/\/www.facebook.com\/energycities.eu\/","article_modified_time":"2026-02-25T14:42:40+00:00","og_image":[{"width":2560,"height":1709,"url":"https:\/\/energy-cities.eu\/wp-content\/uploads\/2026\/02\/Website-banner-2560-x-1709-px5.png","type":"image\/png"}],"twitter_card":"summary_large_image","twitter_site":"@energycities","twitter_misc":{"Dur\u00e9e de lecture estim\u00e9e":"2 minutes"},"schema":{"@context":"https:\/\/schema.org","@graph":[{"@type":"Organization","@id":"https:\/\/energy-cities.eu\/fr\/#organization","name":"Energy Cities","url":"https:\/\/energy-cities.eu\/fr\/","sameAs":["https:\/\/www.facebook.com\/energycities.eu\/","https:\/\/www.youtube.com\/channel\/UChIHn2wF76JzuTbAjSMs0hQ","https:\/\/fr.wikipedia.org\/wiki\/Energy_Cities","https:\/\/twitter.com\/energycities"],"logo":{"@type":"ImageObject","inLanguage":"fr-FR","@id":"https:\/\/energy-cities.eu\/fr\/#\/schema\/logo\/image\/","url":"https:\/\/energy-cities.eu\/wp-content\/uploads\/2019\/07\/energy-cities-couleur.jpg","contentUrl":"https:\/\/energy-cities.eu\/wp-content\/uploads\/2019\/07\/energy-cities-couleur.jpg","width":3508,"height":2587,"caption":"Energy Cities"},"image":{"@id":"https:\/\/energy-cities.eu\/fr\/#\/schema\/logo\/image\/"}},{"@type":"WebSite","@id":"https:\/\/energy-cities.eu\/fr\/#website","url":"https:\/\/energy-cities.eu\/fr\/","name":"Energy Cities","description":" The European learning community for future-proof cities","publisher":{"@id":"https:\/\/energy-cities.eu\/fr\/#organization"},"potentialAction":[{"@type":"SearchAction","target":{"@type":"EntryPoint","urlTemplate":"https:\/\/energy-cities.eu\/fr\/?s={search_term_string}"},"query-input":"required name=search_term_string"}],"inLanguage":"fr-FR"},{"@type":"ImageObject","inLanguage":"fr-FR","@id":"https:\/\/energy-cities.eu\/fr\/evenement\/le-cfp-et-vous-negocier-avec-vos-ministeres\/#primaryimage","url":"https:\/\/energy-cities.eu\/wp-content\/uploads\/2026\/02\/Website-banner-2560-x-1709-px5.png","contentUrl":"https:\/\/energy-cities.eu\/wp-content\/uploads\/2026\/02\/Website-banner-2560-x-1709-px5.png","width":2560,"height":1709},{"@type":"WebPage","@id":"https:\/\/energy-cities.eu\/fr\/evenement\/le-cfp-et-vous-negocier-avec-vos-ministeres\/#webpage","url":"https:\/\/energy-cities.eu\/fr\/evenement\/le-cfp-et-vous-negocier-avec-vos-ministeres\/","name":"Le CFP et vous : n\u00e9gocier avec vos minist\u00e8res - Energy Cities","isPartOf":{"@id":"https:\/\/energy-cities.eu\/fr\/#website"},"primaryImageOfPage":{"@id":"https:\/\/energy-cities.eu\/fr\/evenement\/le-cfp-et-vous-negocier-avec-vos-ministeres\/#primaryimage"},"datePublished":"2026-02-12T11:30:00+00:00","dateModified":"2026-02-25T14:42:40+00:00","description":"Rejoignez-nous pour d\u00e9couvrir ce qui se discute dans les diff\u00e9rents \u00c9tats membres, en \u00e9coutant les t\u00e9moignages des autorit\u00e9s locales de toute l'Europe sur les n\u00e9gociations en cours dans leurs pays. Partagez vos id\u00e9es et trouvez l'inspiration pour d\u00e9finir vos revendications dans votre pays afin que les fonds europ\u00e9ens soient achemin\u00e9s aussi efficacement que possible au niveau local.","breadcrumb":{"@id":"https:\/\/energy-cities.eu\/fr\/evenement\/le-cfp-et-vous-negocier-avec-vos-ministeres\/#breadcrumb"},"inLanguage":"fr-FR","potentialAction":[{"@type":"ReadAction","target":["https:\/\/energy-cities.eu\/fr\/evenement\/le-cfp-et-vous-negocier-avec-vos-ministeres\/"]}]},{"@type":"BreadcrumbList","@id":"https:\/\/energy-cities.eu\/fr\/evenement\/le-cfp-et-vous-negocier-avec-vos-ministeres\/#breadcrumb","itemListElement":[{"@type":"ListItem","position":1,"name":"Home","item":"https:\/\/energy-cities.eu\/fr\/nous-sommes-un-reseau-europeen-blabla\/"},{"@type":"ListItem","position":2,"name":"Le CFP et vous : n\u00e9gocier avec vos minist\u00e8res"}]}]}},"featured_img":"https:\/\/energy-cities.eu\/wp-content\/uploads\/2026\/02\/Website-banner-2560-x-1709-px5.png","coauthors":[],"author_meta":{"author_link":"https:\/\/energy-cities.eu\/fr\/staff\/d-sormani\/","display_name":"Daniele Sormani"},"relative_dates":{"created":"Publi\u00e9 2 mois il y a","modified":"Mis \u00e0 jour 2 mois il y a"},"absolute_dates":{"created":"Publi\u00e9 le 12 f\u00e9vrier 2026","modified":"Mise \u00e0 jour le 25 f\u00e9vrier 2026"},"absolute_dates_time":{"created":"Publi\u00e9 le 12 f\u00e9vrier 2026 12:30  ","modified":"Mise \u00e0 jour le 25 f\u00e9vrier 2026 3:42  "},"featured_img_caption":"","tax_additional":{"post_tag":{"linked":[],"unlinked":[],"slug":"post_tag","name":"\u00c9tiquettes"},"hub":{"linked":["<a href=\"https:\/\/energy-cities.eu\/fr\/hub\/gouvernance-locale\/\" class=\"advgb-post-tax-term\">Gouvernance locale<\/a>","<a href=\"https:\/\/energy-cities.eu\/fr\/hub\/villes-zero-carbone\/\" class=\"advgb-post-tax-term\">Villes z\u00e9ro carbone<\/a>","<a href=\"https:\/\/energy-cities.eu\/fr\/hub\/energie-citoyenne\/\" class=\"advgb-post-tax-term\">\u00c9nergie citoyenne<\/a>","<a href=\"https:\/\/energy-cities.eu\/fr\/hub\/alimentation-durable\/\" class=\"advgb-post-tax-term\">Alimentation durable<\/a>","<a href=\"https:\/\/energy-cities.eu\/fr\/hub\/economies-locales\/\" class=\"advgb-post-tax-term\">\u00c9conomies justes<\/a>"],"unlinked":["<span class=\"advgb-post-tax-term\">Gouvernance locale<\/span>","<span class=\"advgb-post-tax-term\">Villes z\u00e9ro carbone<\/span>","<span class=\"advgb-post-tax-term\">\u00c9nergie citoyenne<\/span>","<span class=\"advgb-post-tax-term\">Alimentation durable<\/span>","<span class=\"advgb-post-tax-term\">\u00c9conomies justes<\/span>"],"slug":"hub","name":"Hubs"},"topic":{"linked":["<a href=\"https:\/\/energy-cities.eu\/fr\/th\u00e9matique\/politiques-europeennes\/\" class=\"advgb-post-tax-term\">Politiques europ\u00e9ennes<\/a>","<a href=\"https:\/\/energy-cities.eu\/fr\/th\u00e9matique\/eu-funding-fr\/\" class=\"advgb-post-tax-term\">EU funding<\/a>","<a href=\"https:\/\/energy-cities.eu\/fr\/th\u00e9matique\/budget\/\" class=\"advgb-post-tax-term\">Budget<\/a>"],"unlinked":["<span class=\"advgb-post-tax-term\">Politiques europ\u00e9ennes<\/span>","<span class=\"advgb-post-tax-term\">EU funding<\/span>","<span class=\"advgb-post-tax-term\">Budget<\/span>"],"slug":"topic","name":"Topics"},"event_type":{"linked":["<a href=\"https:\/\/energy-cities.eu\/fr\/event_type\/webinar-fr\/\" class=\"advgb-post-tax-term\">webinar<\/a>"],"unlinked":["<span class=\"advgb-post-tax-term\">webinar<\/span>"],"slug":"event_type","name":"Event Types"}},"_links":{"self":[{"href":"https:\/\/energy-cities.eu\/fr\/wp-json\/wp\/v2\/events\/93298"}],"collection":[{"href":"https:\/\/energy-cities.eu\/fr\/wp-json\/wp\/v2\/events"}],"about":[{"href":"https:\/\/energy-cities.eu\/fr\/wp-json\/wp\/v2\/types\/events"}],"author":[{"embeddable":true,"href":"https:\/\/energy-cities.eu\/fr\/wp-json\/wp\/v2\/users\/92"}],"version-history":[{"count":3,"href":"https:\/\/energy-cities.eu\/fr\/wp-json\/wp\/v2\/events\/93298\/revisions"}],"predecessor-version":[{"id":93488,"href":"https:\/\/energy-cities.eu\/fr\/wp-json\/wp\/v2\/events\/93298\/revisions\/93488"}],"wp:featuredmedia":[{"embeddable":true,"href":"https:\/\/energy-cities.eu\/fr\/wp-json\/wp\/v2\/media\/93299"}],"wp:attachment":[{"href":"https:\/\/energy-cities.eu\/fr\/wp-json\/wp\/v2\/media?parent=93298"}],"wp:term":[{"taxonomy":"post_tag","embeddable":true,"href":"https:\/\/energy-cities.eu\/fr\/wp-json\/wp\/v2\/tags?post=93298"},{"taxonomy":"hub","embeddable":true,"href":"https:\/\/energy-cities.eu\/fr\/wp-json\/wp\/v2\/hub?post=93298"},{"taxonomy":"topic","embeddable":true,"href":"https:\/\/energy-cities.eu\/fr\/wp-json\/wp\/v2\/topic?post=93298"},{"taxonomy":"event_type","embeddable":true,"href":"https:\/\/energy-cities.eu\/fr\/wp-json\/wp\/v2\/event_type?post=93298"}],"curies":[{"name":"wp","href":"https:\/\/api.w.org\/{rel}","templated":true}]}}