{"id":33699,"date":"2020-09-24T13:54:59","date_gmt":"2020-09-24T11:54:59","guid":{"rendered":"https:\/\/energy-cities.eu\/inspiring-mind\/a-greek-city-planting-the-seeds-for-citizen-energy-in-difficult-times\/"},"modified":"2022-12-22T12:15:48","modified_gmt":"2022-12-22T11:15:48","slug":"semer-les-graines-pour-energie-citoyenne-en-periode-difficile","status":"publish","type":"inspiring-minds","link":"https:\/\/energy-cities.eu\/fr\/portrait\/semer-les-graines-pour-energie-citoyenne-en-periode-difficile\/","title":{"rendered":"Semer les graines pour l\u2019\u00e9nergie citoyenne en p\u00e9riode difficile"},"content":{"rendered":"\n<figure class=\"wp-block-embed is-type-rich is-provider-soundcloud wp-block-embed-soundcloud\"><div class=\"wp-block-embed__wrapper\">\n<iframe loading=\"lazy\" title=\"Episode with Dimos Ispikoudis from Komotini on locally-owned renewables by City stories: The podcast by Energy Cities\" width=\"500\" height=\"400\" scrolling=\"no\" frameborder=\"no\" src=\"https:\/\/w.soundcloud.com\/player\/?visual=true&#038;url=https%3A%2F%2Fapi.soundcloud.com%2Ftracks%2F898738267&#038;show_artwork=true&#038;maxwidth=500&#038;maxheight=750&#038;dnt=1\"><\/iframe>\n<\/div><\/figure>\n\n\n<p><strong>Depuis 2018, une nouvelle l\u00e9gislation grecque permet aux autorit\u00e9s locales d&rsquo;\u00eatre un producteur d&rsquo;\u00e9nergie. Dans cet \u00e9pisode (en anglais), nous verrons \u00e0 quel point cette l\u00e9gislation a \u00e9t\u00e9 un jeu d&rsquo;enfant pour Komotini, une collectivit\u00e9 locale aux faibles ressources mais \u00e0 la grande volont\u00e9 de ma\u00eetriser son \u00e9nergie. Komotini est situ\u00e9e \u00e0 l&rsquo;extr\u00eame nord-est de la Gr\u00e8ce.<\/strong><\/p>\n<p>La ville compte environ 60.000 habitants et nous avons \u00e9t\u00e9 rejoints par l&rsquo;un d&rsquo;entre eux : Dimos Ispikoudis. Dimos travaille pour la ville de Komotini. Il est le conseiller sp\u00e9cial du maire, notamment en mati\u00e8re d&rsquo;urbanisme et de projets de travaux publics cofinanc\u00e9s par l&rsquo;UE. Il est \u00e9galement chef du d\u00e9partement de programmation et de mise en \u0153uvre. Komotini se trouve en Gr\u00e8ce, mais comme Dimos me l&rsquo;a dit, avec sa proximit\u00e9 de la fronti\u00e8re bulgare &#8211; qui n&rsquo;est qu&rsquo;\u00e0 30 km &#8211; la ville est tr\u00e8s inspir\u00e9e par les Balkans.<\/p>\n<p><!-- \/wp:paragraphe --><\/p>\n<p><!-- wp:paragraphe --><\/p>\n<p>Dans cette interview, Dimos nous donne une id\u00e9e des ambitions de sa ville de produire sa propre \u00e9nergie renouvelable et il d\u00e9crit \u00e9galement comment ils essaient de surmonter des d\u00e9fis comme le manque de ressources humaines et financi\u00e8res. Diff\u00e9rentes options sont envisag\u00e9es \u00e0 Komotini pour s&rsquo;assurer que la communaut\u00e9 locale est impliqu\u00e9e et b\u00e9n\u00e9ficie des revenus.<\/p>\n<p>Cet \u00e9pisode de \u201cCity Stories\u201d a \u00e9t\u00e9 enregistr\u00e9 par internet. Il vous est propos\u00e9 par le projet europ\u00e9en <strong>mPower<\/strong>. mPower explore comment les villes et les citoyens peuvent g\u00e9rer ensemble la transition \u00e9nerg\u00e9tique, de fa\u00e7on \u00e9quitable, propre et d\u00e9mocratique. La participation peut prendre des formes diff\u00e9rentes : de l\u2019implication des citoyens, des ONG locales ou des entreprises dans la d\u00e9finition d\u2019une politique \u00e0 une des \u00e9tapes de la cha\u00eene de valeur \u00e9nerg\u00e9tique : par exemple en tant que partie prenante ou m\u00eame en tant que producteur-consommateur. Le projet est financ\u00e9 par le programme europ\u00e9en Horizon 2020.<\/p>\n<p><!-- wp:image --><\/p>\n<figure class=\"wp-block-image\"><img src=\"https:\/\/energy-cities.eu\/wp-content\/uploads\/2018\/12\/mPOWER-1024x239.jpg\" alt=\"This image has an empty alt attribute; its file name is mPOWER-1024x239.jpg\"><\/figure>\n<p><!-- \/wp:image --><\/p>","protected":false},"excerpt":{"rendered":"<p>Depuis 2018, une nouvelle l\u00e9gislation grecque permet aux autorit\u00e9s locales d&rsquo;\u00eatre un producteur d&rsquo;\u00e9nergie. Dans cet \u00e9pisode (en anglais), nous verrons \u00e0 quel point cette <a href=\"https:\/\/energy-cities.eu\/fr\/portrait\/semer-les-graines-pour-energie-citoyenne-en-periode-difficile\/\">[\u2026]<\/a><\/p>\n","protected":false},"author":25,"featured_media":33257,"template":"","hub":[306],"topic":[82,101,108],"acf":[],"yoast_head":"<!-- This site is optimized with the Yoast SEO plugin v18.8 - https:\/\/yoast.com\/wordpress\/plugins\/seo\/ -->\n<title>Semer les graines pour l\u2019\u00e9nergie citoyenne en p\u00e9riode difficile - Energy Cities<\/title>\n<meta name=\"robots\" content=\"index, follow, max-snippet:-1, max-image-preview:large, max-video-preview:-1\" \/>\n<link rel=\"canonical\" href=\"https:\/\/energy-cities.eu\/fr\/portrait\/semer-les-graines-pour-energie-citoyenne-en-periode-difficile\/\" \/>\n<meta property=\"og:locale\" content=\"fr_FR\" \/>\n<meta property=\"og:type\" content=\"article\" \/>\n<meta property=\"og:title\" content=\"Semer les graines pour l\u2019\u00e9nergie citoyenne en p\u00e9riode difficile - Energy Cities\" \/>\n<meta property=\"og:description\" content=\"Depuis 2018, une nouvelle l\u00e9gislation grecque permet aux autorit\u00e9s locales d&rsquo;\u00eatre un producteur d&rsquo;\u00e9nergie. Dans cet \u00e9pisode (en anglais), nous verrons \u00e0 quel point cette [\u2026]\" \/>\n<meta property=\"og:url\" content=\"https:\/\/energy-cities.eu\/fr\/portrait\/semer-les-graines-pour-energie-citoyenne-en-periode-difficile\/\" \/>\n<meta property=\"og:site_name\" content=\"Energy Cities\" \/>\n<meta property=\"article:publisher\" content=\"https:\/\/www.facebook.com\/energycities.eu\/\" \/>\n<meta property=\"article:modified_time\" content=\"2022-12-22T11:15:48+00:00\" \/>\n<meta property=\"og:image\" content=\"https:\/\/energy-cities.eu\/wp-content\/uploads\/2020\/09\/Photo-Komotini.jpg\" \/>\n\t<meta property=\"og:image:width\" content=\"1528\" \/>\n\t<meta property=\"og:image:height\" content=\"1041\" \/>\n\t<meta property=\"og:image:type\" content=\"image\/jpeg\" \/>\n<meta name=\"twitter:card\" content=\"summary_large_image\" \/>\n<meta name=\"twitter:site\" content=\"@energycities\" \/>\n<meta name=\"twitter:label1\" content=\"Dur\u00e9e de lecture estim\u00e9e\" \/>\n\t<meta name=\"twitter:data1\" content=\"2 minutes\" \/>\n<script type=\"application\/ld+json\" class=\"yoast-schema-graph\">{\"@context\":\"https:\/\/schema.org\",\"@graph\":[{\"@type\":\"Organization\",\"@id\":\"https:\/\/energy-cities.eu\/fr\/#organization\",\"name\":\"Energy Cities\",\"url\":\"https:\/\/energy-cities.eu\/fr\/\",\"sameAs\":[\"https:\/\/www.facebook.com\/energycities.eu\/\",\"https:\/\/www.youtube.com\/channel\/UChIHn2wF76JzuTbAjSMs0hQ\",\"https:\/\/fr.wikipedia.org\/wiki\/Energy_Cities\",\"https:\/\/twitter.com\/energycities\"],\"logo\":{\"@type\":\"ImageObject\",\"inLanguage\":\"fr-FR\",\"@id\":\"https:\/\/energy-cities.eu\/fr\/#\/schema\/logo\/image\/\",\"url\":\"https:\/\/energy-cities.eu\/wp-content\/uploads\/2019\/07\/energy-cities-couleur.jpg\",\"contentUrl\":\"https:\/\/energy-cities.eu\/wp-content\/uploads\/2019\/07\/energy-cities-couleur.jpg\",\"width\":3508,\"height\":2587,\"caption\":\"Energy Cities\"},\"image\":{\"@id\":\"https:\/\/energy-cities.eu\/fr\/#\/schema\/logo\/image\/\"}},{\"@type\":\"WebSite\",\"@id\":\"https:\/\/energy-cities.eu\/fr\/#website\",\"url\":\"https:\/\/energy-cities.eu\/fr\/\",\"name\":\"Energy Cities\",\"description\":\" The European learning community for future-proof cities\",\"publisher\":{\"@id\":\"https:\/\/energy-cities.eu\/fr\/#organization\"},\"potentialAction\":[{\"@type\":\"SearchAction\",\"target\":{\"@type\":\"EntryPoint\",\"urlTemplate\":\"https:\/\/energy-cities.eu\/fr\/?s={search_term_string}\"},\"query-input\":\"required name=search_term_string\"}],\"inLanguage\":\"fr-FR\"},{\"@type\":\"ImageObject\",\"inLanguage\":\"fr-FR\",\"@id\":\"https:\/\/energy-cities.eu\/fr\/portrait\/semer-les-graines-pour-energie-citoyenne-en-periode-difficile\/#primaryimage\",\"url\":\"https:\/\/energy-cities.eu\/wp-content\/uploads\/2020\/09\/Photo-Komotini.jpg\",\"contentUrl\":\"https:\/\/energy-cities.eu\/wp-content\/uploads\/2020\/09\/Photo-Komotini.jpg\",\"width\":1528,\"height\":1041,\"caption\":\"Komotini municipality\"},{\"@type\":\"WebPage\",\"@id\":\"https:\/\/energy-cities.eu\/fr\/portrait\/semer-les-graines-pour-energie-citoyenne-en-periode-difficile\/#webpage\",\"url\":\"https:\/\/energy-cities.eu\/fr\/portrait\/semer-les-graines-pour-energie-citoyenne-en-periode-difficile\/\",\"name\":\"Semer les graines pour l\u2019\u00e9nergie citoyenne en p\u00e9riode difficile - Energy Cities\",\"isPartOf\":{\"@id\":\"https:\/\/energy-cities.eu\/fr\/#website\"},\"primaryImageOfPage\":{\"@id\":\"https:\/\/energy-cities.eu\/fr\/portrait\/semer-les-graines-pour-energie-citoyenne-en-periode-difficile\/#primaryimage\"},\"datePublished\":\"2020-09-24T11:54:59+00:00\",\"dateModified\":\"2022-12-22T11:15:48+00:00\",\"breadcrumb\":{\"@id\":\"https:\/\/energy-cities.eu\/fr\/portrait\/semer-les-graines-pour-energie-citoyenne-en-periode-difficile\/#breadcrumb\"},\"inLanguage\":\"fr-FR\",\"potentialAction\":[{\"@type\":\"ReadAction\",\"target\":[\"https:\/\/energy-cities.eu\/fr\/portrait\/semer-les-graines-pour-energie-citoyenne-en-periode-difficile\/\"]}]},{\"@type\":\"BreadcrumbList\",\"@id\":\"https:\/\/energy-cities.eu\/fr\/portrait\/semer-les-graines-pour-energie-citoyenne-en-periode-difficile\/#breadcrumb\",\"itemListElement\":[{\"@type\":\"ListItem\",\"position\":1,\"name\":\"Home\",\"item\":\"https:\/\/energy-cities.eu\/fr\/nous-sommes-un-reseau-europeen-blabla\/\"},{\"@type\":\"ListItem\",\"position\":2,\"name\":\"Semer les graines pour l\u2019\u00e9nergie citoyenne en p\u00e9riode difficile\"}]}]}<\/script>\n<!-- \/ Yoast SEO plugin. -->","yoast_head_json":{"title":"Semer les graines pour l\u2019\u00e9nergie citoyenne en p\u00e9riode difficile - Energy Cities","robots":{"index":"index","follow":"follow","max-snippet":"max-snippet:-1","max-image-preview":"max-image-preview:large","max-video-preview":"max-video-preview:-1"},"canonical":"https:\/\/energy-cities.eu\/fr\/portrait\/semer-les-graines-pour-energie-citoyenne-en-periode-difficile\/","og_locale":"fr_FR","og_type":"article","og_title":"Semer les graines pour l\u2019\u00e9nergie citoyenne en p\u00e9riode difficile - Energy Cities","og_description":"Depuis 2018, une nouvelle l\u00e9gislation grecque permet aux autorit\u00e9s locales d&rsquo;\u00eatre un producteur d&rsquo;\u00e9nergie. Dans cet \u00e9pisode (en anglais), nous verrons \u00e0 quel point cette [\u2026]","og_url":"https:\/\/energy-cities.eu\/fr\/portrait\/semer-les-graines-pour-energie-citoyenne-en-periode-difficile\/","og_site_name":"Energy Cities","article_publisher":"https:\/\/www.facebook.com\/energycities.eu\/","article_modified_time":"2022-12-22T11:15:48+00:00","og_image":[{"width":1528,"height":1041,"url":"https:\/\/energy-cities.eu\/wp-content\/uploads\/2020\/09\/Photo-Komotini.jpg","type":"image\/jpeg"}],"twitter_card":"summary_large_image","twitter_site":"@energycities","twitter_misc":{"Dur\u00e9e de lecture estim\u00e9e":"2 minutes"},"schema":{"@context":"https:\/\/schema.org","@graph":[{"@type":"Organization","@id":"https:\/\/energy-cities.eu\/fr\/#organization","name":"Energy Cities","url":"https:\/\/energy-cities.eu\/fr\/","sameAs":["https:\/\/www.facebook.com\/energycities.eu\/","https:\/\/www.youtube.com\/channel\/UChIHn2wF76JzuTbAjSMs0hQ","https:\/\/fr.wikipedia.org\/wiki\/Energy_Cities","https:\/\/twitter.com\/energycities"],"logo":{"@type":"ImageObject","inLanguage":"fr-FR","@id":"https:\/\/energy-cities.eu\/fr\/#\/schema\/logo\/image\/","url":"https:\/\/energy-cities.eu\/wp-content\/uploads\/2019\/07\/energy-cities-couleur.jpg","contentUrl":"https:\/\/energy-cities.eu\/wp-content\/uploads\/2019\/07\/energy-cities-couleur.jpg","width":3508,"height":2587,"caption":"Energy Cities"},"image":{"@id":"https:\/\/energy-cities.eu\/fr\/#\/schema\/logo\/image\/"}},{"@type":"WebSite","@id":"https:\/\/energy-cities.eu\/fr\/#website","url":"https:\/\/energy-cities.eu\/fr\/","name":"Energy Cities","description":" The European learning community for future-proof cities","publisher":{"@id":"https:\/\/energy-cities.eu\/fr\/#organization"},"potentialAction":[{"@type":"SearchAction","target":{"@type":"EntryPoint","urlTemplate":"https:\/\/energy-cities.eu\/fr\/?s={search_term_string}"},"query-input":"required name=search_term_string"}],"inLanguage":"fr-FR"},{"@type":"ImageObject","inLanguage":"fr-FR","@id":"https:\/\/energy-cities.eu\/fr\/portrait\/semer-les-graines-pour-energie-citoyenne-en-periode-difficile\/#primaryimage","url":"https:\/\/energy-cities.eu\/wp-content\/uploads\/2020\/09\/Photo-Komotini.jpg","contentUrl":"https:\/\/energy-cities.eu\/wp-content\/uploads\/2020\/09\/Photo-Komotini.jpg","width":1528,"height":1041,"caption":"Komotini municipality"},{"@type":"WebPage","@id":"https:\/\/energy-cities.eu\/fr\/portrait\/semer-les-graines-pour-energie-citoyenne-en-periode-difficile\/#webpage","url":"https:\/\/energy-cities.eu\/fr\/portrait\/semer-les-graines-pour-energie-citoyenne-en-periode-difficile\/","name":"Semer les graines pour l\u2019\u00e9nergie citoyenne en p\u00e9riode difficile - Energy Cities","isPartOf":{"@id":"https:\/\/energy-cities.eu\/fr\/#website"},"primaryImageOfPage":{"@id":"https:\/\/energy-cities.eu\/fr\/portrait\/semer-les-graines-pour-energie-citoyenne-en-periode-difficile\/#primaryimage"},"datePublished":"2020-09-24T11:54:59+00:00","dateModified":"2022-12-22T11:15:48+00:00","breadcrumb":{"@id":"https:\/\/energy-cities.eu\/fr\/portrait\/semer-les-graines-pour-energie-citoyenne-en-periode-difficile\/#breadcrumb"},"inLanguage":"fr-FR","potentialAction":[{"@type":"ReadAction","target":["https:\/\/energy-cities.eu\/fr\/portrait\/semer-les-graines-pour-energie-citoyenne-en-periode-difficile\/"]}]},{"@type":"BreadcrumbList","@id":"https:\/\/energy-cities.eu\/fr\/portrait\/semer-les-graines-pour-energie-citoyenne-en-periode-difficile\/#breadcrumb","itemListElement":[{"@type":"ListItem","position":1,"name":"Home","item":"https:\/\/energy-cities.eu\/fr\/nous-sommes-un-reseau-europeen-blabla\/"},{"@type":"ListItem","position":2,"name":"Semer les graines pour l\u2019\u00e9nergie citoyenne en p\u00e9riode difficile"}]}]}},"featured_img":"https:\/\/energy-cities.eu\/wp-content\/uploads\/2020\/09\/Photo-Komotini.jpg","coauthors":[],"author_meta":{"author_link":"https:\/\/energy-cities.eu\/fr\/staff\/m-eisermann\/","display_name":"Miriam Eisermann"},"relative_dates":{"created":"Publi\u00e9 6 ans il y a","modified":"Mis \u00e0 jour 4 ans il y a"},"absolute_dates":{"created":"Publi\u00e9 le 24 septembre 2020","modified":"Mise \u00e0 jour le 22 d\u00e9cembre 2022"},"absolute_dates_time":{"created":"Publi\u00e9 le 24 septembre 2020 1:54  ","modified":"Mise \u00e0 jour le 22 d\u00e9cembre 2022 12:15  "},"featured_img_caption":"Komotini municipality","tax_additional":{"hub":{"linked":["<a href=\"https:\/\/energy-cities.eu\/fr\/hub\/energie-citoyenne\/\" class=\"advgb-post-tax-term\">\u00c9nergie citoyenne<\/a>"],"unlinked":["<span class=\"advgb-post-tax-term\">\u00c9nergie citoyenne<\/span>"],"slug":"hub","name":"Hubs"},"topic":{"linked":["<a href=\"https:\/\/energy-cities.eu\/fr\/th\u00e9matique\/gouvernance-participative\/\" class=\"advgb-post-tax-term\">Gouvernance participative<\/a>","<a href=\"https:\/\/energy-cities.eu\/fr\/th\u00e9matique\/renouvelables\/\" class=\"advgb-post-tax-term\">Renouvelables<\/a>","<a href=\"https:\/\/energy-cities.eu\/fr\/th\u00e9matique\/democratie-energetique\/\" class=\"advgb-post-tax-term\">D\u00e9mocratie \u00e9nerg\u00e9tique<\/a>"],"unlinked":["<span class=\"advgb-post-tax-term\">Gouvernance participative<\/span>","<span class=\"advgb-post-tax-term\">Renouvelables<\/span>","<span class=\"advgb-post-tax-term\">D\u00e9mocratie \u00e9nerg\u00e9tique<\/span>"],"slug":"topic","name":"Topics"}},"_links":{"self":[{"href":"https:\/\/energy-cities.eu\/fr\/wp-json\/wp\/v2\/inspiring-minds\/33699"}],"collection":[{"href":"https:\/\/energy-cities.eu\/fr\/wp-json\/wp\/v2\/inspiring-minds"}],"about":[{"href":"https:\/\/energy-cities.eu\/fr\/wp-json\/wp\/v2\/types\/inspiring-minds"}],"author":[{"embeddable":true,"href":"https:\/\/energy-cities.eu\/fr\/wp-json\/wp\/v2\/users\/25"}],"version-history":[{"count":18,"href":"https:\/\/energy-cities.eu\/fr\/wp-json\/wp\/v2\/inspiring-minds\/33699\/revisions"}],"predecessor-version":[{"id":59208,"href":"https:\/\/energy-cities.eu\/fr\/wp-json\/wp\/v2\/inspiring-minds\/33699\/revisions\/59208"}],"wp:featuredmedia":[{"embeddable":true,"href":"https:\/\/energy-cities.eu\/fr\/wp-json\/wp\/v2\/media\/33257"}],"wp:attachment":[{"href":"https:\/\/energy-cities.eu\/fr\/wp-json\/wp\/v2\/media?parent=33699"}],"wp:term":[{"taxonomy":"hub","embeddable":true,"href":"https:\/\/energy-cities.eu\/fr\/wp-json\/wp\/v2\/hub?post=33699"},{"taxonomy":"topic","embeddable":true,"href":"https:\/\/energy-cities.eu\/fr\/wp-json\/wp\/v2\/topic?post=33699"}],"curies":[{"name":"wp","href":"https:\/\/api.w.org\/{rel}","templated":true}]}}