{"id":39627,"date":"2021-05-03T09:43:14","date_gmt":"2021-05-03T07:43:14","guid":{"rendered":"https:\/\/energy-cities.eu\/inspiring-mind\/smart-yes-but-there-is-a-huge-challenge-related-to-data-quality\/"},"modified":"2022-12-22T12:11:21","modified_gmt":"2022-12-22T11:11:21","slug":"smart-yes-but-there-is-a-huge-challenge-related-to-data-quality","status":"publish","type":"inspiring-minds","link":"https:\/\/energy-cities.eu\/fr\/portrait\/smart-yes-but-there-is-a-huge-challenge-related-to-data-quality\/","title":{"rendered":"\u00ab\u00a0Intelligent, oui, mais il y a un \u00e9norme d\u00e9fi li\u00e9 \u00e0 la qualit\u00e9 des donn\u00e9es.\u00a0\u00bb"},"content":{"rendered":"\n<p>Pour cet \u00e9pisode, nous sommes \u00e0 Lyon, en France. Son quartier, appel\u00e9 Confluence, est en pleine transformation : Ce qui \u00e9tait autrefois un site logistique et industriel \u00e0 la r\u00e9putation plut\u00f4t mauvaise est devenu l&rsquo;un des plus grands projets de r\u00e9novation urbaine d&rsquo;Europe. Avec une superficie de 150 hectares, 600 000 m\u00b2 de surface de plancher existante et 1 million de m\u00b2 de nouveaux b\u00e2timents, ce projet urbain rel\u00e8ve le d\u00e9fi de notre \u00e9poque : comment cr\u00e9er des lieux prosp\u00e8res sans d\u00e9passer le plafond \u00e9cologique ? Et aujourd&rsquo;hui, \u00e0 quel point Confluence est-il loin de r\u00e9pondre \u00e0 cet objectif ? <\/p>\n\n\n\n<figure class=\"wp-block-embed is-type-rich is-provider-soundcloud wp-block-embed-soundcloud\"><div class=\"wp-block-embed__wrapper\">\n<iframe loading=\"lazy\" title=\"Episode about smart urban planning in Lyon with Etienne Vignali by City stories: The podcast by Energy Cities\" width=\"500\" height=\"400\" scrolling=\"no\" frameborder=\"no\" src=\"https:\/\/w.soundcloud.com\/player\/?visual=true&#038;url=https%3A%2F%2Fapi.soundcloud.com%2Ftracks%2F1043576449&#038;show_artwork=true&#038;maxheight=750&#038;maxwidth=500\"><\/iframe>\n<\/div><\/figure>\n\n\n\n<p><em>Cr\u00e9dits photo: Laurence Dani\u00e8re<\/em><\/p>\n\n\n\n<p>Nous avons interview\u00e9 Etienne Vignali qui est chef de projet \u00e0 la soci\u00e9t\u00e9 publique locale Lyon Confluence. Cette soci\u00e9t\u00e9 est l&rsquo;am\u00e9nageur du projet de renouvellement urbain depuis 20 ans. A ce poste, Etienne a \u00e9galement coordonn\u00e9 le projet europ\u00e9en Smarter Together avec 34 partenaires de 8 pays. Comme vous allez l&rsquo;entendre, Etienne ne recule pas devant les grands d\u00e9fis.<\/p>\n\n\n\n<p><strong>Pour ceux qui souhaitent obtenir plus d\u2019informations<\/strong>, consultez le site web Smarter Together&nbsp;<a href=\"http:\/\/www.smarter-together.eu\/\">www.smarter-together.eu<\/a>. Apprenez-en plus sur les trois villes phares du projet : Lyon, Vienne et Munich, et explorez le projet en d\u00e9tail. the project Lyon, Vienna and Munich  and explore the project in details.  <\/p>\n\n\n\n<p><strong>Aller plus loin<\/strong><\/p>\n\n\n\n<ul><li> Club \u00e9co-renovation : <a href=\"https:\/\/www.lyon-confluence.fr\/en\/club-ecorenovation\">https:\/\/www.lyon-confluence.fr\/en\/club-ecorenovation<\/a><\/li><\/ul>\n\n\n\n<ul><li>Sant\u00e9 et am\u00e9nagement urbain&nbsp;(projet Eur\u00eaka Confluence)&nbsp;:<\/li><\/ul>\n\n\n\n<figure class=\"wp-block-embed is-type-video is-provider-youtube wp-block-embed-youtube wp-embed-aspect-16-9 wp-has-aspect-ratio\"><div class=\"wp-block-embed__wrapper\">\n<iframe loading=\"lazy\" title=\"Sant\u00e9 et am\u00e9nagement urbain (replay global)\" width=\"500\" height=\"281\" src=\"https:\/\/www.youtube.com\/embed\/gJpUF9sjL3A?feature=oembed\" frameborder=\"0\" allow=\"accelerometer; autoplay; clipboard-write; encrypted-media; gyroscope; picture-in-picture\" allowfullscreen><\/iframe>\n<\/div><\/figure>\n\n\n\n<div class=\"wp-block-image\"><figure class=\"alignright size-large is-resized\"><img loading=\"lazy\" src=\"https:\/\/energy-cities.eu\/wp-content\/uploads\/2021\/04\/logosmarter_together-1024x1024.png\" alt=\"\" class=\"wp-image-38155\" width=\"259\" height=\"259\" srcset=\"https:\/\/energy-cities.eu\/wp-content\/uploads\/2021\/04\/logosmarter_together-1024x1024.png 1024w, https:\/\/energy-cities.eu\/wp-content\/uploads\/2021\/04\/logosmarter_together-250x250.png 250w, https:\/\/energy-cities.eu\/wp-content\/uploads\/2021\/04\/logosmarter_together-150x150.png 150w, https:\/\/energy-cities.eu\/wp-content\/uploads\/2021\/04\/logosmarter_together-700x700.png 700w, https:\/\/energy-cities.eu\/wp-content\/uploads\/2021\/04\/logosmarter_together-300x300.png 300w, https:\/\/energy-cities.eu\/wp-content\/uploads\/2021\/04\/logosmarter_together-500x500.png 500w, https:\/\/energy-cities.eu\/wp-content\/uploads\/2021\/04\/logosmarter_together-900x900.png 900w, https:\/\/energy-cities.eu\/wp-content\/uploads\/2021\/04\/logosmarter_together.png 1181w\" sizes=\"(max-width: 259px) 100vw, 259px\" \/><\/figure><\/div>\n\n\n<p><!--StartFragment--><\/p>\n\n\n<p class=\"has-background\" style=\"background-color:#e2efdb\">Cet entretien a \u00e9t\u00e9 enregistr\u00e9 via Internet et vous est propos\u00e9 par le projet Smarter Together, financ\u00e9 dans le cadre du programme europ\u00e9en Horizon 2020. Cet \u00e9pisode fait partie du podcast \u00ab&nbsp;City Stories&nbsp;\u00bb. <\/p>\n\n\n<p><!--EndFragment--><\/p>\n<p><!--EndFragment--><\/p>","protected":false},"excerpt":{"rendered":"<p>Ce qui \u00e9tait autrefois un site logistique et industriel \u00e0 la r\u00e9putation plut\u00f4t mauvaise est devenu l&rsquo;un des plus grands projets de r\u00e9novation urbaine d&rsquo;Europe. Cr\u00e9er des lieux prosp\u00e8res sans d\u00e9passer le plafond \u00e9cologique : \u00e0 quel point Confluence est-il aujourd&rsquo;hui loin d&rsquo;atteindre cet objectif ? <\/p>\n","protected":false},"author":25,"featured_media":38148,"template":"","hub":[310,308],"topic":[22,82,101,110,112],"acf":[],"yoast_head":"<!-- This site is optimized with the Yoast SEO plugin v18.8 - https:\/\/yoast.com\/wordpress\/plugins\/seo\/ -->\n<title>&quot;Intelligent, oui, mais il y a un \u00e9norme d\u00e9fi li\u00e9 \u00e0 la qualit\u00e9 des donn\u00e9es.&quot; - Energy Cities<\/title>\n<meta name=\"robots\" content=\"index, follow, max-snippet:-1, max-image-preview:large, max-video-preview:-1\" \/>\n<link rel=\"canonical\" href=\"https:\/\/energy-cities.eu\/fr\/portrait\/smart-yes-but-there-is-a-huge-challenge-related-to-data-quality\/\" \/>\n<meta property=\"og:locale\" content=\"fr_FR\" \/>\n<meta property=\"og:type\" content=\"article\" \/>\n<meta property=\"og:title\" content=\"&quot;Intelligent, oui, mais il y a un \u00e9norme d\u00e9fi li\u00e9 \u00e0 la qualit\u00e9 des donn\u00e9es.&quot; - Energy Cities\" \/>\n<meta property=\"og:description\" content=\"Ce qui \u00e9tait autrefois un site logistique et industriel \u00e0 la r\u00e9putation plut\u00f4t mauvaise est devenu l&#039;un des plus grands projets de r\u00e9novation urbaine d&#039;Europe. Cr\u00e9er des lieux prosp\u00e8res sans d\u00e9passer le plafond \u00e9cologique : \u00e0 quel point Confluence est-il aujourd&#039;hui loin d&#039;atteindre cet objectif ?\" \/>\n<meta property=\"og:url\" content=\"https:\/\/energy-cities.eu\/fr\/portrait\/smart-yes-but-there-is-a-huge-challenge-related-to-data-quality\/\" \/>\n<meta property=\"og:site_name\" content=\"Energy Cities\" \/>\n<meta property=\"article:publisher\" content=\"https:\/\/www.facebook.com\/energycities.eu\/\" \/>\n<meta property=\"article:modified_time\" content=\"2022-12-22T11:11:21+00:00\" \/>\n<meta property=\"og:image\" content=\"https:\/\/energy-cities.eu\/wp-content\/uploads\/2019\/07\/energy-cities-couleur.jpg\" \/>\n\t<meta property=\"og:image:width\" content=\"3508\" \/>\n\t<meta property=\"og:image:height\" content=\"2587\" \/>\n\t<meta property=\"og:image:type\" content=\"image\/jpeg\" \/>\n<meta name=\"twitter:card\" content=\"summary_large_image\" \/>\n<meta name=\"twitter:site\" content=\"@energycities\" \/>\n<meta name=\"twitter:label1\" content=\"Dur\u00e9e de lecture estim\u00e9e\" \/>\n\t<meta name=\"twitter:data1\" content=\"2 minutes\" \/>\n<script type=\"application\/ld+json\" class=\"yoast-schema-graph\">{\"@context\":\"https:\/\/schema.org\",\"@graph\":[{\"@type\":\"Organization\",\"@id\":\"https:\/\/energy-cities.eu\/fr\/#organization\",\"name\":\"Energy Cities\",\"url\":\"https:\/\/energy-cities.eu\/fr\/\",\"sameAs\":[\"https:\/\/www.facebook.com\/energycities.eu\/\",\"https:\/\/www.youtube.com\/channel\/UChIHn2wF76JzuTbAjSMs0hQ\",\"https:\/\/fr.wikipedia.org\/wiki\/Energy_Cities\",\"https:\/\/twitter.com\/energycities\"],\"logo\":{\"@type\":\"ImageObject\",\"inLanguage\":\"fr-FR\",\"@id\":\"https:\/\/energy-cities.eu\/fr\/#\/schema\/logo\/image\/\",\"url\":\"https:\/\/energy-cities.eu\/wp-content\/uploads\/2019\/07\/energy-cities-couleur.jpg\",\"contentUrl\":\"https:\/\/energy-cities.eu\/wp-content\/uploads\/2019\/07\/energy-cities-couleur.jpg\",\"width\":3508,\"height\":2587,\"caption\":\"Energy Cities\"},\"image\":{\"@id\":\"https:\/\/energy-cities.eu\/fr\/#\/schema\/logo\/image\/\"}},{\"@type\":\"WebSite\",\"@id\":\"https:\/\/energy-cities.eu\/fr\/#website\",\"url\":\"https:\/\/energy-cities.eu\/fr\/\",\"name\":\"Energy Cities\",\"description\":\" The European learning community for future-proof cities\",\"publisher\":{\"@id\":\"https:\/\/energy-cities.eu\/fr\/#organization\"},\"potentialAction\":[{\"@type\":\"SearchAction\",\"target\":{\"@type\":\"EntryPoint\",\"urlTemplate\":\"https:\/\/energy-cities.eu\/fr\/?s={search_term_string}\"},\"query-input\":\"required name=search_term_string\"}],\"inLanguage\":\"fr-FR\"},{\"@type\":\"ImageObject\",\"inLanguage\":\"fr-FR\",\"@id\":\"https:\/\/energy-cities.eu\/fr\/portrait\/smart-yes-but-there-is-a-huge-challenge-related-to-data-quality\/#primaryimage\",\"url\":\"https:\/\/energy-cities.eu\/wp-content\/uploads\/2021\/04\/LC_029502MD.jpg\",\"contentUrl\":\"https:\/\/energy-cities.eu\/wp-content\/uploads\/2021\/04\/LC_029502MD.jpg\",\"width\":3508,\"height\":2339,\"caption\":\"Desvigne Conseil - Jean-Philippe Restoy\"},{\"@type\":\"WebPage\",\"@id\":\"https:\/\/energy-cities.eu\/fr\/portrait\/smart-yes-but-there-is-a-huge-challenge-related-to-data-quality\/#webpage\",\"url\":\"https:\/\/energy-cities.eu\/fr\/portrait\/smart-yes-but-there-is-a-huge-challenge-related-to-data-quality\/\",\"name\":\"\\\"Intelligent, oui, mais il y a un \u00e9norme d\u00e9fi li\u00e9 \u00e0 la qualit\u00e9 des donn\u00e9es.\\\" - Energy Cities\",\"isPartOf\":{\"@id\":\"https:\/\/energy-cities.eu\/fr\/#website\"},\"primaryImageOfPage\":{\"@id\":\"https:\/\/energy-cities.eu\/fr\/portrait\/smart-yes-but-there-is-a-huge-challenge-related-to-data-quality\/#primaryimage\"},\"datePublished\":\"2021-05-03T07:43:14+00:00\",\"dateModified\":\"2022-12-22T11:11:21+00:00\",\"breadcrumb\":{\"@id\":\"https:\/\/energy-cities.eu\/fr\/portrait\/smart-yes-but-there-is-a-huge-challenge-related-to-data-quality\/#breadcrumb\"},\"inLanguage\":\"fr-FR\",\"potentialAction\":[{\"@type\":\"ReadAction\",\"target\":[\"https:\/\/energy-cities.eu\/fr\/portrait\/smart-yes-but-there-is-a-huge-challenge-related-to-data-quality\/\"]}]},{\"@type\":\"BreadcrumbList\",\"@id\":\"https:\/\/energy-cities.eu\/fr\/portrait\/smart-yes-but-there-is-a-huge-challenge-related-to-data-quality\/#breadcrumb\",\"itemListElement\":[{\"@type\":\"ListItem\",\"position\":1,\"name\":\"Home\",\"item\":\"https:\/\/energy-cities.eu\/fr\/nous-sommes-un-reseau-europeen-blabla\/\"},{\"@type\":\"ListItem\",\"position\":2,\"name\":\"\\\"Intelligent, oui, mais il y a un \u00e9norme d\u00e9fi li\u00e9 \u00e0 la qualit\u00e9 des donn\u00e9es.\\\"\"}]}]}<\/script>\n<!-- \/ Yoast SEO plugin. -->","yoast_head_json":{"title":"\"Intelligent, oui, mais il y a un \u00e9norme d\u00e9fi li\u00e9 \u00e0 la qualit\u00e9 des donn\u00e9es.\" - Energy Cities","robots":{"index":"index","follow":"follow","max-snippet":"max-snippet:-1","max-image-preview":"max-image-preview:large","max-video-preview":"max-video-preview:-1"},"canonical":"https:\/\/energy-cities.eu\/fr\/portrait\/smart-yes-but-there-is-a-huge-challenge-related-to-data-quality\/","og_locale":"fr_FR","og_type":"article","og_title":"\"Intelligent, oui, mais il y a un \u00e9norme d\u00e9fi li\u00e9 \u00e0 la qualit\u00e9 des donn\u00e9es.\" - Energy Cities","og_description":"Ce qui \u00e9tait autrefois un site logistique et industriel \u00e0 la r\u00e9putation plut\u00f4t mauvaise est devenu l'un des plus grands projets de r\u00e9novation urbaine d'Europe. Cr\u00e9er des lieux prosp\u00e8res sans d\u00e9passer le plafond \u00e9cologique : \u00e0 quel point Confluence est-il aujourd'hui loin d'atteindre cet objectif ?","og_url":"https:\/\/energy-cities.eu\/fr\/portrait\/smart-yes-but-there-is-a-huge-challenge-related-to-data-quality\/","og_site_name":"Energy Cities","article_publisher":"https:\/\/www.facebook.com\/energycities.eu\/","article_modified_time":"2022-12-22T11:11:21+00:00","og_image":[{"width":3508,"height":2587,"url":"https:\/\/energy-cities.eu\/wp-content\/uploads\/2019\/07\/energy-cities-couleur.jpg","type":"image\/jpeg"}],"twitter_card":"summary_large_image","twitter_site":"@energycities","twitter_misc":{"Dur\u00e9e de lecture estim\u00e9e":"2 minutes"},"schema":{"@context":"https:\/\/schema.org","@graph":[{"@type":"Organization","@id":"https:\/\/energy-cities.eu\/fr\/#organization","name":"Energy Cities","url":"https:\/\/energy-cities.eu\/fr\/","sameAs":["https:\/\/www.facebook.com\/energycities.eu\/","https:\/\/www.youtube.com\/channel\/UChIHn2wF76JzuTbAjSMs0hQ","https:\/\/fr.wikipedia.org\/wiki\/Energy_Cities","https:\/\/twitter.com\/energycities"],"logo":{"@type":"ImageObject","inLanguage":"fr-FR","@id":"https:\/\/energy-cities.eu\/fr\/#\/schema\/logo\/image\/","url":"https:\/\/energy-cities.eu\/wp-content\/uploads\/2019\/07\/energy-cities-couleur.jpg","contentUrl":"https:\/\/energy-cities.eu\/wp-content\/uploads\/2019\/07\/energy-cities-couleur.jpg","width":3508,"height":2587,"caption":"Energy Cities"},"image":{"@id":"https:\/\/energy-cities.eu\/fr\/#\/schema\/logo\/image\/"}},{"@type":"WebSite","@id":"https:\/\/energy-cities.eu\/fr\/#website","url":"https:\/\/energy-cities.eu\/fr\/","name":"Energy Cities","description":" The European learning community for future-proof cities","publisher":{"@id":"https:\/\/energy-cities.eu\/fr\/#organization"},"potentialAction":[{"@type":"SearchAction","target":{"@type":"EntryPoint","urlTemplate":"https:\/\/energy-cities.eu\/fr\/?s={search_term_string}"},"query-input":"required name=search_term_string"}],"inLanguage":"fr-FR"},{"@type":"ImageObject","inLanguage":"fr-FR","@id":"https:\/\/energy-cities.eu\/fr\/portrait\/smart-yes-but-there-is-a-huge-challenge-related-to-data-quality\/#primaryimage","url":"https:\/\/energy-cities.eu\/wp-content\/uploads\/2021\/04\/LC_029502MD.jpg","contentUrl":"https:\/\/energy-cities.eu\/wp-content\/uploads\/2021\/04\/LC_029502MD.jpg","width":3508,"height":2339,"caption":"Desvigne Conseil - Jean-Philippe Restoy"},{"@type":"WebPage","@id":"https:\/\/energy-cities.eu\/fr\/portrait\/smart-yes-but-there-is-a-huge-challenge-related-to-data-quality\/#webpage","url":"https:\/\/energy-cities.eu\/fr\/portrait\/smart-yes-but-there-is-a-huge-challenge-related-to-data-quality\/","name":"\"Intelligent, oui, mais il y a un \u00e9norme d\u00e9fi li\u00e9 \u00e0 la qualit\u00e9 des donn\u00e9es.\" - Energy Cities","isPartOf":{"@id":"https:\/\/energy-cities.eu\/fr\/#website"},"primaryImageOfPage":{"@id":"https:\/\/energy-cities.eu\/fr\/portrait\/smart-yes-but-there-is-a-huge-challenge-related-to-data-quality\/#primaryimage"},"datePublished":"2021-05-03T07:43:14+00:00","dateModified":"2022-12-22T11:11:21+00:00","breadcrumb":{"@id":"https:\/\/energy-cities.eu\/fr\/portrait\/smart-yes-but-there-is-a-huge-challenge-related-to-data-quality\/#breadcrumb"},"inLanguage":"fr-FR","potentialAction":[{"@type":"ReadAction","target":["https:\/\/energy-cities.eu\/fr\/portrait\/smart-yes-but-there-is-a-huge-challenge-related-to-data-quality\/"]}]},{"@type":"BreadcrumbList","@id":"https:\/\/energy-cities.eu\/fr\/portrait\/smart-yes-but-there-is-a-huge-challenge-related-to-data-quality\/#breadcrumb","itemListElement":[{"@type":"ListItem","position":1,"name":"Home","item":"https:\/\/energy-cities.eu\/fr\/nous-sommes-un-reseau-europeen-blabla\/"},{"@type":"ListItem","position":2,"name":"\"Intelligent, oui, mais il y a un \u00e9norme d\u00e9fi li\u00e9 \u00e0 la qualit\u00e9 des donn\u00e9es.\""}]}]}},"featured_img":"https:\/\/energy-cities.eu\/wp-content\/uploads\/2021\/04\/LC_029502MD.jpg","coauthors":[],"author_meta":{"author_link":"https:\/\/energy-cities.eu\/fr\/staff\/m-eisermann\/","display_name":"Miriam Eisermann"},"relative_dates":{"created":"Publi\u00e9 5 ans il y a","modified":"Mis \u00e0 jour 3 ans il y a"},"absolute_dates":{"created":"Publi\u00e9 le 03 mai 2021","modified":"Mise \u00e0 jour le 22 d\u00e9cembre 2022"},"absolute_dates_time":{"created":"Publi\u00e9 le 03 mai 2021 9:43  ","modified":"Mise \u00e0 jour le 22 d\u00e9cembre 2022 12:11  "},"featured_img_caption":"Desvigne Conseil - Jean-Philippe Restoy","tax_additional":{"hub":{"linked":["<a href=\"https:\/\/energy-cities.eu\/fr\/hub\/gouvernance-locale\/\" class=\"advgb-post-tax-term\">Gouvernance locale<\/a>","<a href=\"https:\/\/energy-cities.eu\/fr\/hub\/villes-zero-carbone\/\" class=\"advgb-post-tax-term\">Villes z\u00e9ro carbone<\/a>"],"unlinked":["<span class=\"advgb-post-tax-term\">Gouvernance locale<\/span>","<span class=\"advgb-post-tax-term\">Villes z\u00e9ro carbone<\/span>"],"slug":"hub","name":"Hubs"},"topic":{"linked":["<a href=\"https:\/\/energy-cities.eu\/fr\/th\u00e9matique\/efficacite-energetique-batiments\/\" class=\"advgb-post-tax-term\">Efficacit\u00e9 \u00e9nerg\u00e9tique &amp; B\u00e2timents<\/a>","<a href=\"https:\/\/energy-cities.eu\/fr\/th\u00e9matique\/gouvernance-participative\/\" class=\"advgb-post-tax-term\">Gouvernance participative<\/a>","<a href=\"https:\/\/energy-cities.eu\/fr\/th\u00e9matique\/renouvelables\/\" class=\"advgb-post-tax-term\">Renouvelables<\/a>","<a href=\"https:\/\/energy-cities.eu\/fr\/th\u00e9matique\/planification-vision\/\" class=\"advgb-post-tax-term\">Vision &amp; Planification urbaine<\/a>","<a href=\"https:\/\/energy-cities.eu\/fr\/th\u00e9matique\/chaleur-froid\/\" class=\"advgb-post-tax-term\">Chaleur &amp; Froid<\/a>"],"unlinked":["<span class=\"advgb-post-tax-term\">Efficacit\u00e9 \u00e9nerg\u00e9tique &amp; B\u00e2timents<\/span>","<span class=\"advgb-post-tax-term\">Gouvernance participative<\/span>","<span class=\"advgb-post-tax-term\">Renouvelables<\/span>","<span class=\"advgb-post-tax-term\">Vision &amp; Planification urbaine<\/span>","<span class=\"advgb-post-tax-term\">Chaleur &amp; Froid<\/span>"],"slug":"topic","name":"Topics"}},"_links":{"self":[{"href":"https:\/\/energy-cities.eu\/fr\/wp-json\/wp\/v2\/inspiring-minds\/39627"}],"collection":[{"href":"https:\/\/energy-cities.eu\/fr\/wp-json\/wp\/v2\/inspiring-minds"}],"about":[{"href":"https:\/\/energy-cities.eu\/fr\/wp-json\/wp\/v2\/types\/inspiring-minds"}],"author":[{"embeddable":true,"href":"https:\/\/energy-cities.eu\/fr\/wp-json\/wp\/v2\/users\/25"}],"version-history":[{"count":6,"href":"https:\/\/energy-cities.eu\/fr\/wp-json\/wp\/v2\/inspiring-minds\/39627\/revisions"}],"predecessor-version":[{"id":59200,"href":"https:\/\/energy-cities.eu\/fr\/wp-json\/wp\/v2\/inspiring-minds\/39627\/revisions\/59200"}],"wp:featuredmedia":[{"embeddable":true,"href":"https:\/\/energy-cities.eu\/fr\/wp-json\/wp\/v2\/media\/38148"}],"wp:attachment":[{"href":"https:\/\/energy-cities.eu\/fr\/wp-json\/wp\/v2\/media?parent=39627"}],"wp:term":[{"taxonomy":"hub","embeddable":true,"href":"https:\/\/energy-cities.eu\/fr\/wp-json\/wp\/v2\/hub?post=39627"},{"taxonomy":"topic","embeddable":true,"href":"https:\/\/energy-cities.eu\/fr\/wp-json\/wp\/v2\/topic?post=39627"}],"curies":[{"name":"wp","href":"https:\/\/api.w.org\/{rel}","templated":true}]}}