{"id":41016,"date":"2021-07-20T11:17:10","date_gmt":"2021-07-20T09:17:10","guid":{"rendered":"https:\/\/energy-cities.eu\/inspiring-mind\/valencia-aiming-for-100-energy-communities-by-2030\/"},"modified":"2022-12-22T12:11:18","modified_gmt":"2022-12-22T11:11:18","slug":"valencia-vise-100-communautes-energetiques-d-ici-2030","status":"publish","type":"inspiring-minds","link":"https:\/\/energy-cities.eu\/fr\/portrait\/valencia-vise-100-communautes-energetiques-d-ici-2030\/","title":{"rendered":"Valence (Espagne) vise 100 communaut\u00e9s \u00e9nerg\u00e9tiques d&rsquo;ici 2030"},"content":{"rendered":"\n<p>Jusqu&rsquo;\u00e0 pr\u00e9sent, Valence, avec ses 800 000 habitants, \u00e9tait peut-\u00eatre plus connue pour son climat doux et ses belles plages que pour sa politique \u00e9nerg\u00e9tique incroyablement collaborative et tourn\u00e9e vers l&rsquo;avenir. Dans la troisi\u00e8me partie de notre s\u00e9rie du laboratoire de collaboration ECF, nous explorons les initiatives impressionnantes qu&rsquo;a lanc\u00e9 Valence pour impliquer la communaut\u00e9 locale dans les questions \u00e9nerg\u00e9tiques et climatiques. Un grand changement de culture est en cours. <\/p>\n\n\n\n<figure class=\"wp-block-embed is-type-rich is-provider-soundcloud wp-block-embed-soundcloud\"><div class=\"wp-block-embed__wrapper\">\n<iframe loading=\"lazy\" title=\"ECF collaboration episode: priority to renewables and energy poverty in Valencia by City stories: The podcast by Energy Cities\" width=\"500\" height=\"400\" scrolling=\"no\" frameborder=\"no\" src=\"https:\/\/w.soundcloud.com\/player\/?visual=true&#038;url=https%3A%2F%2Fapi.soundcloud.com%2Ftracks%2F1090326286&#038;show_artwork=true&#038;maxheight=750&#038;maxwidth=500\"><\/iframe>\n<\/div><\/figure>\n\n\n\n<p>Dans cet \u00e9pisode, nous avons discut\u00e9 avec deux des nombreuses personnes qui sont \u00e0 l&rsquo;origine de ce changement : Carmen Castells, Office de l&rsquo;\u00e9nergie de Valence, Indertec-Imedes et Fernando Gonz\u00e1lez. Fernando est secr\u00e9taire de l&rsquo;association qui g\u00e8re la communaut\u00e9 \u00e9nerg\u00e9tique dans les quartiers d&rsquo;Ayora et d&rsquo;Algir\u00f3s. La ville compte d\u00e9j\u00e0 plusieurs coop\u00e9ratives \u00e9nerg\u00e9tiques locales, mais ce qui manquait jusqu&rsquo;\u00e0 pr\u00e9sent, c&rsquo;\u00e9tait une communaut\u00e9 \u00e9nerg\u00e9tique. Carmen et Fernando partagent avec vous le travail qu&rsquo;ils m\u00e8nent pour construire des communaut\u00e9s \u00e9nerg\u00e9tiques fortes et faire avancer Valence. <\/p>\n\n\n\n<p><strong>En avril 2021, Carmen et ses coll\u00e8gues ont particip\u00e9, avec des d\u00e9l\u00e9gu\u00e9s de Prague et des repr\u00e9sentants publics et citoyens venant des 4 municipalit\u00e9s d\u2019UCSA (Italie) au laboratoire de collaboration (<em>collaboration lab<\/em>) de la&nbsp;<a href=\"https:\/\/europeanclimate.org\/\">European Climate Foundatio<\/a><\/strong><a href=\"https:\/\/europeanclimate.org\/\"><strong>n<\/strong><\/a>.<\/p>\n\n\n\n<p><strong>European Climate Foundation est une organisation internationale \u00e0 but non lucratif dont les objectifs sont de promouvoir des politiques climatiques et \u00e9nerg\u00e9tiques qui r\u00e9duisent les \u00e9missions de gaz \u00e0 effet de serre en Europe et aident l\u2019Europe \u00e0 jouer un r\u00f4le de leader international dans l\u2019att\u00e9nuation du changement climatique.<\/strong><\/p>\n\n\n\n<p><\/p>\n","protected":false},"excerpt":{"rendered":"<p>Dans la troisi\u00e8me partie de notre s\u00e9rie du laboratoire de collaboration ECF, nous explorons les initiatives impressionnantes qu&rsquo;a lanc\u00e9 Valence pour impliquer la communaut\u00e9 locale dans les questions \u00e9nerg\u00e9tiques et climatiques. Un grand changement de culture est en cours. <\/p>\n","protected":false},"author":25,"featured_media":34084,"template":"","hub":[306],"topic":[82,101,108,109],"acf":[],"yoast_head":"<!-- This site is optimized with the Yoast SEO plugin v18.8 - https:\/\/yoast.com\/wordpress\/plugins\/seo\/ -->\n<title>Valence (Espagne) vise 100 communaut\u00e9s \u00e9nerg\u00e9tiques d&#039;ici 2030 - Energy Cities<\/title>\n<meta name=\"robots\" content=\"index, follow, max-snippet:-1, max-image-preview:large, max-video-preview:-1\" \/>\n<link rel=\"canonical\" href=\"https:\/\/energy-cities.eu\/fr\/portrait\/valencia-vise-100-communautes-energetiques-d-ici-2030\/\" \/>\n<meta property=\"og:locale\" content=\"fr_FR\" \/>\n<meta property=\"og:type\" content=\"article\" \/>\n<meta property=\"og:title\" content=\"Valence (Espagne) vise 100 communaut\u00e9s \u00e9nerg\u00e9tiques d&#039;ici 2030 - Energy Cities\" \/>\n<meta property=\"og:description\" content=\"Dans la troisi\u00e8me partie de notre s\u00e9rie du laboratoire de collaboration ECF, nous explorons les initiatives impressionnantes qu&#039;a lanc\u00e9 Valence pour impliquer la communaut\u00e9 locale dans les questions \u00e9nerg\u00e9tiques et climatiques. Un grand changement de culture est en cours.\" \/>\n<meta property=\"og:url\" content=\"https:\/\/energy-cities.eu\/fr\/portrait\/valencia-vise-100-communautes-energetiques-d-ici-2030\/\" \/>\n<meta property=\"og:site_name\" content=\"Energy Cities\" \/>\n<meta property=\"article:publisher\" content=\"https:\/\/www.facebook.com\/energycities.eu\/\" \/>\n<meta property=\"article:modified_time\" content=\"2022-12-22T11:11:18+00:00\" \/>\n<meta property=\"og:image\" content=\"https:\/\/energy-cities.eu\/wp-content\/uploads\/2020\/10\/ciudad-artes-ciencias-noche-valencia-pexel256150.jpg\" \/>\n\t<meta property=\"og:image:width\" content=\"1920\" \/>\n\t<meta property=\"og:image:height\" content=\"864\" \/>\n\t<meta property=\"og:image:type\" content=\"image\/jpeg\" \/>\n<meta name=\"twitter:card\" content=\"summary_large_image\" \/>\n<meta name=\"twitter:site\" content=\"@energycities\" \/>\n<meta name=\"twitter:label1\" content=\"Dur\u00e9e de lecture estim\u00e9e\" \/>\n\t<meta name=\"twitter:data1\" content=\"2 minutes\" \/>\n<script type=\"application\/ld+json\" class=\"yoast-schema-graph\">{\"@context\":\"https:\/\/schema.org\",\"@graph\":[{\"@type\":\"Organization\",\"@id\":\"https:\/\/energy-cities.eu\/fr\/#organization\",\"name\":\"Energy Cities\",\"url\":\"https:\/\/energy-cities.eu\/fr\/\",\"sameAs\":[\"https:\/\/www.facebook.com\/energycities.eu\/\",\"https:\/\/www.youtube.com\/channel\/UChIHn2wF76JzuTbAjSMs0hQ\",\"https:\/\/fr.wikipedia.org\/wiki\/Energy_Cities\",\"https:\/\/twitter.com\/energycities\"],\"logo\":{\"@type\":\"ImageObject\",\"inLanguage\":\"fr-FR\",\"@id\":\"https:\/\/energy-cities.eu\/fr\/#\/schema\/logo\/image\/\",\"url\":\"https:\/\/energy-cities.eu\/wp-content\/uploads\/2019\/07\/energy-cities-couleur.jpg\",\"contentUrl\":\"https:\/\/energy-cities.eu\/wp-content\/uploads\/2019\/07\/energy-cities-couleur.jpg\",\"width\":3508,\"height\":2587,\"caption\":\"Energy Cities\"},\"image\":{\"@id\":\"https:\/\/energy-cities.eu\/fr\/#\/schema\/logo\/image\/\"}},{\"@type\":\"WebSite\",\"@id\":\"https:\/\/energy-cities.eu\/fr\/#website\",\"url\":\"https:\/\/energy-cities.eu\/fr\/\",\"name\":\"Energy Cities\",\"description\":\" The European learning community for future-proof cities\",\"publisher\":{\"@id\":\"https:\/\/energy-cities.eu\/fr\/#organization\"},\"potentialAction\":[{\"@type\":\"SearchAction\",\"target\":{\"@type\":\"EntryPoint\",\"urlTemplate\":\"https:\/\/energy-cities.eu\/fr\/?s={search_term_string}\"},\"query-input\":\"required name=search_term_string\"}],\"inLanguage\":\"fr-FR\"},{\"@type\":\"ImageObject\",\"inLanguage\":\"fr-FR\",\"@id\":\"https:\/\/energy-cities.eu\/fr\/portrait\/valencia-vise-100-communautes-energetiques-d-ici-2030\/#primaryimage\",\"url\":\"https:\/\/energy-cities.eu\/wp-content\/uploads\/2020\/10\/ciudad-artes-ciencias-noche-valencia-pexel256150.jpg\",\"contentUrl\":\"https:\/\/energy-cities.eu\/wp-content\/uploads\/2020\/10\/ciudad-artes-ciencias-noche-valencia-pexel256150.jpg\",\"width\":1920,\"height\":864,\"caption\":\"Pexel\"},{\"@type\":\"WebPage\",\"@id\":\"https:\/\/energy-cities.eu\/fr\/portrait\/valencia-vise-100-communautes-energetiques-d-ici-2030\/#webpage\",\"url\":\"https:\/\/energy-cities.eu\/fr\/portrait\/valencia-vise-100-communautes-energetiques-d-ici-2030\/\",\"name\":\"Valence (Espagne) vise 100 communaut\u00e9s \u00e9nerg\u00e9tiques d'ici 2030 - Energy Cities\",\"isPartOf\":{\"@id\":\"https:\/\/energy-cities.eu\/fr\/#website\"},\"primaryImageOfPage\":{\"@id\":\"https:\/\/energy-cities.eu\/fr\/portrait\/valencia-vise-100-communautes-energetiques-d-ici-2030\/#primaryimage\"},\"datePublished\":\"2021-07-20T09:17:10+00:00\",\"dateModified\":\"2022-12-22T11:11:18+00:00\",\"breadcrumb\":{\"@id\":\"https:\/\/energy-cities.eu\/fr\/portrait\/valencia-vise-100-communautes-energetiques-d-ici-2030\/#breadcrumb\"},\"inLanguage\":\"fr-FR\",\"potentialAction\":[{\"@type\":\"ReadAction\",\"target\":[\"https:\/\/energy-cities.eu\/fr\/portrait\/valencia-vise-100-communautes-energetiques-d-ici-2030\/\"]}]},{\"@type\":\"BreadcrumbList\",\"@id\":\"https:\/\/energy-cities.eu\/fr\/portrait\/valencia-vise-100-communautes-energetiques-d-ici-2030\/#breadcrumb\",\"itemListElement\":[{\"@type\":\"ListItem\",\"position\":1,\"name\":\"Home\",\"item\":\"https:\/\/energy-cities.eu\/fr\/nous-sommes-un-reseau-europeen-blabla\/\"},{\"@type\":\"ListItem\",\"position\":2,\"name\":\"Valence (Espagne) vise 100 communaut\u00e9s \u00e9nerg\u00e9tiques d'ici 2030\"}]}]}<\/script>\n<!-- \/ Yoast SEO plugin. -->","yoast_head_json":{"title":"Valence (Espagne) vise 100 communaut\u00e9s \u00e9nerg\u00e9tiques d'ici 2030 - Energy Cities","robots":{"index":"index","follow":"follow","max-snippet":"max-snippet:-1","max-image-preview":"max-image-preview:large","max-video-preview":"max-video-preview:-1"},"canonical":"https:\/\/energy-cities.eu\/fr\/portrait\/valencia-vise-100-communautes-energetiques-d-ici-2030\/","og_locale":"fr_FR","og_type":"article","og_title":"Valence (Espagne) vise 100 communaut\u00e9s \u00e9nerg\u00e9tiques d'ici 2030 - Energy Cities","og_description":"Dans la troisi\u00e8me partie de notre s\u00e9rie du laboratoire de collaboration ECF, nous explorons les initiatives impressionnantes qu'a lanc\u00e9 Valence pour impliquer la communaut\u00e9 locale dans les questions \u00e9nerg\u00e9tiques et climatiques. Un grand changement de culture est en cours.","og_url":"https:\/\/energy-cities.eu\/fr\/portrait\/valencia-vise-100-communautes-energetiques-d-ici-2030\/","og_site_name":"Energy Cities","article_publisher":"https:\/\/www.facebook.com\/energycities.eu\/","article_modified_time":"2022-12-22T11:11:18+00:00","og_image":[{"width":1920,"height":864,"url":"https:\/\/energy-cities.eu\/wp-content\/uploads\/2020\/10\/ciudad-artes-ciencias-noche-valencia-pexel256150.jpg","type":"image\/jpeg"}],"twitter_card":"summary_large_image","twitter_site":"@energycities","twitter_misc":{"Dur\u00e9e de lecture estim\u00e9e":"2 minutes"},"schema":{"@context":"https:\/\/schema.org","@graph":[{"@type":"Organization","@id":"https:\/\/energy-cities.eu\/fr\/#organization","name":"Energy Cities","url":"https:\/\/energy-cities.eu\/fr\/","sameAs":["https:\/\/www.facebook.com\/energycities.eu\/","https:\/\/www.youtube.com\/channel\/UChIHn2wF76JzuTbAjSMs0hQ","https:\/\/fr.wikipedia.org\/wiki\/Energy_Cities","https:\/\/twitter.com\/energycities"],"logo":{"@type":"ImageObject","inLanguage":"fr-FR","@id":"https:\/\/energy-cities.eu\/fr\/#\/schema\/logo\/image\/","url":"https:\/\/energy-cities.eu\/wp-content\/uploads\/2019\/07\/energy-cities-couleur.jpg","contentUrl":"https:\/\/energy-cities.eu\/wp-content\/uploads\/2019\/07\/energy-cities-couleur.jpg","width":3508,"height":2587,"caption":"Energy Cities"},"image":{"@id":"https:\/\/energy-cities.eu\/fr\/#\/schema\/logo\/image\/"}},{"@type":"WebSite","@id":"https:\/\/energy-cities.eu\/fr\/#website","url":"https:\/\/energy-cities.eu\/fr\/","name":"Energy Cities","description":" The European learning community for future-proof cities","publisher":{"@id":"https:\/\/energy-cities.eu\/fr\/#organization"},"potentialAction":[{"@type":"SearchAction","target":{"@type":"EntryPoint","urlTemplate":"https:\/\/energy-cities.eu\/fr\/?s={search_term_string}"},"query-input":"required name=search_term_string"}],"inLanguage":"fr-FR"},{"@type":"ImageObject","inLanguage":"fr-FR","@id":"https:\/\/energy-cities.eu\/fr\/portrait\/valencia-vise-100-communautes-energetiques-d-ici-2030\/#primaryimage","url":"https:\/\/energy-cities.eu\/wp-content\/uploads\/2020\/10\/ciudad-artes-ciencias-noche-valencia-pexel256150.jpg","contentUrl":"https:\/\/energy-cities.eu\/wp-content\/uploads\/2020\/10\/ciudad-artes-ciencias-noche-valencia-pexel256150.jpg","width":1920,"height":864,"caption":"Pexel"},{"@type":"WebPage","@id":"https:\/\/energy-cities.eu\/fr\/portrait\/valencia-vise-100-communautes-energetiques-d-ici-2030\/#webpage","url":"https:\/\/energy-cities.eu\/fr\/portrait\/valencia-vise-100-communautes-energetiques-d-ici-2030\/","name":"Valence (Espagne) vise 100 communaut\u00e9s \u00e9nerg\u00e9tiques d'ici 2030 - Energy Cities","isPartOf":{"@id":"https:\/\/energy-cities.eu\/fr\/#website"},"primaryImageOfPage":{"@id":"https:\/\/energy-cities.eu\/fr\/portrait\/valencia-vise-100-communautes-energetiques-d-ici-2030\/#primaryimage"},"datePublished":"2021-07-20T09:17:10+00:00","dateModified":"2022-12-22T11:11:18+00:00","breadcrumb":{"@id":"https:\/\/energy-cities.eu\/fr\/portrait\/valencia-vise-100-communautes-energetiques-d-ici-2030\/#breadcrumb"},"inLanguage":"fr-FR","potentialAction":[{"@type":"ReadAction","target":["https:\/\/energy-cities.eu\/fr\/portrait\/valencia-vise-100-communautes-energetiques-d-ici-2030\/"]}]},{"@type":"BreadcrumbList","@id":"https:\/\/energy-cities.eu\/fr\/portrait\/valencia-vise-100-communautes-energetiques-d-ici-2030\/#breadcrumb","itemListElement":[{"@type":"ListItem","position":1,"name":"Home","item":"https:\/\/energy-cities.eu\/fr\/nous-sommes-un-reseau-europeen-blabla\/"},{"@type":"ListItem","position":2,"name":"Valence (Espagne) vise 100 communaut\u00e9s \u00e9nerg\u00e9tiques d'ici 2030"}]}]}},"featured_img":"https:\/\/energy-cities.eu\/wp-content\/uploads\/2020\/10\/ciudad-artes-ciencias-noche-valencia-pexel256150.jpg","coauthors":[],"author_meta":{"author_link":"https:\/\/energy-cities.eu\/fr\/staff\/m-eisermann\/","display_name":"Miriam Eisermann"},"relative_dates":{"created":"Publi\u00e9 5 ans il y a","modified":"Mis \u00e0 jour 3 ans il y a"},"absolute_dates":{"created":"Publi\u00e9 le 20 juillet 2021","modified":"Mise \u00e0 jour le 22 d\u00e9cembre 2022"},"absolute_dates_time":{"created":"Publi\u00e9 le 20 juillet 2021 11:17  ","modified":"Mise \u00e0 jour le 22 d\u00e9cembre 2022 12:11  "},"featured_img_caption":"Pexel","tax_additional":{"hub":{"linked":["<a href=\"https:\/\/energy-cities.eu\/fr\/hub\/energie-citoyenne\/\" class=\"advgb-post-tax-term\">\u00c9nergie citoyenne<\/a>"],"unlinked":["<span class=\"advgb-post-tax-term\">\u00c9nergie citoyenne<\/span>"],"slug":"hub","name":"Hubs"},"topic":{"linked":["<a href=\"https:\/\/energy-cities.eu\/fr\/th\u00e9matique\/gouvernance-participative\/\" class=\"advgb-post-tax-term\">Gouvernance participative<\/a>","<a href=\"https:\/\/energy-cities.eu\/fr\/th\u00e9matique\/renouvelables\/\" class=\"advgb-post-tax-term\">Renouvelables<\/a>","<a href=\"https:\/\/energy-cities.eu\/fr\/th\u00e9matique\/democratie-energetique\/\" class=\"advgb-post-tax-term\">D\u00e9mocratie \u00e9nerg\u00e9tique<\/a>","<a href=\"https:\/\/energy-cities.eu\/fr\/th\u00e9matique\/cooperation-fr\/\" class=\"advgb-post-tax-term\">Coop\u00e9ration<\/a>"],"unlinked":["<span class=\"advgb-post-tax-term\">Gouvernance participative<\/span>","<span class=\"advgb-post-tax-term\">Renouvelables<\/span>","<span class=\"advgb-post-tax-term\">D\u00e9mocratie \u00e9nerg\u00e9tique<\/span>","<span class=\"advgb-post-tax-term\">Coop\u00e9ration<\/span>"],"slug":"topic","name":"Topics"}},"_links":{"self":[{"href":"https:\/\/energy-cities.eu\/fr\/wp-json\/wp\/v2\/inspiring-minds\/41016"}],"collection":[{"href":"https:\/\/energy-cities.eu\/fr\/wp-json\/wp\/v2\/inspiring-minds"}],"about":[{"href":"https:\/\/energy-cities.eu\/fr\/wp-json\/wp\/v2\/types\/inspiring-minds"}],"author":[{"embeddable":true,"href":"https:\/\/energy-cities.eu\/fr\/wp-json\/wp\/v2\/users\/25"}],"version-history":[{"count":7,"href":"https:\/\/energy-cities.eu\/fr\/wp-json\/wp\/v2\/inspiring-minds\/41016\/revisions"}],"predecessor-version":[{"id":43129,"href":"https:\/\/energy-cities.eu\/fr\/wp-json\/wp\/v2\/inspiring-minds\/41016\/revisions\/43129"}],"wp:featuredmedia":[{"embeddable":true,"href":"https:\/\/energy-cities.eu\/fr\/wp-json\/wp\/v2\/media\/34084"}],"wp:attachment":[{"href":"https:\/\/energy-cities.eu\/fr\/wp-json\/wp\/v2\/media?parent=41016"}],"wp:term":[{"taxonomy":"hub","embeddable":true,"href":"https:\/\/energy-cities.eu\/fr\/wp-json\/wp\/v2\/hub?post=41016"},{"taxonomy":"topic","embeddable":true,"href":"https:\/\/energy-cities.eu\/fr\/wp-json\/wp\/v2\/topic?post=41016"}],"curies":[{"name":"wp","href":"https:\/\/api.w.org\/{rel}","templated":true}]}}