{"id":45058,"date":"2021-12-21T14:20:41","date_gmt":"2021-12-21T13:20:41","guid":{"rendered":"https:\/\/energy-cities.eu\/inspiring-mind\/community-power-through-virtual-net-metering-in-athens-area\/"},"modified":"2022-12-22T12:11:13","modified_gmt":"2022-12-22T11:11:13","slug":"ilioupoli","status":"publish","type":"inspiring-minds","link":"https:\/\/energy-cities.eu\/fr\/portrait\/ilioupoli\/","title":{"rendered":"Communaut\u00e9 \u00e9nerg\u00e9tique au comptage net virtuel dans la r\u00e9gion d&rsquo;Ath\u00e8nes"},"content":{"rendered":"\n<p><strong>La Gr\u00e8ce est un pays riche en mati\u00e8re d&rsquo;\u00e9nergies renouvelables et a \u00e9t\u00e9 le premier pays de l&rsquo;UE \u00e0 se doter d&rsquo;une loi sur les communaut\u00e9s \u00e9nerg\u00e9tiques d\u00e8s 2018. Dans son plan national pour l&rsquo;\u00e9nergie et le climat, le gouvernement grec a fix\u00e9 un objectif de 1 GW en autoconsommation d&rsquo;ici 2030. Nous avons voulu savoir comment cela se traduit par des actions concr\u00e8tes sur le terrain et avons fait un voyage virtuel \u00e0 Ilioupoli. Ilioupoli est une municipalit\u00e9 dans la banlieue d&rsquo;Ath\u00e8nes. Elle compte 80.000 habitants.<\/strong><\/p>\n\n\n\n<figure class=\"wp-block-embed is-type-rich is-provider-soundcloud wp-block-embed-soundcloud\"><div class=\"wp-block-embed__wrapper\">\n<iframe loading=\"lazy\" title=\"ECF collaboration lab episode: Community power through virtual net metering in Athens area by City stories: The podcast by Energy Cities\" width=\"500\" height=\"400\" scrolling=\"no\" frameborder=\"no\" src=\"https:\/\/w.soundcloud.com\/player\/?visual=true&#038;url=https%3A%2F%2Fapi.soundcloud.com%2Ftracks%2F1181746078&#038;show_artwork=true&#038;maxheight=750&#038;maxwidth=500\"><\/iframe>\n<\/div><\/figure>\n\n\n\n<p>Pour cet \u00e9pisode, nous avons voulu rencontrer deux d&rsquo;entre eux : Thanos Katsonis travaille pour le gouvernement local d&rsquo;Ilioupoli, et Chris Vrettos est la force motrice de la coop\u00e9rative sociale Electra Energy. Ils sont sur le point de lancer une organisation d&rsquo;\u00e9nergie communautaire. Comment vont-ils travailler en collaboration pour augmenter le nombre de \u00ab\u00a0prosommateurs\u00a0\u00bb en Gr\u00e8ce et &#8211; qui sait &#8211; pour apporter d&rsquo;autres bonnes choses \u00e0 la communaut\u00e9 locale ? Malheureusement, Thanos a eu un emp\u00eachement, mais Chris nous a expliqu\u00e9 comment ils militent tous les deux pour une culture \u00e9nerg\u00e9tique citoyenne et les \u00e9tapes n\u00e9cessaires pour y parvenir.<\/p>\n\n\n\n<p>Pour ceux qui souhaitent poursuivre cette conversation avec Chris, n&rsquo;h\u00e9sitez pas <a href=\"https:\/\/electraenergy.coop\/contact\/\" target=\"_blank\" rel=\"noreferrer noopener\">\u00e0 le contacter directement<\/a>. <\/p>\n\n\n\n<p><strong>En octobre 2021, Chris et Thanos ont particip\u00e9, avec une petite \u00e9quipe de Besancon, au laboratoire de collaboration (<em>collaboration lab<\/em>) de la&nbsp;<a href=\"https:\/\/europeanclimate.org\/\">European Climate Foundatio<\/a><\/strong><a href=\"https:\/\/europeanclimate.org\/\"><strong>n<\/strong><\/a>. <\/p>\n\n\n\n<p><strong>European Climate Foundation est une organisation internationale \u00e0 but non lucratif dont les objectifs sont de promouvoir des politiques climatiques et \u00e9nerg\u00e9tiques qui r\u00e9duisent les \u00e9missions de gaz \u00e0 effet de serre en Europe et aident l\u2019Europe \u00e0 jouer un r\u00f4le de leader international dans l\u2019att\u00e9nuation du changement climatique.<\/strong><\/p>\n\n\n\n<p><a href=\"http:\/\/www.europeanclimate.org\/\" target=\"_blank\" rel=\"noreferrer noopener\">europeanclimate.org<\/a><\/p>\n","protected":false},"excerpt":{"rendered":"<p>La Gr\u00e8ce est un pays riche en mati\u00e8re d&rsquo;\u00e9nergies renouvelables et a \u00e9t\u00e9 le premier pays de l&rsquo;UE \u00e0 se doter d&rsquo;une loi sur les communaut\u00e9s \u00e9nerg\u00e9tiques d\u00e8s 2018. Dans son plan national pour l&rsquo;\u00e9nergie et le climat, le gouvernement grec a fix\u00e9 un objectif de 1 GW en autoconsommation d&rsquo;ici 2030. Nous avons voulu savoir comment cela se traduit par des actions concr\u00e8tes sur le terrain et avons fait un voyage virtuel \u00e0 Ilioupoli, une municipalit\u00e9 dans la banlieue d&rsquo;Ath\u00e8nes. <\/p>\n","protected":false},"author":25,"featured_media":45096,"template":"","hub":[306],"topic":[101,108],"acf":[],"yoast_head":"<!-- This site is optimized with the Yoast SEO plugin v18.8 - https:\/\/yoast.com\/wordpress\/plugins\/seo\/ -->\n<title>Communaut\u00e9 \u00e9nerg\u00e9tique au comptage net virtuel dans la r\u00e9gion d&#039;Ath\u00e8nes - Energy Cities<\/title>\n<meta name=\"robots\" content=\"index, follow, max-snippet:-1, max-image-preview:large, max-video-preview:-1\" \/>\n<link rel=\"canonical\" href=\"https:\/\/energy-cities.eu\/fr\/portrait\/ilioupoli\/\" \/>\n<meta property=\"og:locale\" content=\"fr_FR\" \/>\n<meta property=\"og:type\" content=\"article\" \/>\n<meta property=\"og:title\" content=\"Communaut\u00e9 \u00e9nerg\u00e9tique au comptage net virtuel dans la r\u00e9gion d&#039;Ath\u00e8nes - Energy Cities\" \/>\n<meta property=\"og:description\" content=\"La Gr\u00e8ce est un pays riche en mati\u00e8re d&#039;\u00e9nergies renouvelables et a \u00e9t\u00e9 le premier pays de l&#039;UE \u00e0 se doter d&#039;une loi sur les communaut\u00e9s \u00e9nerg\u00e9tiques d\u00e8s 2018. Dans son plan national pour l&#039;\u00e9nergie et le climat, le gouvernement grec a fix\u00e9 un objectif de 1 GW en autoconsommation d&#039;ici 2030. Nous avons voulu savoir comment cela se traduit par des actions concr\u00e8tes sur le terrain et avons fait un voyage virtuel \u00e0 Ilioupoli, une municipalit\u00e9 dans la banlieue d&#039;Ath\u00e8nes.\" \/>\n<meta property=\"og:url\" content=\"https:\/\/energy-cities.eu\/fr\/portrait\/ilioupoli\/\" \/>\n<meta property=\"og:site_name\" content=\"Energy Cities\" \/>\n<meta property=\"article:publisher\" content=\"https:\/\/www.facebook.com\/energycities.eu\/\" \/>\n<meta property=\"article:modified_time\" content=\"2022-12-22T11:11:13+00:00\" \/>\n<meta property=\"og:image\" content=\"https:\/\/energy-cities.eu\/wp-content\/uploads\/2021\/12\/despina-galani-qGtpTQrN7VU-unsplash-scaled.jpg\" \/>\n\t<meta property=\"og:image:width\" content=\"1920\" \/>\n\t<meta property=\"og:image:height\" content=\"2560\" \/>\n\t<meta property=\"og:image:type\" content=\"image\/jpeg\" \/>\n<meta name=\"twitter:card\" content=\"summary_large_image\" \/>\n<meta name=\"twitter:site\" content=\"@energycities\" \/>\n<meta name=\"twitter:label1\" content=\"Dur\u00e9e de lecture estim\u00e9e\" \/>\n\t<meta name=\"twitter:data1\" content=\"2 minutes\" \/>\n<script type=\"application\/ld+json\" class=\"yoast-schema-graph\">{\"@context\":\"https:\/\/schema.org\",\"@graph\":[{\"@type\":\"Organization\",\"@id\":\"https:\/\/energy-cities.eu\/fr\/#organization\",\"name\":\"Energy Cities\",\"url\":\"https:\/\/energy-cities.eu\/fr\/\",\"sameAs\":[\"https:\/\/www.facebook.com\/energycities.eu\/\",\"https:\/\/www.youtube.com\/channel\/UChIHn2wF76JzuTbAjSMs0hQ\",\"https:\/\/fr.wikipedia.org\/wiki\/Energy_Cities\",\"https:\/\/twitter.com\/energycities\"],\"logo\":{\"@type\":\"ImageObject\",\"inLanguage\":\"fr-FR\",\"@id\":\"https:\/\/energy-cities.eu\/fr\/#\/schema\/logo\/image\/\",\"url\":\"https:\/\/energy-cities.eu\/wp-content\/uploads\/2019\/07\/energy-cities-couleur.jpg\",\"contentUrl\":\"https:\/\/energy-cities.eu\/wp-content\/uploads\/2019\/07\/energy-cities-couleur.jpg\",\"width\":3508,\"height\":2587,\"caption\":\"Energy Cities\"},\"image\":{\"@id\":\"https:\/\/energy-cities.eu\/fr\/#\/schema\/logo\/image\/\"}},{\"@type\":\"WebSite\",\"@id\":\"https:\/\/energy-cities.eu\/fr\/#website\",\"url\":\"https:\/\/energy-cities.eu\/fr\/\",\"name\":\"Energy Cities\",\"description\":\" The European learning community for future-proof cities\",\"publisher\":{\"@id\":\"https:\/\/energy-cities.eu\/fr\/#organization\"},\"potentialAction\":[{\"@type\":\"SearchAction\",\"target\":{\"@type\":\"EntryPoint\",\"urlTemplate\":\"https:\/\/energy-cities.eu\/fr\/?s={search_term_string}\"},\"query-input\":\"required name=search_term_string\"}],\"inLanguage\":\"fr-FR\"},{\"@type\":\"ImageObject\",\"inLanguage\":\"fr-FR\",\"@id\":\"https:\/\/energy-cities.eu\/fr\/portrait\/ilioupoli\/#primaryimage\",\"url\":\"https:\/\/energy-cities.eu\/wp-content\/uploads\/2021\/12\/despina-galani-qGtpTQrN7VU-unsplash-scaled.jpg\",\"contentUrl\":\"https:\/\/energy-cities.eu\/wp-content\/uploads\/2021\/12\/despina-galani-qGtpTQrN7VU-unsplash-scaled.jpg\",\"width\":1920,\"height\":2560,\"caption\":\"Despina Galani on Unsplash\"},{\"@type\":\"WebPage\",\"@id\":\"https:\/\/energy-cities.eu\/fr\/portrait\/ilioupoli\/#webpage\",\"url\":\"https:\/\/energy-cities.eu\/fr\/portrait\/ilioupoli\/\",\"name\":\"Communaut\u00e9 \u00e9nerg\u00e9tique au comptage net virtuel dans la r\u00e9gion d'Ath\u00e8nes - Energy Cities\",\"isPartOf\":{\"@id\":\"https:\/\/energy-cities.eu\/fr\/#website\"},\"primaryImageOfPage\":{\"@id\":\"https:\/\/energy-cities.eu\/fr\/portrait\/ilioupoli\/#primaryimage\"},\"datePublished\":\"2021-12-21T13:20:41+00:00\",\"dateModified\":\"2022-12-22T11:11:13+00:00\",\"breadcrumb\":{\"@id\":\"https:\/\/energy-cities.eu\/fr\/portrait\/ilioupoli\/#breadcrumb\"},\"inLanguage\":\"fr-FR\",\"potentialAction\":[{\"@type\":\"ReadAction\",\"target\":[\"https:\/\/energy-cities.eu\/fr\/portrait\/ilioupoli\/\"]}]},{\"@type\":\"BreadcrumbList\",\"@id\":\"https:\/\/energy-cities.eu\/fr\/portrait\/ilioupoli\/#breadcrumb\",\"itemListElement\":[{\"@type\":\"ListItem\",\"position\":1,\"name\":\"Home\",\"item\":\"https:\/\/energy-cities.eu\/fr\/nous-sommes-un-reseau-europeen-blabla\/\"},{\"@type\":\"ListItem\",\"position\":2,\"name\":\"Communaut\u00e9 \u00e9nerg\u00e9tique au comptage net virtuel dans la r\u00e9gion d'Ath\u00e8nes\"}]}]}<\/script>\n<!-- \/ Yoast SEO plugin. -->","yoast_head_json":{"title":"Communaut\u00e9 \u00e9nerg\u00e9tique au comptage net virtuel dans la r\u00e9gion d'Ath\u00e8nes - Energy Cities","robots":{"index":"index","follow":"follow","max-snippet":"max-snippet:-1","max-image-preview":"max-image-preview:large","max-video-preview":"max-video-preview:-1"},"canonical":"https:\/\/energy-cities.eu\/fr\/portrait\/ilioupoli\/","og_locale":"fr_FR","og_type":"article","og_title":"Communaut\u00e9 \u00e9nerg\u00e9tique au comptage net virtuel dans la r\u00e9gion d'Ath\u00e8nes - Energy Cities","og_description":"La Gr\u00e8ce est un pays riche en mati\u00e8re d'\u00e9nergies renouvelables et a \u00e9t\u00e9 le premier pays de l'UE \u00e0 se doter d'une loi sur les communaut\u00e9s \u00e9nerg\u00e9tiques d\u00e8s 2018. Dans son plan national pour l'\u00e9nergie et le climat, le gouvernement grec a fix\u00e9 un objectif de 1 GW en autoconsommation d'ici 2030. Nous avons voulu savoir comment cela se traduit par des actions concr\u00e8tes sur le terrain et avons fait un voyage virtuel \u00e0 Ilioupoli, une municipalit\u00e9 dans la banlieue d'Ath\u00e8nes.","og_url":"https:\/\/energy-cities.eu\/fr\/portrait\/ilioupoli\/","og_site_name":"Energy Cities","article_publisher":"https:\/\/www.facebook.com\/energycities.eu\/","article_modified_time":"2022-12-22T11:11:13+00:00","og_image":[{"width":1920,"height":2560,"url":"https:\/\/energy-cities.eu\/wp-content\/uploads\/2021\/12\/despina-galani-qGtpTQrN7VU-unsplash-scaled.jpg","type":"image\/jpeg"}],"twitter_card":"summary_large_image","twitter_site":"@energycities","twitter_misc":{"Dur\u00e9e de lecture estim\u00e9e":"2 minutes"},"schema":{"@context":"https:\/\/schema.org","@graph":[{"@type":"Organization","@id":"https:\/\/energy-cities.eu\/fr\/#organization","name":"Energy Cities","url":"https:\/\/energy-cities.eu\/fr\/","sameAs":["https:\/\/www.facebook.com\/energycities.eu\/","https:\/\/www.youtube.com\/channel\/UChIHn2wF76JzuTbAjSMs0hQ","https:\/\/fr.wikipedia.org\/wiki\/Energy_Cities","https:\/\/twitter.com\/energycities"],"logo":{"@type":"ImageObject","inLanguage":"fr-FR","@id":"https:\/\/energy-cities.eu\/fr\/#\/schema\/logo\/image\/","url":"https:\/\/energy-cities.eu\/wp-content\/uploads\/2019\/07\/energy-cities-couleur.jpg","contentUrl":"https:\/\/energy-cities.eu\/wp-content\/uploads\/2019\/07\/energy-cities-couleur.jpg","width":3508,"height":2587,"caption":"Energy Cities"},"image":{"@id":"https:\/\/energy-cities.eu\/fr\/#\/schema\/logo\/image\/"}},{"@type":"WebSite","@id":"https:\/\/energy-cities.eu\/fr\/#website","url":"https:\/\/energy-cities.eu\/fr\/","name":"Energy Cities","description":" The European learning community for future-proof cities","publisher":{"@id":"https:\/\/energy-cities.eu\/fr\/#organization"},"potentialAction":[{"@type":"SearchAction","target":{"@type":"EntryPoint","urlTemplate":"https:\/\/energy-cities.eu\/fr\/?s={search_term_string}"},"query-input":"required name=search_term_string"}],"inLanguage":"fr-FR"},{"@type":"ImageObject","inLanguage":"fr-FR","@id":"https:\/\/energy-cities.eu\/fr\/portrait\/ilioupoli\/#primaryimage","url":"https:\/\/energy-cities.eu\/wp-content\/uploads\/2021\/12\/despina-galani-qGtpTQrN7VU-unsplash-scaled.jpg","contentUrl":"https:\/\/energy-cities.eu\/wp-content\/uploads\/2021\/12\/despina-galani-qGtpTQrN7VU-unsplash-scaled.jpg","width":1920,"height":2560,"caption":"Despina Galani on Unsplash"},{"@type":"WebPage","@id":"https:\/\/energy-cities.eu\/fr\/portrait\/ilioupoli\/#webpage","url":"https:\/\/energy-cities.eu\/fr\/portrait\/ilioupoli\/","name":"Communaut\u00e9 \u00e9nerg\u00e9tique au comptage net virtuel dans la r\u00e9gion d'Ath\u00e8nes - Energy Cities","isPartOf":{"@id":"https:\/\/energy-cities.eu\/fr\/#website"},"primaryImageOfPage":{"@id":"https:\/\/energy-cities.eu\/fr\/portrait\/ilioupoli\/#primaryimage"},"datePublished":"2021-12-21T13:20:41+00:00","dateModified":"2022-12-22T11:11:13+00:00","breadcrumb":{"@id":"https:\/\/energy-cities.eu\/fr\/portrait\/ilioupoli\/#breadcrumb"},"inLanguage":"fr-FR","potentialAction":[{"@type":"ReadAction","target":["https:\/\/energy-cities.eu\/fr\/portrait\/ilioupoli\/"]}]},{"@type":"BreadcrumbList","@id":"https:\/\/energy-cities.eu\/fr\/portrait\/ilioupoli\/#breadcrumb","itemListElement":[{"@type":"ListItem","position":1,"name":"Home","item":"https:\/\/energy-cities.eu\/fr\/nous-sommes-un-reseau-europeen-blabla\/"},{"@type":"ListItem","position":2,"name":"Communaut\u00e9 \u00e9nerg\u00e9tique au comptage net virtuel dans la r\u00e9gion d'Ath\u00e8nes"}]}]}},"featured_img":"https:\/\/energy-cities.eu\/wp-content\/uploads\/2021\/12\/despina-galani-qGtpTQrN7VU-unsplash-scaled.jpg","coauthors":[],"author_meta":{"author_link":"https:\/\/energy-cities.eu\/fr\/staff\/m-eisermann\/","display_name":"Miriam Eisermann"},"relative_dates":{"created":"Publi\u00e9 4 ans il y a","modified":"Mis \u00e0 jour 3 ans il y a"},"absolute_dates":{"created":"Publi\u00e9 le 21 d\u00e9cembre 2021","modified":"Mise \u00e0 jour le 22 d\u00e9cembre 2022"},"absolute_dates_time":{"created":"Publi\u00e9 le 21 d\u00e9cembre 2021 2:20  ","modified":"Mise \u00e0 jour le 22 d\u00e9cembre 2022 12:11  "},"featured_img_caption":"Despina Galani on Unsplash","tax_additional":{"hub":{"linked":["<a href=\"https:\/\/energy-cities.eu\/fr\/hub\/energie-citoyenne\/\" class=\"advgb-post-tax-term\">\u00c9nergie citoyenne<\/a>"],"unlinked":["<span class=\"advgb-post-tax-term\">\u00c9nergie citoyenne<\/span>"],"slug":"hub","name":"Hubs"},"topic":{"linked":["<a href=\"https:\/\/energy-cities.eu\/fr\/th\u00e9matique\/renouvelables\/\" class=\"advgb-post-tax-term\">Renouvelables<\/a>","<a href=\"https:\/\/energy-cities.eu\/fr\/th\u00e9matique\/democratie-energetique\/\" class=\"advgb-post-tax-term\">D\u00e9mocratie \u00e9nerg\u00e9tique<\/a>"],"unlinked":["<span class=\"advgb-post-tax-term\">Renouvelables<\/span>","<span class=\"advgb-post-tax-term\">D\u00e9mocratie \u00e9nerg\u00e9tique<\/span>"],"slug":"topic","name":"Topics"}},"_links":{"self":[{"href":"https:\/\/energy-cities.eu\/fr\/wp-json\/wp\/v2\/inspiring-minds\/45058"}],"collection":[{"href":"https:\/\/energy-cities.eu\/fr\/wp-json\/wp\/v2\/inspiring-minds"}],"about":[{"href":"https:\/\/energy-cities.eu\/fr\/wp-json\/wp\/v2\/types\/inspiring-minds"}],"author":[{"embeddable":true,"href":"https:\/\/energy-cities.eu\/fr\/wp-json\/wp\/v2\/users\/25"}],"version-history":[{"count":21,"href":"https:\/\/energy-cities.eu\/fr\/wp-json\/wp\/v2\/inspiring-minds\/45058\/revisions"}],"predecessor-version":[{"id":59196,"href":"https:\/\/energy-cities.eu\/fr\/wp-json\/wp\/v2\/inspiring-minds\/45058\/revisions\/59196"}],"wp:featuredmedia":[{"embeddable":true,"href":"https:\/\/energy-cities.eu\/fr\/wp-json\/wp\/v2\/media\/45096"}],"wp:attachment":[{"href":"https:\/\/energy-cities.eu\/fr\/wp-json\/wp\/v2\/media?parent=45058"}],"wp:term":[{"taxonomy":"hub","embeddable":true,"href":"https:\/\/energy-cities.eu\/fr\/wp-json\/wp\/v2\/hub?post=45058"},{"taxonomy":"topic","embeddable":true,"href":"https:\/\/energy-cities.eu\/fr\/wp-json\/wp\/v2\/topic?post=45058"}],"curies":[{"name":"wp","href":"https:\/\/api.w.org\/{rel}","templated":true}]}}