{"id":47045,"date":"2022-03-16T11:55:19","date_gmt":"2022-03-16T10:55:19","guid":{"rendered":"https:\/\/energy-cities.eu\/?post_type=inspiring-minds&#038;p=47045"},"modified":"2022-12-22T12:11:11","modified_gmt":"2022-12-22T11:11:11","slug":"bigdata_et_innovation_barcelone","status":"publish","type":"inspiring-minds","link":"https:\/\/energy-cities.eu\/fr\/portrait\/bigdata_et_innovation_barcelone\/","title":{"rendered":"\u00ab\u00a0Avoir les personnes comp\u00e9tentes c&rsquo;est la cl\u00e9 pour traiter, comprendre et g\u00e9rer des donn\u00e9es.\u00a0\u00bb"},"content":{"rendered":"\n<p>Dans cet \u00e9pisode, Miriam a rencontr\u00e9 Pau Balcells du  <a href=\"https:\/\/ajuntament.barcelona.cat\/digital\/en\/digital-transformation\/city-data-commons\/municipal-data-office\" target=\"_blank\" rel=\"noreferrer noopener\">Barcelona Data Office<\/a>. Ensemble ils plongent dans le role des donn\u00e9es pour alimenter et \u00e9valuer des politiques innovantes et durables. La ville de Barcelone utilise les donn\u00e9es pour une meilleure prise de d\u00e9cision et dans le but de devenir des endroits plus intelligents et justes. Pendant la conversation, Pau donne son point de vue de pourquoi la \u00ab\u00a0big data\u00a0\u00bb est devenu un enjeu important de nos jours. Il parle aussi de l&rsquo;initiative <a href=\"https:\/\/www.datacitylab.com\/\" target=\"_blank\" rel=\"noreferrer noopener\">DataCity<\/a> Lab qui contribuera, entre autre, \u00e0 l&rsquo;objectif ambitieux de la ville d&rsquo;\u00e9radiquer la pr\u00e9carit\u00e9 \u00e9nerg\u00e9tique dans les huit ann\u00e9es \u00e0 venir.<\/p>\n\n\n\n<figure class=\"wp-block-embed is-type-rich is-provider-soundcloud wp-block-embed-soundcloud\"><div class=\"wp-block-embed__wrapper\">\n<iframe loading=\"lazy\" title=\"Pau Balcells about the data culture in the City of Barcelona by City stories: The podcast by Energy Cities\" width=\"500\" height=\"400\" scrolling=\"no\" frameborder=\"no\" src=\"https:\/\/w.soundcloud.com\/player\/?visual=true&#038;url=https%3A%2F%2Fapi.soundcloud.com%2Ftracks%2F1233216103&#038;show_artwork=true&#038;maxheight=750&#038;maxwidth=500\"><\/iframe>\n<\/div><\/figure>\n\n\n\n<p class=\"blue-message\"><strong>Cet \u00e9pisode de \u201cCity Stories\u201d vous est propos\u00e9 par le projet europ\u00e9en&nbsp;<a href=\"http:\/\/www.municipalpower.org\/\" target=\"_blank\" rel=\"noreferrer noopener\">mPower<\/a>. mPower explore comment les villes et les citoyens peuvent g\u00e9rer ensemble la transition \u00e9nerg\u00e9tique, de fa\u00e7on \u00e9quitable, propre et d\u00e9mocratique. La participation peut prendre des formes diff\u00e9rentes : de l\u2019implication des citoyens, des ONG locales ou des entreprises dans la d\u00e9finition d\u2019une politique \u00e0 une des \u00e9tapes de la cha\u00eene de valeur \u00e9nerg\u00e9tique : par exemple en tant que partie prenante ou m\u00eame en tant que producteur-consommateur. Le projet est financ\u00e9 par le programme europ\u00e9en Horizon 2020.<\/strong><\/p>\n\n\n\n<figure class=\"wp-block-image\"><img src=\"https:\/\/energy-cities.eu\/wp-content\/uploads\/2018\/12\/mPOWER-1024x239.jpg\" alt=\"This image has an empty alt attribute; its file name is mPOWER-1024x239.jpg\"\/><\/figure>\n\n\n\n<p><\/p>\n","protected":false},"excerpt":{"rendered":"<p>La ville de Barcelone utilise les donn\u00e9es pour une meilleure prise de d\u00e9cision et dans le but de devenir des endroits plus intelligents et justes. Dans cet \u00e9pisode, Pau Balcells donne son point de vue de pourquoi la \u00ab\u00a0big data\u00a0\u00bb est devenu un enjeu important de nos jours. Il parle aussi de l&rsquo;initiative DataCity Lab qui contribuera, entre autre, \u00e0 l&rsquo;objectif ambitieux de la ville d&rsquo;\u00e9radiquer la pr\u00e9carit\u00e9 \u00e9nerg\u00e9tique dans les huit ann\u00e9es \u00e0 venir.<\/p>\n","protected":false},"author":25,"featured_media":47006,"template":"","hub":[310,309],"topic":[102,108,110],"acf":[],"yoast_head":"<!-- This site is optimized with the Yoast SEO plugin v18.8 - https:\/\/yoast.com\/wordpress\/plugins\/seo\/ -->\n<title>&quot;Avoir les personnes comp\u00e9tentes c&#039;est la cl\u00e9 pour traiter, comprendre et g\u00e9rer des donn\u00e9es.&quot; - Energy Cities<\/title>\n<meta name=\"robots\" content=\"index, follow, max-snippet:-1, max-image-preview:large, max-video-preview:-1\" \/>\n<link rel=\"canonical\" href=\"https:\/\/energy-cities.eu\/fr\/portrait\/bigdata_et_innovation_barcelone\/\" \/>\n<meta property=\"og:locale\" content=\"fr_FR\" \/>\n<meta property=\"og:type\" content=\"article\" \/>\n<meta property=\"og:title\" content=\"&quot;Avoir les personnes comp\u00e9tentes c&#039;est la cl\u00e9 pour traiter, comprendre et g\u00e9rer des donn\u00e9es.&quot; - Energy Cities\" \/>\n<meta property=\"og:description\" content=\"La ville de Barcelone utilise les donn\u00e9es pour une meilleure prise de d\u00e9cision et dans le but de devenir des endroits plus intelligents et justes. Dans cet \u00e9pisode, Pau Balcells donne son point de vue de pourquoi la &quot;big data&quot; est devenu un enjeu important de nos jours. Il parle aussi de l&#039;initiative DataCity Lab qui contribuera, entre autre, \u00e0 l&#039;objectif ambitieux de la ville d&#039;\u00e9radiquer la pr\u00e9carit\u00e9 \u00e9nerg\u00e9tique dans les huit ann\u00e9es \u00e0 venir.\" \/>\n<meta property=\"og:url\" content=\"https:\/\/energy-cities.eu\/fr\/portrait\/bigdata_et_innovation_barcelone\/\" \/>\n<meta property=\"og:site_name\" content=\"Energy Cities\" \/>\n<meta property=\"article:publisher\" content=\"https:\/\/www.facebook.com\/energycities.eu\/\" \/>\n<meta property=\"article:modified_time\" content=\"2022-12-22T11:11:11+00:00\" \/>\n<meta property=\"og:image\" content=\"https:\/\/energy-cities.eu\/wp-content\/uploads\/2022\/03\/alexander-sinn-KgLtFCgfC28-unsplash-scaled.jpg\" \/>\n\t<meta property=\"og:image:width\" content=\"2560\" \/>\n\t<meta property=\"og:image:height\" content=\"1710\" \/>\n\t<meta property=\"og:image:type\" content=\"image\/jpeg\" \/>\n<meta name=\"twitter:card\" content=\"summary_large_image\" \/>\n<meta name=\"twitter:site\" content=\"@energycities\" \/>\n<meta name=\"twitter:label1\" content=\"Dur\u00e9e de lecture estim\u00e9e\" \/>\n\t<meta name=\"twitter:data1\" content=\"2 minutes\" \/>\n<script type=\"application\/ld+json\" class=\"yoast-schema-graph\">{\"@context\":\"https:\/\/schema.org\",\"@graph\":[{\"@type\":\"Organization\",\"@id\":\"https:\/\/energy-cities.eu\/fr\/#organization\",\"name\":\"Energy Cities\",\"url\":\"https:\/\/energy-cities.eu\/fr\/\",\"sameAs\":[\"https:\/\/www.facebook.com\/energycities.eu\/\",\"https:\/\/www.youtube.com\/channel\/UChIHn2wF76JzuTbAjSMs0hQ\",\"https:\/\/fr.wikipedia.org\/wiki\/Energy_Cities\",\"https:\/\/twitter.com\/energycities\"],\"logo\":{\"@type\":\"ImageObject\",\"inLanguage\":\"fr-FR\",\"@id\":\"https:\/\/energy-cities.eu\/fr\/#\/schema\/logo\/image\/\",\"url\":\"https:\/\/energy-cities.eu\/wp-content\/uploads\/2019\/07\/energy-cities-couleur.jpg\",\"contentUrl\":\"https:\/\/energy-cities.eu\/wp-content\/uploads\/2019\/07\/energy-cities-couleur.jpg\",\"width\":3508,\"height\":2587,\"caption\":\"Energy Cities\"},\"image\":{\"@id\":\"https:\/\/energy-cities.eu\/fr\/#\/schema\/logo\/image\/\"}},{\"@type\":\"WebSite\",\"@id\":\"https:\/\/energy-cities.eu\/fr\/#website\",\"url\":\"https:\/\/energy-cities.eu\/fr\/\",\"name\":\"Energy Cities\",\"description\":\" The European learning community for future-proof cities\",\"publisher\":{\"@id\":\"https:\/\/energy-cities.eu\/fr\/#organization\"},\"potentialAction\":[{\"@type\":\"SearchAction\",\"target\":{\"@type\":\"EntryPoint\",\"urlTemplate\":\"https:\/\/energy-cities.eu\/fr\/?s={search_term_string}\"},\"query-input\":\"required name=search_term_string\"}],\"inLanguage\":\"fr-FR\"},{\"@type\":\"ImageObject\",\"inLanguage\":\"fr-FR\",\"@id\":\"https:\/\/energy-cities.eu\/fr\/portrait\/bigdata_et_innovation_barcelone\/#primaryimage\",\"url\":\"https:\/\/energy-cities.eu\/wp-content\/uploads\/2022\/03\/alexander-sinn-KgLtFCgfC28-unsplash-scaled.jpg\",\"contentUrl\":\"https:\/\/energy-cities.eu\/wp-content\/uploads\/2022\/03\/alexander-sinn-KgLtFCgfC28-unsplash-scaled.jpg\",\"width\":2560,\"height\":1710,\"caption\":\"Alexander Sinn on Unsplash\"},{\"@type\":\"WebPage\",\"@id\":\"https:\/\/energy-cities.eu\/fr\/portrait\/bigdata_et_innovation_barcelone\/#webpage\",\"url\":\"https:\/\/energy-cities.eu\/fr\/portrait\/bigdata_et_innovation_barcelone\/\",\"name\":\"\\\"Avoir les personnes comp\u00e9tentes c'est la cl\u00e9 pour traiter, comprendre et g\u00e9rer des donn\u00e9es.\\\" - Energy Cities\",\"isPartOf\":{\"@id\":\"https:\/\/energy-cities.eu\/fr\/#website\"},\"primaryImageOfPage\":{\"@id\":\"https:\/\/energy-cities.eu\/fr\/portrait\/bigdata_et_innovation_barcelone\/#primaryimage\"},\"datePublished\":\"2022-03-16T10:55:19+00:00\",\"dateModified\":\"2022-12-22T11:11:11+00:00\",\"breadcrumb\":{\"@id\":\"https:\/\/energy-cities.eu\/fr\/portrait\/bigdata_et_innovation_barcelone\/#breadcrumb\"},\"inLanguage\":\"fr-FR\",\"potentialAction\":[{\"@type\":\"ReadAction\",\"target\":[\"https:\/\/energy-cities.eu\/fr\/portrait\/bigdata_et_innovation_barcelone\/\"]}]},{\"@type\":\"BreadcrumbList\",\"@id\":\"https:\/\/energy-cities.eu\/fr\/portrait\/bigdata_et_innovation_barcelone\/#breadcrumb\",\"itemListElement\":[{\"@type\":\"ListItem\",\"position\":1,\"name\":\"Home\",\"item\":\"https:\/\/energy-cities.eu\/fr\/nous-sommes-un-reseau-europeen-blabla\/\"},{\"@type\":\"ListItem\",\"position\":2,\"name\":\"\\\"Avoir les personnes comp\u00e9tentes c'est la cl\u00e9 pour traiter, comprendre et g\u00e9rer des donn\u00e9es.\\\"\"}]}]}<\/script>\n<!-- \/ Yoast SEO plugin. -->","yoast_head_json":{"title":"\"Avoir les personnes comp\u00e9tentes c'est la cl\u00e9 pour traiter, comprendre et g\u00e9rer des donn\u00e9es.\" - Energy Cities","robots":{"index":"index","follow":"follow","max-snippet":"max-snippet:-1","max-image-preview":"max-image-preview:large","max-video-preview":"max-video-preview:-1"},"canonical":"https:\/\/energy-cities.eu\/fr\/portrait\/bigdata_et_innovation_barcelone\/","og_locale":"fr_FR","og_type":"article","og_title":"\"Avoir les personnes comp\u00e9tentes c'est la cl\u00e9 pour traiter, comprendre et g\u00e9rer des donn\u00e9es.\" - Energy Cities","og_description":"La ville de Barcelone utilise les donn\u00e9es pour une meilleure prise de d\u00e9cision et dans le but de devenir des endroits plus intelligents et justes. Dans cet \u00e9pisode, Pau Balcells donne son point de vue de pourquoi la \"big data\" est devenu un enjeu important de nos jours. Il parle aussi de l'initiative DataCity Lab qui contribuera, entre autre, \u00e0 l'objectif ambitieux de la ville d'\u00e9radiquer la pr\u00e9carit\u00e9 \u00e9nerg\u00e9tique dans les huit ann\u00e9es \u00e0 venir.","og_url":"https:\/\/energy-cities.eu\/fr\/portrait\/bigdata_et_innovation_barcelone\/","og_site_name":"Energy Cities","article_publisher":"https:\/\/www.facebook.com\/energycities.eu\/","article_modified_time":"2022-12-22T11:11:11+00:00","og_image":[{"width":2560,"height":1710,"url":"https:\/\/energy-cities.eu\/wp-content\/uploads\/2022\/03\/alexander-sinn-KgLtFCgfC28-unsplash-scaled.jpg","type":"image\/jpeg"}],"twitter_card":"summary_large_image","twitter_site":"@energycities","twitter_misc":{"Dur\u00e9e de lecture estim\u00e9e":"2 minutes"},"schema":{"@context":"https:\/\/schema.org","@graph":[{"@type":"Organization","@id":"https:\/\/energy-cities.eu\/fr\/#organization","name":"Energy Cities","url":"https:\/\/energy-cities.eu\/fr\/","sameAs":["https:\/\/www.facebook.com\/energycities.eu\/","https:\/\/www.youtube.com\/channel\/UChIHn2wF76JzuTbAjSMs0hQ","https:\/\/fr.wikipedia.org\/wiki\/Energy_Cities","https:\/\/twitter.com\/energycities"],"logo":{"@type":"ImageObject","inLanguage":"fr-FR","@id":"https:\/\/energy-cities.eu\/fr\/#\/schema\/logo\/image\/","url":"https:\/\/energy-cities.eu\/wp-content\/uploads\/2019\/07\/energy-cities-couleur.jpg","contentUrl":"https:\/\/energy-cities.eu\/wp-content\/uploads\/2019\/07\/energy-cities-couleur.jpg","width":3508,"height":2587,"caption":"Energy Cities"},"image":{"@id":"https:\/\/energy-cities.eu\/fr\/#\/schema\/logo\/image\/"}},{"@type":"WebSite","@id":"https:\/\/energy-cities.eu\/fr\/#website","url":"https:\/\/energy-cities.eu\/fr\/","name":"Energy Cities","description":" The European learning community for future-proof cities","publisher":{"@id":"https:\/\/energy-cities.eu\/fr\/#organization"},"potentialAction":[{"@type":"SearchAction","target":{"@type":"EntryPoint","urlTemplate":"https:\/\/energy-cities.eu\/fr\/?s={search_term_string}"},"query-input":"required name=search_term_string"}],"inLanguage":"fr-FR"},{"@type":"ImageObject","inLanguage":"fr-FR","@id":"https:\/\/energy-cities.eu\/fr\/portrait\/bigdata_et_innovation_barcelone\/#primaryimage","url":"https:\/\/energy-cities.eu\/wp-content\/uploads\/2022\/03\/alexander-sinn-KgLtFCgfC28-unsplash-scaled.jpg","contentUrl":"https:\/\/energy-cities.eu\/wp-content\/uploads\/2022\/03\/alexander-sinn-KgLtFCgfC28-unsplash-scaled.jpg","width":2560,"height":1710,"caption":"Alexander Sinn on Unsplash"},{"@type":"WebPage","@id":"https:\/\/energy-cities.eu\/fr\/portrait\/bigdata_et_innovation_barcelone\/#webpage","url":"https:\/\/energy-cities.eu\/fr\/portrait\/bigdata_et_innovation_barcelone\/","name":"\"Avoir les personnes comp\u00e9tentes c'est la cl\u00e9 pour traiter, comprendre et g\u00e9rer des donn\u00e9es.\" - Energy Cities","isPartOf":{"@id":"https:\/\/energy-cities.eu\/fr\/#website"},"primaryImageOfPage":{"@id":"https:\/\/energy-cities.eu\/fr\/portrait\/bigdata_et_innovation_barcelone\/#primaryimage"},"datePublished":"2022-03-16T10:55:19+00:00","dateModified":"2022-12-22T11:11:11+00:00","breadcrumb":{"@id":"https:\/\/energy-cities.eu\/fr\/portrait\/bigdata_et_innovation_barcelone\/#breadcrumb"},"inLanguage":"fr-FR","potentialAction":[{"@type":"ReadAction","target":["https:\/\/energy-cities.eu\/fr\/portrait\/bigdata_et_innovation_barcelone\/"]}]},{"@type":"BreadcrumbList","@id":"https:\/\/energy-cities.eu\/fr\/portrait\/bigdata_et_innovation_barcelone\/#breadcrumb","itemListElement":[{"@type":"ListItem","position":1,"name":"Home","item":"https:\/\/energy-cities.eu\/fr\/nous-sommes-un-reseau-europeen-blabla\/"},{"@type":"ListItem","position":2,"name":"\"Avoir les personnes comp\u00e9tentes c'est la cl\u00e9 pour traiter, comprendre et g\u00e9rer des donn\u00e9es.\""}]}]}},"featured_img":"https:\/\/energy-cities.eu\/wp-content\/uploads\/2022\/03\/alexander-sinn-KgLtFCgfC28-unsplash-scaled.jpg","coauthors":[],"author_meta":{"author_link":"https:\/\/energy-cities.eu\/fr\/staff\/m-eisermann\/","display_name":"Miriam Eisermann"},"relative_dates":{"created":"Publi\u00e9 4 ans il y a","modified":"Mis \u00e0 jour 3 ans il y a"},"absolute_dates":{"created":"Publi\u00e9 le 16 mars 2022","modified":"Mise \u00e0 jour le 22 d\u00e9cembre 2022"},"absolute_dates_time":{"created":"Publi\u00e9 le 16 mars 2022 11:55  ","modified":"Mise \u00e0 jour le 22 d\u00e9cembre 2022 12:11  "},"featured_img_caption":"Alexander Sinn on Unsplash","tax_additional":{"hub":{"linked":["<a href=\"https:\/\/energy-cities.eu\/fr\/hub\/gouvernance-locale\/\" class=\"advgb-post-tax-term\">Gouvernance locale<\/a>","<a href=\"https:\/\/energy-cities.eu\/fr\/hub\/economies-locales\/\" class=\"advgb-post-tax-term\">\u00c9conomies justes<\/a>"],"unlinked":["<span class=\"advgb-post-tax-term\">Gouvernance locale<\/span>","<span class=\"advgb-post-tax-term\">\u00c9conomies justes<\/span>"],"slug":"hub","name":"Hubs"},"topic":{"linked":["<a href=\"https:\/\/energy-cities.eu\/fr\/th\u00e9matique\/outils-formation\/\" class=\"advgb-post-tax-term\">Outils &amp; formation<\/a>","<a href=\"https:\/\/energy-cities.eu\/fr\/th\u00e9matique\/democratie-energetique\/\" class=\"advgb-post-tax-term\">D\u00e9mocratie \u00e9nerg\u00e9tique<\/a>","<a href=\"https:\/\/energy-cities.eu\/fr\/th\u00e9matique\/planification-vision\/\" class=\"advgb-post-tax-term\">Vision &amp; Planification urbaine<\/a>"],"unlinked":["<span class=\"advgb-post-tax-term\">Outils &amp; formation<\/span>","<span class=\"advgb-post-tax-term\">D\u00e9mocratie \u00e9nerg\u00e9tique<\/span>","<span class=\"advgb-post-tax-term\">Vision &amp; Planification urbaine<\/span>"],"slug":"topic","name":"Topics"}},"_links":{"self":[{"href":"https:\/\/energy-cities.eu\/fr\/wp-json\/wp\/v2\/inspiring-minds\/47045"}],"collection":[{"href":"https:\/\/energy-cities.eu\/fr\/wp-json\/wp\/v2\/inspiring-minds"}],"about":[{"href":"https:\/\/energy-cities.eu\/fr\/wp-json\/wp\/v2\/types\/inspiring-minds"}],"author":[{"embeddable":true,"href":"https:\/\/energy-cities.eu\/fr\/wp-json\/wp\/v2\/users\/25"}],"version-history":[{"count":23,"href":"https:\/\/energy-cities.eu\/fr\/wp-json\/wp\/v2\/inspiring-minds\/47045\/revisions"}],"predecessor-version":[{"id":47085,"href":"https:\/\/energy-cities.eu\/fr\/wp-json\/wp\/v2\/inspiring-minds\/47045\/revisions\/47085"}],"wp:featuredmedia":[{"embeddable":true,"href":"https:\/\/energy-cities.eu\/fr\/wp-json\/wp\/v2\/media\/47006"}],"wp:attachment":[{"href":"https:\/\/energy-cities.eu\/fr\/wp-json\/wp\/v2\/media?parent=47045"}],"wp:term":[{"taxonomy":"hub","embeddable":true,"href":"https:\/\/energy-cities.eu\/fr\/wp-json\/wp\/v2\/hub?post=47045"},{"taxonomy":"topic","embeddable":true,"href":"https:\/\/energy-cities.eu\/fr\/wp-json\/wp\/v2\/topic?post=47045"}],"curies":[{"name":"wp","href":"https:\/\/api.w.org\/{rel}","templated":true}]}}