{"id":75236,"date":"2024-03-05T07:13:00","date_gmt":"2024-03-05T06:13:00","guid":{"rendered":"https:\/\/energy-cities.eu\/?post_type=inspiring-minds&#038;p=75236"},"modified":"2024-03-12T16:19:13","modified_gmt":"2024-03-12T15:19:13","slug":"les-communautes-energetiques-changent-les-mentalites-et-declenchent-un-retour-a-la-campagne","status":"publish","type":"inspiring-minds","link":"https:\/\/energy-cities.eu\/fr\/portrait\/les-communautes-energetiques-changent-les-mentalites-et-declenchent-un-retour-a-la-campagne\/","title":{"rendered":"Les communaut\u00e9s \u00e9nerg\u00e9tiques changent les mentalit\u00e9s et d\u00e9clenchent un retour \u00e0 la campagne"},"content":{"rendered":"\n<p>Aujourd&rsquo;hui, je parle avec Carlo Tacconelli. Carlo est un expert international en \u00e9nergie et le PDG d&rsquo;EnGreen, une start-up italienne sp\u00e9cialis\u00e9e dans les \u00e9nergies renouvelables. Carlo a 16 ans d&rsquo;exp\u00e9rience dans les syst\u00e8mes d&rsquo;\u00e9nergie renouvelable distribu\u00e9e en Europe et dans les pays en d\u00e9veloppement. Dans cet \u00e9pisode, Carlo partage une partie de son exp\u00e9rience, en mettant l&rsquo;accent sur l&rsquo;incroyable pouvoir des communaut\u00e9s \u00e9nerg\u00e9tiques.<\/p>\n\n\n\n<figure class=\"wp-block-embed is-type-rich is-provider-soundcloud wp-block-embed-soundcloud\"><div class=\"wp-block-embed__wrapper\">\n<iframe loading=\"lazy\" title=\"SCCALE interview with Carlo Tacconelli from EnGreen by City stories: The podcast by Energy Cities\" width=\"500\" height=\"400\" scrolling=\"no\" frameborder=\"no\" src=\"https:\/\/w.soundcloud.com\/player\/?visual=true&#038;url=https%3A%2F%2Fapi.soundcloud.com%2Ftracks%2F1760277624&#038;show_artwork=true&#038;maxheight=750&#038;maxwidth=500\"><\/iframe>\n<\/div><\/figure>\n\n\n\n<p>J&rsquo;ai quitt\u00e9 notre conversation avec beaucoup d&rsquo;optimisme, car Carlo parle de tous les cob\u00e9n\u00e9fices que les communaut\u00e9s \u00e9nerg\u00e9tiques peuvent apporter. J&rsquo;ai particuli\u00e8rement appr\u00e9ci\u00e9 de l&rsquo;entendre parler du potentiel d&rsquo;un retour \u00e0 la vie rurale et d&rsquo;une redynamisation de nos villages. Comme l&rsquo;\u00e9nergie renouvelable partag\u00e9e devient de plus en plus populaire dans les villages et cr\u00e9e des emplois, nous pourrions \u00eatre en mesure d&rsquo;inverser la tendance de l&rsquo;exode rurale. Certaines personnes pourraient d\u00e9cider de revenir vivre \u00e0 la campagne, pour vivre une vie plus sobre et r\u00e9siliente. Voici notre conversation avec une fantastique lueur d&rsquo;espoir !<\/p>\n\n\n\n<p><strong>Carlo a partag\u00e9 quelques ressources int\u00e9ressantes au cours de notre entretien. Vous pouvez consulter le <a href=\"https:\/\/rural-energy-community-hub.ec.europa.eu\/index_en\" target=\"_blank\" rel=\"noreferrer noopener\">Rural Energy Community Advisory Hub<\/a>.<\/strong><\/p>\n\n\n\n<div class=\"wp-block-image\"><figure class=\"alignleft size-full is-resized\"><img loading=\"lazy\" src=\"https:\/\/energy-cities.eu\/wp-content\/uploads\/2024\/03\/espresso-course-logo.png\" alt=\"\" class=\"wp-image-75255\" width=\"93\" height=\"93\" srcset=\"https:\/\/energy-cities.eu\/wp-content\/uploads\/2024\/03\/espresso-course-logo.png 300w, https:\/\/energy-cities.eu\/wp-content\/uploads\/2024\/03\/espresso-course-logo-250x250.png 250w, https:\/\/energy-cities.eu\/wp-content\/uploads\/2024\/03\/espresso-course-logo-150x150.png 150w\" sizes=\"(max-width: 93px) 100vw, 93px\" \/><\/figure><\/div>\n\n\n\n<p class=\"orange-message\"><strong>FORMATION COURTE POUR MUNICIPALITES: Si ce sujet vous int\u00e9resse, <\/strong>allez voir notre formation Espresso training 2024 avec 6 modules diff\u00e9rents autour des communaut\u00e9s \u00e9nerg\u00e9tiques. Elle est gratuite! <a href=\"https:\/\/localtransitionslearning.eu\/mod\/page\/view.php?id=239#tab-65e0474161a932\" target=\"_blank\" rel=\"noreferrer noopener\">D\u00e9tails et modalit\u00e9s d&rsquo;inscription.<\/a><\/p>\n\n\n\n<div class=\"wp-block-image\"><figure class=\"alignleft is-resized\"><img loading=\"lazy\" src=\"https:\/\/energy-cities.eu\/wp-content\/uploads\/2022\/07\/MicrosoftTeams-image-1-1024x530.png\" alt=\"\" width=\"293\" height=\"151\"\/><\/figure><\/div>\n\n\n\n<p><strong>Cet \u00e9pisode a \u00e9t\u00e9 r\u00e9alis\u00e9 avec le soutien de SCCALE 20-30-50. SCCALE est un projet de l\u2019UE (programme Horizon 2020) qui favorise la collaboration afin de mettre en place et de faire fonctionner beaucoup plus de communaut\u00e9s \u00e9nerg\u00e9tiques. L\u2019\u00e9quipe de SCCALE 20-30-50 travaille sur une m\u00e9thodologie et une bo\u00eete \u00e0 outils pour les citoyens, les villes et les d\u00e9cideurs politiques. Si vous souhaitez, vous aussi, voir davantage de communaut\u00e9s \u00e9nerg\u00e9tiques locales en Europe, consultez la bo\u00eete \u00e0 outils et explorez toutes les ressources du projet sur le site&nbsp;<a href=\"http:\/\/www.sccale203050.eu\/\" target=\"_blank\" rel=\"noreferrer noopener\">www.sccale203050.eu<\/a>.<\/strong><\/p>\n","protected":false},"excerpt":{"rendered":"<p>Comme l&rsquo;\u00e9nergie renouvelable partag\u00e9e devient de plus en plus populaire dans les villages et cr\u00e9e des emplois, nous pourrions \u00eatre en mesure d&rsquo;inverser la tendance de l&rsquo;exode rurale. Certaines personnes pourraient d\u00e9cider de revenir vivre \u00e0 la campagne, pour vivre une vie avec plus d&rsquo;auto-suffisance. <\/p>\n","protected":false},"author":25,"featured_media":75095,"template":"","hub":[306],"topic":[82,101,108,109],"acf":[],"yoast_head":"<!-- This site is optimized with the Yoast SEO plugin v18.8 - https:\/\/yoast.com\/wordpress\/plugins\/seo\/ -->\n<title>Les communaut\u00e9s \u00e9nerg\u00e9tiques changent les mentalit\u00e9s et d\u00e9clenchent un retour \u00e0 la campagne - Energy Cities<\/title>\n<meta name=\"robots\" content=\"index, follow, max-snippet:-1, max-image-preview:large, max-video-preview:-1\" \/>\n<link rel=\"canonical\" href=\"https:\/\/energy-cities.eu\/fr\/portrait\/les-communautes-energetiques-changent-les-mentalites-et-declenchent-un-retour-a-la-campagne\/\" \/>\n<meta property=\"og:locale\" content=\"fr_FR\" \/>\n<meta property=\"og:type\" content=\"article\" \/>\n<meta property=\"og:title\" content=\"Les communaut\u00e9s \u00e9nerg\u00e9tiques changent les mentalit\u00e9s et d\u00e9clenchent un retour \u00e0 la campagne - Energy Cities\" \/>\n<meta property=\"og:description\" content=\"Comme l&#039;\u00e9nergie renouvelable partag\u00e9e devient de plus en plus populaire dans les villages et cr\u00e9e des emplois, nous pourrions \u00eatre en mesure d&#039;inverser la tendance de l&#039;exode rurale. Certaines personnes pourraient d\u00e9cider de revenir vivre \u00e0 la campagne, pour vivre une vie avec plus d&#039;auto-suffisance.\" \/>\n<meta property=\"og:url\" content=\"https:\/\/energy-cities.eu\/fr\/portrait\/les-communautes-energetiques-changent-les-mentalites-et-declenchent-un-retour-a-la-campagne\/\" \/>\n<meta property=\"og:site_name\" content=\"Energy Cities\" \/>\n<meta property=\"article:publisher\" content=\"https:\/\/www.facebook.com\/energycities.eu\/\" \/>\n<meta property=\"article:modified_time\" content=\"2024-03-12T15:19:13+00:00\" \/>\n<meta property=\"og:image\" content=\"https:\/\/energy-cities.eu\/wp-content\/uploads\/2024\/02\/kai-pilger-DAMrAYZ3H2o-unsplash-scaled.jpg\" \/>\n\t<meta property=\"og:image:width\" content=\"1920\" \/>\n\t<meta property=\"og:image:height\" content=\"2560\" \/>\n\t<meta property=\"og:image:type\" content=\"image\/jpeg\" \/>\n<meta name=\"twitter:card\" content=\"summary_large_image\" \/>\n<meta name=\"twitter:site\" content=\"@energycities\" \/>\n<meta name=\"twitter:label1\" content=\"Dur\u00e9e de lecture estim\u00e9e\" \/>\n\t<meta name=\"twitter:data1\" content=\"2 minutes\" \/>\n<script type=\"application\/ld+json\" class=\"yoast-schema-graph\">{\"@context\":\"https:\/\/schema.org\",\"@graph\":[{\"@type\":\"Organization\",\"@id\":\"https:\/\/energy-cities.eu\/fr\/#organization\",\"name\":\"Energy Cities\",\"url\":\"https:\/\/energy-cities.eu\/fr\/\",\"sameAs\":[\"https:\/\/www.facebook.com\/energycities.eu\/\",\"https:\/\/www.youtube.com\/channel\/UChIHn2wF76JzuTbAjSMs0hQ\",\"https:\/\/fr.wikipedia.org\/wiki\/Energy_Cities\",\"https:\/\/twitter.com\/energycities\"],\"logo\":{\"@type\":\"ImageObject\",\"inLanguage\":\"fr-FR\",\"@id\":\"https:\/\/energy-cities.eu\/fr\/#\/schema\/logo\/image\/\",\"url\":\"https:\/\/energy-cities.eu\/wp-content\/uploads\/2019\/07\/energy-cities-couleur.jpg\",\"contentUrl\":\"https:\/\/energy-cities.eu\/wp-content\/uploads\/2019\/07\/energy-cities-couleur.jpg\",\"width\":3508,\"height\":2587,\"caption\":\"Energy Cities\"},\"image\":{\"@id\":\"https:\/\/energy-cities.eu\/fr\/#\/schema\/logo\/image\/\"}},{\"@type\":\"WebSite\",\"@id\":\"https:\/\/energy-cities.eu\/fr\/#website\",\"url\":\"https:\/\/energy-cities.eu\/fr\/\",\"name\":\"Energy Cities\",\"description\":\" The European learning community for future-proof cities\",\"publisher\":{\"@id\":\"https:\/\/energy-cities.eu\/fr\/#organization\"},\"potentialAction\":[{\"@type\":\"SearchAction\",\"target\":{\"@type\":\"EntryPoint\",\"urlTemplate\":\"https:\/\/energy-cities.eu\/fr\/?s={search_term_string}\"},\"query-input\":\"required name=search_term_string\"}],\"inLanguage\":\"fr-FR\"},{\"@type\":\"ImageObject\",\"inLanguage\":\"fr-FR\",\"@id\":\"https:\/\/energy-cities.eu\/fr\/portrait\/les-communautes-energetiques-changent-les-mentalites-et-declenchent-un-retour-a-la-campagne\/#primaryimage\",\"url\":\"https:\/\/energy-cities.eu\/wp-content\/uploads\/2024\/02\/kai-pilger-DAMrAYZ3H2o-unsplash-scaled.jpg\",\"contentUrl\":\"https:\/\/energy-cities.eu\/wp-content\/uploads\/2024\/02\/kai-pilger-DAMrAYZ3H2o-unsplash-scaled.jpg\",\"width\":1920,\"height\":2560,\"caption\":\"Kai Pilger on Unsplash\"},{\"@type\":\"WebPage\",\"@id\":\"https:\/\/energy-cities.eu\/fr\/portrait\/les-communautes-energetiques-changent-les-mentalites-et-declenchent-un-retour-a-la-campagne\/#webpage\",\"url\":\"https:\/\/energy-cities.eu\/fr\/portrait\/les-communautes-energetiques-changent-les-mentalites-et-declenchent-un-retour-a-la-campagne\/\",\"name\":\"Les communaut\u00e9s \u00e9nerg\u00e9tiques changent les mentalit\u00e9s et d\u00e9clenchent un retour \u00e0 la campagne - Energy Cities\",\"isPartOf\":{\"@id\":\"https:\/\/energy-cities.eu\/fr\/#website\"},\"primaryImageOfPage\":{\"@id\":\"https:\/\/energy-cities.eu\/fr\/portrait\/les-communautes-energetiques-changent-les-mentalites-et-declenchent-un-retour-a-la-campagne\/#primaryimage\"},\"datePublished\":\"2024-03-05T06:13:00+00:00\",\"dateModified\":\"2024-03-12T15:19:13+00:00\",\"breadcrumb\":{\"@id\":\"https:\/\/energy-cities.eu\/fr\/portrait\/les-communautes-energetiques-changent-les-mentalites-et-declenchent-un-retour-a-la-campagne\/#breadcrumb\"},\"inLanguage\":\"fr-FR\",\"potentialAction\":[{\"@type\":\"ReadAction\",\"target\":[\"https:\/\/energy-cities.eu\/fr\/portrait\/les-communautes-energetiques-changent-les-mentalites-et-declenchent-un-retour-a-la-campagne\/\"]}]},{\"@type\":\"BreadcrumbList\",\"@id\":\"https:\/\/energy-cities.eu\/fr\/portrait\/les-communautes-energetiques-changent-les-mentalites-et-declenchent-un-retour-a-la-campagne\/#breadcrumb\",\"itemListElement\":[{\"@type\":\"ListItem\",\"position\":1,\"name\":\"Home\",\"item\":\"https:\/\/energy-cities.eu\/fr\/nous-sommes-un-reseau-europeen-blabla\/\"},{\"@type\":\"ListItem\",\"position\":2,\"name\":\"Les communaut\u00e9s \u00e9nerg\u00e9tiques changent les mentalit\u00e9s et d\u00e9clenchent un retour \u00e0 la campagne\"}]}]}<\/script>\n<!-- \/ Yoast SEO plugin. -->","yoast_head_json":{"title":"Les communaut\u00e9s \u00e9nerg\u00e9tiques changent les mentalit\u00e9s et d\u00e9clenchent un retour \u00e0 la campagne - Energy Cities","robots":{"index":"index","follow":"follow","max-snippet":"max-snippet:-1","max-image-preview":"max-image-preview:large","max-video-preview":"max-video-preview:-1"},"canonical":"https:\/\/energy-cities.eu\/fr\/portrait\/les-communautes-energetiques-changent-les-mentalites-et-declenchent-un-retour-a-la-campagne\/","og_locale":"fr_FR","og_type":"article","og_title":"Les communaut\u00e9s \u00e9nerg\u00e9tiques changent les mentalit\u00e9s et d\u00e9clenchent un retour \u00e0 la campagne - Energy Cities","og_description":"Comme l'\u00e9nergie renouvelable partag\u00e9e devient de plus en plus populaire dans les villages et cr\u00e9e des emplois, nous pourrions \u00eatre en mesure d'inverser la tendance de l'exode rurale. Certaines personnes pourraient d\u00e9cider de revenir vivre \u00e0 la campagne, pour vivre une vie avec plus d'auto-suffisance.","og_url":"https:\/\/energy-cities.eu\/fr\/portrait\/les-communautes-energetiques-changent-les-mentalites-et-declenchent-un-retour-a-la-campagne\/","og_site_name":"Energy Cities","article_publisher":"https:\/\/www.facebook.com\/energycities.eu\/","article_modified_time":"2024-03-12T15:19:13+00:00","og_image":[{"width":1920,"height":2560,"url":"https:\/\/energy-cities.eu\/wp-content\/uploads\/2024\/02\/kai-pilger-DAMrAYZ3H2o-unsplash-scaled.jpg","type":"image\/jpeg"}],"twitter_card":"summary_large_image","twitter_site":"@energycities","twitter_misc":{"Dur\u00e9e de lecture estim\u00e9e":"2 minutes"},"schema":{"@context":"https:\/\/schema.org","@graph":[{"@type":"Organization","@id":"https:\/\/energy-cities.eu\/fr\/#organization","name":"Energy Cities","url":"https:\/\/energy-cities.eu\/fr\/","sameAs":["https:\/\/www.facebook.com\/energycities.eu\/","https:\/\/www.youtube.com\/channel\/UChIHn2wF76JzuTbAjSMs0hQ","https:\/\/fr.wikipedia.org\/wiki\/Energy_Cities","https:\/\/twitter.com\/energycities"],"logo":{"@type":"ImageObject","inLanguage":"fr-FR","@id":"https:\/\/energy-cities.eu\/fr\/#\/schema\/logo\/image\/","url":"https:\/\/energy-cities.eu\/wp-content\/uploads\/2019\/07\/energy-cities-couleur.jpg","contentUrl":"https:\/\/energy-cities.eu\/wp-content\/uploads\/2019\/07\/energy-cities-couleur.jpg","width":3508,"height":2587,"caption":"Energy Cities"},"image":{"@id":"https:\/\/energy-cities.eu\/fr\/#\/schema\/logo\/image\/"}},{"@type":"WebSite","@id":"https:\/\/energy-cities.eu\/fr\/#website","url":"https:\/\/energy-cities.eu\/fr\/","name":"Energy Cities","description":" The European learning community for future-proof cities","publisher":{"@id":"https:\/\/energy-cities.eu\/fr\/#organization"},"potentialAction":[{"@type":"SearchAction","target":{"@type":"EntryPoint","urlTemplate":"https:\/\/energy-cities.eu\/fr\/?s={search_term_string}"},"query-input":"required name=search_term_string"}],"inLanguage":"fr-FR"},{"@type":"ImageObject","inLanguage":"fr-FR","@id":"https:\/\/energy-cities.eu\/fr\/portrait\/les-communautes-energetiques-changent-les-mentalites-et-declenchent-un-retour-a-la-campagne\/#primaryimage","url":"https:\/\/energy-cities.eu\/wp-content\/uploads\/2024\/02\/kai-pilger-DAMrAYZ3H2o-unsplash-scaled.jpg","contentUrl":"https:\/\/energy-cities.eu\/wp-content\/uploads\/2024\/02\/kai-pilger-DAMrAYZ3H2o-unsplash-scaled.jpg","width":1920,"height":2560,"caption":"Kai Pilger on Unsplash"},{"@type":"WebPage","@id":"https:\/\/energy-cities.eu\/fr\/portrait\/les-communautes-energetiques-changent-les-mentalites-et-declenchent-un-retour-a-la-campagne\/#webpage","url":"https:\/\/energy-cities.eu\/fr\/portrait\/les-communautes-energetiques-changent-les-mentalites-et-declenchent-un-retour-a-la-campagne\/","name":"Les communaut\u00e9s \u00e9nerg\u00e9tiques changent les mentalit\u00e9s et d\u00e9clenchent un retour \u00e0 la campagne - Energy Cities","isPartOf":{"@id":"https:\/\/energy-cities.eu\/fr\/#website"},"primaryImageOfPage":{"@id":"https:\/\/energy-cities.eu\/fr\/portrait\/les-communautes-energetiques-changent-les-mentalites-et-declenchent-un-retour-a-la-campagne\/#primaryimage"},"datePublished":"2024-03-05T06:13:00+00:00","dateModified":"2024-03-12T15:19:13+00:00","breadcrumb":{"@id":"https:\/\/energy-cities.eu\/fr\/portrait\/les-communautes-energetiques-changent-les-mentalites-et-declenchent-un-retour-a-la-campagne\/#breadcrumb"},"inLanguage":"fr-FR","potentialAction":[{"@type":"ReadAction","target":["https:\/\/energy-cities.eu\/fr\/portrait\/les-communautes-energetiques-changent-les-mentalites-et-declenchent-un-retour-a-la-campagne\/"]}]},{"@type":"BreadcrumbList","@id":"https:\/\/energy-cities.eu\/fr\/portrait\/les-communautes-energetiques-changent-les-mentalites-et-declenchent-un-retour-a-la-campagne\/#breadcrumb","itemListElement":[{"@type":"ListItem","position":1,"name":"Home","item":"https:\/\/energy-cities.eu\/fr\/nous-sommes-un-reseau-europeen-blabla\/"},{"@type":"ListItem","position":2,"name":"Les communaut\u00e9s \u00e9nerg\u00e9tiques changent les mentalit\u00e9s et d\u00e9clenchent un retour \u00e0 la campagne"}]}]}},"featured_img":"https:\/\/energy-cities.eu\/wp-content\/uploads\/2024\/02\/kai-pilger-DAMrAYZ3H2o-unsplash-scaled.jpg","coauthors":[],"author_meta":{"author_link":"https:\/\/energy-cities.eu\/fr\/staff\/m-eisermann\/","display_name":"Miriam Eisermann"},"relative_dates":{"created":"Publi\u00e9 2 ans il y a","modified":"Mis \u00e0 jour 2 ans il y a"},"absolute_dates":{"created":"Publi\u00e9 le 05 mars 2024","modified":"Mise \u00e0 jour le 12 mars 2024"},"absolute_dates_time":{"created":"Publi\u00e9 le 05 mars 2024 7:13  ","modified":"Mise \u00e0 jour le 12 mars 2024 4:19  "},"featured_img_caption":"Kai Pilger on Unsplash","tax_additional":{"hub":{"linked":["<a href=\"https:\/\/energy-cities.eu\/fr\/hub\/energie-citoyenne\/\" class=\"advgb-post-tax-term\">\u00c9nergie citoyenne<\/a>"],"unlinked":["<span class=\"advgb-post-tax-term\">\u00c9nergie citoyenne<\/span>"],"slug":"hub","name":"Hubs"},"topic":{"linked":["<a href=\"https:\/\/energy-cities.eu\/fr\/th\u00e9matique\/gouvernance-participative\/\" class=\"advgb-post-tax-term\">Gouvernance participative<\/a>","<a href=\"https:\/\/energy-cities.eu\/fr\/th\u00e9matique\/renouvelables\/\" class=\"advgb-post-tax-term\">Renouvelables<\/a>","<a href=\"https:\/\/energy-cities.eu\/fr\/th\u00e9matique\/democratie-energetique\/\" class=\"advgb-post-tax-term\">D\u00e9mocratie \u00e9nerg\u00e9tique<\/a>","<a href=\"https:\/\/energy-cities.eu\/fr\/th\u00e9matique\/cooperation-fr\/\" class=\"advgb-post-tax-term\">Coop\u00e9ration<\/a>"],"unlinked":["<span class=\"advgb-post-tax-term\">Gouvernance participative<\/span>","<span class=\"advgb-post-tax-term\">Renouvelables<\/span>","<span class=\"advgb-post-tax-term\">D\u00e9mocratie \u00e9nerg\u00e9tique<\/span>","<span class=\"advgb-post-tax-term\">Coop\u00e9ration<\/span>"],"slug":"topic","name":"Topics"}},"_links":{"self":[{"href":"https:\/\/energy-cities.eu\/fr\/wp-json\/wp\/v2\/inspiring-minds\/75236"}],"collection":[{"href":"https:\/\/energy-cities.eu\/fr\/wp-json\/wp\/v2\/inspiring-minds"}],"about":[{"href":"https:\/\/energy-cities.eu\/fr\/wp-json\/wp\/v2\/types\/inspiring-minds"}],"author":[{"embeddable":true,"href":"https:\/\/energy-cities.eu\/fr\/wp-json\/wp\/v2\/users\/25"}],"version-history":[{"count":14,"href":"https:\/\/energy-cities.eu\/fr\/wp-json\/wp\/v2\/inspiring-minds\/75236\/revisions"}],"predecessor-version":[{"id":75448,"href":"https:\/\/energy-cities.eu\/fr\/wp-json\/wp\/v2\/inspiring-minds\/75236\/revisions\/75448"}],"wp:featuredmedia":[{"embeddable":true,"href":"https:\/\/energy-cities.eu\/fr\/wp-json\/wp\/v2\/media\/75095"}],"wp:attachment":[{"href":"https:\/\/energy-cities.eu\/fr\/wp-json\/wp\/v2\/media?parent=75236"}],"wp:term":[{"taxonomy":"hub","embeddable":true,"href":"https:\/\/energy-cities.eu\/fr\/wp-json\/wp\/v2\/hub?post=75236"},{"taxonomy":"topic","embeddable":true,"href":"https:\/\/energy-cities.eu\/fr\/wp-json\/wp\/v2\/topic?post=75236"}],"curies":[{"name":"wp","href":"https:\/\/api.w.org\/{rel}","templated":true}]}}