{"id":76925,"date":"2024-04-23T17:18:03","date_gmt":"2024-04-23T15:18:03","guid":{"rendered":"https:\/\/energy-cities.eu\/inspiring-mind\/municipal-procurement-for-energy-communities\/"},"modified":"2024-04-25T09:08:49","modified_gmt":"2024-04-25T07:08:49","slug":"marches-publics-municipaux-pour-communautes-energetiques","status":"publish","type":"inspiring-minds","link":"https:\/\/energy-cities.eu\/fr\/portrait\/marches-publics-municipaux-pour-communautes-energetiques\/","title":{"rendered":"March\u00e9s publics municipaux pour les communaut\u00e9s \u00e9nerg\u00e9tiques"},"content":{"rendered":"\n<p>Nous essayons tous de faire des choix \u00e9cologiques pour un monde plus durable. C&rsquo;est aussi le cas des collectivit\u00e9s locales en tant qu&rsquo;acheteurs publics. Par le biais des march\u00e9s publics, les autorit\u00e9s ach\u00e8tent des travaux, des biens ou des services. Les march\u00e9s publics \u00e9cologiques signifient que les autorit\u00e9s utilisent leur pouvoir d&rsquo;achat pour soutenir la transition vers des \u00e9nergies propres.<\/p>\n\n\n\n<p>Dans cet \u00e9pisode, Efren Guill\u00f2 Sansano, responsable de l&rsquo;innovation au sein de la coop\u00e9rative espagnole Grupo Enercoop, explique comment les processus d&rsquo;appel d&rsquo;offres peuvent ouvrir la voie aux communaut\u00e9s \u00e9nerg\u00e9tiques. Dans notre conversation, Efren prend l&rsquo;exemple de Crevillent, une municipalit\u00e9 espagnole proche d&rsquo;Alicante. Il y a quelques ann\u00e9es, le conseil municipal de Crevillent a mis en place une proc\u00e9dure de concession pour l&rsquo;installation de panneaux solaires sur les toits des b\u00e2timents municipaux et a ajout\u00e9 des crit\u00e8res communautaires sp\u00e9cifiques. L&rsquo;un d&rsquo;entre eux \u00e9tait que 80 % de l&rsquo;\u00e9lectricit\u00e9 produite sur les toits municipaux devait \u00eatre partag\u00e9e avec les citoyens locaux.<\/p>\n\n\n\n<figure class=\"wp-block-embed is-type-rich is-provider-soundcloud wp-block-embed-soundcloud\"><div class=\"wp-block-embed__wrapper\">\n<iframe loading=\"lazy\" title=\"SCCALE episode on public procurement for energy communities by City stories: The podcast by Energy Cities\" width=\"500\" height=\"400\" scrolling=\"no\" frameborder=\"no\" src=\"https:\/\/w.soundcloud.com\/player\/?visual=true&#038;url=https%3A%2F%2Fapi.soundcloud.com%2Ftracks%2F1806202749&#038;show_artwork=true&#038;maxheight=750&#038;maxwidth=500\"><\/iframe>\n<\/div><\/figure>\n\n\n\n<p>Pour en savoir plus, \u00e9coutez l&rsquo;entretien avec Efren, nous avons plong\u00e9 dans le monde merveilleux des appels d&rsquo;offres, des sp\u00e9cifications techniques et des crit\u00e8res d&rsquo;attribution.<\/p>\n\n\n\n<p class=\"orange-message\"><strong>OPPORTUNIT\u00c9 DE FORMATION GRATUITE : <\/strong>Si vous souhaitez approfondir ce sujet, veuillez consulter notre formation Community Energy Espresso 2024. <a href=\"https:\/\/localtransitionslearning.eu\/mod\/page\/view.php?id=239#tab-65e0474161a932\">D\u00e9tails et inscription ici<\/a>. <\/p>\n\n\n\n<p><\/p>\n\n\n\n<p><\/p>\n\n\n\n<div class=\"wp-block-image\"><figure class=\"alignleft is-resized\"><img loading=\"lazy\" src=\"https:\/\/energy-cities.eu\/wp-content\/uploads\/2022\/07\/MicrosoftTeams-image-1-1024x530.png\" alt=\"\" width=\"293\" height=\"151\"\/><\/figure><\/div>\n\n\n\n<p><strong>Cet \u00e9pisode a \u00e9t\u00e9 r\u00e9alis\u00e9 avec le soutien de SCCALE 20-30-50. SCCALE est un projet de l&rsquo;UE (programme Horizon 2020) qui favorise la collaboration afin de permettre \u00e0 un plus grand nombre de communaut\u00e9s \u00e9nerg\u00e9tiques de voir le jour et de fonctionner.<\/strong> <strong>Les partenaires de SCCALE203050 travaillent sur une m\u00e9thodologie et une bo\u00eete \u00e0 outils destin\u00e9es aux citoyens, aux villes et aux d\u00e9cideurs politiques. Si vous souhaitez vous aussi voir se multiplier les communaut\u00e9s \u00e9nerg\u00e9tiques locales en Europe, consultez la bo\u00eete \u00e0 outils et explorez toutes les ressources du projet sur le site web <a href=\"http:\/\/www.sccale203050.eu\" target=\"_blank\" rel=\"noreferrer noopener\">sccale203050.eu<\/a>.<\/strong><\/p>\n","protected":false},"excerpt":{"rendered":"<p>The Head of Innovation at the Spanish cooperative Grupo Enercoop explains how bidding processes can pave the way for energy communities. \u00a0In our conversation, Efren Guillo Sansano takes the example of Crevillent, a Spanish municipality close to Alicante. <\/p>\n","protected":false},"author":25,"featured_media":76870,"template":"","hub":[306],"topic":[82,101],"acf":[],"yoast_head":"<!-- This site is optimized with the Yoast SEO plugin v18.8 - https:\/\/yoast.com\/wordpress\/plugins\/seo\/ -->\n<title>March\u00e9s publics municipaux pour les communaut\u00e9s \u00e9nerg\u00e9tiques - Energy Cities<\/title>\n<meta name=\"robots\" content=\"index, follow, max-snippet:-1, max-image-preview:large, max-video-preview:-1\" \/>\n<link rel=\"canonical\" href=\"https:\/\/energy-cities.eu\/fr\/portrait\/marches-publics-municipaux-pour-communautes-energetiques\/\" \/>\n<meta property=\"og:locale\" content=\"fr_FR\" \/>\n<meta property=\"og:type\" content=\"article\" \/>\n<meta property=\"og:title\" content=\"March\u00e9s publics municipaux pour les communaut\u00e9s \u00e9nerg\u00e9tiques - Energy Cities\" \/>\n<meta property=\"og:description\" content=\"The Head of Innovation at the Spanish cooperative Grupo Enercoop explains how bidding processes can pave the way for energy communities. \u00a0In our conversation, Efren Guillo Sansano takes the example of Crevillent, a Spanish municipality close to Alicante.\" \/>\n<meta property=\"og:url\" content=\"https:\/\/energy-cities.eu\/fr\/portrait\/marches-publics-municipaux-pour-communautes-energetiques\/\" \/>\n<meta property=\"og:site_name\" content=\"Energy Cities\" \/>\n<meta property=\"article:publisher\" content=\"https:\/\/www.facebook.com\/energycities.eu\/\" \/>\n<meta property=\"article:modified_time\" content=\"2024-04-25T07:08:49+00:00\" \/>\n<meta property=\"og:image\" content=\"https:\/\/energy-cities.eu\/wp-content\/uploads\/2024\/04\/20240417_101907-scaled.jpg\" \/>\n\t<meta property=\"og:image:width\" content=\"2560\" \/>\n\t<meta property=\"og:image:height\" content=\"1440\" \/>\n\t<meta property=\"og:image:type\" content=\"image\/jpeg\" \/>\n<meta name=\"twitter:card\" content=\"summary_large_image\" \/>\n<meta name=\"twitter:site\" content=\"@energycities\" \/>\n<meta name=\"twitter:label1\" content=\"Dur\u00e9e de lecture estim\u00e9e\" \/>\n\t<meta name=\"twitter:data1\" content=\"2 minutes\" \/>\n<script type=\"application\/ld+json\" class=\"yoast-schema-graph\">{\"@context\":\"https:\/\/schema.org\",\"@graph\":[{\"@type\":\"Organization\",\"@id\":\"https:\/\/energy-cities.eu\/fr\/#organization\",\"name\":\"Energy Cities\",\"url\":\"https:\/\/energy-cities.eu\/fr\/\",\"sameAs\":[\"https:\/\/www.facebook.com\/energycities.eu\/\",\"https:\/\/www.youtube.com\/channel\/UChIHn2wF76JzuTbAjSMs0hQ\",\"https:\/\/fr.wikipedia.org\/wiki\/Energy_Cities\",\"https:\/\/twitter.com\/energycities\"],\"logo\":{\"@type\":\"ImageObject\",\"inLanguage\":\"fr-FR\",\"@id\":\"https:\/\/energy-cities.eu\/fr\/#\/schema\/logo\/image\/\",\"url\":\"https:\/\/energy-cities.eu\/wp-content\/uploads\/2019\/07\/energy-cities-couleur.jpg\",\"contentUrl\":\"https:\/\/energy-cities.eu\/wp-content\/uploads\/2019\/07\/energy-cities-couleur.jpg\",\"width\":3508,\"height\":2587,\"caption\":\"Energy Cities\"},\"image\":{\"@id\":\"https:\/\/energy-cities.eu\/fr\/#\/schema\/logo\/image\/\"}},{\"@type\":\"WebSite\",\"@id\":\"https:\/\/energy-cities.eu\/fr\/#website\",\"url\":\"https:\/\/energy-cities.eu\/fr\/\",\"name\":\"Energy Cities\",\"description\":\" The European learning community for future-proof cities\",\"publisher\":{\"@id\":\"https:\/\/energy-cities.eu\/fr\/#organization\"},\"potentialAction\":[{\"@type\":\"SearchAction\",\"target\":{\"@type\":\"EntryPoint\",\"urlTemplate\":\"https:\/\/energy-cities.eu\/fr\/?s={search_term_string}\"},\"query-input\":\"required name=search_term_string\"}],\"inLanguage\":\"fr-FR\"},{\"@type\":\"ImageObject\",\"inLanguage\":\"fr-FR\",\"@id\":\"https:\/\/energy-cities.eu\/fr\/portrait\/marches-publics-municipaux-pour-communautes-energetiques\/#primaryimage\",\"url\":\"https:\/\/energy-cities.eu\/wp-content\/uploads\/2024\/04\/20240417_101907-scaled.jpg\",\"contentUrl\":\"https:\/\/energy-cities.eu\/wp-content\/uploads\/2024\/04\/20240417_101907-scaled.jpg\",\"width\":2560,\"height\":1440,\"caption\":\"Miriam Eisermann\"},{\"@type\":\"WebPage\",\"@id\":\"https:\/\/energy-cities.eu\/fr\/portrait\/marches-publics-municipaux-pour-communautes-energetiques\/#webpage\",\"url\":\"https:\/\/energy-cities.eu\/fr\/portrait\/marches-publics-municipaux-pour-communautes-energetiques\/\",\"name\":\"March\u00e9s publics municipaux pour les communaut\u00e9s \u00e9nerg\u00e9tiques - Energy Cities\",\"isPartOf\":{\"@id\":\"https:\/\/energy-cities.eu\/fr\/#website\"},\"primaryImageOfPage\":{\"@id\":\"https:\/\/energy-cities.eu\/fr\/portrait\/marches-publics-municipaux-pour-communautes-energetiques\/#primaryimage\"},\"datePublished\":\"2024-04-23T15:18:03+00:00\",\"dateModified\":\"2024-04-25T07:08:49+00:00\",\"breadcrumb\":{\"@id\":\"https:\/\/energy-cities.eu\/fr\/portrait\/marches-publics-municipaux-pour-communautes-energetiques\/#breadcrumb\"},\"inLanguage\":\"fr-FR\",\"potentialAction\":[{\"@type\":\"ReadAction\",\"target\":[\"https:\/\/energy-cities.eu\/fr\/portrait\/marches-publics-municipaux-pour-communautes-energetiques\/\"]}]},{\"@type\":\"BreadcrumbList\",\"@id\":\"https:\/\/energy-cities.eu\/fr\/portrait\/marches-publics-municipaux-pour-communautes-energetiques\/#breadcrumb\",\"itemListElement\":[{\"@type\":\"ListItem\",\"position\":1,\"name\":\"Home\",\"item\":\"https:\/\/energy-cities.eu\/fr\/nous-sommes-un-reseau-europeen-blabla\/\"},{\"@type\":\"ListItem\",\"position\":2,\"name\":\"March\u00e9s publics municipaux pour les communaut\u00e9s \u00e9nerg\u00e9tiques\"}]}]}<\/script>\n<!-- \/ Yoast SEO plugin. -->","yoast_head_json":{"title":"March\u00e9s publics municipaux pour les communaut\u00e9s \u00e9nerg\u00e9tiques - Energy Cities","robots":{"index":"index","follow":"follow","max-snippet":"max-snippet:-1","max-image-preview":"max-image-preview:large","max-video-preview":"max-video-preview:-1"},"canonical":"https:\/\/energy-cities.eu\/fr\/portrait\/marches-publics-municipaux-pour-communautes-energetiques\/","og_locale":"fr_FR","og_type":"article","og_title":"March\u00e9s publics municipaux pour les communaut\u00e9s \u00e9nerg\u00e9tiques - Energy Cities","og_description":"The Head of Innovation at the Spanish cooperative Grupo Enercoop explains how bidding processes can pave the way for energy communities. \u00a0In our conversation, Efren Guillo Sansano takes the example of Crevillent, a Spanish municipality close to Alicante.","og_url":"https:\/\/energy-cities.eu\/fr\/portrait\/marches-publics-municipaux-pour-communautes-energetiques\/","og_site_name":"Energy Cities","article_publisher":"https:\/\/www.facebook.com\/energycities.eu\/","article_modified_time":"2024-04-25T07:08:49+00:00","og_image":[{"width":2560,"height":1440,"url":"https:\/\/energy-cities.eu\/wp-content\/uploads\/2024\/04\/20240417_101907-scaled.jpg","type":"image\/jpeg"}],"twitter_card":"summary_large_image","twitter_site":"@energycities","twitter_misc":{"Dur\u00e9e de lecture estim\u00e9e":"2 minutes"},"schema":{"@context":"https:\/\/schema.org","@graph":[{"@type":"Organization","@id":"https:\/\/energy-cities.eu\/fr\/#organization","name":"Energy Cities","url":"https:\/\/energy-cities.eu\/fr\/","sameAs":["https:\/\/www.facebook.com\/energycities.eu\/","https:\/\/www.youtube.com\/channel\/UChIHn2wF76JzuTbAjSMs0hQ","https:\/\/fr.wikipedia.org\/wiki\/Energy_Cities","https:\/\/twitter.com\/energycities"],"logo":{"@type":"ImageObject","inLanguage":"fr-FR","@id":"https:\/\/energy-cities.eu\/fr\/#\/schema\/logo\/image\/","url":"https:\/\/energy-cities.eu\/wp-content\/uploads\/2019\/07\/energy-cities-couleur.jpg","contentUrl":"https:\/\/energy-cities.eu\/wp-content\/uploads\/2019\/07\/energy-cities-couleur.jpg","width":3508,"height":2587,"caption":"Energy Cities"},"image":{"@id":"https:\/\/energy-cities.eu\/fr\/#\/schema\/logo\/image\/"}},{"@type":"WebSite","@id":"https:\/\/energy-cities.eu\/fr\/#website","url":"https:\/\/energy-cities.eu\/fr\/","name":"Energy Cities","description":" The European learning community for future-proof cities","publisher":{"@id":"https:\/\/energy-cities.eu\/fr\/#organization"},"potentialAction":[{"@type":"SearchAction","target":{"@type":"EntryPoint","urlTemplate":"https:\/\/energy-cities.eu\/fr\/?s={search_term_string}"},"query-input":"required name=search_term_string"}],"inLanguage":"fr-FR"},{"@type":"ImageObject","inLanguage":"fr-FR","@id":"https:\/\/energy-cities.eu\/fr\/portrait\/marches-publics-municipaux-pour-communautes-energetiques\/#primaryimage","url":"https:\/\/energy-cities.eu\/wp-content\/uploads\/2024\/04\/20240417_101907-scaled.jpg","contentUrl":"https:\/\/energy-cities.eu\/wp-content\/uploads\/2024\/04\/20240417_101907-scaled.jpg","width":2560,"height":1440,"caption":"Miriam Eisermann"},{"@type":"WebPage","@id":"https:\/\/energy-cities.eu\/fr\/portrait\/marches-publics-municipaux-pour-communautes-energetiques\/#webpage","url":"https:\/\/energy-cities.eu\/fr\/portrait\/marches-publics-municipaux-pour-communautes-energetiques\/","name":"March\u00e9s publics municipaux pour les communaut\u00e9s \u00e9nerg\u00e9tiques - Energy Cities","isPartOf":{"@id":"https:\/\/energy-cities.eu\/fr\/#website"},"primaryImageOfPage":{"@id":"https:\/\/energy-cities.eu\/fr\/portrait\/marches-publics-municipaux-pour-communautes-energetiques\/#primaryimage"},"datePublished":"2024-04-23T15:18:03+00:00","dateModified":"2024-04-25T07:08:49+00:00","breadcrumb":{"@id":"https:\/\/energy-cities.eu\/fr\/portrait\/marches-publics-municipaux-pour-communautes-energetiques\/#breadcrumb"},"inLanguage":"fr-FR","potentialAction":[{"@type":"ReadAction","target":["https:\/\/energy-cities.eu\/fr\/portrait\/marches-publics-municipaux-pour-communautes-energetiques\/"]}]},{"@type":"BreadcrumbList","@id":"https:\/\/energy-cities.eu\/fr\/portrait\/marches-publics-municipaux-pour-communautes-energetiques\/#breadcrumb","itemListElement":[{"@type":"ListItem","position":1,"name":"Home","item":"https:\/\/energy-cities.eu\/fr\/nous-sommes-un-reseau-europeen-blabla\/"},{"@type":"ListItem","position":2,"name":"March\u00e9s publics municipaux pour les communaut\u00e9s \u00e9nerg\u00e9tiques"}]}]}},"featured_img":"https:\/\/energy-cities.eu\/wp-content\/uploads\/2024\/04\/20240417_101907-scaled.jpg","coauthors":[],"author_meta":{"author_link":"https:\/\/energy-cities.eu\/fr\/staff\/m-eisermann\/","display_name":"Miriam Eisermann"},"relative_dates":{"created":"Publi\u00e9 2 ans il y a","modified":"Mis \u00e0 jour 2 ans il y a"},"absolute_dates":{"created":"Publi\u00e9 le 23 avril 2024","modified":"Mise \u00e0 jour le 25 avril 2024"},"absolute_dates_time":{"created":"Publi\u00e9 le 23 avril 2024 5:18  ","modified":"Mise \u00e0 jour le 25 avril 2024 9:08  "},"featured_img_caption":"Miriam Eisermann","tax_additional":{"hub":{"linked":["<a href=\"https:\/\/energy-cities.eu\/fr\/hub\/energie-citoyenne\/\" class=\"advgb-post-tax-term\">\u00c9nergie citoyenne<\/a>"],"unlinked":["<span class=\"advgb-post-tax-term\">\u00c9nergie citoyenne<\/span>"],"slug":"hub","name":"Hubs"},"topic":{"linked":["<a href=\"https:\/\/energy-cities.eu\/fr\/th\u00e9matique\/gouvernance-participative\/\" class=\"advgb-post-tax-term\">Gouvernance participative<\/a>","<a href=\"https:\/\/energy-cities.eu\/fr\/th\u00e9matique\/renouvelables\/\" class=\"advgb-post-tax-term\">Renouvelables<\/a>"],"unlinked":["<span class=\"advgb-post-tax-term\">Gouvernance participative<\/span>","<span class=\"advgb-post-tax-term\">Renouvelables<\/span>"],"slug":"topic","name":"Topics"}},"_links":{"self":[{"href":"https:\/\/energy-cities.eu\/fr\/wp-json\/wp\/v2\/inspiring-minds\/76925"}],"collection":[{"href":"https:\/\/energy-cities.eu\/fr\/wp-json\/wp\/v2\/inspiring-minds"}],"about":[{"href":"https:\/\/energy-cities.eu\/fr\/wp-json\/wp\/v2\/types\/inspiring-minds"}],"author":[{"embeddable":true,"href":"https:\/\/energy-cities.eu\/fr\/wp-json\/wp\/v2\/users\/25"}],"version-history":[{"count":9,"href":"https:\/\/energy-cities.eu\/fr\/wp-json\/wp\/v2\/inspiring-minds\/76925\/revisions"}],"predecessor-version":[{"id":76938,"href":"https:\/\/energy-cities.eu\/fr\/wp-json\/wp\/v2\/inspiring-minds\/76925\/revisions\/76938"}],"wp:featuredmedia":[{"embeddable":true,"href":"https:\/\/energy-cities.eu\/fr\/wp-json\/wp\/v2\/media\/76870"}],"wp:attachment":[{"href":"https:\/\/energy-cities.eu\/fr\/wp-json\/wp\/v2\/media?parent=76925"}],"wp:term":[{"taxonomy":"hub","embeddable":true,"href":"https:\/\/energy-cities.eu\/fr\/wp-json\/wp\/v2\/hub?post=76925"},{"taxonomy":"topic","embeddable":true,"href":"https:\/\/energy-cities.eu\/fr\/wp-json\/wp\/v2\/topic?post=76925"}],"curies":[{"name":"wp","href":"https:\/\/api.w.org\/{rel}","templated":true}]}}