{"id":83709,"date":"2025-01-13T10:09:05","date_gmt":"2025-01-13T09:09:05","guid":{"rendered":"https:\/\/energy-cities.eu\/inspiring-mind\/city-interventions-for-better-health-and-against-energy-poverty\/"},"modified":"2025-01-21T08:50:19","modified_gmt":"2025-01-21T07:50:19","slug":"interventions-municipalites-pour-meilleure-sante-et-contre-precarite-energetique","status":"publish","type":"inspiring-minds","link":"https:\/\/energy-cities.eu\/fr\/portrait\/interventions-municipalites-pour-meilleure-sante-et-contre-precarite-energetique\/","title":{"rendered":"Interventions des municipalit\u00e9s pour une meilleure sant\u00e9 et contre la pr\u00e9carit\u00e9 \u00e9nerg\u00e9tique"},"content":{"rendered":"\n<p><strong><strong>Voici le deuxi\u00e8me et dernier \u00e9pisode de notre s\u00e9rie consacr\u00e9e aux cons\u00e9quences \u00e0 la fois financi\u00e8res et en mati\u00e8re de sant\u00e9 publique de la pr\u00e9carit\u00e9 \u00e9nerg\u00e9tique. Dans l\u2019\u00e9pisode pr\u00e9c\u00e9dent, nous avons examin\u00e9 les strat\u00e9gies d\u2019adaptation et les besoins des personnes en situation de pr\u00e9carit\u00e9 \u00e9nerg\u00e9tique. Dans cet \u00e9pisode, nous allons discuter des diff\u00e9rentes mesures que nous pouvons prendre pour am\u00e9liorer la salubrit\u00e9 des logements. Cette s\u00e9rie traite de la mani\u00e8re dont les gouvernements locaux peuvent apporter des r\u00e9ponses et une aide concr\u00e8te, en particulier \u00e0 celles et ceux qui se trouvent d\u00e9j\u00e0 dans des situations fragiles ou compliqu\u00e9es. Comment peuvent-ils apporter une assistance dans les situations d\u2019urgence tout en cr\u00e9ant des conditions favorables \u00e0 long terme\u00a0?<\/strong><\/strong><\/p>\n\n\n\n<p>Notre pr\u00e9sentatrice Miriam\u00a0Eisermann discute de strat\u00e9gies urbaines avec deux femmes tr\u00e8s engag\u00e9es\u00a0: Victoria\u00a0Pellicer de Valence en Espagne (fondation Valencia Clima i Energia) et Agnes\u00a0Losonci, de l\u2019administration locale d\u2019\u00d3buda-B\u00e9k\u00e1smegyer, un arrondissement de la capitale hongroise Budapest. Malgr\u00e9 leurs diff\u00e9rences, Valence et \u00d3buda ont une chose en commun\u00a0: la pr\u00e9carit\u00e9 \u00e9nerg\u00e9tique est un probl\u00e8me. Victoria et Agnes nous d\u00e9voileront quels types de conseils et de mesures fonctionnent le mieux, et comment les strat\u00e9gies de leurs villes dans ce domaine ont \u00e9volu\u00e9 au fil du temps. Dans le cadre du projet WELLBASED, Valence et \u00d3buda faisaient partie d\u2019un groupe de six villes pilotes qui ont \u00e9tabli un lien entre la sant\u00e9 publique et l\u2019acc\u00e8s \u00e0 une \u00e9nergie abordable.<\/p>\n\n\n\n<figure class=\"wp-block-embed is-type-rich is-provider-soundcloud wp-block-embed-soundcloud\"><div class=\"wp-block-embed__wrapper\">\n<iframe loading=\"lazy\" title=\"City interventions for better health and against energy poverty by City stories: The podcast by Energy Cities\" width=\"500\" height=\"400\" scrolling=\"no\" frameborder=\"no\" src=\"https:\/\/w.soundcloud.com\/player\/?visual=true&#038;url=https%3A%2F%2Fapi.soundcloud.com%2Ftracks%2F2007891039&#038;show_artwork=true&#038;maxheight=750&#038;maxwidth=500\"><\/iframe>\n<\/div><\/figure>\n\n\n\n<p><strong><strong>Le quartier pilote \u00d3buda<\/strong>, <\/strong>situ\u00e9 dans l\u2019arrondissement de B\u00e9k\u00e1smegyer \u00e0 Budapest, a mis en \u0153uvre une s\u00e9rie de mesures visant \u00e0 am\u00e9liorer l\u2019efficacit\u00e9 \u00e9nerg\u00e9tique et \u00e0 lutter contre la pr\u00e9carit\u00e9 \u00e9nerg\u00e9tique. Cette localit\u00e9 pilote a r\u00e9alis\u00e9 des audits \u00e9nerg\u00e9tiques et a mis en place une assistance \u00e0 la gestion des arri\u00e9r\u00e9s \u00e0 destination des m\u00e9nages confront\u00e9s \u00e0 des difficult\u00e9s de paiement de leurs factures d\u2019\u00e9nergie. Les mesures comprenaient \u00e9galement une formation \u00e0 l\u2019efficacit\u00e9 \u00e9nerg\u00e9tique et l\u2019\u00e9ducation \u00e0 la gestion domestique, dans le but de doter les participant\u00b7es des comp\u00e9tences et des connaissances n\u00e9cessaires pour r\u00e9duire leur consommation d\u2019\u00e9nergie et g\u00e9rer plus efficacement les finances de leur foyer. L\u2019une des caract\u00e9ristiques notables du projet pilote d\u2019\u00d3buda a \u00e9t\u00e9 l\u2019accent mis sur les programmes de d\u00e9veloppement communautaire, qui visaient \u00e0 favoriser l\u2019action collective et la collaboration parmi les r\u00e9sident\u00b7es. Le quartier pilote a organis\u00e9 des programmes ax\u00e9s sur les comportements, des \u00e9v\u00e9nements communautaires et des activit\u00e9s de mobilisation des parties prenantes qui visaient \u00e0 sensibiliser \u00e0 la pr\u00e9carit\u00e9 \u00e9nerg\u00e9tique et \u00e0 promouvoir des comportements permettant d\u2019\u00e9conomiser l\u2019\u00e9nergie au niveau des m\u00e9nages. Vous pouvez \u00e9galement lire notre r\u00e9cent article sur <a href=\"https:\/\/energy-cities.eu\/housing-rights-budapests-challenges-and-solutions\/\" target=\"_blank\" rel=\"noreferrer noopener\">les d\u00e9fis actuels de Budapest en mati\u00e8re de logement<\/a>.<\/p>\n\n\n\n<p><strong><strong>La ville pilote de Valence<\/strong> <\/strong>a mis en \u0153uvre un programme complet de lutte contre la pr\u00e9carit\u00e9 \u00e9nerg\u00e9tique, ax\u00e9 sur des interventions pratiques et des initiatives communautaires. Les actions cl\u00e9s comprenaient des audits socio-\u00e9nerg\u00e9tiques, un soutien en cas d\u2019endettement \u00e9nerg\u00e9tique et des services d\u2019optimisation des factures. Ces mesures visaient \u00e0 r\u00e9duire la consommation d\u2019\u00e9nergie et \u00e0 all\u00e9ger la charge financi\u00e8re des m\u00e9nages vuln\u00e9rables. L\u2019une des principales mesures du projet pilote a \u00e9t\u00e9 la mise en place de l\u2019\u00e9cole citoyenne du droit \u00e0 l\u2019\u00e9nergie, qui a organis\u00e9 des r\u00e9unions communautaires r\u00e9guli\u00e8res et des sessions de formation pour les professionnels afin d\u2019am\u00e9liorer la d\u00e9tection et la gestion de la pr\u00e9carit\u00e9 \u00e9nerg\u00e9tique. Valence aide \u00e9galement les m\u00e9nages vuln\u00e9rables par le biais du partage d\u2019\u00e9nergie dans le cadre du <a href=\"http:\/\/www.socialenergyplayers.eu\">projet POWER UP<\/a><strong>.<\/strong><\/p>\n\n\n\n<p>\ud83d\udcc5\u00a0<strong><strong>Si vous souhaitez en savoir plus sur le sujet de l\u2019\u00e9quit\u00e9 en mati\u00e8re de services \u00e9nerg\u00e9tiques et sur la salubrit\u00e9 des habitations, vous pouvez participer \u00e0 l\u2019<\/strong><a href=\"https:\/\/wellbased.eu\/resources-2\/events\/\" target=\"_blank\" rel=\"noreferrer noopener\"><strong>\u00e9v\u00e9nement final WELLBASED<\/strong><\/a><strong> \u00e0 Valence le 20\u00a0f\u00e9vrier\u00a02025. Vous pourrez non seulement rencontrer nos 18\u00a0partenaires issus de 10\u00a0pays, y compris des municipalit\u00e9s, mais aussi en savoir plus sur nos interventions sur le terrain et sur la mani\u00e8re dont nous pouvons mieux allier la recherche, la pratique et la politique afin d\u2019apporter un changement durable.<\/strong><\/strong><\/p>\n\n\n\n<h2>A PROPOS DE WELLBASED<\/h2>\n\n\n\n<p>WELLBASED est un projet de recherche financ\u00e9 par le programme Horizon\u00a02020 de l\u2019UE. Il a commenc\u00e9 en 2021 et se termine en f\u00e9vrier 2025. Les autorit\u00e9s locales ont \u00e9t\u00e9 des acteurs cl\u00e9s dans le travail avec les m\u00e9nages en situation de pr\u00e9carit\u00e9 \u00e9nerg\u00e9tique. Pendant 18\u00a0mois et dans six villes europ\u00e9ennes, le projet WELLBASED a \u00e9tudi\u00e9 comment les personnes en situation de pr\u00e9carit\u00e9 \u00e9nerg\u00e9tique souffrent de probl\u00e8mes de sant\u00e9 et comment une s\u00e9rie de mesures &#8211; les programmes urbains WELLBASED &#8211; peuvent apporter un changement et un soutien aux personnes en situation de vuln\u00e9rabilit\u00e9. Au total, le projet a impliqu\u00e9 plus de 1\u00a0300\u00a0personnes en situation de pr\u00e9carit\u00e9 \u00e9nerg\u00e9tique aux Pays-Bas, en Espagne, au Royaume-Uni, en Hongrie, en Lettonie et en Turquie. De nombreuses mesures ont port\u00e9 sur l\u2019\u00e9nergie et la sant\u00e9, soit par le biais de conseils aux personnes, soit par des modifications mineures apport\u00e9es \u00e0 leur domicile. Leeds et Edirne ont mis en \u0153uvre des mesures plus co\u00fbteuses, comme le remplacement du syst\u00e8me de chauffage ou m\u00eame la r\u00e9novation compl\u00e8te des b\u00e2timents.<\/p>\n\n\n\n<p><br>Parall\u00e8lement, l\u2019\u00e9quipe de recherche s\u2019est rendue dans les foyers et a recueilli toutes sortes de donn\u00e9es, notamment des mesures sur le confort domestique (temp\u00e9rature, humidit\u00e9, niveaux de CO2), des questionnaires sur la sant\u00e9 (y compris sur la qualit\u00e9 du sommeil et le bien-\u00eatre mental) et les habitudes \u00e9nerg\u00e9tiques, ainsi que des mesures directes sur la sant\u00e9 (par exemple, la tension art\u00e9rielle). Des entretiens qualitatifs ont permis de recueillir l\u2019exp\u00e9rience v\u00e9cue par les personnes avant et apr\u00e8s les interventions.<\/p>\n","protected":false},"excerpt":{"rendered":"<p>Cet \u00e9pisode traite de la mani\u00e8re dont les gouvernements locaux peuvent apporter des r\u00e9ponses et une aide concr\u00e8te, en particulier aux personnes qui se trouvent d\u00e9j\u00e0 dans des situations fragiles ou compliqu\u00e9es. Comment peuvent-elles soutenir les situations d&rsquo;urgence tout en cr\u00e9ant des conditions de bien-\u00eatre \u00e0 long terme ? <\/p>\n","protected":false},"author":25,"featured_media":83468,"template":"","hub":[309],"topic":[22,108,110],"acf":[],"yoast_head":"<!-- This site is optimized with the Yoast SEO plugin v18.8 - https:\/\/yoast.com\/wordpress\/plugins\/seo\/ -->\n<title>Interventions des municipalit\u00e9s pour une meilleure sant\u00e9 et contre la pr\u00e9carit\u00e9 \u00e9nerg\u00e9tique - Energy Cities<\/title>\n<meta name=\"robots\" content=\"index, follow, max-snippet:-1, max-image-preview:large, max-video-preview:-1\" \/>\n<link rel=\"canonical\" href=\"https:\/\/energy-cities.eu\/fr\/portrait\/interventions-municipalites-pour-meilleure-sante-et-contre-precarite-energetique\/\" \/>\n<meta property=\"og:locale\" content=\"fr_FR\" \/>\n<meta property=\"og:type\" content=\"article\" \/>\n<meta property=\"og:title\" content=\"Interventions des municipalit\u00e9s pour une meilleure sant\u00e9 et contre la pr\u00e9carit\u00e9 \u00e9nerg\u00e9tique - Energy Cities\" \/>\n<meta property=\"og:description\" content=\"Cet \u00e9pisode traite de la mani\u00e8re dont les gouvernements locaux peuvent apporter des r\u00e9ponses et une aide concr\u00e8te, en particulier aux personnes qui se trouvent d\u00e9j\u00e0 dans des situations fragiles ou compliqu\u00e9es. Comment peuvent-elles soutenir les situations d&#039;urgence tout en cr\u00e9ant des conditions de bien-\u00eatre \u00e0 long terme ?\" \/>\n<meta property=\"og:url\" content=\"https:\/\/energy-cities.eu\/fr\/portrait\/interventions-municipalites-pour-meilleure-sante-et-contre-precarite-energetique\/\" \/>\n<meta property=\"og:site_name\" content=\"Energy Cities\" \/>\n<meta property=\"article:publisher\" content=\"https:\/\/www.facebook.com\/energycities.eu\/\" \/>\n<meta property=\"article:modified_time\" content=\"2025-01-21T07:50:19+00:00\" \/>\n<meta property=\"og:image\" content=\"https:\/\/energy-cities.eu\/wp-content\/uploads\/2025\/01\/SCCALE_Agnes_Vicky-scaled.jpg\" \/>\n\t<meta property=\"og:image:width\" content=\"2560\" \/>\n\t<meta property=\"og:image:height\" content=\"2048\" \/>\n\t<meta property=\"og:image:type\" content=\"image\/jpeg\" \/>\n<meta name=\"twitter:card\" content=\"summary_large_image\" \/>\n<meta name=\"twitter:site\" content=\"@energycities\" \/>\n<meta name=\"twitter:label1\" content=\"Dur\u00e9e de lecture estim\u00e9e\" \/>\n\t<meta name=\"twitter:data1\" content=\"4 minutes\" \/>\n<script type=\"application\/ld+json\" class=\"yoast-schema-graph\">{\"@context\":\"https:\/\/schema.org\",\"@graph\":[{\"@type\":\"Organization\",\"@id\":\"https:\/\/energy-cities.eu\/fr\/#organization\",\"name\":\"Energy Cities\",\"url\":\"https:\/\/energy-cities.eu\/fr\/\",\"sameAs\":[\"https:\/\/www.facebook.com\/energycities.eu\/\",\"https:\/\/www.youtube.com\/channel\/UChIHn2wF76JzuTbAjSMs0hQ\",\"https:\/\/fr.wikipedia.org\/wiki\/Energy_Cities\",\"https:\/\/twitter.com\/energycities\"],\"logo\":{\"@type\":\"ImageObject\",\"inLanguage\":\"fr-FR\",\"@id\":\"https:\/\/energy-cities.eu\/fr\/#\/schema\/logo\/image\/\",\"url\":\"https:\/\/energy-cities.eu\/wp-content\/uploads\/2019\/07\/energy-cities-couleur.jpg\",\"contentUrl\":\"https:\/\/energy-cities.eu\/wp-content\/uploads\/2019\/07\/energy-cities-couleur.jpg\",\"width\":3508,\"height\":2587,\"caption\":\"Energy Cities\"},\"image\":{\"@id\":\"https:\/\/energy-cities.eu\/fr\/#\/schema\/logo\/image\/\"}},{\"@type\":\"WebSite\",\"@id\":\"https:\/\/energy-cities.eu\/fr\/#website\",\"url\":\"https:\/\/energy-cities.eu\/fr\/\",\"name\":\"Energy Cities\",\"description\":\" The European learning community for future-proof cities\",\"publisher\":{\"@id\":\"https:\/\/energy-cities.eu\/fr\/#organization\"},\"potentialAction\":[{\"@type\":\"SearchAction\",\"target\":{\"@type\":\"EntryPoint\",\"urlTemplate\":\"https:\/\/energy-cities.eu\/fr\/?s={search_term_string}\"},\"query-input\":\"required name=search_term_string\"}],\"inLanguage\":\"fr-FR\"},{\"@type\":\"ImageObject\",\"inLanguage\":\"fr-FR\",\"@id\":\"https:\/\/energy-cities.eu\/fr\/portrait\/interventions-municipalites-pour-meilleure-sante-et-contre-precarite-energetique\/#primaryimage\",\"url\":\"https:\/\/energy-cities.eu\/wp-content\/uploads\/2025\/01\/SCCALE_Agnes_Vicky-scaled.jpg\",\"contentUrl\":\"https:\/\/energy-cities.eu\/wp-content\/uploads\/2025\/01\/SCCALE_Agnes_Vicky-scaled.jpg\",\"width\":2560,\"height\":2048},{\"@type\":\"WebPage\",\"@id\":\"https:\/\/energy-cities.eu\/fr\/portrait\/interventions-municipalites-pour-meilleure-sante-et-contre-precarite-energetique\/#webpage\",\"url\":\"https:\/\/energy-cities.eu\/fr\/portrait\/interventions-municipalites-pour-meilleure-sante-et-contre-precarite-energetique\/\",\"name\":\"Interventions des municipalit\u00e9s pour une meilleure sant\u00e9 et contre la pr\u00e9carit\u00e9 \u00e9nerg\u00e9tique - Energy Cities\",\"isPartOf\":{\"@id\":\"https:\/\/energy-cities.eu\/fr\/#website\"},\"primaryImageOfPage\":{\"@id\":\"https:\/\/energy-cities.eu\/fr\/portrait\/interventions-municipalites-pour-meilleure-sante-et-contre-precarite-energetique\/#primaryimage\"},\"datePublished\":\"2025-01-13T09:09:05+00:00\",\"dateModified\":\"2025-01-21T07:50:19+00:00\",\"breadcrumb\":{\"@id\":\"https:\/\/energy-cities.eu\/fr\/portrait\/interventions-municipalites-pour-meilleure-sante-et-contre-precarite-energetique\/#breadcrumb\"},\"inLanguage\":\"fr-FR\",\"potentialAction\":[{\"@type\":\"ReadAction\",\"target\":[\"https:\/\/energy-cities.eu\/fr\/portrait\/interventions-municipalites-pour-meilleure-sante-et-contre-precarite-energetique\/\"]}]},{\"@type\":\"BreadcrumbList\",\"@id\":\"https:\/\/energy-cities.eu\/fr\/portrait\/interventions-municipalites-pour-meilleure-sante-et-contre-precarite-energetique\/#breadcrumb\",\"itemListElement\":[{\"@type\":\"ListItem\",\"position\":1,\"name\":\"Home\",\"item\":\"https:\/\/energy-cities.eu\/fr\/nous-sommes-un-reseau-europeen-blabla\/\"},{\"@type\":\"ListItem\",\"position\":2,\"name\":\"Interventions des municipalit\u00e9s pour une meilleure sant\u00e9 et contre la pr\u00e9carit\u00e9 \u00e9nerg\u00e9tique\"}]}]}<\/script>\n<!-- \/ Yoast SEO plugin. -->","yoast_head_json":{"title":"Interventions des municipalit\u00e9s pour une meilleure sant\u00e9 et contre la pr\u00e9carit\u00e9 \u00e9nerg\u00e9tique - Energy Cities","robots":{"index":"index","follow":"follow","max-snippet":"max-snippet:-1","max-image-preview":"max-image-preview:large","max-video-preview":"max-video-preview:-1"},"canonical":"https:\/\/energy-cities.eu\/fr\/portrait\/interventions-municipalites-pour-meilleure-sante-et-contre-precarite-energetique\/","og_locale":"fr_FR","og_type":"article","og_title":"Interventions des municipalit\u00e9s pour une meilleure sant\u00e9 et contre la pr\u00e9carit\u00e9 \u00e9nerg\u00e9tique - Energy Cities","og_description":"Cet \u00e9pisode traite de la mani\u00e8re dont les gouvernements locaux peuvent apporter des r\u00e9ponses et une aide concr\u00e8te, en particulier aux personnes qui se trouvent d\u00e9j\u00e0 dans des situations fragiles ou compliqu\u00e9es. Comment peuvent-elles soutenir les situations d'urgence tout en cr\u00e9ant des conditions de bien-\u00eatre \u00e0 long terme ?","og_url":"https:\/\/energy-cities.eu\/fr\/portrait\/interventions-municipalites-pour-meilleure-sante-et-contre-precarite-energetique\/","og_site_name":"Energy Cities","article_publisher":"https:\/\/www.facebook.com\/energycities.eu\/","article_modified_time":"2025-01-21T07:50:19+00:00","og_image":[{"width":2560,"height":2048,"url":"https:\/\/energy-cities.eu\/wp-content\/uploads\/2025\/01\/SCCALE_Agnes_Vicky-scaled.jpg","type":"image\/jpeg"}],"twitter_card":"summary_large_image","twitter_site":"@energycities","twitter_misc":{"Dur\u00e9e de lecture estim\u00e9e":"4 minutes"},"schema":{"@context":"https:\/\/schema.org","@graph":[{"@type":"Organization","@id":"https:\/\/energy-cities.eu\/fr\/#organization","name":"Energy Cities","url":"https:\/\/energy-cities.eu\/fr\/","sameAs":["https:\/\/www.facebook.com\/energycities.eu\/","https:\/\/www.youtube.com\/channel\/UChIHn2wF76JzuTbAjSMs0hQ","https:\/\/fr.wikipedia.org\/wiki\/Energy_Cities","https:\/\/twitter.com\/energycities"],"logo":{"@type":"ImageObject","inLanguage":"fr-FR","@id":"https:\/\/energy-cities.eu\/fr\/#\/schema\/logo\/image\/","url":"https:\/\/energy-cities.eu\/wp-content\/uploads\/2019\/07\/energy-cities-couleur.jpg","contentUrl":"https:\/\/energy-cities.eu\/wp-content\/uploads\/2019\/07\/energy-cities-couleur.jpg","width":3508,"height":2587,"caption":"Energy Cities"},"image":{"@id":"https:\/\/energy-cities.eu\/fr\/#\/schema\/logo\/image\/"}},{"@type":"WebSite","@id":"https:\/\/energy-cities.eu\/fr\/#website","url":"https:\/\/energy-cities.eu\/fr\/","name":"Energy Cities","description":" The European learning community for future-proof cities","publisher":{"@id":"https:\/\/energy-cities.eu\/fr\/#organization"},"potentialAction":[{"@type":"SearchAction","target":{"@type":"EntryPoint","urlTemplate":"https:\/\/energy-cities.eu\/fr\/?s={search_term_string}"},"query-input":"required name=search_term_string"}],"inLanguage":"fr-FR"},{"@type":"ImageObject","inLanguage":"fr-FR","@id":"https:\/\/energy-cities.eu\/fr\/portrait\/interventions-municipalites-pour-meilleure-sante-et-contre-precarite-energetique\/#primaryimage","url":"https:\/\/energy-cities.eu\/wp-content\/uploads\/2025\/01\/SCCALE_Agnes_Vicky-scaled.jpg","contentUrl":"https:\/\/energy-cities.eu\/wp-content\/uploads\/2025\/01\/SCCALE_Agnes_Vicky-scaled.jpg","width":2560,"height":2048},{"@type":"WebPage","@id":"https:\/\/energy-cities.eu\/fr\/portrait\/interventions-municipalites-pour-meilleure-sante-et-contre-precarite-energetique\/#webpage","url":"https:\/\/energy-cities.eu\/fr\/portrait\/interventions-municipalites-pour-meilleure-sante-et-contre-precarite-energetique\/","name":"Interventions des municipalit\u00e9s pour une meilleure sant\u00e9 et contre la pr\u00e9carit\u00e9 \u00e9nerg\u00e9tique - Energy Cities","isPartOf":{"@id":"https:\/\/energy-cities.eu\/fr\/#website"},"primaryImageOfPage":{"@id":"https:\/\/energy-cities.eu\/fr\/portrait\/interventions-municipalites-pour-meilleure-sante-et-contre-precarite-energetique\/#primaryimage"},"datePublished":"2025-01-13T09:09:05+00:00","dateModified":"2025-01-21T07:50:19+00:00","breadcrumb":{"@id":"https:\/\/energy-cities.eu\/fr\/portrait\/interventions-municipalites-pour-meilleure-sante-et-contre-precarite-energetique\/#breadcrumb"},"inLanguage":"fr-FR","potentialAction":[{"@type":"ReadAction","target":["https:\/\/energy-cities.eu\/fr\/portrait\/interventions-municipalites-pour-meilleure-sante-et-contre-precarite-energetique\/"]}]},{"@type":"BreadcrumbList","@id":"https:\/\/energy-cities.eu\/fr\/portrait\/interventions-municipalites-pour-meilleure-sante-et-contre-precarite-energetique\/#breadcrumb","itemListElement":[{"@type":"ListItem","position":1,"name":"Home","item":"https:\/\/energy-cities.eu\/fr\/nous-sommes-un-reseau-europeen-blabla\/"},{"@type":"ListItem","position":2,"name":"Interventions des municipalit\u00e9s pour une meilleure sant\u00e9 et contre la pr\u00e9carit\u00e9 \u00e9nerg\u00e9tique"}]}]}},"featured_img":"https:\/\/energy-cities.eu\/wp-content\/uploads\/2025\/01\/SCCALE_Agnes_Vicky-scaled.jpg","coauthors":[],"author_meta":{"author_link":"https:\/\/energy-cities.eu\/fr\/staff\/m-eisermann\/","display_name":"Miriam Eisermann"},"relative_dates":{"created":"Publi\u00e9 1 an il y a","modified":"Mis \u00e0 jour 1 an il y a"},"absolute_dates":{"created":"Publi\u00e9 le 13 janvier 2025","modified":"Mise \u00e0 jour le 21 janvier 2025"},"absolute_dates_time":{"created":"Publi\u00e9 le 13 janvier 2025 10:09  ","modified":"Mise \u00e0 jour le 21 janvier 2025 8:50  "},"featured_img_caption":"","tax_additional":{"hub":{"linked":["<a href=\"https:\/\/energy-cities.eu\/fr\/hub\/economies-locales\/\" class=\"advgb-post-tax-term\">\u00c9conomies justes<\/a>"],"unlinked":["<span class=\"advgb-post-tax-term\">\u00c9conomies justes<\/span>"],"slug":"hub","name":"Hubs"},"topic":{"linked":["<a href=\"https:\/\/energy-cities.eu\/fr\/th\u00e9matique\/efficacite-energetique-batiments\/\" class=\"advgb-post-tax-term\">Efficacit\u00e9 \u00e9nerg\u00e9tique &amp; B\u00e2timents<\/a>","<a href=\"https:\/\/energy-cities.eu\/fr\/th\u00e9matique\/democratie-energetique\/\" class=\"advgb-post-tax-term\">D\u00e9mocratie \u00e9nerg\u00e9tique<\/a>","<a href=\"https:\/\/energy-cities.eu\/fr\/th\u00e9matique\/planification-vision\/\" class=\"advgb-post-tax-term\">Vision &amp; Planification urbaine<\/a>"],"unlinked":["<span class=\"advgb-post-tax-term\">Efficacit\u00e9 \u00e9nerg\u00e9tique &amp; B\u00e2timents<\/span>","<span class=\"advgb-post-tax-term\">D\u00e9mocratie \u00e9nerg\u00e9tique<\/span>","<span class=\"advgb-post-tax-term\">Vision &amp; Planification urbaine<\/span>"],"slug":"topic","name":"Topics"}},"_links":{"self":[{"href":"https:\/\/energy-cities.eu\/fr\/wp-json\/wp\/v2\/inspiring-minds\/83709"}],"collection":[{"href":"https:\/\/energy-cities.eu\/fr\/wp-json\/wp\/v2\/inspiring-minds"}],"about":[{"href":"https:\/\/energy-cities.eu\/fr\/wp-json\/wp\/v2\/types\/inspiring-minds"}],"author":[{"embeddable":true,"href":"https:\/\/energy-cities.eu\/fr\/wp-json\/wp\/v2\/users\/25"}],"version-history":[{"count":2,"href":"https:\/\/energy-cities.eu\/fr\/wp-json\/wp\/v2\/inspiring-minds\/83709\/revisions"}],"predecessor-version":[{"id":83712,"href":"https:\/\/energy-cities.eu\/fr\/wp-json\/wp\/v2\/inspiring-minds\/83709\/revisions\/83712"}],"wp:featuredmedia":[{"embeddable":true,"href":"https:\/\/energy-cities.eu\/fr\/wp-json\/wp\/v2\/media\/83468"}],"wp:attachment":[{"href":"https:\/\/energy-cities.eu\/fr\/wp-json\/wp\/v2\/media?parent=83709"}],"wp:term":[{"taxonomy":"hub","embeddable":true,"href":"https:\/\/energy-cities.eu\/fr\/wp-json\/wp\/v2\/hub?post=83709"},{"taxonomy":"topic","embeddable":true,"href":"https:\/\/energy-cities.eu\/fr\/wp-json\/wp\/v2\/topic?post=83709"}],"curies":[{"name":"wp","href":"https:\/\/api.w.org\/{rel}","templated":true}]}}