{"id":91872,"date":"2025-11-12T17:49:48","date_gmt":"2025-11-12T16:49:48","guid":{"rendered":"https:\/\/energy-cities.eu\/inspiring-mind\/housing-crisis-utrecht\/"},"modified":"2025-11-20T15:29:20","modified_gmt":"2025-11-20T14:29:20","slug":"crise-logement-utrecht","status":"publish","type":"inspiring-minds","link":"https:\/\/energy-cities.eu\/fr\/portrait\/crise-logement-utrecht\/","title":{"rendered":"Propri\u00e9taires ind\u00e9licats et logements vacants : comment la ville d&rsquo;Utrecht s&rsquo;attaque \u00e0 la crise du logement"},"content":{"rendered":"\n<p><strong>Dans de nombreuses villes europ\u00e9ennes, les habitants peinent \u00e0 trouver un logement abordable, qu&rsquo;il s&rsquo;agisse d&rsquo;une location ou d&rsquo;un achat. Paradoxalement, dans le m\u00eame temps, de nombreuses villes enregistrent un nombre croissant d&rsquo;espaces immobiliers vides et inutilis\u00e9s. Comment mieux faire correspondre l&rsquo;offre et la demande de logements ? Et comment les administrations publiques peuvent-elles reprendre le contr\u00f4le du parc immobilier ?<\/strong><\/p>\n\n\n\n<div class=\"wp-block-image is-style-default\"><figure class=\"aligncenter size-large is-resized\"><img loading=\"lazy\" src=\"https:\/\/energy-cities.eu\/wp-content\/uploads\/2025\/11\/20250924_082129-1024x576.jpg\" alt=\"\" class=\"wp-image-91599\" width=\"561\" height=\"315\" srcset=\"https:\/\/energy-cities.eu\/wp-content\/uploads\/2025\/11\/20250924_082129-1024x576.jpg 1024w, https:\/\/energy-cities.eu\/wp-content\/uploads\/2025\/11\/20250924_082129-350x197.jpg 350w, https:\/\/energy-cities.eu\/wp-content\/uploads\/2025\/11\/20250924_082129-1536x864.jpg 1536w, https:\/\/energy-cities.eu\/wp-content\/uploads\/2025\/11\/20250924_082129-2048x1152.jpg 2048w, https:\/\/energy-cities.eu\/wp-content\/uploads\/2025\/11\/20250924_082129-700x394.jpg 700w, https:\/\/energy-cities.eu\/wp-content\/uploads\/2025\/11\/20250924_082129-533x300.jpg 533w, https:\/\/energy-cities.eu\/wp-content\/uploads\/2025\/11\/20250924_082129-1600x900.jpg 1600w\" sizes=\"(max-width: 561px) 100vw, 561px\" \/><figcaption>Photo by Miriam Eisermann<\/figcaption><\/figure><\/div>\n\n\n\n<p>Nous avons pos\u00e9 la question \u00e0 M. Dennis de Vries, qui \u00e9tait notre invit\u00e9 lors du dernier 15\/15 Mayors Energy Talk organis\u00e9 par Energy Cities. M. de Vries est conseiller municipal de la ville d&rsquo;Utrecht, aux Pays-Bas, et responsable du logement et de l&rsquo;immobilier. Il travaille quotidiennement sur le d\u00e9fi de combiner la sobri\u00e9t\u00e9 et le bien-\u00eatre de tous les habitants. La ville d&rsquo;Utrecht compte plus de 370 000 habitants et devrait cro\u00eetre de 20 % au cours des 20 prochaines ann\u00e9es. La ville dispose de peu de terrains disponibles pour de nouveaux d\u00e9veloppements et les possibilit\u00e9s de logement social sont moins nombreuses qu&rsquo;il y a quelques ann\u00e9es. \u00c9coutez M. De Vries partager ses connaissances pratiques et ses id\u00e9es pour s&rsquo;attaquer de front \u00e0 la crise du logement.<\/p>\n\n\n\n<figure class=\"wp-block-embed is-type-rich is-provider-soundcloud wp-block-embed-soundcloud\"><div class=\"wp-block-embed__wrapper\">\n<iframe loading=\"lazy\" title=\"15\/15 Mayors Talk about the housing crisis with Dennis de Vries, Deputy Mayor at City of Utrecht by City stories: The podcast by Energy Cities\" width=\"500\" height=\"400\" scrolling=\"no\" frameborder=\"no\" src=\"https:\/\/w.soundcloud.com\/player\/?visual=true&#038;url=https%3A%2F%2Fapi.soundcloud.com%2Ftracks%2F2211328688&#038;show_artwork=true&#038;maxheight=750&#038;maxwidth=500\"><\/iframe>\n<\/div><\/figure>\n\n\n\n<p><\/p>\n\n\n\n<p><\/p>\n\n\n\n<div class=\"wp-block-media-text alignwide is-stacked-on-mobile\" style=\"grid-template-columns:20% auto\"><figure class=\"wp-block-media-text__media\"><img loading=\"lazy\" width=\"183\" height=\"218\" src=\"https:\/\/energy-cities.eu\/wp-content\/uploads\/2025\/11\/logo-ADEME.png\" alt=\"\" class=\"wp-image-91622 size-full\"\/><\/figure><div class=\"wp-block-media-text__content\">\n<p class=\"has-medium-font-size\"><strong>Cet \u00e9pisode a \u00e9t\u00e9 r\u00e9alis\u00e9 gr\u00e2ce au soutien financier de l&rsquo;<a href=\"https:\/\/www.ademe.fr\/\" target=\"_blank\" rel=\"noreferrer noopener\">ADEME<\/a>.<\/strong><\/p>\n<\/div><\/div>\n\n\n\n<p><\/p>\n","protected":false},"excerpt":{"rendered":"<p>Et paradoxalement, dans le m\u00eame temps, de nombreuses villes enregistrent un nombre croissant d&rsquo;espaces immobiliers vides et inutilis\u00e9s. Comment mieux faire correspondre l&rsquo;offre et la demande de logements ? Et comment les administrations publiques peuvent-elles reprendre le contr\u00f4le du parc immobilier ? <\/p>\n","protected":false},"author":25,"featured_media":91600,"template":"","hub":[310,309],"topic":[589,598],"acf":[],"yoast_head":"<!-- This site is optimized with the Yoast SEO plugin v18.8 - https:\/\/yoast.com\/wordpress\/plugins\/seo\/ -->\n<title>Propri\u00e9taires ind\u00e9licats et logements vacants : comment la ville d&#039;Utrecht s&#039;attaque \u00e0 la crise du logement - Energy Cities<\/title>\n<meta name=\"robots\" content=\"index, follow, max-snippet:-1, max-image-preview:large, max-video-preview:-1\" \/>\n<link rel=\"canonical\" href=\"https:\/\/energy-cities.eu\/fr\/portrait\/crise-logement-utrecht\/\" \/>\n<meta property=\"og:locale\" content=\"fr_FR\" \/>\n<meta property=\"og:type\" content=\"article\" \/>\n<meta property=\"og:title\" content=\"Propri\u00e9taires ind\u00e9licats et logements vacants : comment la ville d&#039;Utrecht s&#039;attaque \u00e0 la crise du logement - Energy Cities\" \/>\n<meta property=\"og:description\" content=\"Et paradoxalement, dans le m\u00eame temps, de nombreuses villes enregistrent un nombre croissant d&#039;espaces immobiliers vides et inutilis\u00e9s. Comment mieux faire correspondre l&#039;offre et la demande de logements ? Et comment les administrations publiques peuvent-elles reprendre le contr\u00f4le du parc immobilier ?\" \/>\n<meta property=\"og:url\" content=\"https:\/\/energy-cities.eu\/fr\/portrait\/crise-logement-utrecht\/\" \/>\n<meta property=\"og:site_name\" content=\"Energy Cities\" \/>\n<meta property=\"article:publisher\" content=\"https:\/\/www.facebook.com\/energycities.eu\/\" \/>\n<meta property=\"article:modified_time\" content=\"2025-11-20T14:29:20+00:00\" \/>\n<meta property=\"og:image\" content=\"https:\/\/energy-cities.eu\/wp-content\/uploads\/2025\/11\/20250924_082129-scaled.jpg\" \/>\n\t<meta property=\"og:image:width\" content=\"2560\" \/>\n\t<meta property=\"og:image:height\" content=\"1440\" \/>\n\t<meta property=\"og:image:type\" content=\"image\/jpeg\" \/>\n<meta name=\"twitter:card\" content=\"summary_large_image\" \/>\n<meta name=\"twitter:site\" content=\"@energycities\" \/>\n<meta name=\"twitter:label1\" content=\"Dur\u00e9e de lecture estim\u00e9e\" \/>\n\t<meta name=\"twitter:data1\" content=\"2 minutes\" \/>\n<script type=\"application\/ld+json\" class=\"yoast-schema-graph\">{\"@context\":\"https:\/\/schema.org\",\"@graph\":[{\"@type\":\"Organization\",\"@id\":\"https:\/\/energy-cities.eu\/fr\/#organization\",\"name\":\"Energy Cities\",\"url\":\"https:\/\/energy-cities.eu\/fr\/\",\"sameAs\":[\"https:\/\/www.facebook.com\/energycities.eu\/\",\"https:\/\/www.youtube.com\/channel\/UChIHn2wF76JzuTbAjSMs0hQ\",\"https:\/\/fr.wikipedia.org\/wiki\/Energy_Cities\",\"https:\/\/twitter.com\/energycities\"],\"logo\":{\"@type\":\"ImageObject\",\"inLanguage\":\"fr-FR\",\"@id\":\"https:\/\/energy-cities.eu\/fr\/#\/schema\/logo\/image\/\",\"url\":\"https:\/\/energy-cities.eu\/wp-content\/uploads\/2019\/07\/energy-cities-couleur.jpg\",\"contentUrl\":\"https:\/\/energy-cities.eu\/wp-content\/uploads\/2019\/07\/energy-cities-couleur.jpg\",\"width\":3508,\"height\":2587,\"caption\":\"Energy Cities\"},\"image\":{\"@id\":\"https:\/\/energy-cities.eu\/fr\/#\/schema\/logo\/image\/\"}},{\"@type\":\"WebSite\",\"@id\":\"https:\/\/energy-cities.eu\/fr\/#website\",\"url\":\"https:\/\/energy-cities.eu\/fr\/\",\"name\":\"Energy Cities\",\"description\":\" The European learning community for future-proof cities\",\"publisher\":{\"@id\":\"https:\/\/energy-cities.eu\/fr\/#organization\"},\"potentialAction\":[{\"@type\":\"SearchAction\",\"target\":{\"@type\":\"EntryPoint\",\"urlTemplate\":\"https:\/\/energy-cities.eu\/fr\/?s={search_term_string}\"},\"query-input\":\"required name=search_term_string\"}],\"inLanguage\":\"fr-FR\"},{\"@type\":\"ImageObject\",\"inLanguage\":\"fr-FR\",\"@id\":\"https:\/\/energy-cities.eu\/fr\/portrait\/crise-logement-utrecht\/#primaryimage\",\"url\":\"https:\/\/energy-cities.eu\/wp-content\/uploads\/2025\/11\/20250924_082129-scaled.jpg\",\"contentUrl\":\"https:\/\/energy-cities.eu\/wp-content\/uploads\/2025\/11\/20250924_082129-scaled.jpg\",\"width\":2560,\"height\":1440,\"caption\":\"Miriam Eisermann\"},{\"@type\":\"WebPage\",\"@id\":\"https:\/\/energy-cities.eu\/fr\/portrait\/crise-logement-utrecht\/#webpage\",\"url\":\"https:\/\/energy-cities.eu\/fr\/portrait\/crise-logement-utrecht\/\",\"name\":\"Propri\u00e9taires ind\u00e9licats et logements vacants : comment la ville d'Utrecht s'attaque \u00e0 la crise du logement - Energy Cities\",\"isPartOf\":{\"@id\":\"https:\/\/energy-cities.eu\/fr\/#website\"},\"primaryImageOfPage\":{\"@id\":\"https:\/\/energy-cities.eu\/fr\/portrait\/crise-logement-utrecht\/#primaryimage\"},\"datePublished\":\"2025-11-12T16:49:48+00:00\",\"dateModified\":\"2025-11-20T14:29:20+00:00\",\"breadcrumb\":{\"@id\":\"https:\/\/energy-cities.eu\/fr\/portrait\/crise-logement-utrecht\/#breadcrumb\"},\"inLanguage\":\"fr-FR\",\"potentialAction\":[{\"@type\":\"ReadAction\",\"target\":[\"https:\/\/energy-cities.eu\/fr\/portrait\/crise-logement-utrecht\/\"]}]},{\"@type\":\"BreadcrumbList\",\"@id\":\"https:\/\/energy-cities.eu\/fr\/portrait\/crise-logement-utrecht\/#breadcrumb\",\"itemListElement\":[{\"@type\":\"ListItem\",\"position\":1,\"name\":\"Home\",\"item\":\"https:\/\/energy-cities.eu\/fr\/nous-sommes-un-reseau-europeen-blabla\/\"},{\"@type\":\"ListItem\",\"position\":2,\"name\":\"Propri\u00e9taires ind\u00e9licats et logements vacants : comment la ville d&#8217;Utrecht s&#8217;attaque \u00e0 la crise du logement\"}]}]}<\/script>\n<!-- \/ Yoast SEO plugin. -->","yoast_head_json":{"title":"Propri\u00e9taires ind\u00e9licats et logements vacants : comment la ville d'Utrecht s'attaque \u00e0 la crise du logement - Energy Cities","robots":{"index":"index","follow":"follow","max-snippet":"max-snippet:-1","max-image-preview":"max-image-preview:large","max-video-preview":"max-video-preview:-1"},"canonical":"https:\/\/energy-cities.eu\/fr\/portrait\/crise-logement-utrecht\/","og_locale":"fr_FR","og_type":"article","og_title":"Propri\u00e9taires ind\u00e9licats et logements vacants : comment la ville d'Utrecht s'attaque \u00e0 la crise du logement - Energy Cities","og_description":"Et paradoxalement, dans le m\u00eame temps, de nombreuses villes enregistrent un nombre croissant d'espaces immobiliers vides et inutilis\u00e9s. Comment mieux faire correspondre l'offre et la demande de logements ? Et comment les administrations publiques peuvent-elles reprendre le contr\u00f4le du parc immobilier ?","og_url":"https:\/\/energy-cities.eu\/fr\/portrait\/crise-logement-utrecht\/","og_site_name":"Energy Cities","article_publisher":"https:\/\/www.facebook.com\/energycities.eu\/","article_modified_time":"2025-11-20T14:29:20+00:00","og_image":[{"width":2560,"height":1440,"url":"https:\/\/energy-cities.eu\/wp-content\/uploads\/2025\/11\/20250924_082129-scaled.jpg","type":"image\/jpeg"}],"twitter_card":"summary_large_image","twitter_site":"@energycities","twitter_misc":{"Dur\u00e9e de lecture estim\u00e9e":"2 minutes"},"schema":{"@context":"https:\/\/schema.org","@graph":[{"@type":"Organization","@id":"https:\/\/energy-cities.eu\/fr\/#organization","name":"Energy Cities","url":"https:\/\/energy-cities.eu\/fr\/","sameAs":["https:\/\/www.facebook.com\/energycities.eu\/","https:\/\/www.youtube.com\/channel\/UChIHn2wF76JzuTbAjSMs0hQ","https:\/\/fr.wikipedia.org\/wiki\/Energy_Cities","https:\/\/twitter.com\/energycities"],"logo":{"@type":"ImageObject","inLanguage":"fr-FR","@id":"https:\/\/energy-cities.eu\/fr\/#\/schema\/logo\/image\/","url":"https:\/\/energy-cities.eu\/wp-content\/uploads\/2019\/07\/energy-cities-couleur.jpg","contentUrl":"https:\/\/energy-cities.eu\/wp-content\/uploads\/2019\/07\/energy-cities-couleur.jpg","width":3508,"height":2587,"caption":"Energy Cities"},"image":{"@id":"https:\/\/energy-cities.eu\/fr\/#\/schema\/logo\/image\/"}},{"@type":"WebSite","@id":"https:\/\/energy-cities.eu\/fr\/#website","url":"https:\/\/energy-cities.eu\/fr\/","name":"Energy Cities","description":" The European learning community for future-proof cities","publisher":{"@id":"https:\/\/energy-cities.eu\/fr\/#organization"},"potentialAction":[{"@type":"SearchAction","target":{"@type":"EntryPoint","urlTemplate":"https:\/\/energy-cities.eu\/fr\/?s={search_term_string}"},"query-input":"required name=search_term_string"}],"inLanguage":"fr-FR"},{"@type":"ImageObject","inLanguage":"fr-FR","@id":"https:\/\/energy-cities.eu\/fr\/portrait\/crise-logement-utrecht\/#primaryimage","url":"https:\/\/energy-cities.eu\/wp-content\/uploads\/2025\/11\/20250924_082129-scaled.jpg","contentUrl":"https:\/\/energy-cities.eu\/wp-content\/uploads\/2025\/11\/20250924_082129-scaled.jpg","width":2560,"height":1440,"caption":"Miriam Eisermann"},{"@type":"WebPage","@id":"https:\/\/energy-cities.eu\/fr\/portrait\/crise-logement-utrecht\/#webpage","url":"https:\/\/energy-cities.eu\/fr\/portrait\/crise-logement-utrecht\/","name":"Propri\u00e9taires ind\u00e9licats et logements vacants : comment la ville d'Utrecht s'attaque \u00e0 la crise du logement - Energy Cities","isPartOf":{"@id":"https:\/\/energy-cities.eu\/fr\/#website"},"primaryImageOfPage":{"@id":"https:\/\/energy-cities.eu\/fr\/portrait\/crise-logement-utrecht\/#primaryimage"},"datePublished":"2025-11-12T16:49:48+00:00","dateModified":"2025-11-20T14:29:20+00:00","breadcrumb":{"@id":"https:\/\/energy-cities.eu\/fr\/portrait\/crise-logement-utrecht\/#breadcrumb"},"inLanguage":"fr-FR","potentialAction":[{"@type":"ReadAction","target":["https:\/\/energy-cities.eu\/fr\/portrait\/crise-logement-utrecht\/"]}]},{"@type":"BreadcrumbList","@id":"https:\/\/energy-cities.eu\/fr\/portrait\/crise-logement-utrecht\/#breadcrumb","itemListElement":[{"@type":"ListItem","position":1,"name":"Home","item":"https:\/\/energy-cities.eu\/fr\/nous-sommes-un-reseau-europeen-blabla\/"},{"@type":"ListItem","position":2,"name":"Propri\u00e9taires ind\u00e9licats et logements vacants : comment la ville d&#8217;Utrecht s&#8217;attaque \u00e0 la crise du logement"}]}]}},"featured_img":"https:\/\/energy-cities.eu\/wp-content\/uploads\/2025\/11\/20250924_082129-scaled.jpg","coauthors":[],"author_meta":{"author_link":"https:\/\/energy-cities.eu\/fr\/staff\/m-eisermann\/","display_name":"Miriam Eisermann"},"relative_dates":{"created":"Publi\u00e9 6 mois il y a","modified":"Mis \u00e0 jour 5 mois il y a"},"absolute_dates":{"created":"Publi\u00e9 le 12 novembre 2025","modified":"Mise \u00e0 jour le 20 novembre 2025"},"absolute_dates_time":{"created":"Publi\u00e9 le 12 novembre 2025 5:49  ","modified":"Mise \u00e0 jour le 20 novembre 2025 3:29  "},"featured_img_caption":"Miriam Eisermann","tax_additional":{"hub":{"linked":["<a href=\"https:\/\/energy-cities.eu\/fr\/hub\/gouvernance-locale\/\" class=\"advgb-post-tax-term\">Gouvernance locale<\/a>","<a href=\"https:\/\/energy-cities.eu\/fr\/hub\/economies-locales\/\" class=\"advgb-post-tax-term\">\u00c9conomies justes<\/a>"],"unlinked":["<span class=\"advgb-post-tax-term\">Gouvernance locale<\/span>","<span class=\"advgb-post-tax-term\">\u00c9conomies justes<\/span>"],"slug":"hub","name":"Hubs"},"topic":{"linked":["<a href=\"https:\/\/energy-cities.eu\/fr\/th\u00e9matique\/hub-economies-justes\/\" class=\"advgb-post-tax-term\">HUB Economies justes<\/a>","<a href=\"https:\/\/energy-cities.eu\/fr\/th\u00e9matique\/housing-fr\/\" class=\"advgb-post-tax-term\">Housing<\/a>"],"unlinked":["<span class=\"advgb-post-tax-term\">HUB Economies justes<\/span>","<span class=\"advgb-post-tax-term\">Housing<\/span>"],"slug":"topic","name":"Topics"}},"_links":{"self":[{"href":"https:\/\/energy-cities.eu\/fr\/wp-json\/wp\/v2\/inspiring-minds\/91872"}],"collection":[{"href":"https:\/\/energy-cities.eu\/fr\/wp-json\/wp\/v2\/inspiring-minds"}],"about":[{"href":"https:\/\/energy-cities.eu\/fr\/wp-json\/wp\/v2\/types\/inspiring-minds"}],"author":[{"embeddable":true,"href":"https:\/\/energy-cities.eu\/fr\/wp-json\/wp\/v2\/users\/25"}],"version-history":[{"count":2,"href":"https:\/\/energy-cities.eu\/fr\/wp-json\/wp\/v2\/inspiring-minds\/91872\/revisions"}],"predecessor-version":[{"id":91875,"href":"https:\/\/energy-cities.eu\/fr\/wp-json\/wp\/v2\/inspiring-minds\/91872\/revisions\/91875"}],"wp:featuredmedia":[{"embeddable":true,"href":"https:\/\/energy-cities.eu\/fr\/wp-json\/wp\/v2\/media\/91600"}],"wp:attachment":[{"href":"https:\/\/energy-cities.eu\/fr\/wp-json\/wp\/v2\/media?parent=91872"}],"wp:term":[{"taxonomy":"hub","embeddable":true,"href":"https:\/\/energy-cities.eu\/fr\/wp-json\/wp\/v2\/hub?post=91872"},{"taxonomy":"topic","embeddable":true,"href":"https:\/\/energy-cities.eu\/fr\/wp-json\/wp\/v2\/topic?post=91872"}],"curies":[{"name":"wp","href":"https:\/\/api.w.org\/{rel}","templated":true}]}}