{"id":12843,"date":"2019-05-10T11:01:16","date_gmt":"2019-05-10T11:01:16","guid":{"rendered":"http:\/\/ec.kuusi.ovh\/?post_type=members&#038;p=12843"},"modified":"2022-08-11T17:10:54","modified_gmt":"2022-08-11T15:10:54","slug":"ville-de-vienne","status":"publish","type":"members","link":"https:\/\/energy-cities.eu\/fr\/membre\/ville-de-vienne\/","title":{"rendered":"Ville de Vienne"},"content":{"rendered":"\n<p>Depuis le d\u00e9but de la crise d\u2019Ukraine, la ville de Vienne (ou <em>Wien<\/em>) a acc\u00e9l\u00e9r\u00e9 sa transition \u00e9nerg\u00e9tique pour devenir neutre climatiquement avant 2040. En 2021, la capitale autrichienne a publi\u00e9 sa <em>Climate Roadmap<\/em> qui quantifie les efforts qu\u2019elle devra fournir pour d\u00e9carboner ses secteurs d\u2019activit\u00e9s. Afin de r\u00e9duire et stabiliser son empreinte carbone \u00e0 60 millions de tonnes d\u2019\u00e9quivalent CO2, Wien mise sur le d\u00e9ploiement des \u00e9nergies renouvelables, la r\u00e9novation de son syst\u00e8me de chauffage et la participation citoyenne. Un budget cons\u00e9quent de 1.29 milliards d\u2019euros sera d\u00e9bloqu\u00e9 d\u2019ici 2027. D\u2019ici l\u00e0, la capitale mutualise ses connaissances et s\u2019inspire des bonnes pratiques \u00e0 l\u2019\u00e9chelle europ\u00e9enne.<\/p>\n\n\n\n<h2>Wien transforme son syst\u00e8me \u00e9nerg\u00e9tique<\/h2>\n\n\n\n<p>Wien a propos\u00e9 un budget de 1,29 milliards d\u2019euros afin de d\u00e9velopper les \u00e9nergies renouvelables et le secteur solaire et r\u00e9nover son syst\u00e8me de chaleur. Cela permettrait \u00e0 la capitale de d\u00e9carboner son parc immobilier et <a href=\"https:\/\/decarbcities.eu\/wp-content\/uploads\/2022\/05\/DecarbCities-conference-presentations.pdf\" target=\"_blank\" rel=\"noreferrer noopener\">baisser ses \u00e9missions globales de CO2 de 1,9 millions de tonnes<\/a>.<\/p>\n\n\n\n<p>Vienne <a href=\"https:\/\/decarbcitypipes2050.eu\/2022\/05\/17\/from-80-dependency-on-russian-gas-to-0-viennas-strategy-to-accelerate-its-fossil-fuel-independency\/\" target=\"_blank\" rel=\"noreferrer noopener\">couvrira sa demande \u00e9nerg\u00e9tique gr\u00e2ce<\/a> \u00e0 des pompes \u00e0 chaleur, l\u2019incin\u00e9ration de ses d\u00e9chets, la g\u00e9othermie, et le gaz vert, pour les pics de demande. La capitale est en train de mener une s\u00e9rie de test. Le premier en cours vise \u00e0 augmenter la production d\u2019hydrog\u00e8ne dans une centrale de cog\u00e9n\u00e9ration.<\/p>\n\n\n\n<p>En 2040, la capitale souhaite couvrir 56% de la demande de chaleur gr\u00e2ce \u00e0 l\u2019\u00e9nergie g\u00e9othermique. Des \u00e9tudes de terrain sont en phase de r\u00e9alisation. 55% du chauffage urbain district sera \u00e9galement pris en charge par une pompe \u00e0 chaleur \u00e0 grande \u00e9chelle. Celle-ci sera <a href=\"https:\/\/decarbcities.eu\/wp-content\/uploads\/2022\/05\/DecarbCities-conference-presentations.pdf\" target=\"_blank\" rel=\"noreferrer noopener\">install\u00e9e dans la station d\u2019\u00e9puration<\/a> avant 2040. En parall\u00e8le, Wien a instaur\u00e9 une subvention pour encourager le d\u00e9veloppement des pompes \u00e0 chaleur.<\/p>\n\n\n\n<h2>Les Viennois\u00b7es au c\u0153ur de la transition \u00e9nerg\u00e9tique locale<\/h2>\n\n\n\n<p>Le d\u00e9partement d\u00e9di\u00e9 au Planning de l\u2019Energie \u00e0 Wien <a href=\"https:\/\/decarbcitypipes2050.eu\/2022\/05\/17\/from-80-dependency-on-russian-gas-to-0-viennas-strategy-to-accelerate-its-fossil-fuel-independency\/\" target=\"_blank\" rel=\"noreferrer noopener\">int\u00e8gre \u00e0 sa strat\u00e9gie l\u2019action des citoyen\u00b7nes<\/a>. Pour soutenir la transition \u00e9nerg\u00e9tique et citoyenne, Wien a lanc\u00e9 le <a href=\"https:\/\/cordis.europa.eu\/project\/id\/847029\" target=\"_blank\" rel=\"noreferrer noopener\">projet RenoBooster<\/a>, suite du <a href=\"https:\/\/smartcity.wien.gv.at\/en\/smarter-together-2\/\" target=\"_blank\" rel=\"noreferrer noopener\">projet \u00ab&nbsp;Smarter Together&nbsp;\u00bb<\/a> (2016-2021) financ\u00e9 par la Commission Europ\u00e9enne. La ville a beaucoup de vieux b\u00e2timents complexes et chers \u00e0 r\u00e9nover. Avec ce projet, <a href=\"https:\/\/cordis.europa.eu\/project\/id\/847029\" target=\"_blank\" rel=\"noreferrer noopener\">la ville a cr\u00e9\u00e9 un guichet<\/a> o\u00f9 les propri\u00e9taires voulant r\u00e9nover leurs biens pourraient trouver gratuitement des conseils et des outils.<\/p>\n\n\n\n<p>Dans <a href=\"https:\/\/smartcity.wien.gv.at\/en\/smarter-together-2\/\" target=\"_blank\" rel=\"noreferrer noopener\">le quartier de Simmering<\/a>, le projet a aussi incit\u00e9 les habitant\u00b7es \u00e0 participer \u00e0 la transition \u00e9nerg\u00e9tique \u00e0 travers plus de 40 projets de r\u00e9novation ou d\u2019autopartage de voitures \u00e9lectriques. L\u2019autre projet <a href=\"https:\/\/smartcity.wien.gv.at\/en\/wieneu\/\" target=\"_blank\" rel=\"noreferrer noopener\">\u00ab&nbsp;WieNeu+&nbsp;\u00bb<\/a> vise \u00e0 favoriser l&rsquo;innovation dans les quartiers urbains locaux pour faire de Wien une ville intelligente et adapt\u00e9e avant 2030. Ce projet prend pour base la strat\u00e9gie <a href=\"https:\/\/smartcity.wien.gv.at\/\" target=\"_blank\" rel=\"noreferrer noopener\">\u00ab\u00a0Smart City Wien\u00a0\u00bb<\/a> et le programme Economie et Innovation 2030 de la m\u00e9tropole.<\/p>\n\n\n\n<p>\u00c0 l\u2019automne 2017, 6 000 locaux ont pris part au <a href=\"https:\/\/energy-cities.eu\/best-practice\/beat-the-street\/\" target=\"_blank\" rel=\"noreferrer noopener\">jeu de mobilit\u00e9 \u00ab&nbsp;Beat the Street&nbsp;\u00bb<\/a>, d\u2019autres ont emprunt\u00e9 un v\u00e9lo public et\/ou e-cargo gratuitement. En tant que ville pilote du projet, Wien se distingue par son approche int\u00e9gr\u00e9e de l&rsquo;action climatique et des mesures visant \u00e0 am\u00e9liorer la qualit\u00e9 de vie de sa population.<\/p>\n\n\n\n<hr class=\"wp-block-separator\"\/>\n\n\n\n<p><em>Sources&nbsp;: <\/em><a href=\"https:\/\/www.wien.gv.at\/\" target=\"_blank\" rel=\"noreferrer noopener\"><em>Site officiel<\/em><\/a><em> de la ville&nbsp;; la page de la strat\u00e9gie <\/em><a href=\"https:\/\/smartcity.wien.gv.at\/\" target=\"_blank\" rel=\"noreferrer noopener\"><em>\u00ab&nbsp;Smart City Wien&nbsp;\u00bb<\/em><\/a><em> et du projet <\/em><a href=\"https:\/\/smartcity.wien.gv.at\/en\/wieneu\/\"><em>\u00ab&nbsp;WieNeu+&nbsp;\u00bb<\/em><\/a><em> ; <\/em><a href=\"https:\/\/cordis.europa.eu\/project\/id\/847029\" target=\"_blank\" rel=\"noreferrer noopener\"><em>Page projet<\/em><\/a><em> de la Commission Europ\u00e9enne pour le projet RenoBooster&nbsp;; <\/em><a href=\"https:\/\/decarbcitypipes2050.eu\/2022\/05\/17\/from-80-dependency-on-russian-gas-to-0-viennas-strategy-to-accelerate-its-fossil-fuel-independency\/\" target=\"_blank\" rel=\"noreferrer noopener\"><em>article du projet europ\u00e9en<\/em><\/a><em> DecarbCityPipes2050&nbsp;; site du projet <\/em><a href=\"https:\/\/decarbcities.eu\/wp-content\/uploads\/2022\/05\/DecarbCities-conference-presentations.pdf\" target=\"_blank\" rel=\"noreferrer noopener\"><em>DecarbCities&nbsp;<\/em><\/a><em>; article de best practice d\u2019Energy Cities.<\/em><\/p>\n","protected":false},"author":47,"featured_media":16069,"template":"","countries":[97],"acf":[],"yoast_head":"<!-- This site is optimized with the Yoast SEO plugin v18.8 - https:\/\/yoast.com\/wordpress\/plugins\/seo\/ -->\n<title>Ville de Vienne - Energy Cities<\/title>\n<meta name=\"description\" content=\"Depuis le d\u00e9but de la crise d\u2019Ukraine, la ville de Vienne (ou Wien) a acc\u00e9l\u00e9r\u00e9 sa transition \u00e9nerg\u00e9tique pour devenir neutre climatiquement avant 2040\" \/>\n<meta name=\"robots\" content=\"index, follow, max-snippet:-1, max-image-preview:large, max-video-preview:-1\" \/>\n<link rel=\"canonical\" href=\"https:\/\/energy-cities.eu\/fr\/membre\/ville-de-vienne\/\" \/>\n<meta property=\"og:locale\" content=\"fr_FR\" \/>\n<meta property=\"og:type\" content=\"article\" \/>\n<meta property=\"og:title\" content=\"Ville de Vienne - Energy Cities\" \/>\n<meta property=\"og:description\" content=\"Depuis le d\u00e9but de la crise d\u2019Ukraine, la ville de Vienne (ou Wien) a acc\u00e9l\u00e9r\u00e9 sa transition \u00e9nerg\u00e9tique pour devenir neutre climatiquement avant 2040\" \/>\n<meta property=\"og:url\" content=\"https:\/\/energy-cities.eu\/fr\/membre\/ville-de-vienne\/\" \/>\n<meta property=\"og:site_name\" content=\"Energy Cities\" \/>\n<meta property=\"article:publisher\" content=\"https:\/\/www.facebook.com\/energycities.eu\/\" \/>\n<meta property=\"article:modified_time\" content=\"2022-08-11T15:10:54+00:00\" \/>\n<meta property=\"og:image\" content=\"https:\/\/energy-cities.eu\/wp-content\/uploads\/2019\/05\/City-view-of-Vienna-public-domain-2000x500-2.jpg\" \/>\n\t<meta property=\"og:image:width\" content=\"2000\" \/>\n\t<meta property=\"og:image:height\" content=\"500\" \/>\n\t<meta property=\"og:image:type\" content=\"image\/jpeg\" \/>\n<meta name=\"twitter:card\" content=\"summary_large_image\" \/>\n<meta name=\"twitter:site\" content=\"@energycities\" \/>\n<meta name=\"twitter:label1\" content=\"Dur\u00e9e de lecture estim\u00e9e\" \/>\n\t<meta name=\"twitter:data1\" content=\"3 minutes\" \/>\n<script type=\"application\/ld+json\" class=\"yoast-schema-graph\">{\"@context\":\"https:\/\/schema.org\",\"@graph\":[{\"@type\":\"Organization\",\"@id\":\"https:\/\/energy-cities.eu\/fr\/#organization\",\"name\":\"Energy Cities\",\"url\":\"https:\/\/energy-cities.eu\/fr\/\",\"sameAs\":[\"https:\/\/www.facebook.com\/energycities.eu\/\",\"https:\/\/www.youtube.com\/channel\/UChIHn2wF76JzuTbAjSMs0hQ\",\"https:\/\/fr.wikipedia.org\/wiki\/Energy_Cities\",\"https:\/\/twitter.com\/energycities\"],\"logo\":{\"@type\":\"ImageObject\",\"inLanguage\":\"fr-FR\",\"@id\":\"https:\/\/energy-cities.eu\/fr\/#\/schema\/logo\/image\/\",\"url\":\"https:\/\/energy-cities.eu\/wp-content\/uploads\/2019\/07\/energy-cities-couleur.jpg\",\"contentUrl\":\"https:\/\/energy-cities.eu\/wp-content\/uploads\/2019\/07\/energy-cities-couleur.jpg\",\"width\":3508,\"height\":2587,\"caption\":\"Energy Cities\"},\"image\":{\"@id\":\"https:\/\/energy-cities.eu\/fr\/#\/schema\/logo\/image\/\"}},{\"@type\":\"WebSite\",\"@id\":\"https:\/\/energy-cities.eu\/fr\/#website\",\"url\":\"https:\/\/energy-cities.eu\/fr\/\",\"name\":\"Energy Cities\",\"description\":\" The European learning community for future-proof cities\",\"publisher\":{\"@id\":\"https:\/\/energy-cities.eu\/fr\/#organization\"},\"potentialAction\":[{\"@type\":\"SearchAction\",\"target\":{\"@type\":\"EntryPoint\",\"urlTemplate\":\"https:\/\/energy-cities.eu\/fr\/?s={search_term_string}\"},\"query-input\":\"required name=search_term_string\"}],\"inLanguage\":\"fr-FR\"},{\"@type\":\"ImageObject\",\"inLanguage\":\"fr-FR\",\"@id\":\"https:\/\/energy-cities.eu\/fr\/membre\/ville-de-vienne\/#primaryimage\",\"url\":\"https:\/\/energy-cities.eu\/wp-content\/uploads\/2019\/05\/City-view-of-Vienna-public-domain-2000x500-2.jpg\",\"contentUrl\":\"https:\/\/energy-cities.eu\/wp-content\/uploads\/2019\/05\/City-view-of-Vienna-public-domain-2000x500-2.jpg\",\"width\":2000,\"height\":500,\"caption\":\"Public domain\"},{\"@type\":\"WebPage\",\"@id\":\"https:\/\/energy-cities.eu\/fr\/membre\/ville-de-vienne\/#webpage\",\"url\":\"https:\/\/energy-cities.eu\/fr\/membre\/ville-de-vienne\/\",\"name\":\"Ville de Vienne - Energy Cities\",\"isPartOf\":{\"@id\":\"https:\/\/energy-cities.eu\/fr\/#website\"},\"primaryImageOfPage\":{\"@id\":\"https:\/\/energy-cities.eu\/fr\/membre\/ville-de-vienne\/#primaryimage\"},\"datePublished\":\"2019-05-10T11:01:16+00:00\",\"dateModified\":\"2022-08-11T15:10:54+00:00\",\"description\":\"Depuis le d\u00e9but de la crise d\u2019Ukraine, la ville de Vienne (ou Wien) a acc\u00e9l\u00e9r\u00e9 sa transition \u00e9nerg\u00e9tique pour devenir neutre climatiquement avant 2040\",\"breadcrumb\":{\"@id\":\"https:\/\/energy-cities.eu\/fr\/membre\/ville-de-vienne\/#breadcrumb\"},\"inLanguage\":\"fr-FR\",\"potentialAction\":[{\"@type\":\"ReadAction\",\"target\":[\"https:\/\/energy-cities.eu\/fr\/membre\/ville-de-vienne\/\"]}]},{\"@type\":\"BreadcrumbList\",\"@id\":\"https:\/\/energy-cities.eu\/fr\/membre\/ville-de-vienne\/#breadcrumb\",\"itemListElement\":[{\"@type\":\"ListItem\",\"position\":1,\"name\":\"Home\",\"item\":\"https:\/\/energy-cities.eu\/fr\/nous-sommes-un-reseau-europeen-blabla\/\"},{\"@type\":\"ListItem\",\"position\":2,\"name\":\"Ville de Vienne\"}]}]}<\/script>\n<!-- \/ Yoast SEO plugin. -->","yoast_head_json":{"title":"Ville de Vienne - Energy Cities","description":"Depuis le d\u00e9but de la crise d\u2019Ukraine, la ville de Vienne (ou Wien) a acc\u00e9l\u00e9r\u00e9 sa transition \u00e9nerg\u00e9tique pour devenir neutre climatiquement avant 2040","robots":{"index":"index","follow":"follow","max-snippet":"max-snippet:-1","max-image-preview":"max-image-preview:large","max-video-preview":"max-video-preview:-1"},"canonical":"https:\/\/energy-cities.eu\/fr\/membre\/ville-de-vienne\/","og_locale":"fr_FR","og_type":"article","og_title":"Ville de Vienne - Energy Cities","og_description":"Depuis le d\u00e9but de la crise d\u2019Ukraine, la ville de Vienne (ou Wien) a acc\u00e9l\u00e9r\u00e9 sa transition \u00e9nerg\u00e9tique pour devenir neutre climatiquement avant 2040","og_url":"https:\/\/energy-cities.eu\/fr\/membre\/ville-de-vienne\/","og_site_name":"Energy Cities","article_publisher":"https:\/\/www.facebook.com\/energycities.eu\/","article_modified_time":"2022-08-11T15:10:54+00:00","og_image":[{"width":2000,"height":500,"url":"https:\/\/energy-cities.eu\/wp-content\/uploads\/2019\/05\/City-view-of-Vienna-public-domain-2000x500-2.jpg","type":"image\/jpeg"}],"twitter_card":"summary_large_image","twitter_site":"@energycities","twitter_misc":{"Dur\u00e9e de lecture estim\u00e9e":"3 minutes"},"schema":{"@context":"https:\/\/schema.org","@graph":[{"@type":"Organization","@id":"https:\/\/energy-cities.eu\/fr\/#organization","name":"Energy Cities","url":"https:\/\/energy-cities.eu\/fr\/","sameAs":["https:\/\/www.facebook.com\/energycities.eu\/","https:\/\/www.youtube.com\/channel\/UChIHn2wF76JzuTbAjSMs0hQ","https:\/\/fr.wikipedia.org\/wiki\/Energy_Cities","https:\/\/twitter.com\/energycities"],"logo":{"@type":"ImageObject","inLanguage":"fr-FR","@id":"https:\/\/energy-cities.eu\/fr\/#\/schema\/logo\/image\/","url":"https:\/\/energy-cities.eu\/wp-content\/uploads\/2019\/07\/energy-cities-couleur.jpg","contentUrl":"https:\/\/energy-cities.eu\/wp-content\/uploads\/2019\/07\/energy-cities-couleur.jpg","width":3508,"height":2587,"caption":"Energy Cities"},"image":{"@id":"https:\/\/energy-cities.eu\/fr\/#\/schema\/logo\/image\/"}},{"@type":"WebSite","@id":"https:\/\/energy-cities.eu\/fr\/#website","url":"https:\/\/energy-cities.eu\/fr\/","name":"Energy Cities","description":" The European learning community for future-proof cities","publisher":{"@id":"https:\/\/energy-cities.eu\/fr\/#organization"},"potentialAction":[{"@type":"SearchAction","target":{"@type":"EntryPoint","urlTemplate":"https:\/\/energy-cities.eu\/fr\/?s={search_term_string}"},"query-input":"required name=search_term_string"}],"inLanguage":"fr-FR"},{"@type":"ImageObject","inLanguage":"fr-FR","@id":"https:\/\/energy-cities.eu\/fr\/membre\/ville-de-vienne\/#primaryimage","url":"https:\/\/energy-cities.eu\/wp-content\/uploads\/2019\/05\/City-view-of-Vienna-public-domain-2000x500-2.jpg","contentUrl":"https:\/\/energy-cities.eu\/wp-content\/uploads\/2019\/05\/City-view-of-Vienna-public-domain-2000x500-2.jpg","width":2000,"height":500,"caption":"Public domain"},{"@type":"WebPage","@id":"https:\/\/energy-cities.eu\/fr\/membre\/ville-de-vienne\/#webpage","url":"https:\/\/energy-cities.eu\/fr\/membre\/ville-de-vienne\/","name":"Ville de Vienne - Energy Cities","isPartOf":{"@id":"https:\/\/energy-cities.eu\/fr\/#website"},"primaryImageOfPage":{"@id":"https:\/\/energy-cities.eu\/fr\/membre\/ville-de-vienne\/#primaryimage"},"datePublished":"2019-05-10T11:01:16+00:00","dateModified":"2022-08-11T15:10:54+00:00","description":"Depuis le d\u00e9but de la crise d\u2019Ukraine, la ville de Vienne (ou Wien) a acc\u00e9l\u00e9r\u00e9 sa transition \u00e9nerg\u00e9tique pour devenir neutre climatiquement avant 2040","breadcrumb":{"@id":"https:\/\/energy-cities.eu\/fr\/membre\/ville-de-vienne\/#breadcrumb"},"inLanguage":"fr-FR","potentialAction":[{"@type":"ReadAction","target":["https:\/\/energy-cities.eu\/fr\/membre\/ville-de-vienne\/"]}]},{"@type":"BreadcrumbList","@id":"https:\/\/energy-cities.eu\/fr\/membre\/ville-de-vienne\/#breadcrumb","itemListElement":[{"@type":"ListItem","position":1,"name":"Home","item":"https:\/\/energy-cities.eu\/fr\/nous-sommes-un-reseau-europeen-blabla\/"},{"@type":"ListItem","position":2,"name":"Ville de Vienne"}]}]}},"featured_img":"https:\/\/energy-cities.eu\/wp-content\/uploads\/2019\/05\/City-view-of-Vienna-public-domain-2000x500-2.jpg","coauthors":[],"author_meta":{"author_link":"https:\/\/energy-cities.eu\/fr\/staff\/admin-ec\/","display_name":"Admin EC"},"relative_dates":{"created":"Publi\u00e9 7 ans il y a","modified":"Mis \u00e0 jour 4 ans il y a"},"absolute_dates":{"created":"Publi\u00e9 le 10 mai 2019","modified":"Mise \u00e0 jour le 11 ao\u00fbt 2022"},"absolute_dates_time":{"created":"Publi\u00e9 le 10 mai 2019 11:01  ","modified":"Mise \u00e0 jour le 11 ao\u00fbt 2022 5:10  "},"featured_img_caption":"Public domain","tax_additional":{"countries":{"linked":["<a href=\"https:\/\/energy-cities.eu\/fr\/countries\/autriche\/\" class=\"advgb-post-tax-term\">Autriche<\/a>"],"unlinked":["<span class=\"advgb-post-tax-term\">Autriche<\/span>"],"slug":"countries","name":"Countries"}},"_links":{"self":[{"href":"https:\/\/energy-cities.eu\/fr\/wp-json\/wp\/v2\/members\/12843"}],"collection":[{"href":"https:\/\/energy-cities.eu\/fr\/wp-json\/wp\/v2\/members"}],"about":[{"href":"https:\/\/energy-cities.eu\/fr\/wp-json\/wp\/v2\/types\/members"}],"author":[{"embeddable":true,"href":"https:\/\/energy-cities.eu\/fr\/wp-json\/wp\/v2\/users\/47"}],"version-history":[{"count":11,"href":"https:\/\/energy-cities.eu\/fr\/wp-json\/wp\/v2\/members\/12843\/revisions"}],"predecessor-version":[{"id":54572,"href":"https:\/\/energy-cities.eu\/fr\/wp-json\/wp\/v2\/members\/12843\/revisions\/54572"}],"wp:featuredmedia":[{"embeddable":true,"href":"https:\/\/energy-cities.eu\/fr\/wp-json\/wp\/v2\/media\/16069"}],"wp:attachment":[{"href":"https:\/\/energy-cities.eu\/fr\/wp-json\/wp\/v2\/media?parent=12843"}],"wp:term":[{"taxonomy":"countries","embeddable":true,"href":"https:\/\/energy-cities.eu\/fr\/wp-json\/wp\/v2\/countries?post=12843"}],"curies":[{"name":"wp","href":"https:\/\/api.w.org\/{rel}","templated":true}]}}