{"id":30911,"date":"2020-05-11T12:27:12","date_gmt":"2020-05-11T10:27:12","guid":{"rendered":"https:\/\/energy-cities.eu\/members\/porec-parenzo\/"},"modified":"2022-08-02T12:26:57","modified_gmt":"2022-08-02T10:26:57","slug":"porec-parenzo","status":"publish","type":"members","link":"https:\/\/energy-cities.eu\/fr\/membre\/porec-parenzo\/","title":{"rendered":"Ville de Pore\u010d-Parenzo"},"content":{"rendered":"\n<p>La ville de Pore\u010d &#8211; Parenzo, a depuis longtemps reconnu l&rsquo;efficacit\u00e9 \u00e9nerg\u00e9tique, le d\u00e9veloppement durable, la protection de l&rsquo;environnement et l&rsquo;e-mobilit\u00e9 comme imp\u00e9ratifs du 21\u00e8me si\u00e8cle. <\/p>\n\n\n\n<p>La ville, analyse et d\u00e9veloppe en permanence des lignes directrices pour la conception et la mise en \u0153uvre de projets dans les domaines mentionn\u00e9s ci-dessus au niveau local, cr\u00e9ant ainsi une base solide pour le d\u00e9veloppement durable de la ville, dont la r\u00e9alisation r\u00e9ussie se traduit par de multiples avantages pour, principalement, les r\u00e9sidents de la ville de Pore\u010d &#8211; Parenzo mais aussi bien pour toutes les personnes visitant la ville.<\/p>\n\n\n\n<p>Fournir un exemple de bonne pratique et promouvoir la ville comme une destination touristique \u00ab\u00a0verte\u00a0\u00bb bien connue sur le plan \u00e9nerg\u00e9tique et \u00e9cologique, offre \u00e0 chaque visiteur une exp\u00e9rience suppl\u00e9mentaire. Il peut ainsi se rendre compte des efforts consid\u00e9rables d\u00e9ploy\u00e9s pour que les g\u00e9n\u00e9rations futures puissent \u00eatre assur\u00e9es de pouvoir d\u00e9couvrir la beaut\u00e9 de cette r\u00e9gion.<\/p>\n","protected":false},"author":30,"featured_media":30907,"template":"","countries":[130],"acf":[],"yoast_head":"<!-- This site is optimized with the Yoast SEO plugin v18.8 - https:\/\/yoast.com\/wordpress\/plugins\/seo\/ -->\n<title>Ville de Pore\u010d-Parenzo - Energy Cities<\/title>\n<meta name=\"robots\" content=\"index, follow, max-snippet:-1, max-image-preview:large, max-video-preview:-1\" \/>\n<link rel=\"canonical\" href=\"https:\/\/energy-cities.eu\/fr\/membre\/porec-parenzo\/\" \/>\n<meta property=\"og:locale\" content=\"fr_FR\" \/>\n<meta property=\"og:type\" content=\"article\" \/>\n<meta property=\"og:title\" content=\"Ville de Pore\u010d-Parenzo - Energy Cities\" \/>\n<meta property=\"og:description\" content=\"La ville de Pore\u010d &#8211; Parenzo, a depuis longtemps reconnu l&rsquo;efficacit\u00e9 \u00e9nerg\u00e9tique, le d\u00e9veloppement durable, la protection de l&rsquo;environnement et l&rsquo;e-mobilit\u00e9 comme imp\u00e9ratifs du 21\u00e8me [\u2026]\" \/>\n<meta property=\"og:url\" content=\"https:\/\/energy-cities.eu\/fr\/membre\/porec-parenzo\/\" \/>\n<meta property=\"og:site_name\" content=\"Energy Cities\" \/>\n<meta property=\"article:publisher\" content=\"https:\/\/www.facebook.com\/energycities.eu\/\" \/>\n<meta property=\"article:modified_time\" content=\"2022-08-02T10:26:57+00:00\" \/>\n<meta property=\"og:image\" content=\"https:\/\/energy-cities.eu\/wp-content\/uploads\/2020\/05\/danijel-durkovic-porec-1024x683.jpg\" \/>\n\t<meta property=\"og:image:width\" content=\"1024\" \/>\n\t<meta property=\"og:image:height\" content=\"683\" \/>\n\t<meta property=\"og:image:type\" content=\"image\/jpeg\" \/>\n<meta name=\"twitter:card\" content=\"summary_large_image\" \/>\n<meta name=\"twitter:site\" content=\"@energycities\" \/>\n<meta name=\"twitter:label1\" content=\"Dur\u00e9e de lecture estim\u00e9e\" \/>\n\t<meta name=\"twitter:data1\" content=\"1 minute\" \/>\n<script type=\"application\/ld+json\" class=\"yoast-schema-graph\">{\"@context\":\"https:\/\/schema.org\",\"@graph\":[{\"@type\":\"Organization\",\"@id\":\"https:\/\/energy-cities.eu\/fr\/#organization\",\"name\":\"Energy Cities\",\"url\":\"https:\/\/energy-cities.eu\/fr\/\",\"sameAs\":[\"https:\/\/www.facebook.com\/energycities.eu\/\",\"https:\/\/www.youtube.com\/channel\/UChIHn2wF76JzuTbAjSMs0hQ\",\"https:\/\/fr.wikipedia.org\/wiki\/Energy_Cities\",\"https:\/\/twitter.com\/energycities\"],\"logo\":{\"@type\":\"ImageObject\",\"inLanguage\":\"fr-FR\",\"@id\":\"https:\/\/energy-cities.eu\/fr\/#\/schema\/logo\/image\/\",\"url\":\"https:\/\/energy-cities.eu\/wp-content\/uploads\/2019\/07\/energy-cities-couleur.jpg\",\"contentUrl\":\"https:\/\/energy-cities.eu\/wp-content\/uploads\/2019\/07\/energy-cities-couleur.jpg\",\"width\":3508,\"height\":2587,\"caption\":\"Energy Cities\"},\"image\":{\"@id\":\"https:\/\/energy-cities.eu\/fr\/#\/schema\/logo\/image\/\"}},{\"@type\":\"WebSite\",\"@id\":\"https:\/\/energy-cities.eu\/fr\/#website\",\"url\":\"https:\/\/energy-cities.eu\/fr\/\",\"name\":\"Energy Cities\",\"description\":\" The European learning community for future-proof cities\",\"publisher\":{\"@id\":\"https:\/\/energy-cities.eu\/fr\/#organization\"},\"potentialAction\":[{\"@type\":\"SearchAction\",\"target\":{\"@type\":\"EntryPoint\",\"urlTemplate\":\"https:\/\/energy-cities.eu\/fr\/?s={search_term_string}\"},\"query-input\":\"required name=search_term_string\"}],\"inLanguage\":\"fr-FR\"},{\"@type\":\"ImageObject\",\"inLanguage\":\"fr-FR\",\"@id\":\"https:\/\/energy-cities.eu\/fr\/membre\/porec-parenzo\/#primaryimage\",\"url\":\"https:\/\/energy-cities.eu\/wp-content\/uploads\/2020\/05\/danijel-durkovic-porec.jpg\",\"contentUrl\":\"https:\/\/energy-cities.eu\/wp-content\/uploads\/2020\/05\/danijel-durkovic-porec.jpg\",\"width\":6000,\"height\":4000,\"caption\":\"\u00a9 Danijel Durkovic unsplash\"},{\"@type\":\"WebPage\",\"@id\":\"https:\/\/energy-cities.eu\/fr\/membre\/porec-parenzo\/#webpage\",\"url\":\"https:\/\/energy-cities.eu\/fr\/membre\/porec-parenzo\/\",\"name\":\"Ville de Pore\u010d-Parenzo - Energy Cities\",\"isPartOf\":{\"@id\":\"https:\/\/energy-cities.eu\/fr\/#website\"},\"primaryImageOfPage\":{\"@id\":\"https:\/\/energy-cities.eu\/fr\/membre\/porec-parenzo\/#primaryimage\"},\"datePublished\":\"2020-05-11T10:27:12+00:00\",\"dateModified\":\"2022-08-02T10:26:57+00:00\",\"breadcrumb\":{\"@id\":\"https:\/\/energy-cities.eu\/fr\/membre\/porec-parenzo\/#breadcrumb\"},\"inLanguage\":\"fr-FR\",\"potentialAction\":[{\"@type\":\"ReadAction\",\"target\":[\"https:\/\/energy-cities.eu\/fr\/membre\/porec-parenzo\/\"]}]},{\"@type\":\"BreadcrumbList\",\"@id\":\"https:\/\/energy-cities.eu\/fr\/membre\/porec-parenzo\/#breadcrumb\",\"itemListElement\":[{\"@type\":\"ListItem\",\"position\":1,\"name\":\"Home\",\"item\":\"https:\/\/energy-cities.eu\/fr\/nous-sommes-un-reseau-europeen-blabla\/\"},{\"@type\":\"ListItem\",\"position\":2,\"name\":\"Ville de Pore\u010d-Parenzo\"}]}]}<\/script>\n<!-- \/ Yoast SEO plugin. -->","yoast_head_json":{"title":"Ville de Pore\u010d-Parenzo - Energy Cities","robots":{"index":"index","follow":"follow","max-snippet":"max-snippet:-1","max-image-preview":"max-image-preview:large","max-video-preview":"max-video-preview:-1"},"canonical":"https:\/\/energy-cities.eu\/fr\/membre\/porec-parenzo\/","og_locale":"fr_FR","og_type":"article","og_title":"Ville de Pore\u010d-Parenzo - Energy Cities","og_description":"La ville de Pore\u010d &#8211; Parenzo, a depuis longtemps reconnu l&rsquo;efficacit\u00e9 \u00e9nerg\u00e9tique, le d\u00e9veloppement durable, la protection de l&rsquo;environnement et l&rsquo;e-mobilit\u00e9 comme imp\u00e9ratifs du 21\u00e8me [\u2026]","og_url":"https:\/\/energy-cities.eu\/fr\/membre\/porec-parenzo\/","og_site_name":"Energy Cities","article_publisher":"https:\/\/www.facebook.com\/energycities.eu\/","article_modified_time":"2022-08-02T10:26:57+00:00","og_image":[{"width":1024,"height":683,"url":"https:\/\/energy-cities.eu\/wp-content\/uploads\/2020\/05\/danijel-durkovic-porec-1024x683.jpg","type":"image\/jpeg"}],"twitter_card":"summary_large_image","twitter_site":"@energycities","twitter_misc":{"Dur\u00e9e de lecture estim\u00e9e":"1 minute"},"schema":{"@context":"https:\/\/schema.org","@graph":[{"@type":"Organization","@id":"https:\/\/energy-cities.eu\/fr\/#organization","name":"Energy Cities","url":"https:\/\/energy-cities.eu\/fr\/","sameAs":["https:\/\/www.facebook.com\/energycities.eu\/","https:\/\/www.youtube.com\/channel\/UChIHn2wF76JzuTbAjSMs0hQ","https:\/\/fr.wikipedia.org\/wiki\/Energy_Cities","https:\/\/twitter.com\/energycities"],"logo":{"@type":"ImageObject","inLanguage":"fr-FR","@id":"https:\/\/energy-cities.eu\/fr\/#\/schema\/logo\/image\/","url":"https:\/\/energy-cities.eu\/wp-content\/uploads\/2019\/07\/energy-cities-couleur.jpg","contentUrl":"https:\/\/energy-cities.eu\/wp-content\/uploads\/2019\/07\/energy-cities-couleur.jpg","width":3508,"height":2587,"caption":"Energy Cities"},"image":{"@id":"https:\/\/energy-cities.eu\/fr\/#\/schema\/logo\/image\/"}},{"@type":"WebSite","@id":"https:\/\/energy-cities.eu\/fr\/#website","url":"https:\/\/energy-cities.eu\/fr\/","name":"Energy Cities","description":" The European learning community for future-proof cities","publisher":{"@id":"https:\/\/energy-cities.eu\/fr\/#organization"},"potentialAction":[{"@type":"SearchAction","target":{"@type":"EntryPoint","urlTemplate":"https:\/\/energy-cities.eu\/fr\/?s={search_term_string}"},"query-input":"required name=search_term_string"}],"inLanguage":"fr-FR"},{"@type":"ImageObject","inLanguage":"fr-FR","@id":"https:\/\/energy-cities.eu\/fr\/membre\/porec-parenzo\/#primaryimage","url":"https:\/\/energy-cities.eu\/wp-content\/uploads\/2020\/05\/danijel-durkovic-porec.jpg","contentUrl":"https:\/\/energy-cities.eu\/wp-content\/uploads\/2020\/05\/danijel-durkovic-porec.jpg","width":6000,"height":4000,"caption":"\u00a9 Danijel Durkovic unsplash"},{"@type":"WebPage","@id":"https:\/\/energy-cities.eu\/fr\/membre\/porec-parenzo\/#webpage","url":"https:\/\/energy-cities.eu\/fr\/membre\/porec-parenzo\/","name":"Ville de Pore\u010d-Parenzo - Energy Cities","isPartOf":{"@id":"https:\/\/energy-cities.eu\/fr\/#website"},"primaryImageOfPage":{"@id":"https:\/\/energy-cities.eu\/fr\/membre\/porec-parenzo\/#primaryimage"},"datePublished":"2020-05-11T10:27:12+00:00","dateModified":"2022-08-02T10:26:57+00:00","breadcrumb":{"@id":"https:\/\/energy-cities.eu\/fr\/membre\/porec-parenzo\/#breadcrumb"},"inLanguage":"fr-FR","potentialAction":[{"@type":"ReadAction","target":["https:\/\/energy-cities.eu\/fr\/membre\/porec-parenzo\/"]}]},{"@type":"BreadcrumbList","@id":"https:\/\/energy-cities.eu\/fr\/membre\/porec-parenzo\/#breadcrumb","itemListElement":[{"@type":"ListItem","position":1,"name":"Home","item":"https:\/\/energy-cities.eu\/fr\/nous-sommes-un-reseau-europeen-blabla\/"},{"@type":"ListItem","position":2,"name":"Ville de Pore\u010d-Parenzo"}]}]}},"featured_img":"https:\/\/energy-cities.eu\/wp-content\/uploads\/2020\/05\/danijel-durkovic-porec.jpg","coauthors":[],"author_meta":{"author_link":"https:\/\/energy-cities.eu\/fr\/staff\/b-karas\/","display_name":"Beatrice Karas"},"relative_dates":{"created":"Publi\u00e9 6 ans il y a","modified":"Mis \u00e0 jour 4 ans il y a"},"absolute_dates":{"created":"Publi\u00e9 le 11 mai 2020","modified":"Mise \u00e0 jour le 02 ao\u00fbt 2022"},"absolute_dates_time":{"created":"Publi\u00e9 le 11 mai 2020 12:27  ","modified":"Mise \u00e0 jour le 02 ao\u00fbt 2022 12:26  "},"featured_img_caption":"\u00a9 Danijel Durkovic unsplash","tax_additional":{"countries":{"linked":["<a href=\"https:\/\/energy-cities.eu\/fr\/countries\/croatie\/\" class=\"advgb-post-tax-term\">Croatie<\/a>"],"unlinked":["<span class=\"advgb-post-tax-term\">Croatie<\/span>"],"slug":"countries","name":"Countries"}},"_links":{"self":[{"href":"https:\/\/energy-cities.eu\/fr\/wp-json\/wp\/v2\/members\/30911"}],"collection":[{"href":"https:\/\/energy-cities.eu\/fr\/wp-json\/wp\/v2\/members"}],"about":[{"href":"https:\/\/energy-cities.eu\/fr\/wp-json\/wp\/v2\/types\/members"}],"author":[{"embeddable":true,"href":"https:\/\/energy-cities.eu\/fr\/wp-json\/wp\/v2\/users\/30"}],"version-history":[{"count":8,"href":"https:\/\/energy-cities.eu\/fr\/wp-json\/wp\/v2\/members\/30911\/revisions"}],"predecessor-version":[{"id":54200,"href":"https:\/\/energy-cities.eu\/fr\/wp-json\/wp\/v2\/members\/30911\/revisions\/54200"}],"wp:featuredmedia":[{"embeddable":true,"href":"https:\/\/energy-cities.eu\/fr\/wp-json\/wp\/v2\/media\/30907"}],"wp:attachment":[{"href":"https:\/\/energy-cities.eu\/fr\/wp-json\/wp\/v2\/media?parent=30911"}],"wp:term":[{"taxonomy":"countries","embeddable":true,"href":"https:\/\/energy-cities.eu\/fr\/wp-json\/wp\/v2\/countries?post=30911"}],"curies":[{"name":"wp","href":"https:\/\/api.w.org\/{rel}","templated":true}]}}