{"id":8053,"date":"2018-12-05T13:50:50","date_gmt":"2018-12-05T13:50:50","guid":{"rendered":"http:\/\/ec.kuusi.ovh\/?post_type=members&#038;p=8053"},"modified":"2023-09-04T15:56:22","modified_gmt":"2023-09-04T13:56:22","slug":"communaute-dagglomeration-de-brest-metropole-oceane","status":"publish","type":"members","link":"https:\/\/energy-cities.eu\/fr\/membre\/communaute-dagglomeration-de-brest-metropole-oceane\/","title":{"rendered":"Brest M\u00e9tropole"},"content":{"rendered":"<p>Au c\u0153ur d\u2019un bassin de vie de 400 000 habitants, Brest m\u00e9tropole constitue le point d\u2019ancrage de la Bretagne occidentale. Cr\u00e9\u00e9e en 1974, la Communaut\u00e9 urbaine de Brest, devenue m\u00e9tropole le 1er janvier 2015, regroupe huit communes fondatrices, soit environ 212 000 habitants.<\/p>\n<p>Consciente de ses responsabilit\u00e9s et de son r\u00f4le \u00e0 jouer, Brest m\u00e9tropole a adopt\u00e9 en 2012 son premier Plan Climat \u00c9nergie Territorial, formalisant ainsi son action forte en faveur de la lutte contre le changement climatique : renforcement du r\u00e9seau de transport en commun, d\u00e9ploiement d\u2019un r\u00e9seau de chaleur urbain, cr\u00e9ation d\u2019un guichet unique d\u00e9di\u00e9 \u00e0 la r\u00e9novation \u00e9nerg\u00e9tique, d\u00e9veloppement des \u00e9nergies renouvelables sont autant d\u2019exemples de projets structurants pour le territoire.<\/p>\n<p>Depuis 2019, le nouveau Plan Climat Air \u00c9nergie Territorial 2019 \u2013 2025 renforce cette ambition et se pr\u00e9sente comme une base de mobilisation de l\u2019ensemble du territoire. Il int\u00e8gre 60 fiches actions regroup\u00e9es en 13 secteurs d\u2019intervention\u00a0: de l\u2019habitat, au d\u00e9veloppement des \u00e9nergies renouvelables, en passant par la mobilit\u00e9, l\u2019am\u00e9nagement du territoire, la gestion des d\u00e9chets, l\u2019adaptation au changement climatique, l\u2019agriculture et l\u2019alimentation, ou encore le stockage du carbone, la gouvernance et la mobilisation des citoyens.<\/p>\n<p>A l\u2019\u00e9chelle europ\u00e9enne, Brest a \u00e9galement rejoint la Convention des maires en 2009 et s\u2019est inscrite comme partenaire de plusieurs projets europ\u00e9ens (Interreg, Horizon) abordant ces diff\u00e9rentes th\u00e9matiques de mani\u00e8re concert\u00e9e.<\/p>\n<p>Forte de ses engagements et ses r\u00e9alisations, Brest a obtenu, en 2021, le label Climat Air Energie (ex Cit\u2019ergie) Gold, le plus haut niveau de distinction d\u00e9cern\u00e9e aux collectivit\u00e9s engag\u00e9es dans ce programme coordonn\u00e9 par l\u2019Ademe en France, d\u00e9clinaison du label europ\u00e9en \u00ab\u00a0European Energy Award\u00a0\u00bb.<\/p>\n<p><a href=\"https:\/\/brest.fr\/sites\/default\/files\/media\/document\/PlanClimatSynthese2020.pdf\">Lire la synth\u00e8se du Plan Climat de Brest M\u00e9tropole 2019-2025<\/a><\/p>\n<p><!-- \/wp:list --><\/p>\n\n<!-- wp:paragraph -->\n<p><\/p>\n<!-- \/wp:paragraph -->","protected":false},"author":30,"featured_media":16173,"template":"","countries":[87],"acf":[],"yoast_head":"<!-- This site is optimized with the Yoast SEO plugin v18.8 - https:\/\/yoast.com\/wordpress\/plugins\/seo\/ -->\n<title>Brest M\u00e9tropole - Energy Cities<\/title>\n<meta name=\"robots\" content=\"index, follow, max-snippet:-1, max-image-preview:large, max-video-preview:-1\" \/>\n<link rel=\"canonical\" href=\"https:\/\/energy-cities.eu\/fr\/membre\/communaute-dagglomeration-de-brest-metropole-oceane\/\" \/>\n<meta property=\"og:locale\" content=\"fr_FR\" \/>\n<meta property=\"og:type\" content=\"article\" \/>\n<meta property=\"og:title\" content=\"Brest M\u00e9tropole - Energy Cities\" \/>\n<meta property=\"og:description\" content=\"Au c\u0153ur d\u2019un bassin de vie de 400 000 habitants, Brest m\u00e9tropole constitue le point d\u2019ancrage de la Bretagne occidentale. Cr\u00e9\u00e9e en 1974, la Communaut\u00e9 [\u2026]\" \/>\n<meta property=\"og:url\" content=\"https:\/\/energy-cities.eu\/fr\/membre\/communaute-dagglomeration-de-brest-metropole-oceane\/\" \/>\n<meta property=\"og:site_name\" content=\"Energy Cities\" \/>\n<meta property=\"article:publisher\" content=\"https:\/\/www.facebook.com\/energycities.eu\/\" \/>\n<meta property=\"article:modified_time\" content=\"2023-09-04T13:56:22+00:00\" \/>\n<meta property=\"og:image\" content=\"https:\/\/energy-cities.eu\/wp-content\/uploads\/2018\/12\/Brest_tram_c_smiley_toerist.png\" \/>\n\t<meta property=\"og:image:width\" content=\"2000\" \/>\n\t<meta property=\"og:image:height\" content=\"500\" \/>\n\t<meta property=\"og:image:type\" content=\"image\/png\" \/>\n<meta name=\"twitter:card\" content=\"summary_large_image\" \/>\n<meta name=\"twitter:site\" content=\"@energycities\" \/>\n<meta name=\"twitter:label1\" content=\"Dur\u00e9e de lecture estim\u00e9e\" \/>\n\t<meta name=\"twitter:data1\" content=\"2 minutes\" \/>\n<script type=\"application\/ld+json\" class=\"yoast-schema-graph\">{\"@context\":\"https:\/\/schema.org\",\"@graph\":[{\"@type\":\"Organization\",\"@id\":\"https:\/\/energy-cities.eu\/fr\/#organization\",\"name\":\"Energy Cities\",\"url\":\"https:\/\/energy-cities.eu\/fr\/\",\"sameAs\":[\"https:\/\/www.facebook.com\/energycities.eu\/\",\"https:\/\/www.youtube.com\/channel\/UChIHn2wF76JzuTbAjSMs0hQ\",\"https:\/\/fr.wikipedia.org\/wiki\/Energy_Cities\",\"https:\/\/twitter.com\/energycities\"],\"logo\":{\"@type\":\"ImageObject\",\"inLanguage\":\"fr-FR\",\"@id\":\"https:\/\/energy-cities.eu\/fr\/#\/schema\/logo\/image\/\",\"url\":\"https:\/\/energy-cities.eu\/wp-content\/uploads\/2019\/07\/energy-cities-couleur.jpg\",\"contentUrl\":\"https:\/\/energy-cities.eu\/wp-content\/uploads\/2019\/07\/energy-cities-couleur.jpg\",\"width\":3508,\"height\":2587,\"caption\":\"Energy Cities\"},\"image\":{\"@id\":\"https:\/\/energy-cities.eu\/fr\/#\/schema\/logo\/image\/\"}},{\"@type\":\"WebSite\",\"@id\":\"https:\/\/energy-cities.eu\/fr\/#website\",\"url\":\"https:\/\/energy-cities.eu\/fr\/\",\"name\":\"Energy Cities\",\"description\":\" The European learning community for future-proof cities\",\"publisher\":{\"@id\":\"https:\/\/energy-cities.eu\/fr\/#organization\"},\"potentialAction\":[{\"@type\":\"SearchAction\",\"target\":{\"@type\":\"EntryPoint\",\"urlTemplate\":\"https:\/\/energy-cities.eu\/fr\/?s={search_term_string}\"},\"query-input\":\"required name=search_term_string\"}],\"inLanguage\":\"fr-FR\"},{\"@type\":\"ImageObject\",\"inLanguage\":\"fr-FR\",\"@id\":\"https:\/\/energy-cities.eu\/fr\/membre\/communaute-dagglomeration-de-brest-metropole-oceane\/#primaryimage\",\"url\":\"https:\/\/energy-cities.eu\/wp-content\/uploads\/2018\/12\/Brest_tram_c_smiley_toerist.png\",\"contentUrl\":\"https:\/\/energy-cities.eu\/wp-content\/uploads\/2018\/12\/Brest_tram_c_smiley_toerist.png\",\"width\":2000,\"height\":500,\"caption\":\"\u00a9smiley_toerist\"},{\"@type\":\"WebPage\",\"@id\":\"https:\/\/energy-cities.eu\/fr\/membre\/communaute-dagglomeration-de-brest-metropole-oceane\/#webpage\",\"url\":\"https:\/\/energy-cities.eu\/fr\/membre\/communaute-dagglomeration-de-brest-metropole-oceane\/\",\"name\":\"Brest M\u00e9tropole - Energy Cities\",\"isPartOf\":{\"@id\":\"https:\/\/energy-cities.eu\/fr\/#website\"},\"primaryImageOfPage\":{\"@id\":\"https:\/\/energy-cities.eu\/fr\/membre\/communaute-dagglomeration-de-brest-metropole-oceane\/#primaryimage\"},\"datePublished\":\"2018-12-05T13:50:50+00:00\",\"dateModified\":\"2023-09-04T13:56:22+00:00\",\"breadcrumb\":{\"@id\":\"https:\/\/energy-cities.eu\/fr\/membre\/communaute-dagglomeration-de-brest-metropole-oceane\/#breadcrumb\"},\"inLanguage\":\"fr-FR\",\"potentialAction\":[{\"@type\":\"ReadAction\",\"target\":[\"https:\/\/energy-cities.eu\/fr\/membre\/communaute-dagglomeration-de-brest-metropole-oceane\/\"]}]},{\"@type\":\"BreadcrumbList\",\"@id\":\"https:\/\/energy-cities.eu\/fr\/membre\/communaute-dagglomeration-de-brest-metropole-oceane\/#breadcrumb\",\"itemListElement\":[{\"@type\":\"ListItem\",\"position\":1,\"name\":\"Home\",\"item\":\"https:\/\/energy-cities.eu\/fr\/nous-sommes-un-reseau-europeen-blabla\/\"},{\"@type\":\"ListItem\",\"position\":2,\"name\":\"Brest M\u00e9tropole\"}]}]}<\/script>\n<!-- \/ Yoast SEO plugin. -->","yoast_head_json":{"title":"Brest M\u00e9tropole - Energy Cities","robots":{"index":"index","follow":"follow","max-snippet":"max-snippet:-1","max-image-preview":"max-image-preview:large","max-video-preview":"max-video-preview:-1"},"canonical":"https:\/\/energy-cities.eu\/fr\/membre\/communaute-dagglomeration-de-brest-metropole-oceane\/","og_locale":"fr_FR","og_type":"article","og_title":"Brest M\u00e9tropole - Energy Cities","og_description":"Au c\u0153ur d\u2019un bassin de vie de 400 000 habitants, Brest m\u00e9tropole constitue le point d\u2019ancrage de la Bretagne occidentale. Cr\u00e9\u00e9e en 1974, la Communaut\u00e9 [\u2026]","og_url":"https:\/\/energy-cities.eu\/fr\/membre\/communaute-dagglomeration-de-brest-metropole-oceane\/","og_site_name":"Energy Cities","article_publisher":"https:\/\/www.facebook.com\/energycities.eu\/","article_modified_time":"2023-09-04T13:56:22+00:00","og_image":[{"width":2000,"height":500,"url":"https:\/\/energy-cities.eu\/wp-content\/uploads\/2018\/12\/Brest_tram_c_smiley_toerist.png","type":"image\/png"}],"twitter_card":"summary_large_image","twitter_site":"@energycities","twitter_misc":{"Dur\u00e9e de lecture estim\u00e9e":"2 minutes"},"schema":{"@context":"https:\/\/schema.org","@graph":[{"@type":"Organization","@id":"https:\/\/energy-cities.eu\/fr\/#organization","name":"Energy Cities","url":"https:\/\/energy-cities.eu\/fr\/","sameAs":["https:\/\/www.facebook.com\/energycities.eu\/","https:\/\/www.youtube.com\/channel\/UChIHn2wF76JzuTbAjSMs0hQ","https:\/\/fr.wikipedia.org\/wiki\/Energy_Cities","https:\/\/twitter.com\/energycities"],"logo":{"@type":"ImageObject","inLanguage":"fr-FR","@id":"https:\/\/energy-cities.eu\/fr\/#\/schema\/logo\/image\/","url":"https:\/\/energy-cities.eu\/wp-content\/uploads\/2019\/07\/energy-cities-couleur.jpg","contentUrl":"https:\/\/energy-cities.eu\/wp-content\/uploads\/2019\/07\/energy-cities-couleur.jpg","width":3508,"height":2587,"caption":"Energy Cities"},"image":{"@id":"https:\/\/energy-cities.eu\/fr\/#\/schema\/logo\/image\/"}},{"@type":"WebSite","@id":"https:\/\/energy-cities.eu\/fr\/#website","url":"https:\/\/energy-cities.eu\/fr\/","name":"Energy Cities","description":" The European learning community for future-proof cities","publisher":{"@id":"https:\/\/energy-cities.eu\/fr\/#organization"},"potentialAction":[{"@type":"SearchAction","target":{"@type":"EntryPoint","urlTemplate":"https:\/\/energy-cities.eu\/fr\/?s={search_term_string}"},"query-input":"required name=search_term_string"}],"inLanguage":"fr-FR"},{"@type":"ImageObject","inLanguage":"fr-FR","@id":"https:\/\/energy-cities.eu\/fr\/membre\/communaute-dagglomeration-de-brest-metropole-oceane\/#primaryimage","url":"https:\/\/energy-cities.eu\/wp-content\/uploads\/2018\/12\/Brest_tram_c_smiley_toerist.png","contentUrl":"https:\/\/energy-cities.eu\/wp-content\/uploads\/2018\/12\/Brest_tram_c_smiley_toerist.png","width":2000,"height":500,"caption":"\u00a9smiley_toerist"},{"@type":"WebPage","@id":"https:\/\/energy-cities.eu\/fr\/membre\/communaute-dagglomeration-de-brest-metropole-oceane\/#webpage","url":"https:\/\/energy-cities.eu\/fr\/membre\/communaute-dagglomeration-de-brest-metropole-oceane\/","name":"Brest M\u00e9tropole - Energy Cities","isPartOf":{"@id":"https:\/\/energy-cities.eu\/fr\/#website"},"primaryImageOfPage":{"@id":"https:\/\/energy-cities.eu\/fr\/membre\/communaute-dagglomeration-de-brest-metropole-oceane\/#primaryimage"},"datePublished":"2018-12-05T13:50:50+00:00","dateModified":"2023-09-04T13:56:22+00:00","breadcrumb":{"@id":"https:\/\/energy-cities.eu\/fr\/membre\/communaute-dagglomeration-de-brest-metropole-oceane\/#breadcrumb"},"inLanguage":"fr-FR","potentialAction":[{"@type":"ReadAction","target":["https:\/\/energy-cities.eu\/fr\/membre\/communaute-dagglomeration-de-brest-metropole-oceane\/"]}]},{"@type":"BreadcrumbList","@id":"https:\/\/energy-cities.eu\/fr\/membre\/communaute-dagglomeration-de-brest-metropole-oceane\/#breadcrumb","itemListElement":[{"@type":"ListItem","position":1,"name":"Home","item":"https:\/\/energy-cities.eu\/fr\/nous-sommes-un-reseau-europeen-blabla\/"},{"@type":"ListItem","position":2,"name":"Brest M\u00e9tropole"}]}]}},"featured_img":"https:\/\/energy-cities.eu\/wp-content\/uploads\/2018\/12\/Brest_tram_c_smiley_toerist.png","coauthors":[],"author_meta":{"author_link":"https:\/\/energy-cities.eu\/fr\/staff\/b-karas\/","display_name":"Beatrice Karas"},"relative_dates":{"created":"Publi\u00e9 7 ans il y a","modified":"Mis \u00e0 jour 3 ans il y a"},"absolute_dates":{"created":"Publi\u00e9 le 05 d\u00e9cembre 2018","modified":"Mise \u00e0 jour le 04 septembre 2023"},"absolute_dates_time":{"created":"Publi\u00e9 le 05 d\u00e9cembre 2018 1:50  ","modified":"Mise \u00e0 jour le 04 septembre 2023 3:56  "},"featured_img_caption":"\u00a9smiley_toerist","tax_additional":{"countries":{"linked":["<a href=\"https:\/\/energy-cities.eu\/fr\/countries\/france-fr\/\" class=\"advgb-post-tax-term\">France<\/a>"],"unlinked":["<span class=\"advgb-post-tax-term\">France<\/span>"],"slug":"countries","name":"Countries"}},"_links":{"self":[{"href":"https:\/\/energy-cities.eu\/fr\/wp-json\/wp\/v2\/members\/8053"}],"collection":[{"href":"https:\/\/energy-cities.eu\/fr\/wp-json\/wp\/v2\/members"}],"about":[{"href":"https:\/\/energy-cities.eu\/fr\/wp-json\/wp\/v2\/types\/members"}],"author":[{"embeddable":true,"href":"https:\/\/energy-cities.eu\/fr\/wp-json\/wp\/v2\/users\/30"}],"version-history":[{"count":14,"href":"https:\/\/energy-cities.eu\/fr\/wp-json\/wp\/v2\/members\/8053\/revisions"}],"predecessor-version":[{"id":68690,"href":"https:\/\/energy-cities.eu\/fr\/wp-json\/wp\/v2\/members\/8053\/revisions\/68690"}],"wp:featuredmedia":[{"embeddable":true,"href":"https:\/\/energy-cities.eu\/fr\/wp-json\/wp\/v2\/media\/16173"}],"wp:attachment":[{"href":"https:\/\/energy-cities.eu\/fr\/wp-json\/wp\/v2\/media?parent=8053"}],"wp:term":[{"taxonomy":"countries","embeddable":true,"href":"https:\/\/energy-cities.eu\/fr\/wp-json\/wp\/v2\/countries?post=8053"}],"curies":[{"name":"wp","href":"https:\/\/api.w.org\/{rel}","templated":true}]}}