{"id":72689,"date":"2023-11-15T11:47:02","date_gmt":"2023-11-15T10:47:02","guid":{"rendered":"https:\/\/energy-cities.eu\/?page_id=72689"},"modified":"2026-01-08T15:58:39","modified_gmt":"2026-01-08T14:58:39","slug":"groupes-de-travail","status":"publish","type":"page","link":"https:\/\/energy-cities.eu\/fr\/groupes-de-travail\/","title":{"rendered":"Groupes de travail"},"content":{"rendered":"\n<p class=\"beige-message\">En parall\u00e8le \u00e0 des partenariats strat\u00e9giques plus ponctuels, Energy Cities fait partie de groupes de travail permanents qui contribuent \u00e0 faire avancer l\u2019agenda politique de la transition \u00e9nerg\u00e9tique.<\/p>\n\n\n\n<div style=\"height:50px\" aria-hidden=\"true\" class=\"wp-block-spacer\"><\/div>\n\n\n\n<h3>Community Power Coalition<\/h3>\n\n\n\n<div class=\"wp-block-media-text alignwide is-stacked-on-mobile\" style=\"grid-template-columns:45% auto\"><figure class=\"wp-block-media-text__media\"><img loading=\"lazy\" width=\"1023\" height=\"530\" src=\"https:\/\/energy-cities.eu\/wp-content\/uploads\/2019\/12\/community-power-logo-1.png\" alt=\"\" class=\"wp-image-27441 size-full\" srcset=\"https:\/\/energy-cities.eu\/wp-content\/uploads\/2019\/12\/community-power-logo-1.png 1023w, https:\/\/energy-cities.eu\/wp-content\/uploads\/2019\/12\/community-power-logo-1-300x155.png 300w, https:\/\/energy-cities.eu\/wp-content\/uploads\/2019\/12\/community-power-logo-1-768x398.png 768w, https:\/\/energy-cities.eu\/wp-content\/uploads\/2019\/12\/community-power-logo-1-700x363.png 700w\" sizes=\"(max-width: 1023px) 100vw, 1023px\" \/><\/figure><div class=\"wp-block-media-text__content\">\n<p>La coalition comprend des associations de coop\u00e9ratives \u00e9nerg\u00e9tiques, des r\u00e9seaux de villes et autres collectivit\u00e9s locales, des repr\u00e9sentant\u00b7e\u00b7s de l\u2019industrie des \u00e9nergies renouvelables, des expert\u00b7e\u00b7s en Droit et diverses ONG du domaine de l\u2019environnement.<\/p>\n<\/div><\/div>\n\n\n\n<p><strong>La <em>Community Power Coalition<\/em> exige la transposition prompte et totale du paquet \u201c\u00c9nergie propre\u201d de l\u2019Union europ\u00e9enne, \u00e0 travers:<\/strong><\/p>\n\n\n\n<ol><li>La reconnaissance des communaut\u00e9s \u00e9nerg\u00e9tiques citoyennes dans la l\u00e9gislation nationale \u00e0 travers des d\u00e9finitions claires et solides<\/li><li>Une int\u00e9gration forte des citoyen\u00b7ne\u00b7s et communaut\u00e9s dans les plans \u00e9nergie-climat nationaux<\/li><li>Le respect des nouveaux droits en mati\u00e8re d\u2019autoconsommation et de communaut\u00e9s \u00e9nerg\u00e9tiques, garantis par un cadre favorable solide au niveau national<\/li><li>La garantie d\u2019un acc\u00e8s \u00e9quitable des communaut\u00e9s d\u2019\u00e9nergies renouvelables aux dispositifs de soutien des renouvelables<\/li><li>Le soutien \u00e0 une transition \u00e9nerg\u00e9tique juste et inclusive, s\u2019assurant que personne n\u2019est laiss\u00e9 pour compte<\/li><li>La reconnaissance des b\u00e9n\u00e9fices que l\u2019\u00e9nergie citoyenne peut apporter au syst\u00e8me \u00e9nerg\u00e9tique<\/li><li>Un soutien continu de la part des institutions europ\u00e9ennes aux communaut\u00e9s \u00e9nerg\u00e9tiques au niveau europ\u00e9en<\/li><li>Le d\u00e9veloppement des capacit\u00e9s des autorit\u00e9s locales pour qu\u2019elles continuent \u00e0 soutenir des projets \u00e9nerg\u00e9tiques citoyens<\/li><\/ol>\n\n\n\n<div class=\"wp-block-advgb-button alignright is-style-squared\"><a class=\"wp-block-advgb-button_link advgbbtn-e76e9e8e-2fe7-49f0-bd25-c1e2a0e6fb1c\" href=\"https:\/\/www.foeeurope.org\/sites\/default\/files\/renewable_energy\/2018\/community_power_booklet_v5-screen.pdf\" target=\"_blank\" rel=\"noopener noreferrer\"><span>Plus d&rsquo;informations dans le document \u00ab\u00a0Vision Statement\u00a0\u00bb<\/span><\/a><\/div>\n\n\n\n<div style=\"height:30px\" aria-hidden=\"true\" class=\"wp-block-spacer\"><\/div>\n\n\n\n<hr class=\"wp-block-separator\"\/>\n\n\n\n<h3>Coalition for Energy Savings<\/h3>\n\n\n\n<div class=\"wp-block-media-text alignwide has-media-on-the-right is-stacked-on-mobile\" style=\"grid-template-columns:auto 40%\"><figure class=\"wp-block-media-text__media\"><img loading=\"lazy\" width=\"370\" height=\"104\" src=\"https:\/\/energy-cities.eu\/wp-content\/uploads\/2019\/12\/logo-coalition-for-energy-savings-1.png\" alt=\"\" class=\"wp-image-27443 size-full\" srcset=\"https:\/\/energy-cities.eu\/wp-content\/uploads\/2019\/12\/logo-coalition-for-energy-savings-1.png 370w, https:\/\/energy-cities.eu\/wp-content\/uploads\/2019\/12\/logo-coalition-for-energy-savings-1-300x84.png 300w\" sizes=\"(max-width: 370px) 100vw, 370px\" \/><\/figure><div class=\"wp-block-media-text__content\">\n<p> <strong>Les membres de la coalition repr\u00e9sentent :<\/strong><\/p>\n\n\n\n<ul><li>Plus de 500 associations, 200&nbsp;entreprises et 1 500 coop\u00e9ratives,<\/li><li>15 millions de \u2018supporters\u2019 et plus d\u2019un million de citoyen\u00b7ne\u00b7s membres des coop\u00e9ratives,<\/li><li>2 500 villes dans 30 pays d\u2019Europe. <\/li><\/ul>\n<\/div><\/div>\n\n\n\n<p> <a aria-label=\"Retrouvez tous les membres de cette coalition ici. (opens in a new tab)\" href=\"http:\/\/energycoalition.eu\/members\" target=\"_blank\" rel=\"noreferrer noopener\">&gt; Retrouvez tous les membres de cette coalition ici.<\/a><\/p>\n\n\n\n<p><strong>La <em>Coalition for Energy Savings<\/em> appelle l\u2019UE \u00e0 :<\/strong><\/p>\n\n\n\n<ul><li>S\u2019engager \u00e0 un objectif 2030 contraignant en mati\u00e8re d\u2019\u00e9conomies d\u2019\u00e9nergie align\u00e9 sur son potentiel de rentabilit\u00e9,<\/li><li>Augmenter les ambitions des politiques, mesures et investissements destin\u00e9\u00b7e\u00b7s \u00e0 mettre fin au gaspillage d\u2019\u00e9nergie,<\/li><li>D\u00e9velopper et mettre en \u0153uvre une Directive sur l\u2019efficacit\u00e9 \u00e9nerg\u00e9tique renforc\u00e9e,<\/li><li>Prendre en compte la possibilit\u00e9 de faire de l\u2019efficacit\u00e9 \u00e9nerg\u00e9tique la priorit\u00e9 dans toutes les d\u00e9cisions en lien avec l\u2019\u00e9nergie, et ce pour compenser le biais historique en faveur de la production d\u2019\u00e9nergie au d\u00e9triment des \u00e9conomies d\u2019\u00e9nergie.<\/li><\/ul>\n\n\n\n<p>La <em>Coalition for\nEnergy Savings<\/em> existe depuis 10 ans maintenant. Dans ce laps de temps, elle\na r\u00e9ussi \u00e0 pousser \u00e0 la cr\u00e9ation d\u2019un cadre europ\u00e9en pour l\u2019efficacit\u00e9\n\u00e9nerg\u00e9tique : la Directive europ\u00e9enne sur l\u2019efficacit\u00e9 \u00e9nerg\u00e9tique.<\/p>\n\n\n\n<p>Dans le Paquet \u201cUne Energie propre pour tous les europ\u00e9ens\u201d, la coalition et ses membres ont s\u00e9curis\u00e9 l\u2019extension et le renforcement du cadre europ\u00e9en pour l\u2019efficacit\u00e9 \u00e9nerg\u00e9tique. L\u2019objectif europ\u00e9en en la mati\u00e8re a \u00e9t\u00e9 fix\u00e9 \u00e0 32,5% \u00e0 l\u2019horizon 2030. Par ailleurs, l\u2019UE a largement repris le principe de \u201cl\u2019efficacit\u00e9 \u00e9nerg\u00e9tique d\u2019abord\u201d (<em>energy efficiency first<\/em>) dans sa l\u00e9gislation en lien avec l\u2019\u00e9nergie.<\/p>\n\n\n\n<div style=\"height:30px\" aria-hidden=\"true\" class=\"wp-block-spacer\"><\/div>\n\n\n\n<hr class=\"wp-block-separator\"\/>\n\n\n\n<h3>EUFORES &#8211; Forum europ\u00e9en pour des sources d&rsquo;\u00e9nergie renouvelable<\/h3>\n\n\n\n<div class=\"wp-block-image\"><figure class=\"alignleft size-large\"><img loading=\"lazy\" width=\"200\" height=\"200\" src=\"https:\/\/energy-cities.eu\/wp-content\/uploads\/2020\/01\/Eufores_350.png\" alt=\"\" class=\"wp-image-28014\" srcset=\"https:\/\/energy-cities.eu\/wp-content\/uploads\/2020\/01\/Eufores_350.png 200w, https:\/\/energy-cities.eu\/wp-content\/uploads\/2020\/01\/Eufores_350-150x150.png 150w\" sizes=\"(max-width: 200px) 100vw, 200px\" \/><\/figure><\/div>\n\n\n\n<p>Energy Cities est membre supporter de EUFORES, un r\u00e9seau inter-partis de d\u00e9put\u00e9\u00b7es europ\u00e9en\u00b7nes et de d\u00e9put\u00e9\u00b7es de parlements r\u00e9gionaux et nationaux des 27 Etats membres de l&rsquo;UE. L&rsquo;objectif principal de EUFORES est la promotion des \u00e9nergies renouvelables et de l&rsquo;efficacit\u00e9 \u00e9nerg\u00e9tique.<\/p>\n\n\n\n<p>EUFORES est soutenu par des organisations non parlementaires diverses et vari\u00e9es telle que des entreprises de l&rsquo;industrie \u00e9nerg\u00e9tique, des instituts scientifiques, des agences de l&rsquo;\u00e9nergie et des associations, toutes engag\u00e9es en faveur des \u00e9nergies renouvelables et de l&rsquo;efficacit\u00e9 \u00e9nerg\u00e9tique.  EUFORES a d\u00e9velopp\u00e9 un vaste ensemble d&rsquo;activit\u00e9s pour coordonner les \u00e9changes entre ses membres.<\/p>\n\n\n\n<div style=\"height:30px\" aria-hidden=\"true\" class=\"wp-block-spacer\"><\/div>\n\n\n\n<hr class=\"wp-block-separator\"\/>\n\n\n\n<div class=\"wp-block-image\"><figure class=\"alignright size-large is-resized\"><img loading=\"lazy\" src=\"https:\/\/energy-cities.eu\/wp-content\/uploads\/2017\/01\/Covenant_of_Mayors-1024x904.png\" alt=\"\" class=\"wp-image-13703\" width=\"160\" height=\"141\" srcset=\"https:\/\/energy-cities.eu\/wp-content\/uploads\/2017\/01\/Covenant_of_Mayors-1024x904.png 1024w, https:\/\/energy-cities.eu\/wp-content\/uploads\/2017\/01\/Covenant_of_Mayors-283x250.png 283w, https:\/\/energy-cities.eu\/wp-content\/uploads\/2017\/01\/Covenant_of_Mayors-1536x1355.png 1536w, https:\/\/energy-cities.eu\/wp-content\/uploads\/2017\/01\/Covenant_of_Mayors-700x618.png 700w, https:\/\/energy-cities.eu\/wp-content\/uploads\/2017\/01\/Covenant_of_Mayors-340x300.png 340w, https:\/\/energy-cities.eu\/wp-content\/uploads\/2017\/01\/Covenant_of_Mayors-567x500.png 567w, https:\/\/energy-cities.eu\/wp-content\/uploads\/2017\/01\/Covenant_of_Mayors-1020x900.png 1020w, https:\/\/energy-cities.eu\/wp-content\/uploads\/2017\/01\/Covenant_of_Mayors-300x265.png 300w, https:\/\/energy-cities.eu\/wp-content\/uploads\/2017\/01\/Covenant_of_Mayors-768x678.png 768w, https:\/\/energy-cities.eu\/wp-content\/uploads\/2017\/01\/Covenant_of_Mayors.png 2008w\" sizes=\"(max-width: 160px) 100vw, 160px\" \/><\/figure><\/div>\n\n\n\n<h3> \u00ab\u00a0Coalitions of the Willings\u00a0\u00bb de la Convention des Maires &#8211; Europe  <\/h3>\n\n\n\n<p>Le bureau de la Convention des Maires &#8211; Europe a mis en place des coalitions th\u00e9matiques pour entrer en contact et coop\u00e9rer avec les parties-prenantes europ\u00e9ennes et internationales concern\u00e9es. Six coalitions offre un espace pour les \u00e9changes et la collaboration, et encourage une approche coordonn\u00e9e entre les diff\u00e9rents acteurs :<\/p>\n\n\n\n<ol><li>Pr\u00e9carit\u00e9 \u00e9nerg\u00e9tique,<\/li><li>Adaptation au changement climatique,<\/li><li>Chaleur et refroidissement,<\/li><li>Coop\u00e9ratives \u00e9nerg\u00e9tiques,<\/li><li>Mobilit\u00e9 urbaine,<\/li><li>Efficacit\u00e9 \u00e9nerg\u00e9tique des b\u00e2timents.<\/li><\/ol>\n\n\n\n<div style=\"height:30px\" aria-hidden=\"true\" class=\"wp-block-spacer\"><\/div>\n\n\n\n<hr class=\"wp-block-separator\"\/>\n\n\n\n<h3>L&rsquo;Alliance pour le chauffage et le refroidissement renouvelables<\/h3>\n\n\n\n<div class=\"wp-block-media-text alignwide is-stacked-on-mobile\" style=\"grid-template-columns:35% auto\"><figure class=\"wp-block-media-text__media\"><img loading=\"lazy\" width=\"1024\" height=\"576\" src=\"https:\/\/energy-cities.eu\/wp-content\/uploads\/2023\/11\/RES-HCAlliancelogoMASTER.001-1024x576.jpeg\" alt=\"\" class=\"wp-image-72646 size-full\" srcset=\"https:\/\/energy-cities.eu\/wp-content\/uploads\/2023\/11\/RES-HCAlliancelogoMASTER.001-1024x576.jpeg 1024w, https:\/\/energy-cities.eu\/wp-content\/uploads\/2023\/11\/RES-HCAlliancelogoMASTER.001-350x197.jpeg 350w, https:\/\/energy-cities.eu\/wp-content\/uploads\/2023\/11\/RES-HCAlliancelogoMASTER.001-700x394.jpeg 700w, https:\/\/energy-cities.eu\/wp-content\/uploads\/2023\/11\/RES-HCAlliancelogoMASTER.001-533x300.jpeg 533w, https:\/\/energy-cities.eu\/wp-content\/uploads\/2023\/11\/RES-HCAlliancelogoMASTER.001.jpeg 1500w\" sizes=\"(max-width: 1024px) 100vw, 1024px\" \/><\/figure><div class=\"wp-block-media-text__content\">\n<p>L&rsquo;Alliance pour le chauffage et le refroidissement renouvelables a \u00e9t\u00e9 lanc\u00e9e pour contribuer au d\u00e9ploiement rapide et \u00e0 grande \u00e9chelle de solutions de chauffage et de refroidissement locales, rentables et \u00e0 \u00e9mission z\u00e9ro. L&rsquo;Alliance vise \u00e0 intensifier les investissements dans la g\u00e9othermie, les syst\u00e8mes de chauffage et de refroidissement urbains, le solaire thermique et les pompes \u00e0 chaleur, afin que les b\u00e2timents et l&rsquo;industrie soient pr\u00eats pour une Europe \u00e0 z\u00e9ro \u00e9mission avant 2050<\/p>\n<\/div><\/div>\n\n\n\n<div style=\"height:50px\" aria-hidden=\"true\" class=\"wp-block-spacer\"><\/div>\n\n\n\n<div class=\"wp-block-advgb-button aligncenter is-style-squared\"><a class=\"wp-block-advgb-button_link advgbbtn-f42d5e95-8dd0-410b-89d4-36db269f7283\" href=\"https:\/\/www.renewableheatingandcoolingalliance.org\/\" target=\"_blank\" rel=\"noopener noreferrer\"><span>Plus d&rsquo;information sur l&rsquo;alliance pour le chauffage et le refroidissement renouvelables <\/span><\/a><\/div>\n<style class=\"advgb-styles-renderer\">.advgbbtn-e76e9e8e-2fe7-49f0-bd25-c1e2a0e6fb1c{font-size:16px;color:#fff !important;background-color:#4ebaa4 !important;margin:0px 0px 0px 0px !important;padding:10px 30px 10px 30px;border-width:1px !important;border-style:none;border-radius:50px !important;}.advgbbtn-e76e9e8e-2fe7-49f0-bd25-c1e2a0e6fb1c:hover{box-shadow:1px 1px 12px 0px #ccc;opacity:1;transition:all 0.2s ease;}.advgbbtn-e76e9e8e-2fe7-49f0-bd25-c1e2a0e6fb1c > i {display: none !important;}.advgbbtn-f42d5e95-8dd0-410b-89d4-36db269f7283{font-size:16px;color:#000000 !important;background-color:#ffeb50 !important;margin:0px 0px 0px 0px !important;padding:10px 30px 10px 30px;border-width:1px !important;border-style:none;border-radius:50px !important;}.advgbbtn-f42d5e95-8dd0-410b-89d4-36db269f7283:hover{box-shadow:1px 1px 12px 0px #ccc;opacity:1;transition:all 0.2s ease;}.advgbbtn-f42d5e95-8dd0-410b-89d4-36db269f7283 > i {display: none !important;}<\/style>","protected":false},"excerpt":{"rendered":"<p>En parall\u00e8le \u00e0 des partenariats strat\u00e9giques plus ponctuels, Energy Cities fait partie de groupes de travail permanents qui contribuent \u00e0 faire avancer l\u2019agenda politique de <a href=\"https:\/\/energy-cities.eu\/fr\/groupes-de-travail\/\">[\u2026]<\/a><\/p>\n","protected":false},"author":48,"featured_media":72897,"parent":0,"menu_order":0,"comment_status":"closed","ping_status":"closed","template":"page.advocacy.php","meta":{"advgb_blocks_editor_width":"","advgb_blocks_columns_visual_guide":"","ub_ctt_via":""},"acf":[],"featured_image_src":"https:\/\/energy-cities.eu\/wp-content\/uploads\/2023\/11\/Bruxelles_-_Commission_Europe\u0301enne_Berlaymont_23263673420-scaled.jpg","yoast_head":"<!-- This site is optimized with the Yoast SEO plugin v18.8 - https:\/\/yoast.com\/wordpress\/plugins\/seo\/ -->\n<title>Groupes de travail - Energy Cities<\/title>\n<meta name=\"robots\" content=\"index, follow, max-snippet:-1, max-image-preview:large, max-video-preview:-1\" \/>\n<link rel=\"canonical\" href=\"https:\/\/energy-cities.eu\/fr\/groupes-de-travail\/\" \/>\n<meta property=\"og:locale\" content=\"fr_FR\" \/>\n<meta property=\"og:type\" content=\"article\" \/>\n<meta property=\"og:title\" content=\"Groupes de travail - Energy Cities\" \/>\n<meta property=\"og:description\" content=\"En parall\u00e8le \u00e0 des partenariats strat\u00e9giques plus ponctuels, Energy Cities fait partie de groupes de travail permanents qui contribuent \u00e0 faire avancer l\u2019agenda politique de [\u2026]\" \/>\n<meta property=\"og:url\" content=\"https:\/\/energy-cities.eu\/fr\/groupes-de-travail\/\" \/>\n<meta property=\"og:site_name\" content=\"Energy Cities\" \/>\n<meta property=\"article:publisher\" content=\"https:\/\/www.facebook.com\/energycities.eu\/\" \/>\n<meta property=\"article:modified_time\" content=\"2026-01-08T14:58:39+00:00\" \/>\n<meta property=\"og:image\" content=\"https:\/\/energy-cities.eu\/wp-content\/uploads\/2023\/11\/Bruxelles_-_Commission_Europe\u0301enne_Berlaymont_23263673420-scaled.jpg\" \/>\n\t<meta property=\"og:image:width\" content=\"2560\" \/>\n\t<meta property=\"og:image:height\" content=\"1707\" \/>\n\t<meta property=\"og:image:type\" content=\"image\/jpeg\" \/>\n<meta name=\"twitter:card\" content=\"summary_large_image\" \/>\n<meta name=\"twitter:site\" content=\"@energycities\" \/>\n<meta name=\"twitter:label1\" content=\"Dur\u00e9e de lecture estim\u00e9e\" \/>\n\t<meta name=\"twitter:data1\" content=\"5 minutes\" \/>\n<script type=\"application\/ld+json\" class=\"yoast-schema-graph\">{\"@context\":\"https:\/\/schema.org\",\"@graph\":[{\"@type\":\"Organization\",\"@id\":\"https:\/\/energy-cities.eu\/fr\/#organization\",\"name\":\"Energy Cities\",\"url\":\"https:\/\/energy-cities.eu\/fr\/\",\"sameAs\":[\"https:\/\/www.facebook.com\/energycities.eu\/\",\"https:\/\/www.youtube.com\/channel\/UChIHn2wF76JzuTbAjSMs0hQ\",\"https:\/\/fr.wikipedia.org\/wiki\/Energy_Cities\",\"https:\/\/twitter.com\/energycities\"],\"logo\":{\"@type\":\"ImageObject\",\"inLanguage\":\"fr-FR\",\"@id\":\"https:\/\/energy-cities.eu\/fr\/#\/schema\/logo\/image\/\",\"url\":\"https:\/\/energy-cities.eu\/wp-content\/uploads\/2019\/07\/energy-cities-couleur.jpg\",\"contentUrl\":\"https:\/\/energy-cities.eu\/wp-content\/uploads\/2019\/07\/energy-cities-couleur.jpg\",\"width\":3508,\"height\":2587,\"caption\":\"Energy Cities\"},\"image\":{\"@id\":\"https:\/\/energy-cities.eu\/fr\/#\/schema\/logo\/image\/\"}},{\"@type\":\"WebSite\",\"@id\":\"https:\/\/energy-cities.eu\/fr\/#website\",\"url\":\"https:\/\/energy-cities.eu\/fr\/\",\"name\":\"Energy Cities\",\"description\":\" The European learning community for future-proof cities\",\"publisher\":{\"@id\":\"https:\/\/energy-cities.eu\/fr\/#organization\"},\"potentialAction\":[{\"@type\":\"SearchAction\",\"target\":{\"@type\":\"EntryPoint\",\"urlTemplate\":\"https:\/\/energy-cities.eu\/fr\/?s={search_term_string}\"},\"query-input\":\"required name=search_term_string\"}],\"inLanguage\":\"fr-FR\"},{\"@type\":\"ImageObject\",\"inLanguage\":\"fr-FR\",\"@id\":\"https:\/\/energy-cities.eu\/fr\/groupes-de-travail\/#primaryimage\",\"url\":\"https:\/\/energy-cities.eu\/wp-content\/uploads\/2023\/11\/Bruxelles_-_Commission_Europe\u0301enne_Berlaymont_23263673420-scaled.jpg\",\"contentUrl\":\"https:\/\/energy-cities.eu\/wp-content\/uploads\/2023\/11\/Bruxelles_-_Commission_Europe\u0301enne_Berlaymont_23263673420-scaled.jpg\",\"width\":2560,\"height\":1707,\"caption\":\"Brussels commission - European Parliament 2\"},{\"@type\":\"WebPage\",\"@id\":\"https:\/\/energy-cities.eu\/fr\/groupes-de-travail\/#webpage\",\"url\":\"https:\/\/energy-cities.eu\/fr\/groupes-de-travail\/\",\"name\":\"Groupes de travail - Energy Cities\",\"isPartOf\":{\"@id\":\"https:\/\/energy-cities.eu\/fr\/#website\"},\"primaryImageOfPage\":{\"@id\":\"https:\/\/energy-cities.eu\/fr\/groupes-de-travail\/#primaryimage\"},\"datePublished\":\"2023-11-15T10:47:02+00:00\",\"dateModified\":\"2026-01-08T14:58:39+00:00\",\"breadcrumb\":{\"@id\":\"https:\/\/energy-cities.eu\/fr\/groupes-de-travail\/#breadcrumb\"},\"inLanguage\":\"fr-FR\",\"potentialAction\":[{\"@type\":\"ReadAction\",\"target\":[\"https:\/\/energy-cities.eu\/fr\/groupes-de-travail\/\"]}]},{\"@type\":\"BreadcrumbList\",\"@id\":\"https:\/\/energy-cities.eu\/fr\/groupes-de-travail\/#breadcrumb\",\"itemListElement\":[{\"@type\":\"ListItem\",\"position\":1,\"name\":\"Home\",\"item\":\"https:\/\/energy-cities.eu\/fr\/nous-sommes-un-reseau-europeen-blabla\/\"},{\"@type\":\"ListItem\",\"position\":2,\"name\":\"Groupes de travail\"}]}]}<\/script>\n<!-- \/ Yoast SEO plugin. -->","yoast_head_json":{"title":"Groupes de travail - Energy Cities","robots":{"index":"index","follow":"follow","max-snippet":"max-snippet:-1","max-image-preview":"max-image-preview:large","max-video-preview":"max-video-preview:-1"},"canonical":"https:\/\/energy-cities.eu\/fr\/groupes-de-travail\/","og_locale":"fr_FR","og_type":"article","og_title":"Groupes de travail - Energy Cities","og_description":"En parall\u00e8le \u00e0 des partenariats strat\u00e9giques plus ponctuels, Energy Cities fait partie de groupes de travail permanents qui contribuent \u00e0 faire avancer l\u2019agenda politique de [\u2026]","og_url":"https:\/\/energy-cities.eu\/fr\/groupes-de-travail\/","og_site_name":"Energy Cities","article_publisher":"https:\/\/www.facebook.com\/energycities.eu\/","article_modified_time":"2026-01-08T14:58:39+00:00","og_image":[{"width":2560,"height":1707,"url":"https:\/\/energy-cities.eu\/wp-content\/uploads\/2023\/11\/Bruxelles_-_Commission_Europe\u0301enne_Berlaymont_23263673420-scaled.jpg","type":"image\/jpeg"}],"twitter_card":"summary_large_image","twitter_site":"@energycities","twitter_misc":{"Dur\u00e9e de lecture estim\u00e9e":"5 minutes"},"schema":{"@context":"https:\/\/schema.org","@graph":[{"@type":"Organization","@id":"https:\/\/energy-cities.eu\/fr\/#organization","name":"Energy Cities","url":"https:\/\/energy-cities.eu\/fr\/","sameAs":["https:\/\/www.facebook.com\/energycities.eu\/","https:\/\/www.youtube.com\/channel\/UChIHn2wF76JzuTbAjSMs0hQ","https:\/\/fr.wikipedia.org\/wiki\/Energy_Cities","https:\/\/twitter.com\/energycities"],"logo":{"@type":"ImageObject","inLanguage":"fr-FR","@id":"https:\/\/energy-cities.eu\/fr\/#\/schema\/logo\/image\/","url":"https:\/\/energy-cities.eu\/wp-content\/uploads\/2019\/07\/energy-cities-couleur.jpg","contentUrl":"https:\/\/energy-cities.eu\/wp-content\/uploads\/2019\/07\/energy-cities-couleur.jpg","width":3508,"height":2587,"caption":"Energy Cities"},"image":{"@id":"https:\/\/energy-cities.eu\/fr\/#\/schema\/logo\/image\/"}},{"@type":"WebSite","@id":"https:\/\/energy-cities.eu\/fr\/#website","url":"https:\/\/energy-cities.eu\/fr\/","name":"Energy Cities","description":" The European learning community for future-proof cities","publisher":{"@id":"https:\/\/energy-cities.eu\/fr\/#organization"},"potentialAction":[{"@type":"SearchAction","target":{"@type":"EntryPoint","urlTemplate":"https:\/\/energy-cities.eu\/fr\/?s={search_term_string}"},"query-input":"required name=search_term_string"}],"inLanguage":"fr-FR"},{"@type":"ImageObject","inLanguage":"fr-FR","@id":"https:\/\/energy-cities.eu\/fr\/groupes-de-travail\/#primaryimage","url":"https:\/\/energy-cities.eu\/wp-content\/uploads\/2023\/11\/Bruxelles_-_Commission_Europe\u0301enne_Berlaymont_23263673420-scaled.jpg","contentUrl":"https:\/\/energy-cities.eu\/wp-content\/uploads\/2023\/11\/Bruxelles_-_Commission_Europe\u0301enne_Berlaymont_23263673420-scaled.jpg","width":2560,"height":1707,"caption":"Brussels commission - European Parliament 2"},{"@type":"WebPage","@id":"https:\/\/energy-cities.eu\/fr\/groupes-de-travail\/#webpage","url":"https:\/\/energy-cities.eu\/fr\/groupes-de-travail\/","name":"Groupes de travail - Energy Cities","isPartOf":{"@id":"https:\/\/energy-cities.eu\/fr\/#website"},"primaryImageOfPage":{"@id":"https:\/\/energy-cities.eu\/fr\/groupes-de-travail\/#primaryimage"},"datePublished":"2023-11-15T10:47:02+00:00","dateModified":"2026-01-08T14:58:39+00:00","breadcrumb":{"@id":"https:\/\/energy-cities.eu\/fr\/groupes-de-travail\/#breadcrumb"},"inLanguage":"fr-FR","potentialAction":[{"@type":"ReadAction","target":["https:\/\/energy-cities.eu\/fr\/groupes-de-travail\/"]}]},{"@type":"BreadcrumbList","@id":"https:\/\/energy-cities.eu\/fr\/groupes-de-travail\/#breadcrumb","itemListElement":[{"@type":"ListItem","position":1,"name":"Home","item":"https:\/\/energy-cities.eu\/fr\/nous-sommes-un-reseau-europeen-blabla\/"},{"@type":"ListItem","position":2,"name":"Groupes de travail"}]}]}},"coauthors":[],"author_meta":{"author_link":"https:\/\/energy-cities.eu\/fr\/staff\/l-naigeon\/","display_name":"Laurent Naigeon"},"relative_dates":{"created":"Publi\u00e9 2 ans il y a","modified":"Mis \u00e0 jour 4 mois il y a"},"absolute_dates":{"created":"Publi\u00e9 le 15 novembre 2023","modified":"Mise \u00e0 jour le 08 janvier 2026"},"absolute_dates_time":{"created":"Publi\u00e9 le 15 novembre 2023 11:47  ","modified":"Mise \u00e0 jour le 08 janvier 2026 3:58  "},"featured_img_caption":"","featured_img":"https:\/\/energy-cities.eu\/wp-content\/uploads\/2023\/11\/Bruxelles_-_Commission_Europe\u0301enne_Berlaymont_23263673420-scaled.jpg","_links":{"self":[{"href":"https:\/\/energy-cities.eu\/fr\/wp-json\/wp\/v2\/pages\/72689"}],"collection":[{"href":"https:\/\/energy-cities.eu\/fr\/wp-json\/wp\/v2\/pages"}],"about":[{"href":"https:\/\/energy-cities.eu\/fr\/wp-json\/wp\/v2\/types\/page"}],"author":[{"embeddable":true,"href":"https:\/\/energy-cities.eu\/fr\/wp-json\/wp\/v2\/users\/48"}],"replies":[{"embeddable":true,"href":"https:\/\/energy-cities.eu\/fr\/wp-json\/wp\/v2\/comments?post=72689"}],"version-history":[{"count":28,"href":"https:\/\/energy-cities.eu\/fr\/wp-json\/wp\/v2\/pages\/72689\/revisions"}],"predecessor-version":[{"id":92700,"href":"https:\/\/energy-cities.eu\/fr\/wp-json\/wp\/v2\/pages\/72689\/revisions\/92700"}],"wp:featuredmedia":[{"embeddable":true,"href":"https:\/\/energy-cities.eu\/fr\/wp-json\/wp\/v2\/media\/72897"}],"wp:attachment":[{"href":"https:\/\/energy-cities.eu\/fr\/wp-json\/wp\/v2\/media?parent=72689"}],"curies":[{"name":"wp","href":"https:\/\/api.w.org\/{rel}","templated":true}]}}