{"id":81302,"date":"2024-10-16T11:18:48","date_gmt":"2024-10-16T09:18:48","guid":{"rendered":"https:\/\/energy-cities.eu\/?page_id=81302"},"modified":"2025-10-08T13:47:25","modified_gmt":"2025-10-08T11:47:25","slug":"forum-annuel","status":"publish","type":"page","link":"https:\/\/energy-cities.eu\/fr\/forum-annuel\/","title":{"rendered":"Forum annuel d&rsquo;Energy Cities"},"content":{"rendered":"\n<p class=\"light-yellow-message\" style=\"font-size:18px\">Le forum annuel d&rsquo;Energy Cities est l&rsquo;\u00e9v\u00e9nement phare de notre r\u00e9seau, et il est accueilli chaque ann\u00e9e par un membre diff\u00e9rent. <strong>En 2023, l&rsquo;\u00e9v\u00e9nement est devenu la conf\u00e9rence \u00ab Grafting Cities \u00bb<\/strong>, visant \u00e0 d\u00e9voiler les actions remarquables de nos membres mises en place pour \u00ab greffer \u00bb leurs villes afin d&rsquo;acc\u00e9l\u00e9rer leur transition.<\/p>\n\n\n\n<p><strong>L&rsquo;art de greffer<\/strong> montre comment un lieu peut prosp\u00e9rer en s&rsquo;appuyant sur ses atouts et en les \u00ab transformant \u00bb. Greffer une ville, c&rsquo;est aussi transformer rue par rue, maison par maison, lieu par lieu, en augmentant la diversit\u00e9 et donc la r\u00e9silience.<\/p>\n\n\n\n<p><strong>Le forum est le lieu o\u00f9 les municipalit\u00e9s, les organisations et les acteurs concern\u00e9s peuvent se r\u00e9unir, partager leurs exp\u00e9riences et tisser des liens pour continuer \u00e0 progresser dans la transition vers la neutralit\u00e9 climatique.<\/strong><\/p>\n\n\n\n<p><a href=\"https:\/\/energy-cities.eu\/fr\/membre\/ville-de-guimaraes\/\" target=\"_blank\" rel=\"noreferrer noopener\">Guimar\u00e3es<\/a> sera l&rsquo;h\u00f4te du Forum annuel 2026 d&rsquo;Energy Cities, la quatri\u00e8me \u00e9dition de Grafting Cities. La ville a \u00e9t\u00e9 nomm\u00e9e <a href=\"https:\/\/environment.ec.europa.eu\/news\/guimaraes-agueda-vaasa-win-2026-european-green-cities-awards-2024-11-27_en?prefLang=fr\" target=\"_blank\" rel=\"noreferrer noopener\">Capitale verte de l\u2019Europe 2026<\/a> pour son engagement dans l\u2019am\u00e9lioration continue de tous les d\u00e9fis concernant ses initiatives de d\u00e9veloppement durable, ainsi que pour l\u2019obtention de r\u00e9sultats complets dans les sept domaines de gestion de l\u2019environnement. La ville fait d\u00e9j\u00e0 preuve de son engagement en faveur de la transition \u00e9cologique, et elle pr\u00e9sentera ses initiatives et ses projets l\u2019ann\u00e9e prochaine lors du forum.<\/p>\n\n\n\n<p>Vous voulez savoir \u00e0 quoi ressemble le forum ? <a href=\"https:\/\/energy-cities.eu\/fr\/forum-annuel-2025-denergy-cities-le-pouvoir-des-connexions-a-lhonneur\/\" target=\"_blank\" rel=\"noreferrer noopener\">Consultez les enseignements de la derni\u00e8re \u00e9dition<\/a>.<\/p>\n\n\n\n<div style=\"height:50px\" aria-hidden=\"true\" class=\"wp-block-spacer\"><\/div>\n\n\n\n<div class=\"wp-block-columns are-vertically-aligned-center\">\n<div class=\"wp-block-column is-vertically-aligned-center\">\n<div class=\"wp-block-advgb-button aligncenter is-style-default\"><a class=\"wp-block-advgb-button_link advgbbtn-fc2ed7df-423a-4655-ac1b-ec4916df95c5\" href=\"https:\/\/energy-cities.eu\/wp-content\/uploads\/2025\/09\/Annual-Forum-FR.pdf\" target=\"_blank\" rel=\"noopener noreferrer\"><span><strong>D\u00e9couvrez les th\u00e8mes du forum<\/strong><\/span><\/a><\/div>\n<\/div>\n\n\n\n<div class=\"wp-block-column is-vertically-aligned-center\">\n<div class=\"wp-block-advgb-button aligncenter is-style-default\"><a class=\"wp-block-advgb-button_link advgbbtn-09978ffe-ffa6-48b1-a5b0-f017af7283c6\" href=\"https:\/\/annualforum.energy-cities.eu\/\" target=\"_blank\" rel=\"noopener noreferrer\"><span><strong>Consultez le site du Forum annuel<\/strong><br><\/span><\/a><\/div>\n<\/div>\n<\/div>\n\n\n\n<div style=\"height:50px\" aria-hidden=\"true\" class=\"wp-block-spacer\"><\/div>\n\n\n\n<hr class=\"wp-block-separator\"\/>\n\n\n\n<h2>L&rsquo;actu du Forum annuel<\/h2>\n\n\n<div class=\"advgb-recent-posts-block grid-view columns-4 recent-posts-67beb4dc-d611-4d5f-8844-a8d1589c0dcb\"><div class=\"advgb-recent-posts\"><article class=\"advgb-recent-post\"><div class=\"advgb-post-thumbnail\"><a href=\"https:\/\/energy-cities.eu\/fr\/le-programme-du-forum-annuel-2026-denergy-cities-devoile-nourrir-les-racines-pour-un-avenir-meilleur\/\"><img width=\"1024\" height=\"683\" src=\"https:\/\/energy-cities.eu\/wp-content\/uploads\/2026\/02\/A7B06231-1024x683.jpg\" class=\"attachment-large size-large\" alt=\"\" loading=\"lazy\" srcset=\"https:\/\/energy-cities.eu\/wp-content\/uploads\/2026\/02\/A7B06231-1024x683.jpg 1024w, https:\/\/energy-cities.eu\/wp-content\/uploads\/2026\/02\/A7B06231-350x233.jpg 350w, https:\/\/energy-cities.eu\/wp-content\/uploads\/2026\/02\/A7B06231-1536x1024.jpg 1536w, https:\/\/energy-cities.eu\/wp-content\/uploads\/2026\/02\/A7B06231-2048x1365.jpg 2048w, https:\/\/energy-cities.eu\/wp-content\/uploads\/2026\/02\/A7B06231-700x467.jpg 700w, https:\/\/energy-cities.eu\/wp-content\/uploads\/2026\/02\/A7B06231-450x300.jpg 450w, https:\/\/energy-cities.eu\/wp-content\/uploads\/2026\/02\/A7B06231-1350x900.jpg 1350w\" sizes=\"(max-width: 1024px) 100vw, 1024px\" \/><\/a><\/div><div class=\"advgb-post-wrapper\"><h2 class=\"advgb-post-title\"><a href=\"https:\/\/energy-cities.eu\/fr\/le-programme-du-forum-annuel-2026-denergy-cities-devoile-nourrir-les-racines-pour-un-avenir-meilleur\/\">Le programme du Forum Annuel 2026 d&rsquo;Energy Cities d\u00e9voil\u00e9 : nourrir les racines pour un avenir meilleur<\/a><\/h2><div class=\"advgb-post-info\"><\/div><div class=\"advgb-post-tax-info\"><\/div><div class=\"advgb-post-content\"><div class=\"advgb-post-excerpt\"><\/div><div class=\"advgb-post-readmore\"><a href=\"https:\/\/energy-cities.eu\/fr\/le-programme-du-forum-annuel-2026-denergy-cities-devoile-nourrir-les-racines-pour-un-avenir-meilleur\/\">Lire la suite<\/a><\/div><\/div><\/div><\/article><article class=\"advgb-recent-post\"><div class=\"advgb-post-thumbnail\"><a href=\"https:\/\/energy-cities.eu\/fr\/guimaraes-ville-exemplaire-pour-son-engagement\/\"><img width=\"1024\" height=\"643\" src=\"https:\/\/energy-cities.eu\/wp-content\/uploads\/2025\/12\/148-2024-04-01-guimaraes-rm-469-1024x643.jpg\" class=\"attachment-large size-large\" alt=\"\" loading=\"lazy\" srcset=\"https:\/\/energy-cities.eu\/wp-content\/uploads\/2025\/12\/148-2024-04-01-guimaraes-rm-469-1024x643.jpg 1024w, https:\/\/energy-cities.eu\/wp-content\/uploads\/2025\/12\/148-2024-04-01-guimaraes-rm-469-350x220.jpg 350w, https:\/\/energy-cities.eu\/wp-content\/uploads\/2025\/12\/148-2024-04-01-guimaraes-rm-469-1536x964.jpg 1536w, https:\/\/energy-cities.eu\/wp-content\/uploads\/2025\/12\/148-2024-04-01-guimaraes-rm-469-2048x1285.jpg 2048w, https:\/\/energy-cities.eu\/wp-content\/uploads\/2025\/12\/148-2024-04-01-guimaraes-rm-469-700x439.jpg 700w, https:\/\/energy-cities.eu\/wp-content\/uploads\/2025\/12\/148-2024-04-01-guimaraes-rm-469-478x300.jpg 478w, https:\/\/energy-cities.eu\/wp-content\/uploads\/2025\/12\/148-2024-04-01-guimaraes-rm-469-1434x900.jpg 1434w\" sizes=\"(max-width: 1024px) 100vw, 1024px\" \/><\/a><\/div><div class=\"advgb-post-wrapper\"><h2 class=\"advgb-post-title\"><a href=\"https:\/\/energy-cities.eu\/fr\/guimaraes-ville-exemplaire-pour-son-engagement\/\">\u00ab\u202fOne-planet city\u202f\u00bb, Capitale verte europ\u00e9enne et organisatrice du forum d\u2019Energy Cities : la ville de Guimaraes continuera de nous inspirer en 2026\u00a0<\/a><\/h2><div class=\"advgb-post-info\"><\/div><div class=\"advgb-post-tax-info\"><\/div><div class=\"advgb-post-content\"><div class=\"advgb-post-excerpt\">Guimar\u00e3es, une ville qui met la neutralit\u00e9 carbone au c\u0153ur de son identit\u00e9.<\/div><div class=\"advgb-post-readmore\"><a href=\"https:\/\/energy-cities.eu\/fr\/guimaraes-ville-exemplaire-pour-son-engagement\/\">Lire la suite<\/a><\/div><\/div><\/div><\/article><article class=\"advgb-recent-post\"><div class=\"advgb-post-thumbnail\"><a href=\"https:\/\/energy-cities.eu\/fr\/decouvrez-guimaraes-ville-hote-du-forum-annuel-2026-denergy-cities\/\"><img width=\"1024\" height=\"576\" src=\"https:\/\/energy-cities.eu\/wp-content\/uploads\/2025\/11\/278-2024-04-08-guimaraes-rm-1476-Edit-1024x576.jpg\" class=\"attachment-large size-large\" alt=\"\" loading=\"lazy\" srcset=\"https:\/\/energy-cities.eu\/wp-content\/uploads\/2025\/11\/278-2024-04-08-guimaraes-rm-1476-Edit-1024x576.jpg 1024w, https:\/\/energy-cities.eu\/wp-content\/uploads\/2025\/11\/278-2024-04-08-guimaraes-rm-1476-Edit-350x197.jpg 350w, https:\/\/energy-cities.eu\/wp-content\/uploads\/2025\/11\/278-2024-04-08-guimaraes-rm-1476-Edit-1536x864.jpg 1536w, https:\/\/energy-cities.eu\/wp-content\/uploads\/2025\/11\/278-2024-04-08-guimaraes-rm-1476-Edit-2048x1152.jpg 2048w, https:\/\/energy-cities.eu\/wp-content\/uploads\/2025\/11\/278-2024-04-08-guimaraes-rm-1476-Edit-700x394.jpg 700w, https:\/\/energy-cities.eu\/wp-content\/uploads\/2025\/11\/278-2024-04-08-guimaraes-rm-1476-Edit-533x300.jpg 533w, https:\/\/energy-cities.eu\/wp-content\/uploads\/2025\/11\/278-2024-04-08-guimaraes-rm-1476-Edit-1600x900.jpg 1600w\" sizes=\"(max-width: 1024px) 100vw, 1024px\" \/><\/a><\/div><div class=\"advgb-post-wrapper\"><h2 class=\"advgb-post-title\"><a href=\"https:\/\/energy-cities.eu\/fr\/decouvrez-guimaraes-ville-hote-du-forum-annuel-2026-denergy-cities\/\">D\u00e9couvrez Guimar\u00e3es, ville h\u00f4te du Forum annuel 2026 d&rsquo;Energy Cities<\/a><\/h2><div class=\"advgb-post-info\"><\/div><div class=\"advgb-post-tax-info\"><\/div><div class=\"advgb-post-content\"><div class=\"advgb-post-excerpt\">La ville, qui a re\u00e7u le titre de Capitale verte europ\u00e9enne 2026, a montr\u00e9 son engagement \u00e0 s\u2019am\u00e9liorer dans tous les domaines li\u00e9s au d\u00e9veloppement durable.<\/div><div class=\"advgb-post-readmore\"><a href=\"https:\/\/energy-cities.eu\/fr\/decouvrez-guimaraes-ville-hote-du-forum-annuel-2026-denergy-cities\/\">Lire la suite<\/a><\/div><\/div><\/div><\/article><article class=\"advgb-recent-post\"><div class=\"advgb-post-thumbnail\"><a href=\"https:\/\/energy-cities.eu\/fr\/grafting-cities-2026-le-prochain-forum-se-tiendra-sur-le-theme-prendre-soin-des-racines-des-villes\/\"><img width=\"1024\" height=\"649\" src=\"https:\/\/energy-cities.eu\/wp-content\/uploads\/2025\/10\/264-2024-04-08-guimaraes-rm-1207-Edit-1024x649.jpg\" class=\"attachment-large size-large\" alt=\"Guimaraes\" loading=\"lazy\" srcset=\"https:\/\/energy-cities.eu\/wp-content\/uploads\/2025\/10\/264-2024-04-08-guimaraes-rm-1207-Edit-1024x649.jpg 1024w, https:\/\/energy-cities.eu\/wp-content\/uploads\/2025\/10\/264-2024-04-08-guimaraes-rm-1207-Edit-350x222.jpg 350w, https:\/\/energy-cities.eu\/wp-content\/uploads\/2025\/10\/264-2024-04-08-guimaraes-rm-1207-Edit-1536x973.jpg 1536w, https:\/\/energy-cities.eu\/wp-content\/uploads\/2025\/10\/264-2024-04-08-guimaraes-rm-1207-Edit-2048x1298.jpg 2048w, https:\/\/energy-cities.eu\/wp-content\/uploads\/2025\/10\/264-2024-04-08-guimaraes-rm-1207-Edit-700x444.jpg 700w, https:\/\/energy-cities.eu\/wp-content\/uploads\/2025\/10\/264-2024-04-08-guimaraes-rm-1207-Edit-473x300.jpg 473w, https:\/\/energy-cities.eu\/wp-content\/uploads\/2025\/10\/264-2024-04-08-guimaraes-rm-1207-Edit-1420x900.jpg 1420w\" sizes=\"(max-width: 1024px) 100vw, 1024px\" \/><\/a><\/div><div class=\"advgb-post-wrapper\"><h2 class=\"advgb-post-title\"><a href=\"https:\/\/energy-cities.eu\/fr\/grafting-cities-2026-le-prochain-forum-se-tiendra-sur-le-theme-prendre-soin-des-racines-des-villes\/\">Grafting Cities 2026 : le prochain forum se tiendra sur le th\u00e8me \u00ab\u00a0prendre soin des racines\u00a0\u00bb des villes<\/a><\/h2><div class=\"advgb-post-info\"><\/div><div class=\"advgb-post-tax-info\"><\/div><div class=\"advgb-post-content\"><div class=\"advgb-post-excerpt\">Comme chaque ann\u00e9e, nous sommes fiers d\u2019inviter nos membres \u00e0 partager leurs meilleures pratiques venues de toute l\u2019Europe dans nos cinq domaines cl\u00e9s : gouvernance locale, villes sans \u00e9nergies fossiles, \u00e9nergie citoyenne, syst\u00e8mes alimentaires et \u00e9conomies \u00e9quitables.<\/div><div class=\"advgb-post-readmore\"><a href=\"https:\/\/energy-cities.eu\/fr\/grafting-cities-2026-le-prochain-forum-se-tiendra-sur-le-theme-prendre-soin-des-racines-des-villes\/\">Lire la suite<\/a><\/div><\/div><\/div><\/article><\/div><\/div><style class=\"advgb-styles-renderer\">.advgbbtn-fc2ed7df-423a-4655-ac1b-ec4916df95c5{font-size:18px;color:#fff !important;background-color:#90cbbf !important;margin:0px 0px 0px 0px !important;padding:10px 30px 10px 30px;border-width:1px !important;border-style:none;border-radius:50px !important;}.advgbbtn-fc2ed7df-423a-4655-ac1b-ec4916df95c5:hover{box-shadow:1px 1px 12px 0px #ccc;opacity:1;transition:all 0.2s ease;}.advgbbtn-fc2ed7df-423a-4655-ac1b-ec4916df95c5 > i {display: none !important;}.advgbbtn-09978ffe-ffa6-48b1-a5b0-f017af7283c6{font-size:18px;color:#fff !important;background-color:#90cbbf !important;margin:0px 0px 0px 0px !important;padding:10px 30px 10px 30px;border-width:1px !important;border-style:none;border-radius:50px !important;}.advgbbtn-09978ffe-ffa6-48b1-a5b0-f017af7283c6:hover{box-shadow:1px 1px 12px 0px #ccc;opacity:1;transition:all 0.2s ease;}.advgbbtn-09978ffe-ffa6-48b1-a5b0-f017af7283c6 > i {display: none !important;}<\/style>","protected":false},"excerpt":{"rendered":"<p>Le forum annuel d&rsquo;Energy Cities est l&rsquo;\u00e9v\u00e9nement phare de notre r\u00e9seau, et il est accueilli chaque ann\u00e9e par un membre diff\u00e9rent. En 2023, l&rsquo;\u00e9v\u00e9nement est <a href=\"https:\/\/energy-cities.eu\/fr\/forum-annuel\/\">[\u2026]<\/a><\/p>\n","protected":false},"author":47,"featured_media":87643,"parent":0,"menu_order":0,"comment_status":"closed","ping_status":"closed","template":"page.conferences.php","meta":{"advgb_blocks_editor_width":"","advgb_blocks_columns_visual_guide":"","ub_ctt_via":""},"acf":[],"featured_image_src":"https:\/\/energy-cities.eu\/wp-content\/uploads\/2024\/04\/Annual-Forum-2025-Website.png","yoast_head":"<!-- This site is optimized with the Yoast SEO plugin v18.8 - https:\/\/yoast.com\/wordpress\/plugins\/seo\/ -->\n<title>Forum annuel d&#039;Energy Cities - Energy Cities<\/title>\n<meta name=\"robots\" content=\"index, follow, max-snippet:-1, max-image-preview:large, max-video-preview:-1\" \/>\n<link rel=\"canonical\" href=\"https:\/\/energy-cities.eu\/fr\/forum-annuel\/\" \/>\n<meta property=\"og:locale\" content=\"fr_FR\" \/>\n<meta property=\"og:type\" content=\"article\" \/>\n<meta property=\"og:title\" content=\"Forum annuel d&#039;Energy Cities - Energy Cities\" \/>\n<meta property=\"og:description\" content=\"Le forum annuel d&rsquo;Energy Cities est l&rsquo;\u00e9v\u00e9nement phare de notre r\u00e9seau, et il est accueilli chaque ann\u00e9e par un membre diff\u00e9rent. En 2023, l&rsquo;\u00e9v\u00e9nement est [\u2026]\" \/>\n<meta property=\"og:url\" content=\"https:\/\/energy-cities.eu\/fr\/forum-annuel\/\" \/>\n<meta property=\"og:site_name\" content=\"Energy Cities\" \/>\n<meta property=\"article:publisher\" content=\"https:\/\/www.facebook.com\/energycities.eu\/\" \/>\n<meta property=\"article:modified_time\" content=\"2025-10-08T11:47:25+00:00\" \/>\n<meta property=\"og:image\" content=\"https:\/\/energy-cities.eu\/wp-content\/uploads\/2024\/04\/Annual-Forum-2025-Website-1024x576.png\" \/>\n\t<meta property=\"og:image:width\" content=\"1024\" \/>\n\t<meta property=\"og:image:height\" content=\"576\" \/>\n\t<meta property=\"og:image:type\" content=\"image\/png\" \/>\n<meta name=\"twitter:card\" content=\"summary_large_image\" \/>\n<meta name=\"twitter:site\" content=\"@energycities\" \/>\n<meta name=\"twitter:label1\" content=\"Dur\u00e9e de lecture estim\u00e9e\" \/>\n\t<meta name=\"twitter:data1\" content=\"2 minutes\" \/>\n<script type=\"application\/ld+json\" class=\"yoast-schema-graph\">{\"@context\":\"https:\/\/schema.org\",\"@graph\":[{\"@type\":\"Organization\",\"@id\":\"https:\/\/energy-cities.eu\/fr\/#organization\",\"name\":\"Energy Cities\",\"url\":\"https:\/\/energy-cities.eu\/fr\/\",\"sameAs\":[\"https:\/\/www.facebook.com\/energycities.eu\/\",\"https:\/\/www.youtube.com\/channel\/UChIHn2wF76JzuTbAjSMs0hQ\",\"https:\/\/fr.wikipedia.org\/wiki\/Energy_Cities\",\"https:\/\/twitter.com\/energycities\"],\"logo\":{\"@type\":\"ImageObject\",\"inLanguage\":\"fr-FR\",\"@id\":\"https:\/\/energy-cities.eu\/fr\/#\/schema\/logo\/image\/\",\"url\":\"https:\/\/energy-cities.eu\/wp-content\/uploads\/2019\/07\/energy-cities-couleur.jpg\",\"contentUrl\":\"https:\/\/energy-cities.eu\/wp-content\/uploads\/2019\/07\/energy-cities-couleur.jpg\",\"width\":3508,\"height\":2587,\"caption\":\"Energy Cities\"},\"image\":{\"@id\":\"https:\/\/energy-cities.eu\/fr\/#\/schema\/logo\/image\/\"}},{\"@type\":\"WebSite\",\"@id\":\"https:\/\/energy-cities.eu\/fr\/#website\",\"url\":\"https:\/\/energy-cities.eu\/fr\/\",\"name\":\"Energy Cities\",\"description\":\" The European learning community for future-proof cities\",\"publisher\":{\"@id\":\"https:\/\/energy-cities.eu\/fr\/#organization\"},\"potentialAction\":[{\"@type\":\"SearchAction\",\"target\":{\"@type\":\"EntryPoint\",\"urlTemplate\":\"https:\/\/energy-cities.eu\/fr\/?s={search_term_string}\"},\"query-input\":\"required name=search_term_string\"}],\"inLanguage\":\"fr-FR\"},{\"@type\":\"ImageObject\",\"inLanguage\":\"fr-FR\",\"@id\":\"https:\/\/energy-cities.eu\/fr\/forum-annuel\/#primaryimage\",\"url\":\"https:\/\/energy-cities.eu\/wp-content\/uploads\/2024\/04\/Annual-Forum-2025-Website.png\",\"contentUrl\":\"https:\/\/energy-cities.eu\/wp-content\/uploads\/2024\/04\/Annual-Forum-2025-Website.png\",\"width\":2560,\"height\":1440},{\"@type\":\"WebPage\",\"@id\":\"https:\/\/energy-cities.eu\/fr\/forum-annuel\/#webpage\",\"url\":\"https:\/\/energy-cities.eu\/fr\/forum-annuel\/\",\"name\":\"Forum annuel d'Energy Cities - Energy Cities\",\"isPartOf\":{\"@id\":\"https:\/\/energy-cities.eu\/fr\/#website\"},\"primaryImageOfPage\":{\"@id\":\"https:\/\/energy-cities.eu\/fr\/forum-annuel\/#primaryimage\"},\"datePublished\":\"2024-10-16T09:18:48+00:00\",\"dateModified\":\"2025-10-08T11:47:25+00:00\",\"breadcrumb\":{\"@id\":\"https:\/\/energy-cities.eu\/fr\/forum-annuel\/#breadcrumb\"},\"inLanguage\":\"fr-FR\",\"potentialAction\":[{\"@type\":\"ReadAction\",\"target\":[\"https:\/\/energy-cities.eu\/fr\/forum-annuel\/\"]}]},{\"@type\":\"BreadcrumbList\",\"@id\":\"https:\/\/energy-cities.eu\/fr\/forum-annuel\/#breadcrumb\",\"itemListElement\":[{\"@type\":\"ListItem\",\"position\":1,\"name\":\"Home\",\"item\":\"https:\/\/energy-cities.eu\/fr\/nous-sommes-un-reseau-europeen-blabla\/\"},{\"@type\":\"ListItem\",\"position\":2,\"name\":\"Forum annuel d&#8217;Energy Cities\"}]}]}<\/script>\n<!-- \/ Yoast SEO plugin. -->","yoast_head_json":{"title":"Forum annuel d'Energy Cities - Energy Cities","robots":{"index":"index","follow":"follow","max-snippet":"max-snippet:-1","max-image-preview":"max-image-preview:large","max-video-preview":"max-video-preview:-1"},"canonical":"https:\/\/energy-cities.eu\/fr\/forum-annuel\/","og_locale":"fr_FR","og_type":"article","og_title":"Forum annuel d'Energy Cities - Energy Cities","og_description":"Le forum annuel d&rsquo;Energy Cities est l&rsquo;\u00e9v\u00e9nement phare de notre r\u00e9seau, et il est accueilli chaque ann\u00e9e par un membre diff\u00e9rent. En 2023, l&rsquo;\u00e9v\u00e9nement est [\u2026]","og_url":"https:\/\/energy-cities.eu\/fr\/forum-annuel\/","og_site_name":"Energy Cities","article_publisher":"https:\/\/www.facebook.com\/energycities.eu\/","article_modified_time":"2025-10-08T11:47:25+00:00","og_image":[{"width":1024,"height":576,"url":"https:\/\/energy-cities.eu\/wp-content\/uploads\/2024\/04\/Annual-Forum-2025-Website-1024x576.png","type":"image\/png"}],"twitter_card":"summary_large_image","twitter_site":"@energycities","twitter_misc":{"Dur\u00e9e de lecture estim\u00e9e":"2 minutes"},"schema":{"@context":"https:\/\/schema.org","@graph":[{"@type":"Organization","@id":"https:\/\/energy-cities.eu\/fr\/#organization","name":"Energy Cities","url":"https:\/\/energy-cities.eu\/fr\/","sameAs":["https:\/\/www.facebook.com\/energycities.eu\/","https:\/\/www.youtube.com\/channel\/UChIHn2wF76JzuTbAjSMs0hQ","https:\/\/fr.wikipedia.org\/wiki\/Energy_Cities","https:\/\/twitter.com\/energycities"],"logo":{"@type":"ImageObject","inLanguage":"fr-FR","@id":"https:\/\/energy-cities.eu\/fr\/#\/schema\/logo\/image\/","url":"https:\/\/energy-cities.eu\/wp-content\/uploads\/2019\/07\/energy-cities-couleur.jpg","contentUrl":"https:\/\/energy-cities.eu\/wp-content\/uploads\/2019\/07\/energy-cities-couleur.jpg","width":3508,"height":2587,"caption":"Energy Cities"},"image":{"@id":"https:\/\/energy-cities.eu\/fr\/#\/schema\/logo\/image\/"}},{"@type":"WebSite","@id":"https:\/\/energy-cities.eu\/fr\/#website","url":"https:\/\/energy-cities.eu\/fr\/","name":"Energy Cities","description":" The European learning community for future-proof cities","publisher":{"@id":"https:\/\/energy-cities.eu\/fr\/#organization"},"potentialAction":[{"@type":"SearchAction","target":{"@type":"EntryPoint","urlTemplate":"https:\/\/energy-cities.eu\/fr\/?s={search_term_string}"},"query-input":"required name=search_term_string"}],"inLanguage":"fr-FR"},{"@type":"ImageObject","inLanguage":"fr-FR","@id":"https:\/\/energy-cities.eu\/fr\/forum-annuel\/#primaryimage","url":"https:\/\/energy-cities.eu\/wp-content\/uploads\/2024\/04\/Annual-Forum-2025-Website.png","contentUrl":"https:\/\/energy-cities.eu\/wp-content\/uploads\/2024\/04\/Annual-Forum-2025-Website.png","width":2560,"height":1440},{"@type":"WebPage","@id":"https:\/\/energy-cities.eu\/fr\/forum-annuel\/#webpage","url":"https:\/\/energy-cities.eu\/fr\/forum-annuel\/","name":"Forum annuel d'Energy Cities - Energy Cities","isPartOf":{"@id":"https:\/\/energy-cities.eu\/fr\/#website"},"primaryImageOfPage":{"@id":"https:\/\/energy-cities.eu\/fr\/forum-annuel\/#primaryimage"},"datePublished":"2024-10-16T09:18:48+00:00","dateModified":"2025-10-08T11:47:25+00:00","breadcrumb":{"@id":"https:\/\/energy-cities.eu\/fr\/forum-annuel\/#breadcrumb"},"inLanguage":"fr-FR","potentialAction":[{"@type":"ReadAction","target":["https:\/\/energy-cities.eu\/fr\/forum-annuel\/"]}]},{"@type":"BreadcrumbList","@id":"https:\/\/energy-cities.eu\/fr\/forum-annuel\/#breadcrumb","itemListElement":[{"@type":"ListItem","position":1,"name":"Home","item":"https:\/\/energy-cities.eu\/fr\/nous-sommes-un-reseau-europeen-blabla\/"},{"@type":"ListItem","position":2,"name":"Forum annuel d&#8217;Energy Cities"}]}]}},"coauthors":[],"author_meta":{"author_link":"https:\/\/energy-cities.eu\/fr\/staff\/admin-ec\/","display_name":"Admin EC"},"relative_dates":{"created":"Publi\u00e9 2 ans il y a","modified":"Mis \u00e0 jour 7 mois il y a"},"absolute_dates":{"created":"Publi\u00e9 le 16 octobre 2024","modified":"Mise \u00e0 jour le 08 octobre 2025"},"absolute_dates_time":{"created":"Publi\u00e9 le 16 octobre 2024 11:18  ","modified":"Mise \u00e0 jour le 08 octobre 2025 1:47  "},"featured_img_caption":"","featured_img":"https:\/\/energy-cities.eu\/wp-content\/uploads\/2024\/04\/Annual-Forum-2025-Website.png","_links":{"self":[{"href":"https:\/\/energy-cities.eu\/fr\/wp-json\/wp\/v2\/pages\/81302"}],"collection":[{"href":"https:\/\/energy-cities.eu\/fr\/wp-json\/wp\/v2\/pages"}],"about":[{"href":"https:\/\/energy-cities.eu\/fr\/wp-json\/wp\/v2\/types\/page"}],"author":[{"embeddable":true,"href":"https:\/\/energy-cities.eu\/fr\/wp-json\/wp\/v2\/users\/47"}],"replies":[{"embeddable":true,"href":"https:\/\/energy-cities.eu\/fr\/wp-json\/wp\/v2\/comments?post=81302"}],"version-history":[{"count":32,"href":"https:\/\/energy-cities.eu\/fr\/wp-json\/wp\/v2\/pages\/81302\/revisions"}],"predecessor-version":[{"id":90666,"href":"https:\/\/energy-cities.eu\/fr\/wp-json\/wp\/v2\/pages\/81302\/revisions\/90666"}],"wp:featuredmedia":[{"embeddable":true,"href":"https:\/\/energy-cities.eu\/fr\/wp-json\/wp\/v2\/media\/87643"}],"wp:attachment":[{"href":"https:\/\/energy-cities.eu\/fr\/wp-json\/wp\/v2\/media?parent=81302"}],"curies":[{"name":"wp","href":"https:\/\/api.w.org\/{rel}","templated":true}]}}