{"id":29559,"date":"2019-12-14T17:49:00","date_gmt":"2019-12-14T16:49:00","guid":{"rendered":"https:\/\/energy-cities.eu\/?post_type=policies&#038;p=29559"},"modified":"2022-12-22T12:20:59","modified_gmt":"2022-12-22T11:20:59","slug":"le-pacte-vert-pour-leurope","status":"publish","type":"policies","link":"https:\/\/energy-cities.eu\/fr\/document-politique\/le-pacte-vert-pour-leurope\/","title":{"rendered":"Le pacte vert pour l\u2019Europe: \u00e0 quand une r\u00e9elle transformation soci\u00e9tale?"},"content":{"rendered":"\n<p>Les grandes mobilisations pour le climat de ces derni\u00e8res ann\u00e9es n\u2019auront pas \u00e9t\u00e9 vaines. La Commission europ\u00e9enne a finalement reconnu l\u2019ampleur \u2013 et l\u2019urgence \u2013 de la crise \u00e9cologique et sa Pr\u00e9sidente, Ursula von der Leyen, en a fait la priorit\u00e9 num\u00e9ro un de son nouveau mandat sous le vocable de \u00ab&nbsp;pacte vert pour l\u2019Europe&nbsp;\u00bb.<\/p>\n\n\n\n<p>Ce&nbsp;<a href=\"https:\/\/ec.europa.eu\/info\/sites\/info\/files\/european-green-deal-communication_fr.pdf\">vaste programme<\/a>, compos\u00e9 de 50 mesures visant \u00e0 mettre l\u2019Europe sur une trajectoire neutre pour le climat d\u2019ici 2050, est remarquablement ambitieux au regard de la multitude des enjeux climatiques qui y sont abord\u00e9s. En effet, presque tous les secteurs sont concern\u00e9s, de l\u2019\u00e9nergie aux transports, en passant par la mobilit\u00e9, l\u2019industrie, les b\u00e2timents, les d\u00e9chets, la biodiversit\u00e9, le commerce international, la pollution de l\u2019air, sans oublier l\u2019\u00e9conomie et les finances.<\/p>\n\n\n\n<p>Mais injecter une dose de climat dans chacun des secteurs de l\u2019\u00e9conomie sans op\u00e9rer un r\u00e9el changement de paradigme sera-t-il suffisant ? A quand la grande transformation soci\u00e9tale que les citoyen\u00b7ne\u00b7s appellent d\u00e9sesp\u00e9r\u00e9ment de leurs v\u0153ux&nbsp;?<\/p>\n\n\n\n<p>Dans son&nbsp;<a href=\"https:\/\/energy-cities.eu\/fr\/document-politique\/2019-eu-elections-our-manifesto\/\">Manifeste de 2019<\/a>&nbsp;publi\u00e9 en amont des \u00e9lections europ\u00e9ennes, Energy Cities demandait \u00e0 l\u2019UE de prendre huit mesures et r\u00e9formes aux r\u00e9sultats rapides, ou plus disruptives. Toutes sont au moins partiellement abord\u00e9es dans le pacte vert, mais il reste encore beaucoup \u00e0 faire.<\/p>\n\n\n\n<p>En r\u00e9sum\u00e9, voici nos 5 points \u00e0 retenir de la nouvelle strat\u00e9gie phare :<\/p>\n\n\n\n<ol><li>La gouvernance macro-\u00e9conomique de l\u2019UE b\u00e9n\u00e9ficie d\u2019un coup de pouce tr\u00e8s appr\u00e9ci\u00e9 en mati\u00e8re de durabilit\u00e9<\/li><li>Bien qu\u2019il y ait plus de budget de l\u2019UE pour le climat, nous manquons encore d\u2019un budget europ\u00e9en compatible avec le climat.<\/li><li>Le m\u00e9canisme de transition \u00e9quitable aurait pu changer la donne s\u2019il n\u2019avait pas eu une port\u00e9e aussi limit\u00e9e.<\/li><li>Le Pacte Climat propos\u00e9 ne s\u2019appuie pas sur la Convention des Maires pour cr\u00e9er des alliances socio-\u00e9cologiques locales.<\/li><li>L\u2019\u00e9conomie des march\u00e9s de l\u2019\u00e9nergie est toujours consid\u00e9r\u00e9e d\u2019un point de vue descendant, la logique \u00e9nerg\u00e9tique communautaire n\u2019\u00e9tant abord\u00e9e qu\u2019en marge.<\/li><\/ol>\n\n\n\n<p><\/p>\n","protected":false},"excerpt":{"rendered":"<p>Les grandes mobilisations pour le climat de ces derni\u00e8res ann\u00e9es n\u2019auront pas \u00e9t\u00e9 vaines. La Commission europ\u00e9enne a finalement reconnu l\u2019ampleur \u2013 et l\u2019urgence \u2013 <a href=\"https:\/\/energy-cities.eu\/fr\/document-politique\/le-pacte-vert-pour-leurope\/\">[\u2026]<\/a><\/p>\n","protected":false},"author":29,"featured_media":27332,"template":"","hub":[308,306,307,309],"topic":[22,107,108,109],"legislative_initiative":[178,180],"document_type":[],"acf":[],"yoast_head":"<!-- This site is optimized with the Yoast SEO plugin v18.8 - https:\/\/yoast.com\/wordpress\/plugins\/seo\/ -->\n<title>Le pacte vert pour l\u2019Europe: \u00e0 quand une r\u00e9elle transformation soci\u00e9tale? - Energy Cities<\/title>\n<meta name=\"robots\" content=\"index, follow, max-snippet:-1, max-image-preview:large, max-video-preview:-1\" \/>\n<link rel=\"canonical\" href=\"https:\/\/energy-cities.eu\/fr\/document-politique\/le-pacte-vert-pour-leurope\/\" \/>\n<meta property=\"og:locale\" content=\"fr_FR\" \/>\n<meta property=\"og:type\" content=\"article\" \/>\n<meta property=\"og:title\" content=\"Le pacte vert pour l\u2019Europe: \u00e0 quand une r\u00e9elle transformation soci\u00e9tale? - Energy Cities\" \/>\n<meta property=\"og:description\" content=\"Les grandes mobilisations pour le climat de ces derni\u00e8res ann\u00e9es n\u2019auront pas \u00e9t\u00e9 vaines. La Commission europ\u00e9enne a finalement reconnu l\u2019ampleur \u2013 et l\u2019urgence \u2013 [\u2026]\" \/>\n<meta property=\"og:url\" content=\"https:\/\/energy-cities.eu\/fr\/document-politique\/le-pacte-vert-pour-leurope\/\" \/>\n<meta property=\"og:site_name\" content=\"Energy Cities\" \/>\n<meta property=\"article:publisher\" content=\"https:\/\/www.facebook.com\/energycities.eu\/\" \/>\n<meta property=\"article:modified_time\" content=\"2022-12-22T11:20:59+00:00\" \/>\n<meta property=\"og:image\" content=\"https:\/\/energy-cities.eu\/wp-content\/uploads\/2019\/12\/Bruxelles_-_Commission_Europ\u00e9enne_Berlaymont_23263673420-1024x683.jpg\" \/>\n\t<meta property=\"og:image:width\" content=\"1024\" \/>\n\t<meta property=\"og:image:height\" content=\"683\" \/>\n\t<meta property=\"og:image:type\" content=\"image\/jpeg\" \/>\n<meta name=\"twitter:card\" content=\"summary_large_image\" \/>\n<meta name=\"twitter:site\" content=\"@energycities\" \/>\n<meta name=\"twitter:label1\" content=\"Dur\u00e9e de lecture estim\u00e9e\" \/>\n\t<meta name=\"twitter:data1\" content=\"2 minutes\" \/>\n<script type=\"application\/ld+json\" class=\"yoast-schema-graph\">{\"@context\":\"https:\/\/schema.org\",\"@graph\":[{\"@type\":\"Organization\",\"@id\":\"https:\/\/energy-cities.eu\/fr\/#organization\",\"name\":\"Energy Cities\",\"url\":\"https:\/\/energy-cities.eu\/fr\/\",\"sameAs\":[\"https:\/\/www.facebook.com\/energycities.eu\/\",\"https:\/\/www.youtube.com\/channel\/UChIHn2wF76JzuTbAjSMs0hQ\",\"https:\/\/fr.wikipedia.org\/wiki\/Energy_Cities\",\"https:\/\/twitter.com\/energycities\"],\"logo\":{\"@type\":\"ImageObject\",\"inLanguage\":\"fr-FR\",\"@id\":\"https:\/\/energy-cities.eu\/fr\/#\/schema\/logo\/image\/\",\"url\":\"https:\/\/energy-cities.eu\/wp-content\/uploads\/2019\/07\/energy-cities-couleur.jpg\",\"contentUrl\":\"https:\/\/energy-cities.eu\/wp-content\/uploads\/2019\/07\/energy-cities-couleur.jpg\",\"width\":3508,\"height\":2587,\"caption\":\"Energy Cities\"},\"image\":{\"@id\":\"https:\/\/energy-cities.eu\/fr\/#\/schema\/logo\/image\/\"}},{\"@type\":\"WebSite\",\"@id\":\"https:\/\/energy-cities.eu\/fr\/#website\",\"url\":\"https:\/\/energy-cities.eu\/fr\/\",\"name\":\"Energy Cities\",\"description\":\" The European learning community for future-proof cities\",\"publisher\":{\"@id\":\"https:\/\/energy-cities.eu\/fr\/#organization\"},\"potentialAction\":[{\"@type\":\"SearchAction\",\"target\":{\"@type\":\"EntryPoint\",\"urlTemplate\":\"https:\/\/energy-cities.eu\/fr\/?s={search_term_string}\"},\"query-input\":\"required name=search_term_string\"}],\"inLanguage\":\"fr-FR\"},{\"@type\":\"ImageObject\",\"inLanguage\":\"fr-FR\",\"@id\":\"https:\/\/energy-cities.eu\/fr\/document-politique\/le-pacte-vert-pour-leurope\/#primaryimage\",\"url\":\"https:\/\/energy-cities.eu\/wp-content\/uploads\/2019\/12\/Bruxelles_-_Commission_Europ\u00e9enne_Berlaymont_23263673420.jpg\",\"contentUrl\":\"https:\/\/energy-cities.eu\/wp-content\/uploads\/2019\/12\/Bruxelles_-_Commission_Europ\u00e9enne_Berlaymont_23263673420.jpg\",\"width\":5184,\"height\":3456,\"caption\":\"Wikimedia Commons, the free media repository\"},{\"@type\":\"WebPage\",\"@id\":\"https:\/\/energy-cities.eu\/fr\/document-politique\/le-pacte-vert-pour-leurope\/#webpage\",\"url\":\"https:\/\/energy-cities.eu\/fr\/document-politique\/le-pacte-vert-pour-leurope\/\",\"name\":\"Le pacte vert pour l\u2019Europe: \u00e0 quand une r\u00e9elle transformation soci\u00e9tale? - Energy Cities\",\"isPartOf\":{\"@id\":\"https:\/\/energy-cities.eu\/fr\/#website\"},\"primaryImageOfPage\":{\"@id\":\"https:\/\/energy-cities.eu\/fr\/document-politique\/le-pacte-vert-pour-leurope\/#primaryimage\"},\"datePublished\":\"2019-12-14T16:49:00+00:00\",\"dateModified\":\"2022-12-22T11:20:59+00:00\",\"breadcrumb\":{\"@id\":\"https:\/\/energy-cities.eu\/fr\/document-politique\/le-pacte-vert-pour-leurope\/#breadcrumb\"},\"inLanguage\":\"fr-FR\",\"potentialAction\":[{\"@type\":\"ReadAction\",\"target\":[\"https:\/\/energy-cities.eu\/fr\/document-politique\/le-pacte-vert-pour-leurope\/\"]}]},{\"@type\":\"BreadcrumbList\",\"@id\":\"https:\/\/energy-cities.eu\/fr\/document-politique\/le-pacte-vert-pour-leurope\/#breadcrumb\",\"itemListElement\":[{\"@type\":\"ListItem\",\"position\":1,\"name\":\"Home\",\"item\":\"https:\/\/energy-cities.eu\/fr\/nous-sommes-un-reseau-europeen-blabla\/\"},{\"@type\":\"ListItem\",\"position\":2,\"name\":\"Le pacte vert pour l\u2019Europe: \u00e0 quand une r\u00e9elle transformation soci\u00e9tale?\"}]}]}<\/script>\n<!-- \/ Yoast SEO plugin. -->","yoast_head_json":{"title":"Le pacte vert pour l\u2019Europe: \u00e0 quand une r\u00e9elle transformation soci\u00e9tale? - Energy Cities","robots":{"index":"index","follow":"follow","max-snippet":"max-snippet:-1","max-image-preview":"max-image-preview:large","max-video-preview":"max-video-preview:-1"},"canonical":"https:\/\/energy-cities.eu\/fr\/document-politique\/le-pacte-vert-pour-leurope\/","og_locale":"fr_FR","og_type":"article","og_title":"Le pacte vert pour l\u2019Europe: \u00e0 quand une r\u00e9elle transformation soci\u00e9tale? - Energy Cities","og_description":"Les grandes mobilisations pour le climat de ces derni\u00e8res ann\u00e9es n\u2019auront pas \u00e9t\u00e9 vaines. La Commission europ\u00e9enne a finalement reconnu l\u2019ampleur \u2013 et l\u2019urgence \u2013 [\u2026]","og_url":"https:\/\/energy-cities.eu\/fr\/document-politique\/le-pacte-vert-pour-leurope\/","og_site_name":"Energy Cities","article_publisher":"https:\/\/www.facebook.com\/energycities.eu\/","article_modified_time":"2022-12-22T11:20:59+00:00","og_image":[{"width":1024,"height":683,"url":"https:\/\/energy-cities.eu\/wp-content\/uploads\/2019\/12\/Bruxelles_-_Commission_Europ\u00e9enne_Berlaymont_23263673420-1024x683.jpg","type":"image\/jpeg"}],"twitter_card":"summary_large_image","twitter_site":"@energycities","twitter_misc":{"Dur\u00e9e de lecture estim\u00e9e":"2 minutes"},"schema":{"@context":"https:\/\/schema.org","@graph":[{"@type":"Organization","@id":"https:\/\/energy-cities.eu\/fr\/#organization","name":"Energy Cities","url":"https:\/\/energy-cities.eu\/fr\/","sameAs":["https:\/\/www.facebook.com\/energycities.eu\/","https:\/\/www.youtube.com\/channel\/UChIHn2wF76JzuTbAjSMs0hQ","https:\/\/fr.wikipedia.org\/wiki\/Energy_Cities","https:\/\/twitter.com\/energycities"],"logo":{"@type":"ImageObject","inLanguage":"fr-FR","@id":"https:\/\/energy-cities.eu\/fr\/#\/schema\/logo\/image\/","url":"https:\/\/energy-cities.eu\/wp-content\/uploads\/2019\/07\/energy-cities-couleur.jpg","contentUrl":"https:\/\/energy-cities.eu\/wp-content\/uploads\/2019\/07\/energy-cities-couleur.jpg","width":3508,"height":2587,"caption":"Energy Cities"},"image":{"@id":"https:\/\/energy-cities.eu\/fr\/#\/schema\/logo\/image\/"}},{"@type":"WebSite","@id":"https:\/\/energy-cities.eu\/fr\/#website","url":"https:\/\/energy-cities.eu\/fr\/","name":"Energy Cities","description":" The European learning community for future-proof cities","publisher":{"@id":"https:\/\/energy-cities.eu\/fr\/#organization"},"potentialAction":[{"@type":"SearchAction","target":{"@type":"EntryPoint","urlTemplate":"https:\/\/energy-cities.eu\/fr\/?s={search_term_string}"},"query-input":"required name=search_term_string"}],"inLanguage":"fr-FR"},{"@type":"ImageObject","inLanguage":"fr-FR","@id":"https:\/\/energy-cities.eu\/fr\/document-politique\/le-pacte-vert-pour-leurope\/#primaryimage","url":"https:\/\/energy-cities.eu\/wp-content\/uploads\/2019\/12\/Bruxelles_-_Commission_Europ\u00e9enne_Berlaymont_23263673420.jpg","contentUrl":"https:\/\/energy-cities.eu\/wp-content\/uploads\/2019\/12\/Bruxelles_-_Commission_Europ\u00e9enne_Berlaymont_23263673420.jpg","width":5184,"height":3456,"caption":"Wikimedia Commons, the free media repository"},{"@type":"WebPage","@id":"https:\/\/energy-cities.eu\/fr\/document-politique\/le-pacte-vert-pour-leurope\/#webpage","url":"https:\/\/energy-cities.eu\/fr\/document-politique\/le-pacte-vert-pour-leurope\/","name":"Le pacte vert pour l\u2019Europe: \u00e0 quand une r\u00e9elle transformation soci\u00e9tale? - Energy Cities","isPartOf":{"@id":"https:\/\/energy-cities.eu\/fr\/#website"},"primaryImageOfPage":{"@id":"https:\/\/energy-cities.eu\/fr\/document-politique\/le-pacte-vert-pour-leurope\/#primaryimage"},"datePublished":"2019-12-14T16:49:00+00:00","dateModified":"2022-12-22T11:20:59+00:00","breadcrumb":{"@id":"https:\/\/energy-cities.eu\/fr\/document-politique\/le-pacte-vert-pour-leurope\/#breadcrumb"},"inLanguage":"fr-FR","potentialAction":[{"@type":"ReadAction","target":["https:\/\/energy-cities.eu\/fr\/document-politique\/le-pacte-vert-pour-leurope\/"]}]},{"@type":"BreadcrumbList","@id":"https:\/\/energy-cities.eu\/fr\/document-politique\/le-pacte-vert-pour-leurope\/#breadcrumb","itemListElement":[{"@type":"ListItem","position":1,"name":"Home","item":"https:\/\/energy-cities.eu\/fr\/nous-sommes-un-reseau-europeen-blabla\/"},{"@type":"ListItem","position":2,"name":"Le pacte vert pour l\u2019Europe: \u00e0 quand une r\u00e9elle transformation soci\u00e9tale?"}]}]}},"featured_img":"https:\/\/energy-cities.eu\/wp-content\/uploads\/2019\/12\/Bruxelles_-_Commission_Europ\u00e9enne_Berlaymont_23263673420.jpg","coauthors":[],"author_meta":{"author_link":"https:\/\/energy-cities.eu\/fr\/staff\/s-giovannini\/","display_name":"Sara Giovannini"},"relative_dates":{"created":"Publi\u00e9 6 ans il y a","modified":"Mis \u00e0 jour 3 ans il y a"},"absolute_dates":{"created":"Publi\u00e9 le 14 d\u00e9cembre 2019","modified":"Mise \u00e0 jour le 22 d\u00e9cembre 2022"},"absolute_dates_time":{"created":"Publi\u00e9 le 14 d\u00e9cembre 2019 5:49  ","modified":"Mise \u00e0 jour le 22 d\u00e9cembre 2022 12:20  "},"featured_img_caption":"Wikimedia Commons, the free media repository","tax_additional":{"hub":{"linked":["<a href=\"https:\/\/energy-cities.eu\/fr\/hub\/villes-zero-carbone\/\" class=\"advgb-post-tax-term\">Villes z\u00e9ro carbone<\/a>","<a href=\"https:\/\/energy-cities.eu\/fr\/hub\/energie-citoyenne\/\" class=\"advgb-post-tax-term\">\u00c9nergie citoyenne<\/a>","<a href=\"https:\/\/energy-cities.eu\/fr\/hub\/alimentation-durable\/\" class=\"advgb-post-tax-term\">Alimentation durable<\/a>","<a href=\"https:\/\/energy-cities.eu\/fr\/hub\/economies-locales\/\" class=\"advgb-post-tax-term\">\u00c9conomies justes<\/a>"],"unlinked":["<span class=\"advgb-post-tax-term\">Villes z\u00e9ro carbone<\/span>","<span class=\"advgb-post-tax-term\">\u00c9nergie citoyenne<\/span>","<span class=\"advgb-post-tax-term\">Alimentation durable<\/span>","<span class=\"advgb-post-tax-term\">\u00c9conomies justes<\/span>"],"slug":"hub","name":"Hubs"},"topic":{"linked":["<a href=\"https:\/\/energy-cities.eu\/fr\/th\u00e9matique\/efficacite-energetique-batiments\/\" class=\"advgb-post-tax-term\">Efficacit\u00e9 \u00e9nerg\u00e9tique &amp; B\u00e2timents<\/a>","<a href=\"https:\/\/energy-cities.eu\/fr\/th\u00e9matique\/finances-desinvestissement\/\" class=\"advgb-post-tax-term\">Financement &amp; D\u00e9sinvestissement<\/a>","<a href=\"https:\/\/energy-cities.eu\/fr\/th\u00e9matique\/democratie-energetique\/\" class=\"advgb-post-tax-term\">D\u00e9mocratie \u00e9nerg\u00e9tique<\/a>","<a href=\"https:\/\/energy-cities.eu\/fr\/th\u00e9matique\/cooperation-fr\/\" class=\"advgb-post-tax-term\">Coop\u00e9ration<\/a>"],"unlinked":["<span class=\"advgb-post-tax-term\">Efficacit\u00e9 \u00e9nerg\u00e9tique &amp; B\u00e2timents<\/span>","<span class=\"advgb-post-tax-term\">Financement &amp; D\u00e9sinvestissement<\/span>","<span class=\"advgb-post-tax-term\">D\u00e9mocratie \u00e9nerg\u00e9tique<\/span>","<span class=\"advgb-post-tax-term\">Coop\u00e9ration<\/span>"],"slug":"topic","name":"Topics"},"legislative_initiative":{"linked":["<a href=\"https:\/\/energy-cities.eu\/fr\/initiative_legislative\/action-climat-ue\/\" class=\"advgb-post-tax-term\">Action Climat de l&#039;UE<\/a>","<a href=\"https:\/\/energy-cities.eu\/fr\/initiative_legislative\/gouvernance-union-de-lenergie\/\" class=\"advgb-post-tax-term\">Gouvernance de l&#039;Union de l&#039;\u00e9nergie<\/a>"],"unlinked":["<span class=\"advgb-post-tax-term\">Action Climat de l&#039;UE<\/span>","<span class=\"advgb-post-tax-term\">Gouvernance de l&#039;Union de l&#039;\u00e9nergie<\/span>"],"slug":"legislative_initiative","name":"Legislative Initiatives"},"document_type":{"linked":[],"unlinked":[],"slug":"document_type","name":"Document type"}},"_links":{"self":[{"href":"https:\/\/energy-cities.eu\/fr\/wp-json\/wp\/v2\/policies\/29559"}],"collection":[{"href":"https:\/\/energy-cities.eu\/fr\/wp-json\/wp\/v2\/policies"}],"about":[{"href":"https:\/\/energy-cities.eu\/fr\/wp-json\/wp\/v2\/types\/policies"}],"author":[{"embeddable":true,"href":"https:\/\/energy-cities.eu\/fr\/wp-json\/wp\/v2\/users\/29"}],"version-history":[{"count":6,"href":"https:\/\/energy-cities.eu\/fr\/wp-json\/wp\/v2\/policies\/29559\/revisions"}],"predecessor-version":[{"id":59225,"href":"https:\/\/energy-cities.eu\/fr\/wp-json\/wp\/v2\/policies\/29559\/revisions\/59225"}],"wp:featuredmedia":[{"embeddable":true,"href":"https:\/\/energy-cities.eu\/fr\/wp-json\/wp\/v2\/media\/27332"}],"wp:attachment":[{"href":"https:\/\/energy-cities.eu\/fr\/wp-json\/wp\/v2\/media?parent=29559"}],"wp:term":[{"taxonomy":"hub","embeddable":true,"href":"https:\/\/energy-cities.eu\/fr\/wp-json\/wp\/v2\/hub?post=29559"},{"taxonomy":"topic","embeddable":true,"href":"https:\/\/energy-cities.eu\/fr\/wp-json\/wp\/v2\/topic?post=29559"},{"taxonomy":"legislative_initiative","embeddable":true,"href":"https:\/\/energy-cities.eu\/fr\/wp-json\/wp\/v2\/legislative_initiative?post=29559"},{"taxonomy":"document_type","embeddable":true,"href":"https:\/\/energy-cities.eu\/fr\/wp-json\/wp\/v2\/document_type?post=29559"}],"curies":[{"name":"wp","href":"https:\/\/api.w.org\/{rel}","templated":true}]}}