{"id":45965,"date":"2022-01-31T09:20:33","date_gmt":"2022-01-31T08:20:33","guid":{"rendered":"https:\/\/energy-cities.eu\/?post_type=policies&#038;p=45965"},"modified":"2022-12-22T12:18:53","modified_gmt":"2022-12-22T11:18:53","slug":"lue-devrait-retirer-le-gaz-et-le-nucleaire-de-la-taxonomie-des-activites-durables","status":"publish","type":"policies","link":"https:\/\/energy-cities.eu\/fr\/document-politique\/lue-devrait-retirer-le-gaz-et-le-nucleaire-de-la-taxonomie-des-activites-durables\/","title":{"rendered":"L&rsquo;UE devrait retirer le gaz et le nucl\u00e9aire de la taxonomie des activit\u00e9s durables"},"content":{"rendered":"\n<p>La coalition \u00e9crit que la proposition risque de saper les objectifs climatiques ainsi que de d\u00e9l\u00e9gitimer l&rsquo;agenda vert et la transition. Si l&rsquo;acte d\u00e9l\u00e9gu\u00e9 compl\u00e9mentaire est adopt\u00e9, les institutions europ\u00e9ennes et les \u00c9tats membres seront en grande partie responsables de la poursuite de l&rsquo;expansion des investissements dans le domaine du gaz fossile ou du nucl\u00e9aire, qui seront en concurrence avec les \u00e9nergies renouvelables en tant qu'\u00a0\u00bb\u00e9nergie verte\u00a0\u00bb.<\/p>\n\n\n\n<p>Le temps est crucial dans la bataille contre la crise climatique. Nous ne pouvons pas nous permettre de perdre du temps ou de saper les efforts actuels en envoyant des messages contradictoires aux citoyens et au secteur priv\u00e9. Les institutions de l&rsquo;UE devraient d\u00e9fendre un Green Deal europ\u00e9en r\u00e9ussi et fiable et \u0153uvrer pour un avenir durable pour tous.<\/p>\n","protected":false},"excerpt":{"rendered":"<p>La coalition \u00e9crit que la proposition risque de saper les objectifs climatiques ainsi que de d\u00e9l\u00e9gitimer l&rsquo;agenda vert et la transition. Si l&rsquo;acte d\u00e9l\u00e9gu\u00e9 compl\u00e9mentaire <a href=\"https:\/\/energy-cities.eu\/fr\/document-politique\/lue-devrait-retirer-le-gaz-et-le-nucleaire-de-la-taxonomie-des-activites-durables\/\">[\u2026]<\/a><\/p>\n","protected":false},"author":29,"featured_media":45961,"template":"","hub":[306],"topic":[108],"legislative_initiative":[178,182],"document_type":[269],"acf":[],"yoast_head":"<!-- This site is optimized with the Yoast SEO plugin v18.8 - https:\/\/yoast.com\/wordpress\/plugins\/seo\/ -->\n<title>L&#039;UE devrait retirer le gaz et le nucl\u00e9aire de la taxonomie des activit\u00e9s durables - Energy Cities<\/title>\n<meta name=\"robots\" content=\"index, follow, max-snippet:-1, max-image-preview:large, max-video-preview:-1\" \/>\n<link rel=\"canonical\" href=\"https:\/\/energy-cities.eu\/fr\/document-politique\/lue-devrait-retirer-le-gaz-et-le-nucleaire-de-la-taxonomie-des-activites-durables\/\" \/>\n<meta property=\"og:locale\" content=\"fr_FR\" \/>\n<meta property=\"og:type\" content=\"article\" \/>\n<meta property=\"og:title\" content=\"L&#039;UE devrait retirer le gaz et le nucl\u00e9aire de la taxonomie des activit\u00e9s durables - Energy Cities\" \/>\n<meta property=\"og:description\" content=\"La coalition \u00e9crit que la proposition risque de saper les objectifs climatiques ainsi que de d\u00e9l\u00e9gitimer l&rsquo;agenda vert et la transition. Si l&rsquo;acte d\u00e9l\u00e9gu\u00e9 compl\u00e9mentaire [\u2026]\" \/>\n<meta property=\"og:url\" content=\"https:\/\/energy-cities.eu\/fr\/document-politique\/lue-devrait-retirer-le-gaz-et-le-nucleaire-de-la-taxonomie-des-activites-durables\/\" \/>\n<meta property=\"og:site_name\" content=\"Energy Cities\" \/>\n<meta property=\"article:publisher\" content=\"https:\/\/www.facebook.com\/energycities.eu\/\" \/>\n<meta property=\"article:modified_time\" content=\"2022-12-22T11:18:53+00:00\" \/>\n<meta property=\"og:image\" content=\"https:\/\/energy-cities.eu\/wp-content\/uploads\/2022\/01\/kilian-karger-CTkLczb9HeA-unsplash-scaled.jpg\" \/>\n\t<meta property=\"og:image:width\" content=\"2560\" \/>\n\t<meta property=\"og:image:height\" content=\"1707\" \/>\n\t<meta property=\"og:image:type\" content=\"image\/jpeg\" \/>\n<meta name=\"twitter:card\" content=\"summary_large_image\" \/>\n<meta name=\"twitter:site\" content=\"@energycities\" \/>\n<meta name=\"twitter:label1\" content=\"Dur\u00e9e de lecture estim\u00e9e\" \/>\n\t<meta name=\"twitter:data1\" content=\"1 minute\" \/>\n<script type=\"application\/ld+json\" class=\"yoast-schema-graph\">{\"@context\":\"https:\/\/schema.org\",\"@graph\":[{\"@type\":\"Organization\",\"@id\":\"https:\/\/energy-cities.eu\/fr\/#organization\",\"name\":\"Energy Cities\",\"url\":\"https:\/\/energy-cities.eu\/fr\/\",\"sameAs\":[\"https:\/\/www.facebook.com\/energycities.eu\/\",\"https:\/\/www.youtube.com\/channel\/UChIHn2wF76JzuTbAjSMs0hQ\",\"https:\/\/fr.wikipedia.org\/wiki\/Energy_Cities\",\"https:\/\/twitter.com\/energycities\"],\"logo\":{\"@type\":\"ImageObject\",\"inLanguage\":\"fr-FR\",\"@id\":\"https:\/\/energy-cities.eu\/fr\/#\/schema\/logo\/image\/\",\"url\":\"https:\/\/energy-cities.eu\/wp-content\/uploads\/2019\/07\/energy-cities-couleur.jpg\",\"contentUrl\":\"https:\/\/energy-cities.eu\/wp-content\/uploads\/2019\/07\/energy-cities-couleur.jpg\",\"width\":3508,\"height\":2587,\"caption\":\"Energy Cities\"},\"image\":{\"@id\":\"https:\/\/energy-cities.eu\/fr\/#\/schema\/logo\/image\/\"}},{\"@type\":\"WebSite\",\"@id\":\"https:\/\/energy-cities.eu\/fr\/#website\",\"url\":\"https:\/\/energy-cities.eu\/fr\/\",\"name\":\"Energy Cities\",\"description\":\" The European learning community for future-proof cities\",\"publisher\":{\"@id\":\"https:\/\/energy-cities.eu\/fr\/#organization\"},\"potentialAction\":[{\"@type\":\"SearchAction\",\"target\":{\"@type\":\"EntryPoint\",\"urlTemplate\":\"https:\/\/energy-cities.eu\/fr\/?s={search_term_string}\"},\"query-input\":\"required name=search_term_string\"}],\"inLanguage\":\"fr-FR\"},{\"@type\":\"ImageObject\",\"inLanguage\":\"fr-FR\",\"@id\":\"https:\/\/energy-cities.eu\/fr\/document-politique\/lue-devrait-retirer-le-gaz-et-le-nucleaire-de-la-taxonomie-des-activites-durables\/#primaryimage\",\"url\":\"https:\/\/energy-cities.eu\/wp-content\/uploads\/2022\/01\/kilian-karger-CTkLczb9HeA-unsplash-scaled.jpg\",\"contentUrl\":\"https:\/\/energy-cities.eu\/wp-content\/uploads\/2022\/01\/kilian-karger-CTkLczb9HeA-unsplash-scaled.jpg\",\"width\":2560,\"height\":1707,\"caption\":\"Photo by Kilian Karger on Unsplash\"},{\"@type\":\"WebPage\",\"@id\":\"https:\/\/energy-cities.eu\/fr\/document-politique\/lue-devrait-retirer-le-gaz-et-le-nucleaire-de-la-taxonomie-des-activites-durables\/#webpage\",\"url\":\"https:\/\/energy-cities.eu\/fr\/document-politique\/lue-devrait-retirer-le-gaz-et-le-nucleaire-de-la-taxonomie-des-activites-durables\/\",\"name\":\"L'UE devrait retirer le gaz et le nucl\u00e9aire de la taxonomie des activit\u00e9s durables - Energy Cities\",\"isPartOf\":{\"@id\":\"https:\/\/energy-cities.eu\/fr\/#website\"},\"primaryImageOfPage\":{\"@id\":\"https:\/\/energy-cities.eu\/fr\/document-politique\/lue-devrait-retirer-le-gaz-et-le-nucleaire-de-la-taxonomie-des-activites-durables\/#primaryimage\"},\"datePublished\":\"2022-01-31T08:20:33+00:00\",\"dateModified\":\"2022-12-22T11:18:53+00:00\",\"breadcrumb\":{\"@id\":\"https:\/\/energy-cities.eu\/fr\/document-politique\/lue-devrait-retirer-le-gaz-et-le-nucleaire-de-la-taxonomie-des-activites-durables\/#breadcrumb\"},\"inLanguage\":\"fr-FR\",\"potentialAction\":[{\"@type\":\"ReadAction\",\"target\":[\"https:\/\/energy-cities.eu\/fr\/document-politique\/lue-devrait-retirer-le-gaz-et-le-nucleaire-de-la-taxonomie-des-activites-durables\/\"]}]},{\"@type\":\"BreadcrumbList\",\"@id\":\"https:\/\/energy-cities.eu\/fr\/document-politique\/lue-devrait-retirer-le-gaz-et-le-nucleaire-de-la-taxonomie-des-activites-durables\/#breadcrumb\",\"itemListElement\":[{\"@type\":\"ListItem\",\"position\":1,\"name\":\"Home\",\"item\":\"https:\/\/energy-cities.eu\/fr\/nous-sommes-un-reseau-europeen-blabla\/\"},{\"@type\":\"ListItem\",\"position\":2,\"name\":\"L'UE devrait retirer le gaz et le nucl\u00e9aire de la taxonomie des activit\u00e9s durables\"}]}]}<\/script>\n<!-- \/ Yoast SEO plugin. -->","yoast_head_json":{"title":"L'UE devrait retirer le gaz et le nucl\u00e9aire de la taxonomie des activit\u00e9s durables - Energy Cities","robots":{"index":"index","follow":"follow","max-snippet":"max-snippet:-1","max-image-preview":"max-image-preview:large","max-video-preview":"max-video-preview:-1"},"canonical":"https:\/\/energy-cities.eu\/fr\/document-politique\/lue-devrait-retirer-le-gaz-et-le-nucleaire-de-la-taxonomie-des-activites-durables\/","og_locale":"fr_FR","og_type":"article","og_title":"L'UE devrait retirer le gaz et le nucl\u00e9aire de la taxonomie des activit\u00e9s durables - Energy Cities","og_description":"La coalition \u00e9crit que la proposition risque de saper les objectifs climatiques ainsi que de d\u00e9l\u00e9gitimer l&rsquo;agenda vert et la transition. Si l&rsquo;acte d\u00e9l\u00e9gu\u00e9 compl\u00e9mentaire [\u2026]","og_url":"https:\/\/energy-cities.eu\/fr\/document-politique\/lue-devrait-retirer-le-gaz-et-le-nucleaire-de-la-taxonomie-des-activites-durables\/","og_site_name":"Energy Cities","article_publisher":"https:\/\/www.facebook.com\/energycities.eu\/","article_modified_time":"2022-12-22T11:18:53+00:00","og_image":[{"width":2560,"height":1707,"url":"https:\/\/energy-cities.eu\/wp-content\/uploads\/2022\/01\/kilian-karger-CTkLczb9HeA-unsplash-scaled.jpg","type":"image\/jpeg"}],"twitter_card":"summary_large_image","twitter_site":"@energycities","twitter_misc":{"Dur\u00e9e de lecture estim\u00e9e":"1 minute"},"schema":{"@context":"https:\/\/schema.org","@graph":[{"@type":"Organization","@id":"https:\/\/energy-cities.eu\/fr\/#organization","name":"Energy Cities","url":"https:\/\/energy-cities.eu\/fr\/","sameAs":["https:\/\/www.facebook.com\/energycities.eu\/","https:\/\/www.youtube.com\/channel\/UChIHn2wF76JzuTbAjSMs0hQ","https:\/\/fr.wikipedia.org\/wiki\/Energy_Cities","https:\/\/twitter.com\/energycities"],"logo":{"@type":"ImageObject","inLanguage":"fr-FR","@id":"https:\/\/energy-cities.eu\/fr\/#\/schema\/logo\/image\/","url":"https:\/\/energy-cities.eu\/wp-content\/uploads\/2019\/07\/energy-cities-couleur.jpg","contentUrl":"https:\/\/energy-cities.eu\/wp-content\/uploads\/2019\/07\/energy-cities-couleur.jpg","width":3508,"height":2587,"caption":"Energy Cities"},"image":{"@id":"https:\/\/energy-cities.eu\/fr\/#\/schema\/logo\/image\/"}},{"@type":"WebSite","@id":"https:\/\/energy-cities.eu\/fr\/#website","url":"https:\/\/energy-cities.eu\/fr\/","name":"Energy Cities","description":" The European learning community for future-proof cities","publisher":{"@id":"https:\/\/energy-cities.eu\/fr\/#organization"},"potentialAction":[{"@type":"SearchAction","target":{"@type":"EntryPoint","urlTemplate":"https:\/\/energy-cities.eu\/fr\/?s={search_term_string}"},"query-input":"required name=search_term_string"}],"inLanguage":"fr-FR"},{"@type":"ImageObject","inLanguage":"fr-FR","@id":"https:\/\/energy-cities.eu\/fr\/document-politique\/lue-devrait-retirer-le-gaz-et-le-nucleaire-de-la-taxonomie-des-activites-durables\/#primaryimage","url":"https:\/\/energy-cities.eu\/wp-content\/uploads\/2022\/01\/kilian-karger-CTkLczb9HeA-unsplash-scaled.jpg","contentUrl":"https:\/\/energy-cities.eu\/wp-content\/uploads\/2022\/01\/kilian-karger-CTkLczb9HeA-unsplash-scaled.jpg","width":2560,"height":1707,"caption":"Photo by Kilian Karger on Unsplash"},{"@type":"WebPage","@id":"https:\/\/energy-cities.eu\/fr\/document-politique\/lue-devrait-retirer-le-gaz-et-le-nucleaire-de-la-taxonomie-des-activites-durables\/#webpage","url":"https:\/\/energy-cities.eu\/fr\/document-politique\/lue-devrait-retirer-le-gaz-et-le-nucleaire-de-la-taxonomie-des-activites-durables\/","name":"L'UE devrait retirer le gaz et le nucl\u00e9aire de la taxonomie des activit\u00e9s durables - Energy Cities","isPartOf":{"@id":"https:\/\/energy-cities.eu\/fr\/#website"},"primaryImageOfPage":{"@id":"https:\/\/energy-cities.eu\/fr\/document-politique\/lue-devrait-retirer-le-gaz-et-le-nucleaire-de-la-taxonomie-des-activites-durables\/#primaryimage"},"datePublished":"2022-01-31T08:20:33+00:00","dateModified":"2022-12-22T11:18:53+00:00","breadcrumb":{"@id":"https:\/\/energy-cities.eu\/fr\/document-politique\/lue-devrait-retirer-le-gaz-et-le-nucleaire-de-la-taxonomie-des-activites-durables\/#breadcrumb"},"inLanguage":"fr-FR","potentialAction":[{"@type":"ReadAction","target":["https:\/\/energy-cities.eu\/fr\/document-politique\/lue-devrait-retirer-le-gaz-et-le-nucleaire-de-la-taxonomie-des-activites-durables\/"]}]},{"@type":"BreadcrumbList","@id":"https:\/\/energy-cities.eu\/fr\/document-politique\/lue-devrait-retirer-le-gaz-et-le-nucleaire-de-la-taxonomie-des-activites-durables\/#breadcrumb","itemListElement":[{"@type":"ListItem","position":1,"name":"Home","item":"https:\/\/energy-cities.eu\/fr\/nous-sommes-un-reseau-europeen-blabla\/"},{"@type":"ListItem","position":2,"name":"L'UE devrait retirer le gaz et le nucl\u00e9aire de la taxonomie des activit\u00e9s durables"}]}]}},"featured_img":"https:\/\/energy-cities.eu\/wp-content\/uploads\/2022\/01\/kilian-karger-CTkLczb9HeA-unsplash-scaled.jpg","coauthors":[],"author_meta":{"author_link":"https:\/\/energy-cities.eu\/fr\/staff\/s-giovannini\/","display_name":"Sara Giovannini"},"relative_dates":{"created":"Publi\u00e9 4 ans il y a","modified":"Mis \u00e0 jour 3 ans il y a"},"absolute_dates":{"created":"Publi\u00e9 le 31 janvier 2022","modified":"Mise \u00e0 jour le 22 d\u00e9cembre 2022"},"absolute_dates_time":{"created":"Publi\u00e9 le 31 janvier 2022 9:20  ","modified":"Mise \u00e0 jour le 22 d\u00e9cembre 2022 12:18  "},"featured_img_caption":"Photo by Kilian Karger on Unsplash","tax_additional":{"hub":{"linked":["<a href=\"https:\/\/energy-cities.eu\/fr\/hub\/energie-citoyenne\/\" class=\"advgb-post-tax-term\">\u00c9nergie citoyenne<\/a>"],"unlinked":["<span class=\"advgb-post-tax-term\">\u00c9nergie citoyenne<\/span>"],"slug":"hub","name":"Hubs"},"topic":{"linked":["<a href=\"https:\/\/energy-cities.eu\/fr\/th\u00e9matique\/democratie-energetique\/\" class=\"advgb-post-tax-term\">D\u00e9mocratie \u00e9nerg\u00e9tique<\/a>"],"unlinked":["<span class=\"advgb-post-tax-term\">D\u00e9mocratie \u00e9nerg\u00e9tique<\/span>"],"slug":"topic","name":"Topics"},"legislative_initiative":{"linked":["<a href=\"https:\/\/energy-cities.eu\/fr\/initiative_legislative\/action-climat-ue\/\" class=\"advgb-post-tax-term\">Action Climat de l&#039;UE<\/a>","<a href=\"https:\/\/energy-cities.eu\/fr\/initiative_legislative\/politique-ue-renouvelables\/\" class=\"advgb-post-tax-term\">Politique europ\u00e9enne sur les \u00e9nergies renouvelables<\/a>"],"unlinked":["<span class=\"advgb-post-tax-term\">Action Climat de l&#039;UE<\/span>","<span class=\"advgb-post-tax-term\">Politique europ\u00e9enne sur les \u00e9nergies renouvelables<\/span>"],"slug":"legislative_initiative","name":"Legislative Initiatives"},"document_type":{"linked":["<a href=\"https:\/\/energy-cities.eu\/fr\/type_de_document\/prises-de-position\/\" class=\"advgb-post-tax-term\">Prises de position<\/a>"],"unlinked":["<span class=\"advgb-post-tax-term\">Prises de position<\/span>"],"slug":"document_type","name":"Document type"}},"_links":{"self":[{"href":"https:\/\/energy-cities.eu\/fr\/wp-json\/wp\/v2\/policies\/45965"}],"collection":[{"href":"https:\/\/energy-cities.eu\/fr\/wp-json\/wp\/v2\/policies"}],"about":[{"href":"https:\/\/energy-cities.eu\/fr\/wp-json\/wp\/v2\/types\/policies"}],"author":[{"embeddable":true,"href":"https:\/\/energy-cities.eu\/fr\/wp-json\/wp\/v2\/users\/29"}],"version-history":[{"count":3,"href":"https:\/\/energy-cities.eu\/fr\/wp-json\/wp\/v2\/policies\/45965\/revisions"}],"predecessor-version":[{"id":45968,"href":"https:\/\/energy-cities.eu\/fr\/wp-json\/wp\/v2\/policies\/45965\/revisions\/45968"}],"wp:featuredmedia":[{"embeddable":true,"href":"https:\/\/energy-cities.eu\/fr\/wp-json\/wp\/v2\/media\/45961"}],"wp:attachment":[{"href":"https:\/\/energy-cities.eu\/fr\/wp-json\/wp\/v2\/media?parent=45965"}],"wp:term":[{"taxonomy":"hub","embeddable":true,"href":"https:\/\/energy-cities.eu\/fr\/wp-json\/wp\/v2\/hub?post=45965"},{"taxonomy":"topic","embeddable":true,"href":"https:\/\/energy-cities.eu\/fr\/wp-json\/wp\/v2\/topic?post=45965"},{"taxonomy":"legislative_initiative","embeddable":true,"href":"https:\/\/energy-cities.eu\/fr\/wp-json\/wp\/v2\/legislative_initiative?post=45965"},{"taxonomy":"document_type","embeddable":true,"href":"https:\/\/energy-cities.eu\/fr\/wp-json\/wp\/v2\/document_type?post=45965"}],"curies":[{"name":"wp","href":"https:\/\/api.w.org\/{rel}","templated":true}]}}