{"id":80974,"date":"2024-10-07T09:23:07","date_gmt":"2024-10-07T07:23:07","guid":{"rendered":"https:\/\/energy-cities.eu\/policy\/reduce-resource-use-for-a-fairer-cleaner-and-more-resilient-europe\/"},"modified":"2024-10-09T09:02:27","modified_gmt":"2024-10-09T07:02:27","slug":"reduire-utilisation-ressources-pour-une-europe-plus-equitable-propre-resiliente","status":"publish","type":"policies","link":"https:\/\/energy-cities.eu\/fr\/document-politique\/reduire-utilisation-ressources-pour-une-europe-plus-equitable-propre-resiliente\/","title":{"rendered":"R\u00e9duire l&rsquo;utilisation des ressources pour une Europe plus \u00e9quitable, plus propre et plus r\u00e9siliente"},"content":{"rendered":"\n<blockquote class=\"wp-block-quote\"><p>\u00ab\u00a0<em>souligne que s&rsquo;attaquer \u00e0 la raret\u00e9 des ressources n\u00e9cessite la r\u00e9duction de l&rsquo;extraction et de l&rsquo;utilisation des ressources ainsi qu&rsquo;un d\u00e9couplage absolu entre la croissance et l&rsquo;utilisation des ressources naturelles \u2013 un changement syst\u00e9mique qui requiert une analyse des actions n\u00e9cessaires en se pla\u00e7ant dans une perspective de durabilit\u00e9 \u00e0 l&rsquo;horizon 2050 et en prenant des mesures imm\u00e9diates\u00a0\u00bb; <\/em>invite la Commission \u00e0 proposer des mesures en cons\u00e9quence<em>.<\/em><\/p><\/blockquote>\n\n\n\n<p><strong>C&rsquo;est un des article du rapport d&rsquo;initiative non l\u00e9gislative (INI) sur l&rsquo;efficacit\u00e9 des ressources (<a href=\"https:\/\/www.europarl.europa.eu\/doceo\/document\/A-8-2015-0215_FR.html\" target=\"_blank\" rel=\"noreferrer noopener\">vers une \u00e9conomie circulaire<\/a>) adopt\u00e9 par le Parlement europ\u00e9en en 2015. Cependant, aucune mesure concr\u00e8te n&rsquo;a \u00e9t\u00e9 prise au niveau de l&rsquo;UE pour atteindre la sobri\u00e9t\u00e9 depuis lors. Malgr\u00e9 les crises r\u00e9centes (changement climatique, COVID-19, invasion de l&rsquo;Ukraine par la Russie), la consommation de ressources naturelles de l&rsquo;UE reste bien au-del\u00e0 de ce qui est durable. De plus, la d\u00e9pendance de l&rsquo;UE \u00e0 l&rsquo;\u00e9gard de volumes \u00e9lev\u00e9s de mati\u00e8res premi\u00e8res et de marchandises import\u00e9es nous rend vuln\u00e9rables aux risques d&rsquo;approvisionnement et \u00e0 l&rsquo;instabilit\u00e9 g\u00e9opolitique.<\/strong><\/p>\n\n\n\n<h2>D\u00e9put\u00e9s europ\u00e9ens, qu\u2019attendez-vous ?<\/h2>\n\n\n\n<p>Les politiques actuelles \u00e9tant insuffisantes pour inverser cette tendance, et conform\u00e9ment au manifeste <strong><a href=\"https:\/\/energy-cities.eu\/fr\/document-politique\/pour-une-europe-plus-resiliente-la-sobriete-peut-nous-conduire-vers-la-neutralite-climatique\/\">Une Europe r\u00e9siliente et avis\u00e9e en mati\u00e8re de ressources : la suffisance au c\u0153ur de l\u2019avenir de l\u2019UE<\/a><\/strong>, Energy Cities et 13 autres ONG, cherchons \u00e0 sensibiliser \u00e0 ce que signifient la sobri\u00e9t\u00e9 et la r\u00e9duction de l&rsquo;utilisation des ressources, et appelons \u00e0 un cadre europ\u00e9en pour la r\u00e9duction de l&rsquo;utilisation des ressources, centr\u00e9 sur des mesures de sobri\u00e9t\u00e9.<\/p>\n\n\n\n<p>Les nouveaux membres du Parlement europ\u00e9en peuvent a<strong>dopter un rapport d&rsquo;initiative l\u00e9gislative (INL) pour une Europe avis\u00e9e en mati\u00e8re de ressources afin de pousser la Commission \u00e0 r\u00e9diger une proposition l\u00e9gislative mettant la sobri\u00e9t\u00e9 au c\u0153ur des priorit\u00e9s politiques<\/strong>. De plus, les d\u00e9put\u00e9s europ\u00e9ens peuvent poser des questions critiques lors des auditions des commissaires d\u00e9sign\u00e9s afin de s&rsquo;assurer qu&rsquo;ils soutiennent les approches de sobri\u00e9t\u00e9 et suivront les conclusions du Conseil (<a href=\"https:\/\/www.consilium.europa.eu\/fr\/meetings\/env\/2024\/06\/17\/\" target=\"_blank\" rel=\"noreferrer noopener\">r\u00e9union du Conseil de l&rsquo;environnement de l&rsquo;UE, 17 juin 2024<\/a>).<\/p>\n\n\n\n<p><strong>Une action politique audacieuse est essentielle pour renforcer l&rsquo;autonomie strat\u00e9gique<\/strong>, la r\u00e9silience et la comp\u00e9titivit\u00e9 tout en assurant le bien-\u00eatre de tous. Lisez la lettre compl\u00e8te que nous avons envoy\u00e9e aux d\u00e9put\u00e9s europ\u00e9ens <a href=\"https:\/\/energy-cities.eu\/wp-content\/uploads\/2024\/10\/2024-MEP-briefing-sufficiency-and-RUR.pdf\" target=\"_blank\" rel=\"noreferrer noopener\">ici<\/a>.<\/p>\n\n\n\n<p>Cliquez <a href=\"https:\/\/energy-cities.eu\/fr\/pourquoi-la-sobriete-devrait-etre-au-coeur-du-prochain-agenda-strategique-europeenne\/\" target=\"_blank\" rel=\"noreferrer noopener\">ici<\/a> pour en savoir plus sur les raisons pour lesquelles la sobri\u00e9t\u00e9 devrait \u00eatre au c\u0153ur de l&rsquo;action de l&rsquo;UE !<\/p>\n","protected":false},"excerpt":{"rendered":"<p>\u00ab\u00a0souligne que s&rsquo;attaquer \u00e0 la raret\u00e9 des ressources n\u00e9cessite la r\u00e9duction de l&rsquo;extraction et de l&rsquo;utilisation des ressources ainsi qu&rsquo;un d\u00e9couplage absolu entre la croissance <a href=\"https:\/\/energy-cities.eu\/fr\/document-politique\/reduire-utilisation-ressources-pour-une-europe-plus-equitable-propre-resiliente\/\">[\u2026]<\/a><\/p>\n","protected":false},"author":74,"featured_media":80918,"template":"","hub":[309],"topic":[113,296,332,341,344,350,382,418],"legislative_initiative":[],"document_type":[],"acf":[],"yoast_head":"<!-- This site is optimized with the Yoast SEO plugin v18.8 - https:\/\/yoast.com\/wordpress\/plugins\/seo\/ -->\n<title>R\u00e9duire l&#039;utilisation des ressources pour une Europe plus \u00e9quitable, plus propre et plus r\u00e9siliente - Energy Cities<\/title>\n<meta name=\"robots\" content=\"index, follow, max-snippet:-1, max-image-preview:large, max-video-preview:-1\" \/>\n<link rel=\"canonical\" href=\"https:\/\/energy-cities.eu\/fr\/document-politique\/reduire-utilisation-ressources-pour-une-europe-plus-equitable-propre-resiliente\/\" \/>\n<meta property=\"og:locale\" content=\"fr_FR\" \/>\n<meta property=\"og:type\" content=\"article\" \/>\n<meta property=\"og:title\" content=\"R\u00e9duire l&#039;utilisation des ressources pour une Europe plus \u00e9quitable, plus propre et plus r\u00e9siliente - Energy Cities\" \/>\n<meta property=\"og:description\" content=\"\u00ab\u00a0souligne que s&rsquo;attaquer \u00e0 la raret\u00e9 des ressources n\u00e9cessite la r\u00e9duction de l&rsquo;extraction et de l&rsquo;utilisation des ressources ainsi qu&rsquo;un d\u00e9couplage absolu entre la croissance [\u2026]\" \/>\n<meta property=\"og:url\" content=\"https:\/\/energy-cities.eu\/fr\/document-politique\/reduire-utilisation-ressources-pour-une-europe-plus-equitable-propre-resiliente\/\" \/>\n<meta property=\"og:site_name\" content=\"Energy Cities\" \/>\n<meta property=\"article:publisher\" content=\"https:\/\/www.facebook.com\/energycities.eu\/\" \/>\n<meta property=\"article:modified_time\" content=\"2024-10-09T07:02:27+00:00\" \/>\n<meta property=\"og:image\" content=\"https:\/\/energy-cities.eu\/wp-content\/uploads\/2024\/10\/karim-manjra-TmL88kP5dXY-unsplash-scaled.jpg\" \/>\n\t<meta property=\"og:image:width\" content=\"2560\" \/>\n\t<meta property=\"og:image:height\" content=\"1387\" \/>\n\t<meta property=\"og:image:type\" content=\"image\/jpeg\" \/>\n<meta name=\"twitter:card\" content=\"summary_large_image\" \/>\n<meta name=\"twitter:site\" content=\"@energycities\" \/>\n<meta name=\"twitter:label1\" content=\"Dur\u00e9e de lecture estim\u00e9e\" \/>\n\t<meta name=\"twitter:data1\" content=\"2 minutes\" \/>\n<script type=\"application\/ld+json\" class=\"yoast-schema-graph\">{\"@context\":\"https:\/\/schema.org\",\"@graph\":[{\"@type\":\"Organization\",\"@id\":\"https:\/\/energy-cities.eu\/fr\/#organization\",\"name\":\"Energy Cities\",\"url\":\"https:\/\/energy-cities.eu\/fr\/\",\"sameAs\":[\"https:\/\/www.facebook.com\/energycities.eu\/\",\"https:\/\/www.youtube.com\/channel\/UChIHn2wF76JzuTbAjSMs0hQ\",\"https:\/\/fr.wikipedia.org\/wiki\/Energy_Cities\",\"https:\/\/twitter.com\/energycities\"],\"logo\":{\"@type\":\"ImageObject\",\"inLanguage\":\"fr-FR\",\"@id\":\"https:\/\/energy-cities.eu\/fr\/#\/schema\/logo\/image\/\",\"url\":\"https:\/\/energy-cities.eu\/wp-content\/uploads\/2019\/07\/energy-cities-couleur.jpg\",\"contentUrl\":\"https:\/\/energy-cities.eu\/wp-content\/uploads\/2019\/07\/energy-cities-couleur.jpg\",\"width\":3508,\"height\":2587,\"caption\":\"Energy Cities\"},\"image\":{\"@id\":\"https:\/\/energy-cities.eu\/fr\/#\/schema\/logo\/image\/\"}},{\"@type\":\"WebSite\",\"@id\":\"https:\/\/energy-cities.eu\/fr\/#website\",\"url\":\"https:\/\/energy-cities.eu\/fr\/\",\"name\":\"Energy Cities\",\"description\":\" The European learning community for future-proof cities\",\"publisher\":{\"@id\":\"https:\/\/energy-cities.eu\/fr\/#organization\"},\"potentialAction\":[{\"@type\":\"SearchAction\",\"target\":{\"@type\":\"EntryPoint\",\"urlTemplate\":\"https:\/\/energy-cities.eu\/fr\/?s={search_term_string}\"},\"query-input\":\"required name=search_term_string\"}],\"inLanguage\":\"fr-FR\"},{\"@type\":\"ImageObject\",\"inLanguage\":\"fr-FR\",\"@id\":\"https:\/\/energy-cities.eu\/fr\/document-politique\/reduire-utilisation-ressources-pour-une-europe-plus-equitable-propre-resiliente\/#primaryimage\",\"url\":\"https:\/\/energy-cities.eu\/wp-content\/uploads\/2024\/10\/karim-manjra-TmL88kP5dXY-unsplash-scaled.jpg\",\"contentUrl\":\"https:\/\/energy-cities.eu\/wp-content\/uploads\/2024\/10\/karim-manjra-TmL88kP5dXY-unsplash-scaled.jpg\",\"width\":2560,\"height\":1387,\"caption\":\"Reduce Resource Use For A Fairer, Cleaner, And More Resilient Europe_karim-manjra-unsplash\"},{\"@type\":\"WebPage\",\"@id\":\"https:\/\/energy-cities.eu\/fr\/document-politique\/reduire-utilisation-ressources-pour-une-europe-plus-equitable-propre-resiliente\/#webpage\",\"url\":\"https:\/\/energy-cities.eu\/fr\/document-politique\/reduire-utilisation-ressources-pour-une-europe-plus-equitable-propre-resiliente\/\",\"name\":\"R\u00e9duire l'utilisation des ressources pour une Europe plus \u00e9quitable, plus propre et plus r\u00e9siliente - Energy Cities\",\"isPartOf\":{\"@id\":\"https:\/\/energy-cities.eu\/fr\/#website\"},\"primaryImageOfPage\":{\"@id\":\"https:\/\/energy-cities.eu\/fr\/document-politique\/reduire-utilisation-ressources-pour-une-europe-plus-equitable-propre-resiliente\/#primaryimage\"},\"datePublished\":\"2024-10-07T07:23:07+00:00\",\"dateModified\":\"2024-10-09T07:02:27+00:00\",\"breadcrumb\":{\"@id\":\"https:\/\/energy-cities.eu\/fr\/document-politique\/reduire-utilisation-ressources-pour-une-europe-plus-equitable-propre-resiliente\/#breadcrumb\"},\"inLanguage\":\"fr-FR\",\"potentialAction\":[{\"@type\":\"ReadAction\",\"target\":[\"https:\/\/energy-cities.eu\/fr\/document-politique\/reduire-utilisation-ressources-pour-une-europe-plus-equitable-propre-resiliente\/\"]}]},{\"@type\":\"BreadcrumbList\",\"@id\":\"https:\/\/energy-cities.eu\/fr\/document-politique\/reduire-utilisation-ressources-pour-une-europe-plus-equitable-propre-resiliente\/#breadcrumb\",\"itemListElement\":[{\"@type\":\"ListItem\",\"position\":1,\"name\":\"Home\",\"item\":\"https:\/\/energy-cities.eu\/fr\/nous-sommes-un-reseau-europeen-blabla\/\"},{\"@type\":\"ListItem\",\"position\":2,\"name\":\"R\u00e9duire l'utilisation des ressources pour une Europe plus \u00e9quitable, plus propre et plus r\u00e9siliente\"}]}]}<\/script>\n<!-- \/ Yoast SEO plugin. -->","yoast_head_json":{"title":"R\u00e9duire l'utilisation des ressources pour une Europe plus \u00e9quitable, plus propre et plus r\u00e9siliente - Energy Cities","robots":{"index":"index","follow":"follow","max-snippet":"max-snippet:-1","max-image-preview":"max-image-preview:large","max-video-preview":"max-video-preview:-1"},"canonical":"https:\/\/energy-cities.eu\/fr\/document-politique\/reduire-utilisation-ressources-pour-une-europe-plus-equitable-propre-resiliente\/","og_locale":"fr_FR","og_type":"article","og_title":"R\u00e9duire l'utilisation des ressources pour une Europe plus \u00e9quitable, plus propre et plus r\u00e9siliente - Energy Cities","og_description":"\u00ab\u00a0souligne que s&rsquo;attaquer \u00e0 la raret\u00e9 des ressources n\u00e9cessite la r\u00e9duction de l&rsquo;extraction et de l&rsquo;utilisation des ressources ainsi qu&rsquo;un d\u00e9couplage absolu entre la croissance [\u2026]","og_url":"https:\/\/energy-cities.eu\/fr\/document-politique\/reduire-utilisation-ressources-pour-une-europe-plus-equitable-propre-resiliente\/","og_site_name":"Energy Cities","article_publisher":"https:\/\/www.facebook.com\/energycities.eu\/","article_modified_time":"2024-10-09T07:02:27+00:00","og_image":[{"width":2560,"height":1387,"url":"https:\/\/energy-cities.eu\/wp-content\/uploads\/2024\/10\/karim-manjra-TmL88kP5dXY-unsplash-scaled.jpg","type":"image\/jpeg"}],"twitter_card":"summary_large_image","twitter_site":"@energycities","twitter_misc":{"Dur\u00e9e de lecture estim\u00e9e":"2 minutes"},"schema":{"@context":"https:\/\/schema.org","@graph":[{"@type":"Organization","@id":"https:\/\/energy-cities.eu\/fr\/#organization","name":"Energy Cities","url":"https:\/\/energy-cities.eu\/fr\/","sameAs":["https:\/\/www.facebook.com\/energycities.eu\/","https:\/\/www.youtube.com\/channel\/UChIHn2wF76JzuTbAjSMs0hQ","https:\/\/fr.wikipedia.org\/wiki\/Energy_Cities","https:\/\/twitter.com\/energycities"],"logo":{"@type":"ImageObject","inLanguage":"fr-FR","@id":"https:\/\/energy-cities.eu\/fr\/#\/schema\/logo\/image\/","url":"https:\/\/energy-cities.eu\/wp-content\/uploads\/2019\/07\/energy-cities-couleur.jpg","contentUrl":"https:\/\/energy-cities.eu\/wp-content\/uploads\/2019\/07\/energy-cities-couleur.jpg","width":3508,"height":2587,"caption":"Energy Cities"},"image":{"@id":"https:\/\/energy-cities.eu\/fr\/#\/schema\/logo\/image\/"}},{"@type":"WebSite","@id":"https:\/\/energy-cities.eu\/fr\/#website","url":"https:\/\/energy-cities.eu\/fr\/","name":"Energy Cities","description":" The European learning community for future-proof cities","publisher":{"@id":"https:\/\/energy-cities.eu\/fr\/#organization"},"potentialAction":[{"@type":"SearchAction","target":{"@type":"EntryPoint","urlTemplate":"https:\/\/energy-cities.eu\/fr\/?s={search_term_string}"},"query-input":"required name=search_term_string"}],"inLanguage":"fr-FR"},{"@type":"ImageObject","inLanguage":"fr-FR","@id":"https:\/\/energy-cities.eu\/fr\/document-politique\/reduire-utilisation-ressources-pour-une-europe-plus-equitable-propre-resiliente\/#primaryimage","url":"https:\/\/energy-cities.eu\/wp-content\/uploads\/2024\/10\/karim-manjra-TmL88kP5dXY-unsplash-scaled.jpg","contentUrl":"https:\/\/energy-cities.eu\/wp-content\/uploads\/2024\/10\/karim-manjra-TmL88kP5dXY-unsplash-scaled.jpg","width":2560,"height":1387,"caption":"Reduce Resource Use For A Fairer, Cleaner, And More Resilient Europe_karim-manjra-unsplash"},{"@type":"WebPage","@id":"https:\/\/energy-cities.eu\/fr\/document-politique\/reduire-utilisation-ressources-pour-une-europe-plus-equitable-propre-resiliente\/#webpage","url":"https:\/\/energy-cities.eu\/fr\/document-politique\/reduire-utilisation-ressources-pour-une-europe-plus-equitable-propre-resiliente\/","name":"R\u00e9duire l'utilisation des ressources pour une Europe plus \u00e9quitable, plus propre et plus r\u00e9siliente - Energy Cities","isPartOf":{"@id":"https:\/\/energy-cities.eu\/fr\/#website"},"primaryImageOfPage":{"@id":"https:\/\/energy-cities.eu\/fr\/document-politique\/reduire-utilisation-ressources-pour-une-europe-plus-equitable-propre-resiliente\/#primaryimage"},"datePublished":"2024-10-07T07:23:07+00:00","dateModified":"2024-10-09T07:02:27+00:00","breadcrumb":{"@id":"https:\/\/energy-cities.eu\/fr\/document-politique\/reduire-utilisation-ressources-pour-une-europe-plus-equitable-propre-resiliente\/#breadcrumb"},"inLanguage":"fr-FR","potentialAction":[{"@type":"ReadAction","target":["https:\/\/energy-cities.eu\/fr\/document-politique\/reduire-utilisation-ressources-pour-une-europe-plus-equitable-propre-resiliente\/"]}]},{"@type":"BreadcrumbList","@id":"https:\/\/energy-cities.eu\/fr\/document-politique\/reduire-utilisation-ressources-pour-une-europe-plus-equitable-propre-resiliente\/#breadcrumb","itemListElement":[{"@type":"ListItem","position":1,"name":"Home","item":"https:\/\/energy-cities.eu\/fr\/nous-sommes-un-reseau-europeen-blabla\/"},{"@type":"ListItem","position":2,"name":"R\u00e9duire l'utilisation des ressources pour une Europe plus \u00e9quitable, plus propre et plus r\u00e9siliente"}]}]}},"featured_img":"https:\/\/energy-cities.eu\/wp-content\/uploads\/2024\/10\/karim-manjra-TmL88kP5dXY-unsplash-scaled.jpg","coauthors":[],"author_meta":{"author_link":"https:\/\/energy-cities.eu\/fr\/staff\/s-aronica\/","display_name":"Simona Aronica"},"relative_dates":{"created":"Publi\u00e9 2 ans il y a","modified":"Mis \u00e0 jour 2 ans il y a"},"absolute_dates":{"created":"Publi\u00e9 le 07 octobre 2024","modified":"Mise \u00e0 jour le 09 octobre 2024"},"absolute_dates_time":{"created":"Publi\u00e9 le 07 octobre 2024 9:23  ","modified":"Mise \u00e0 jour le 09 octobre 2024 9:02  "},"featured_img_caption":"Reduce Resource Use For A Fairer, Cleaner, And More Resilient Europe_karim-manjra-unsplash","tax_additional":{"hub":{"linked":["<a href=\"https:\/\/energy-cities.eu\/fr\/hub\/economies-locales\/\" class=\"advgb-post-tax-term\">\u00c9conomies justes<\/a>"],"unlinked":["<span class=\"advgb-post-tax-term\">\u00c9conomies justes<\/span>"],"slug":"hub","name":"Hubs"},"topic":{"linked":["<a href=\"https:\/\/energy-cities.eu\/fr\/th\u00e9matique\/style-de-vie-comportements\/\" class=\"advgb-post-tax-term\">Mode de vie &amp; Comportements<\/a>","<a href=\"https:\/\/energy-cities.eu\/fr\/th\u00e9matique\/neutralite-climatique\/\" class=\"advgb-post-tax-term\">Neutralit\u00e9 climatique<\/a>","<a href=\"https:\/\/energy-cities.eu\/fr\/th\u00e9matique\/politiques-europeennes\/\" class=\"advgb-post-tax-term\">Politiques europ\u00e9ennes<\/a>","<a href=\"https:\/\/energy-cities.eu\/fr\/th\u00e9matique\/resilience-fr\/\" class=\"advgb-post-tax-term\">R\u00e9silience<\/a>","<a href=\"https:\/\/energy-cities.eu\/fr\/th\u00e9matique\/qualite-de-vie\/\" class=\"advgb-post-tax-term\">Qualit\u00e9 de vie<\/a>","<a href=\"https:\/\/energy-cities.eu\/fr\/th\u00e9matique\/decarbonation-fr\/\" class=\"advgb-post-tax-term\">D\u00e9carbonation<\/a>","<a href=\"https:\/\/energy-cities.eu\/fr\/th\u00e9matique\/mesures-politiques\/\" class=\"advgb-post-tax-term\">Mesures politiques<\/a>","<a href=\"https:\/\/energy-cities.eu\/fr\/th\u00e9matique\/sufficiency-fr\/\" class=\"advgb-post-tax-term\">Sufficiency<\/a>"],"unlinked":["<span class=\"advgb-post-tax-term\">Mode de vie &amp; Comportements<\/span>","<span class=\"advgb-post-tax-term\">Neutralit\u00e9 climatique<\/span>","<span class=\"advgb-post-tax-term\">Politiques europ\u00e9ennes<\/span>","<span class=\"advgb-post-tax-term\">R\u00e9silience<\/span>","<span class=\"advgb-post-tax-term\">Qualit\u00e9 de vie<\/span>","<span class=\"advgb-post-tax-term\">D\u00e9carbonation<\/span>","<span class=\"advgb-post-tax-term\">Mesures politiques<\/span>","<span class=\"advgb-post-tax-term\">Sufficiency<\/span>"],"slug":"topic","name":"Topics"},"legislative_initiative":{"linked":[],"unlinked":[],"slug":"legislative_initiative","name":"Legislative Initiatives"},"document_type":{"linked":[],"unlinked":[],"slug":"document_type","name":"Document type"}},"_links":{"self":[{"href":"https:\/\/energy-cities.eu\/fr\/wp-json\/wp\/v2\/policies\/80974"}],"collection":[{"href":"https:\/\/energy-cities.eu\/fr\/wp-json\/wp\/v2\/policies"}],"about":[{"href":"https:\/\/energy-cities.eu\/fr\/wp-json\/wp\/v2\/types\/policies"}],"author":[{"embeddable":true,"href":"https:\/\/energy-cities.eu\/fr\/wp-json\/wp\/v2\/users\/74"}],"version-history":[{"count":6,"href":"https:\/\/energy-cities.eu\/fr\/wp-json\/wp\/v2\/policies\/80974\/revisions"}],"predecessor-version":[{"id":80996,"href":"https:\/\/energy-cities.eu\/fr\/wp-json\/wp\/v2\/policies\/80974\/revisions\/80996"}],"wp:featuredmedia":[{"embeddable":true,"href":"https:\/\/energy-cities.eu\/fr\/wp-json\/wp\/v2\/media\/80918"}],"wp:attachment":[{"href":"https:\/\/energy-cities.eu\/fr\/wp-json\/wp\/v2\/media?parent=80974"}],"wp:term":[{"taxonomy":"hub","embeddable":true,"href":"https:\/\/energy-cities.eu\/fr\/wp-json\/wp\/v2\/hub?post=80974"},{"taxonomy":"topic","embeddable":true,"href":"https:\/\/energy-cities.eu\/fr\/wp-json\/wp\/v2\/topic?post=80974"},{"taxonomy":"legislative_initiative","embeddable":true,"href":"https:\/\/energy-cities.eu\/fr\/wp-json\/wp\/v2\/legislative_initiative?post=80974"},{"taxonomy":"document_type","embeddable":true,"href":"https:\/\/energy-cities.eu\/fr\/wp-json\/wp\/v2\/document_type?post=80974"}],"curies":[{"name":"wp","href":"https:\/\/api.w.org\/{rel}","templated":true}]}}