{"id":82407,"date":"2024-12-02T14:24:33","date_gmt":"2024-12-02T13:24:33","guid":{"rendered":"https:\/\/energy-cities.eu\/?post_type=policies&#038;p=82407"},"modified":"2024-12-02T14:24:34","modified_gmt":"2024-12-02T13:24:34","slug":"propulser-les-communautes-principes-pour-un-paquet-energie-citoyenne-equitable-et-durable","status":"publish","type":"policies","link":"https:\/\/energy-cities.eu\/fr\/document-politique\/propulser-les-communautes-principes-pour-un-paquet-energie-citoyenne-equitable-et-durable\/","title":{"rendered":"Propulser les communaut\u00e9s: principes pour un paquet \u00ab \u00e9nergie citoyenne \u00bb \u00e9quitable et durable"},"content":{"rendered":"\n<p>Les projets \u00e9nerg\u00e9tiques communautaires sont essentiels pour assurer une transition \u00e9nerg\u00e9tique juste et \u00e9quitable, car ils offrent aux citoyens, aux communaut\u00e9s et aux PME un moyen concret de participer activement et d&rsquo;en tirer profit. Pour lib\u00e9rer tout leur potentiel de transformation, ces projets doivent \u00eatre privil\u00e9gi\u00e9s gr\u00e2ce \u00e0 des politiques de soutien, des ressources cibl\u00e9es et des m\u00e9canismes de mise en \u0153uvre solides. Ainsi, tous les citoyens pourront en b\u00e9n\u00e9ficier, ce qui favorisera l&rsquo;\u00e9mergence de soci\u00e9t\u00e9s r\u00e9silientes et \u00e9quitables. Le paquet \u00ab \u00c9nergie citoyenne \u00bb de l&rsquo;UE offre une occasion unique de concr\u00e9tiser cette vision en favorisant une participation et une inclusion plus larges dans la transition \u00e9nerg\u00e9tique.<\/p>\n\n\n\n<p><a href=\"https:\/\/energy-cities.eu\/wp-content\/uploads\/2024\/12\/Powering-Communities-1.pdf\" target=\"_blank\" rel=\"noreferrer noopener\">Acc\u00e9der au document en anglais<\/a><\/p>\n","protected":false},"excerpt":{"rendered":"<p>Les projets \u00e9nerg\u00e9tiques communautaires sont essentiels pour assurer une transition \u00e9nerg\u00e9tique juste et \u00e9quitable, car ils offrent aux citoyens, aux communaut\u00e9s et aux PME un <a href=\"https:\/\/energy-cities.eu\/fr\/document-politique\/propulser-les-communautes-principes-pour-un-paquet-energie-citoyenne-equitable-et-durable\/\">[\u2026]<\/a><\/p>\n","protected":false},"author":29,"featured_media":82401,"template":"","hub":[306],"topic":[108],"legislative_initiative":[182],"document_type":[],"acf":[],"yoast_head":"<!-- This site is optimized with the Yoast SEO plugin v18.8 - https:\/\/yoast.com\/wordpress\/plugins\/seo\/ -->\n<title>Propulser les communaut\u00e9s: principes pour un paquet \u00ab \u00e9nergie citoyenne \u00bb \u00e9quitable et durable - Energy Cities<\/title>\n<meta name=\"robots\" content=\"index, follow, max-snippet:-1, max-image-preview:large, max-video-preview:-1\" \/>\n<link rel=\"canonical\" href=\"https:\/\/energy-cities.eu\/fr\/document-politique\/propulser-les-communautes-principes-pour-un-paquet-energie-citoyenne-equitable-et-durable\/\" \/>\n<meta property=\"og:locale\" content=\"fr_FR\" \/>\n<meta property=\"og:type\" content=\"article\" \/>\n<meta property=\"og:title\" content=\"Propulser les communaut\u00e9s: principes pour un paquet \u00ab \u00e9nergie citoyenne \u00bb \u00e9quitable et durable - Energy Cities\" \/>\n<meta property=\"og:description\" content=\"Les projets \u00e9nerg\u00e9tiques communautaires sont essentiels pour assurer une transition \u00e9nerg\u00e9tique juste et \u00e9quitable, car ils offrent aux citoyens, aux communaut\u00e9s et aux PME un [\u2026]\" \/>\n<meta property=\"og:url\" content=\"https:\/\/energy-cities.eu\/fr\/document-politique\/propulser-les-communautes-principes-pour-un-paquet-energie-citoyenne-equitable-et-durable\/\" \/>\n<meta property=\"og:site_name\" content=\"Energy Cities\" \/>\n<meta property=\"article:publisher\" content=\"https:\/\/www.facebook.com\/energycities.eu\/\" \/>\n<meta property=\"article:modified_time\" content=\"2024-12-02T13:24:34+00:00\" \/>\n<meta property=\"og:image\" content=\"https:\/\/energy-cities.eu\/wp-content\/uploads\/2024\/12\/sebastian-herrmann-elvmjjhnFrg-unsplash-scaled.jpg\" \/>\n\t<meta property=\"og:image:width\" content=\"2560\" \/>\n\t<meta property=\"og:image:height\" content=\"1707\" \/>\n\t<meta property=\"og:image:type\" content=\"image\/jpeg\" \/>\n<meta name=\"twitter:card\" content=\"summary_large_image\" \/>\n<meta name=\"twitter:site\" content=\"@energycities\" \/>\n<meta name=\"twitter:label1\" content=\"Dur\u00e9e de lecture estim\u00e9e\" \/>\n\t<meta name=\"twitter:data1\" content=\"1 minute\" \/>\n<script type=\"application\/ld+json\" class=\"yoast-schema-graph\">{\"@context\":\"https:\/\/schema.org\",\"@graph\":[{\"@type\":\"Organization\",\"@id\":\"https:\/\/energy-cities.eu\/fr\/#organization\",\"name\":\"Energy Cities\",\"url\":\"https:\/\/energy-cities.eu\/fr\/\",\"sameAs\":[\"https:\/\/www.facebook.com\/energycities.eu\/\",\"https:\/\/www.youtube.com\/channel\/UChIHn2wF76JzuTbAjSMs0hQ\",\"https:\/\/fr.wikipedia.org\/wiki\/Energy_Cities\",\"https:\/\/twitter.com\/energycities\"],\"logo\":{\"@type\":\"ImageObject\",\"inLanguage\":\"fr-FR\",\"@id\":\"https:\/\/energy-cities.eu\/fr\/#\/schema\/logo\/image\/\",\"url\":\"https:\/\/energy-cities.eu\/wp-content\/uploads\/2019\/07\/energy-cities-couleur.jpg\",\"contentUrl\":\"https:\/\/energy-cities.eu\/wp-content\/uploads\/2019\/07\/energy-cities-couleur.jpg\",\"width\":3508,\"height\":2587,\"caption\":\"Energy Cities\"},\"image\":{\"@id\":\"https:\/\/energy-cities.eu\/fr\/#\/schema\/logo\/image\/\"}},{\"@type\":\"WebSite\",\"@id\":\"https:\/\/energy-cities.eu\/fr\/#website\",\"url\":\"https:\/\/energy-cities.eu\/fr\/\",\"name\":\"Energy Cities\",\"description\":\" The European learning community for future-proof cities\",\"publisher\":{\"@id\":\"https:\/\/energy-cities.eu\/fr\/#organization\"},\"potentialAction\":[{\"@type\":\"SearchAction\",\"target\":{\"@type\":\"EntryPoint\",\"urlTemplate\":\"https:\/\/energy-cities.eu\/fr\/?s={search_term_string}\"},\"query-input\":\"required name=search_term_string\"}],\"inLanguage\":\"fr-FR\"},{\"@type\":\"ImageObject\",\"inLanguage\":\"fr-FR\",\"@id\":\"https:\/\/energy-cities.eu\/fr\/document-politique\/propulser-les-communautes-principes-pour-un-paquet-energie-citoyenne-equitable-et-durable\/#primaryimage\",\"url\":\"https:\/\/energy-cities.eu\/wp-content\/uploads\/2024\/12\/sebastian-herrmann-elvmjjhnFrg-unsplash-scaled.jpg\",\"contentUrl\":\"https:\/\/energy-cities.eu\/wp-content\/uploads\/2024\/12\/sebastian-herrmann-elvmjjhnFrg-unsplash-scaled.jpg\",\"width\":2560,\"height\":1707,\"caption\":\"Credit: Sebastian Herrmann, Unsplash\"},{\"@type\":\"WebPage\",\"@id\":\"https:\/\/energy-cities.eu\/fr\/document-politique\/propulser-les-communautes-principes-pour-un-paquet-energie-citoyenne-equitable-et-durable\/#webpage\",\"url\":\"https:\/\/energy-cities.eu\/fr\/document-politique\/propulser-les-communautes-principes-pour-un-paquet-energie-citoyenne-equitable-et-durable\/\",\"name\":\"Propulser les communaut\u00e9s: principes pour un paquet \u00ab \u00e9nergie citoyenne \u00bb \u00e9quitable et durable - Energy Cities\",\"isPartOf\":{\"@id\":\"https:\/\/energy-cities.eu\/fr\/#website\"},\"primaryImageOfPage\":{\"@id\":\"https:\/\/energy-cities.eu\/fr\/document-politique\/propulser-les-communautes-principes-pour-un-paquet-energie-citoyenne-equitable-et-durable\/#primaryimage\"},\"datePublished\":\"2024-12-02T13:24:33+00:00\",\"dateModified\":\"2024-12-02T13:24:34+00:00\",\"breadcrumb\":{\"@id\":\"https:\/\/energy-cities.eu\/fr\/document-politique\/propulser-les-communautes-principes-pour-un-paquet-energie-citoyenne-equitable-et-durable\/#breadcrumb\"},\"inLanguage\":\"fr-FR\",\"potentialAction\":[{\"@type\":\"ReadAction\",\"target\":[\"https:\/\/energy-cities.eu\/fr\/document-politique\/propulser-les-communautes-principes-pour-un-paquet-energie-citoyenne-equitable-et-durable\/\"]}]},{\"@type\":\"BreadcrumbList\",\"@id\":\"https:\/\/energy-cities.eu\/fr\/document-politique\/propulser-les-communautes-principes-pour-un-paquet-energie-citoyenne-equitable-et-durable\/#breadcrumb\",\"itemListElement\":[{\"@type\":\"ListItem\",\"position\":1,\"name\":\"Home\",\"item\":\"https:\/\/energy-cities.eu\/fr\/nous-sommes-un-reseau-europeen-blabla\/\"},{\"@type\":\"ListItem\",\"position\":2,\"name\":\"Propulser les communaut\u00e9s: principes pour un paquet \u00ab \u00e9nergie citoyenne \u00bb \u00e9quitable et durable\"}]}]}<\/script>\n<!-- \/ Yoast SEO plugin. -->","yoast_head_json":{"title":"Propulser les communaut\u00e9s: principes pour un paquet \u00ab \u00e9nergie citoyenne \u00bb \u00e9quitable et durable - Energy Cities","robots":{"index":"index","follow":"follow","max-snippet":"max-snippet:-1","max-image-preview":"max-image-preview:large","max-video-preview":"max-video-preview:-1"},"canonical":"https:\/\/energy-cities.eu\/fr\/document-politique\/propulser-les-communautes-principes-pour-un-paquet-energie-citoyenne-equitable-et-durable\/","og_locale":"fr_FR","og_type":"article","og_title":"Propulser les communaut\u00e9s: principes pour un paquet \u00ab \u00e9nergie citoyenne \u00bb \u00e9quitable et durable - Energy Cities","og_description":"Les projets \u00e9nerg\u00e9tiques communautaires sont essentiels pour assurer une transition \u00e9nerg\u00e9tique juste et \u00e9quitable, car ils offrent aux citoyens, aux communaut\u00e9s et aux PME un [\u2026]","og_url":"https:\/\/energy-cities.eu\/fr\/document-politique\/propulser-les-communautes-principes-pour-un-paquet-energie-citoyenne-equitable-et-durable\/","og_site_name":"Energy Cities","article_publisher":"https:\/\/www.facebook.com\/energycities.eu\/","article_modified_time":"2024-12-02T13:24:34+00:00","og_image":[{"width":2560,"height":1707,"url":"https:\/\/energy-cities.eu\/wp-content\/uploads\/2024\/12\/sebastian-herrmann-elvmjjhnFrg-unsplash-scaled.jpg","type":"image\/jpeg"}],"twitter_card":"summary_large_image","twitter_site":"@energycities","twitter_misc":{"Dur\u00e9e de lecture estim\u00e9e":"1 minute"},"schema":{"@context":"https:\/\/schema.org","@graph":[{"@type":"Organization","@id":"https:\/\/energy-cities.eu\/fr\/#organization","name":"Energy Cities","url":"https:\/\/energy-cities.eu\/fr\/","sameAs":["https:\/\/www.facebook.com\/energycities.eu\/","https:\/\/www.youtube.com\/channel\/UChIHn2wF76JzuTbAjSMs0hQ","https:\/\/fr.wikipedia.org\/wiki\/Energy_Cities","https:\/\/twitter.com\/energycities"],"logo":{"@type":"ImageObject","inLanguage":"fr-FR","@id":"https:\/\/energy-cities.eu\/fr\/#\/schema\/logo\/image\/","url":"https:\/\/energy-cities.eu\/wp-content\/uploads\/2019\/07\/energy-cities-couleur.jpg","contentUrl":"https:\/\/energy-cities.eu\/wp-content\/uploads\/2019\/07\/energy-cities-couleur.jpg","width":3508,"height":2587,"caption":"Energy Cities"},"image":{"@id":"https:\/\/energy-cities.eu\/fr\/#\/schema\/logo\/image\/"}},{"@type":"WebSite","@id":"https:\/\/energy-cities.eu\/fr\/#website","url":"https:\/\/energy-cities.eu\/fr\/","name":"Energy Cities","description":" The European learning community for future-proof cities","publisher":{"@id":"https:\/\/energy-cities.eu\/fr\/#organization"},"potentialAction":[{"@type":"SearchAction","target":{"@type":"EntryPoint","urlTemplate":"https:\/\/energy-cities.eu\/fr\/?s={search_term_string}"},"query-input":"required name=search_term_string"}],"inLanguage":"fr-FR"},{"@type":"ImageObject","inLanguage":"fr-FR","@id":"https:\/\/energy-cities.eu\/fr\/document-politique\/propulser-les-communautes-principes-pour-un-paquet-energie-citoyenne-equitable-et-durable\/#primaryimage","url":"https:\/\/energy-cities.eu\/wp-content\/uploads\/2024\/12\/sebastian-herrmann-elvmjjhnFrg-unsplash-scaled.jpg","contentUrl":"https:\/\/energy-cities.eu\/wp-content\/uploads\/2024\/12\/sebastian-herrmann-elvmjjhnFrg-unsplash-scaled.jpg","width":2560,"height":1707,"caption":"Credit: Sebastian Herrmann, Unsplash"},{"@type":"WebPage","@id":"https:\/\/energy-cities.eu\/fr\/document-politique\/propulser-les-communautes-principes-pour-un-paquet-energie-citoyenne-equitable-et-durable\/#webpage","url":"https:\/\/energy-cities.eu\/fr\/document-politique\/propulser-les-communautes-principes-pour-un-paquet-energie-citoyenne-equitable-et-durable\/","name":"Propulser les communaut\u00e9s: principes pour un paquet \u00ab \u00e9nergie citoyenne \u00bb \u00e9quitable et durable - Energy Cities","isPartOf":{"@id":"https:\/\/energy-cities.eu\/fr\/#website"},"primaryImageOfPage":{"@id":"https:\/\/energy-cities.eu\/fr\/document-politique\/propulser-les-communautes-principes-pour-un-paquet-energie-citoyenne-equitable-et-durable\/#primaryimage"},"datePublished":"2024-12-02T13:24:33+00:00","dateModified":"2024-12-02T13:24:34+00:00","breadcrumb":{"@id":"https:\/\/energy-cities.eu\/fr\/document-politique\/propulser-les-communautes-principes-pour-un-paquet-energie-citoyenne-equitable-et-durable\/#breadcrumb"},"inLanguage":"fr-FR","potentialAction":[{"@type":"ReadAction","target":["https:\/\/energy-cities.eu\/fr\/document-politique\/propulser-les-communautes-principes-pour-un-paquet-energie-citoyenne-equitable-et-durable\/"]}]},{"@type":"BreadcrumbList","@id":"https:\/\/energy-cities.eu\/fr\/document-politique\/propulser-les-communautes-principes-pour-un-paquet-energie-citoyenne-equitable-et-durable\/#breadcrumb","itemListElement":[{"@type":"ListItem","position":1,"name":"Home","item":"https:\/\/energy-cities.eu\/fr\/nous-sommes-un-reseau-europeen-blabla\/"},{"@type":"ListItem","position":2,"name":"Propulser les communaut\u00e9s: principes pour un paquet \u00ab \u00e9nergie citoyenne \u00bb \u00e9quitable et durable"}]}]}},"featured_img":"https:\/\/energy-cities.eu\/wp-content\/uploads\/2024\/12\/sebastian-herrmann-elvmjjhnFrg-unsplash-scaled.jpg","coauthors":[],"author_meta":{"author_link":"https:\/\/energy-cities.eu\/fr\/staff\/s-giovannini\/","display_name":"Sara Giovannini"},"relative_dates":{"created":"Publi\u00e9 1 an il y a","modified":"Mis \u00e0 jour 1 an il y a"},"absolute_dates":{"created":"Publi\u00e9 le 02 d\u00e9cembre 2024","modified":"Mise \u00e0 jour le 02 d\u00e9cembre 2024"},"absolute_dates_time":{"created":"Publi\u00e9 le 02 d\u00e9cembre 2024 2:24  ","modified":"Mise \u00e0 jour le 02 d\u00e9cembre 2024 2:24  "},"featured_img_caption":"Credit: Sebastian Herrmann, Unsplash\n\n","tax_additional":{"hub":{"linked":["<a href=\"https:\/\/energy-cities.eu\/fr\/hub\/energie-citoyenne\/\" class=\"advgb-post-tax-term\">\u00c9nergie citoyenne<\/a>"],"unlinked":["<span class=\"advgb-post-tax-term\">\u00c9nergie citoyenne<\/span>"],"slug":"hub","name":"Hubs"},"topic":{"linked":["<a href=\"https:\/\/energy-cities.eu\/fr\/th\u00e9matique\/democratie-energetique\/\" class=\"advgb-post-tax-term\">D\u00e9mocratie \u00e9nerg\u00e9tique<\/a>"],"unlinked":["<span class=\"advgb-post-tax-term\">D\u00e9mocratie \u00e9nerg\u00e9tique<\/span>"],"slug":"topic","name":"Topics"},"legislative_initiative":{"linked":["<a href=\"https:\/\/energy-cities.eu\/fr\/initiative_legislative\/politique-ue-renouvelables\/\" class=\"advgb-post-tax-term\">Politique europ\u00e9enne sur les \u00e9nergies renouvelables<\/a>"],"unlinked":["<span class=\"advgb-post-tax-term\">Politique europ\u00e9enne sur les \u00e9nergies renouvelables<\/span>"],"slug":"legislative_initiative","name":"Legislative Initiatives"},"document_type":{"linked":[],"unlinked":[],"slug":"document_type","name":"Document type"}},"_links":{"self":[{"href":"https:\/\/energy-cities.eu\/fr\/wp-json\/wp\/v2\/policies\/82407"}],"collection":[{"href":"https:\/\/energy-cities.eu\/fr\/wp-json\/wp\/v2\/policies"}],"about":[{"href":"https:\/\/energy-cities.eu\/fr\/wp-json\/wp\/v2\/types\/policies"}],"author":[{"embeddable":true,"href":"https:\/\/energy-cities.eu\/fr\/wp-json\/wp\/v2\/users\/29"}],"version-history":[{"count":3,"href":"https:\/\/energy-cities.eu\/fr\/wp-json\/wp\/v2\/policies\/82407\/revisions"}],"predecessor-version":[{"id":82410,"href":"https:\/\/energy-cities.eu\/fr\/wp-json\/wp\/v2\/policies\/82407\/revisions\/82410"}],"wp:featuredmedia":[{"embeddable":true,"href":"https:\/\/energy-cities.eu\/fr\/wp-json\/wp\/v2\/media\/82401"}],"wp:attachment":[{"href":"https:\/\/energy-cities.eu\/fr\/wp-json\/wp\/v2\/media?parent=82407"}],"wp:term":[{"taxonomy":"hub","embeddable":true,"href":"https:\/\/energy-cities.eu\/fr\/wp-json\/wp\/v2\/hub?post=82407"},{"taxonomy":"topic","embeddable":true,"href":"https:\/\/energy-cities.eu\/fr\/wp-json\/wp\/v2\/topic?post=82407"},{"taxonomy":"legislative_initiative","embeddable":true,"href":"https:\/\/energy-cities.eu\/fr\/wp-json\/wp\/v2\/legislative_initiative?post=82407"},{"taxonomy":"document_type","embeddable":true,"href":"https:\/\/energy-cities.eu\/fr\/wp-json\/wp\/v2\/document_type?post=82407"}],"curies":[{"name":"wp","href":"https:\/\/api.w.org\/{rel}","templated":true}]}}