{"id":82774,"date":"2024-12-11T09:49:16","date_gmt":"2024-12-11T08:49:16","guid":{"rendered":"https:\/\/energy-cities.eu\/?post_type=policies&#038;p=82774"},"modified":"2024-12-11T09:50:33","modified_gmt":"2024-12-11T08:50:33","slug":"lalliance-locale-alerte-86-milliards-deuros-du-fonds-social-pour-le-climat-de-lue-menaces-par-une-gouvernance-inadequate","status":"publish","type":"policies","link":"https:\/\/energy-cities.eu\/fr\/document-politique\/lalliance-locale-alerte-86-milliards-deuros-du-fonds-social-pour-le-climat-de-lue-menaces-par-une-gouvernance-inadequate\/","title":{"rendered":"L&rsquo;Alliance Locale alerte : 86 milliards d\u2019euros du Fonds Social pour le Climat de l\u2019UE menac\u00e9s par une gouvernance inad\u00e9quate"},"content":{"rendered":"\n<p>Avec sept autres grands r\u00e9seaux europ\u00e9ens repr\u00e9sentant les collectivit\u00e9s locales et r\u00e9gionales, nous avons publi\u00e9 un rapport mettant en lumi\u00e8re les principales failles du Fonds Social pour le Climat (FSC). Le rapport r\u00e9v\u00e8le comment une gouvernance multi-niveaux insuffisante risque de priver les 86 milliards d\u2019euros du FSC de leur capacit\u00e9 \u00e0 r\u00e9pondre efficacement aux besoins des m\u00e9nages vuln\u00e9rables.<\/p>\n\n\n\n<h2>Une enqu\u00eate r\u00e9v\u00e9latrice<\/h2>\n\n\n\n<p>L\u2019enqu\u00eate, qui sous-tend le rapport, a \u00e9t\u00e9 men\u00e9e par l\u2019Alliance Locale \u2014 une coalition compos\u00e9e de l\u2019ACR+, du CCRE, de Climate Alliance, d\u2019Energy Cities, d\u2019Eurocities, de la FEDARENE, d\u2019ICLEI Europe et de POLIS. Elle met en \u00e9vidence un non-respect g\u00e9n\u00e9ralis\u00e9 des exigences cl\u00e9s de la l\u00e9gislation du FSC.<\/p>\n\n\n\n<p>Les articles 4 et 5 du FSC stipulent que les \u00c9tats membres doivent engager les collectivit\u00e9s locales et r\u00e9gionales dans l\u2019\u00e9laboration de leurs Plans Sociaux pour le Climat nationaux. Cependant, le rapport montre que de nombreux gouvernements ne respectent pas ces obligations, r\u00e9duisant souvent les consultations \u00e0 des gestes symboliques ou les ignorant compl\u00e8tement.<\/p>\n\n\n\n<h2>Une opportunit\u00e9 manqu\u00e9e pour r\u00e9pondre aux besoins locaux<\/h2>\n\n\n\n<p>Le FSC est une initiative phare du Pacte vert pour l\u2019Europe, destin\u00e9e \u00e0 soutenir les groupes vuln\u00e9rables les plus touch\u00e9s par la transition \u00e9cologique. Mais les r\u00e9sultats montrent une d\u00e9connexion troublante entre les d\u00e9cideurs nationaux et leurs homologues locaux.<\/p>\n\n\n\n<p>L\u2019enqu\u00eate, couvrant des villes et des r\u00e9gions dans 14 \u00c9tats membres, dont la Belgique, la Finlande, l\u2019Allemagne, la Gr\u00e8ce et l\u2019Espagne, brosse un tableau alarmant de consultations retard\u00e9es, de dialogues insuffisants et d\u2019occasions manqu\u00e9es d\u2019int\u00e9grer l\u2019expertise locale.<\/p>\n\n\n\n<h2>Collectivit\u00e9s : des partenaires cl\u00e9s pour une action efficace<\/h2>\n\n\n\n<p>Les collectivit\u00e9s locales et r\u00e9gionales sont id\u00e9alement plac\u00e9es pour garantir que les fonds europ\u00e9ens r\u00e9pondent aux besoins sp\u00e9cifiques de leurs communaut\u00e9s. Elles apportent expertise, proximit\u00e9 et compr\u00e9hension des priorit\u00e9s locales, des \u00e9l\u00e9ments cruciaux pour adapter les mesures visant \u00e0 soutenir efficacement les m\u00e9nages vuln\u00e9rables.<\/p>\n\n\n\n<p>L\u2019absence de consultations significatives ne viole pas seulement les exigences l\u00e9gislatives, mais compromet \u00e9galement l\u2019efficacit\u00e9 du FSC \u00e0 seulement six mois de la date limite de soumission des plans par les \u00c9tats membres en juin.<\/p>\n\n\n\n<h2>Recommandations aux d\u00e9cideurs nationaux et europ\u00e9ens<\/h2>\n\n\n\n<p>Pour que le Fonds Social pour le Climat soutienne efficacement les m\u00e9nages vuln\u00e9rables, l\u2019Alliance Locale exhorte les \u00c9tats membres, entre autres, \u00e0 privil\u00e9gier une collaboration significative avec les collectivit\u00e9s r\u00e9gionales et locales, via des plans \u00e9labor\u00e9s localement tels que les SECAPs (Plans d\u2019action pour l\u2019\u00e9nergie durable et le climat) et les Plans de mobilit\u00e9 urbaine durable.<\/p>\n\n\n\n<p>Cela permettra des investissements europ\u00e9ens align\u00e9s sur les besoins locaux pour lutter contre la pr\u00e9carit\u00e9 \u00e9nerg\u00e9tique et des transports, en garantissant des mesures ciblant les groupes vuln\u00e9rables tels que les femmes, les personnes \u00e2g\u00e9es et les familles monoparentales.<\/p>\n\n\n\n<p class=\"has-medium-font-size light-pink-message\">Pour plus d\u2019informations, t\u00e9l\u00e9chargez le rapport complet (en anglais) <a href=\"https:\/\/energy-cities.eu\/wp-content\/uploads\/2024\/12\/Local-Alliance-Briefing-Social-Climate-Fund.pdf\">ici<\/a>.<\/p>\n","protected":false},"excerpt":{"rendered":"<p>Ce rapport sur le Fonds Social pour le Climat (FSC) r\u00e9v\u00e8le comment une gouvernance multi-niveaux insuffisante risque de priver les 86 milliards d\u2019euros du FSC de leur capacit\u00e9 \u00e0 r\u00e9pondre efficacement aux besoins des m\u00e9nages vuln\u00e9rables.<\/p>\n","protected":false},"author":62,"featured_media":82765,"template":"","hub":[310,308,306,307,309],"topic":[332,363,503],"legislative_initiative":[177],"document_type":[268],"acf":[],"yoast_head":"<!-- This site is optimized with the Yoast SEO plugin v18.8 - https:\/\/yoast.com\/wordpress\/plugins\/seo\/ -->\n<title>L&#039;Alliance Locale alerte : 86 milliards d\u2019euros du Fonds Social pour le Climat de l\u2019UE menac\u00e9s par une gouvernance inad\u00e9quate - Energy Cities<\/title>\n<meta name=\"description\" content=\"Ce rapport sur le Fonds Social pour le Climat (FSC) r\u00e9v\u00e8le comment une gouvernance multi-niveaux insuffisante risque de priver les 86 milliards d\u2019euros du FSC de leur capacit\u00e9 \u00e0 r\u00e9pondre efficacement aux besoins des m\u00e9nages vuln\u00e9rables.\" \/>\n<meta name=\"robots\" content=\"index, follow, max-snippet:-1, max-image-preview:large, max-video-preview:-1\" \/>\n<link rel=\"canonical\" href=\"https:\/\/energy-cities.eu\/fr\/document-politique\/lalliance-locale-alerte-86-milliards-deuros-du-fonds-social-pour-le-climat-de-lue-menaces-par-une-gouvernance-inadequate\/\" \/>\n<meta property=\"og:locale\" content=\"fr_FR\" \/>\n<meta property=\"og:type\" content=\"article\" \/>\n<meta property=\"og:title\" content=\"L&#039;Alliance Locale alerte : 86 milliards d\u2019euros du Fonds Social pour le Climat de l\u2019UE menac\u00e9s par une gouvernance inad\u00e9quate - Energy Cities\" \/>\n<meta property=\"og:description\" content=\"Ce rapport sur le Fonds Social pour le Climat (FSC) r\u00e9v\u00e8le comment une gouvernance multi-niveaux insuffisante risque de priver les 86 milliards d\u2019euros du FSC de leur capacit\u00e9 \u00e0 r\u00e9pondre efficacement aux besoins des m\u00e9nages vuln\u00e9rables.\" \/>\n<meta property=\"og:url\" content=\"https:\/\/energy-cities.eu\/fr\/document-politique\/lalliance-locale-alerte-86-milliards-deuros-du-fonds-social-pour-le-climat-de-lue-menaces-par-une-gouvernance-inadequate\/\" \/>\n<meta property=\"og:site_name\" content=\"Energy Cities\" \/>\n<meta property=\"article:publisher\" content=\"https:\/\/www.facebook.com\/energycities.eu\/\" \/>\n<meta property=\"article:modified_time\" content=\"2024-12-11T08:50:33+00:00\" \/>\n<meta property=\"og:image\" content=\"https:\/\/energy-cities.eu\/wp-content\/uploads\/2024\/12\/Town-in-the-snpw-1024x683.png\" \/>\n\t<meta property=\"og:image:width\" content=\"1024\" \/>\n\t<meta property=\"og:image:height\" content=\"683\" \/>\n\t<meta property=\"og:image:type\" content=\"image\/png\" \/>\n<meta name=\"twitter:card\" content=\"summary_large_image\" \/>\n<meta name=\"twitter:site\" content=\"@energycities\" \/>\n<meta name=\"twitter:label1\" content=\"Dur\u00e9e de lecture estim\u00e9e\" \/>\n\t<meta name=\"twitter:data1\" content=\"2 minutes\" \/>\n<script type=\"application\/ld+json\" class=\"yoast-schema-graph\">{\"@context\":\"https:\/\/schema.org\",\"@graph\":[{\"@type\":\"Organization\",\"@id\":\"https:\/\/energy-cities.eu\/fr\/#organization\",\"name\":\"Energy Cities\",\"url\":\"https:\/\/energy-cities.eu\/fr\/\",\"sameAs\":[\"https:\/\/www.facebook.com\/energycities.eu\/\",\"https:\/\/www.youtube.com\/channel\/UChIHn2wF76JzuTbAjSMs0hQ\",\"https:\/\/fr.wikipedia.org\/wiki\/Energy_Cities\",\"https:\/\/twitter.com\/energycities\"],\"logo\":{\"@type\":\"ImageObject\",\"inLanguage\":\"fr-FR\",\"@id\":\"https:\/\/energy-cities.eu\/fr\/#\/schema\/logo\/image\/\",\"url\":\"https:\/\/energy-cities.eu\/wp-content\/uploads\/2019\/07\/energy-cities-couleur.jpg\",\"contentUrl\":\"https:\/\/energy-cities.eu\/wp-content\/uploads\/2019\/07\/energy-cities-couleur.jpg\",\"width\":3508,\"height\":2587,\"caption\":\"Energy Cities\"},\"image\":{\"@id\":\"https:\/\/energy-cities.eu\/fr\/#\/schema\/logo\/image\/\"}},{\"@type\":\"WebSite\",\"@id\":\"https:\/\/energy-cities.eu\/fr\/#website\",\"url\":\"https:\/\/energy-cities.eu\/fr\/\",\"name\":\"Energy Cities\",\"description\":\" The European learning community for future-proof cities\",\"publisher\":{\"@id\":\"https:\/\/energy-cities.eu\/fr\/#organization\"},\"potentialAction\":[{\"@type\":\"SearchAction\",\"target\":{\"@type\":\"EntryPoint\",\"urlTemplate\":\"https:\/\/energy-cities.eu\/fr\/?s={search_term_string}\"},\"query-input\":\"required name=search_term_string\"}],\"inLanguage\":\"fr-FR\"},{\"@type\":\"ImageObject\",\"inLanguage\":\"fr-FR\",\"@id\":\"https:\/\/energy-cities.eu\/fr\/document-politique\/lalliance-locale-alerte-86-milliards-deuros-du-fonds-social-pour-le-climat-de-lue-menaces-par-une-gouvernance-inadequate\/#primaryimage\",\"url\":\"https:\/\/energy-cities.eu\/wp-content\/uploads\/2024\/12\/Town-in-the-snpw.png\",\"contentUrl\":\"https:\/\/energy-cities.eu\/wp-content\/uploads\/2024\/12\/Town-in-the-snpw.png\",\"width\":1488,\"height\":992,\"caption\":\"homes during the winter\"},{\"@type\":\"WebPage\",\"@id\":\"https:\/\/energy-cities.eu\/fr\/document-politique\/lalliance-locale-alerte-86-milliards-deuros-du-fonds-social-pour-le-climat-de-lue-menaces-par-une-gouvernance-inadequate\/#webpage\",\"url\":\"https:\/\/energy-cities.eu\/fr\/document-politique\/lalliance-locale-alerte-86-milliards-deuros-du-fonds-social-pour-le-climat-de-lue-menaces-par-une-gouvernance-inadequate\/\",\"name\":\"L'Alliance Locale alerte : 86 milliards d\u2019euros du Fonds Social pour le Climat de l\u2019UE menac\u00e9s par une gouvernance inad\u00e9quate - Energy Cities\",\"isPartOf\":{\"@id\":\"https:\/\/energy-cities.eu\/fr\/#website\"},\"primaryImageOfPage\":{\"@id\":\"https:\/\/energy-cities.eu\/fr\/document-politique\/lalliance-locale-alerte-86-milliards-deuros-du-fonds-social-pour-le-climat-de-lue-menaces-par-une-gouvernance-inadequate\/#primaryimage\"},\"datePublished\":\"2024-12-11T08:49:16+00:00\",\"dateModified\":\"2024-12-11T08:50:33+00:00\",\"description\":\"Ce rapport sur le Fonds Social pour le Climat (FSC) r\u00e9v\u00e8le comment une gouvernance multi-niveaux insuffisante risque de priver les 86 milliards d\u2019euros du FSC de leur capacit\u00e9 \u00e0 r\u00e9pondre efficacement aux besoins des m\u00e9nages vuln\u00e9rables.\",\"breadcrumb\":{\"@id\":\"https:\/\/energy-cities.eu\/fr\/document-politique\/lalliance-locale-alerte-86-milliards-deuros-du-fonds-social-pour-le-climat-de-lue-menaces-par-une-gouvernance-inadequate\/#breadcrumb\"},\"inLanguage\":\"fr-FR\",\"potentialAction\":[{\"@type\":\"ReadAction\",\"target\":[\"https:\/\/energy-cities.eu\/fr\/document-politique\/lalliance-locale-alerte-86-milliards-deuros-du-fonds-social-pour-le-climat-de-lue-menaces-par-une-gouvernance-inadequate\/\"]}]},{\"@type\":\"BreadcrumbList\",\"@id\":\"https:\/\/energy-cities.eu\/fr\/document-politique\/lalliance-locale-alerte-86-milliards-deuros-du-fonds-social-pour-le-climat-de-lue-menaces-par-une-gouvernance-inadequate\/#breadcrumb\",\"itemListElement\":[{\"@type\":\"ListItem\",\"position\":1,\"name\":\"Home\",\"item\":\"https:\/\/energy-cities.eu\/fr\/nous-sommes-un-reseau-europeen-blabla\/\"},{\"@type\":\"ListItem\",\"position\":2,\"name\":\"L'Alliance Locale alerte : 86 milliards d\u2019euros du Fonds Social pour le Climat de l\u2019UE menac\u00e9s par une gouvernance inad\u00e9quate\"}]}]}<\/script>\n<!-- \/ Yoast SEO plugin. -->","yoast_head_json":{"title":"L'Alliance Locale alerte : 86 milliards d\u2019euros du Fonds Social pour le Climat de l\u2019UE menac\u00e9s par une gouvernance inad\u00e9quate - Energy Cities","description":"Ce rapport sur le Fonds Social pour le Climat (FSC) r\u00e9v\u00e8le comment une gouvernance multi-niveaux insuffisante risque de priver les 86 milliards d\u2019euros du FSC de leur capacit\u00e9 \u00e0 r\u00e9pondre efficacement aux besoins des m\u00e9nages vuln\u00e9rables.","robots":{"index":"index","follow":"follow","max-snippet":"max-snippet:-1","max-image-preview":"max-image-preview:large","max-video-preview":"max-video-preview:-1"},"canonical":"https:\/\/energy-cities.eu\/fr\/document-politique\/lalliance-locale-alerte-86-milliards-deuros-du-fonds-social-pour-le-climat-de-lue-menaces-par-une-gouvernance-inadequate\/","og_locale":"fr_FR","og_type":"article","og_title":"L'Alliance Locale alerte : 86 milliards d\u2019euros du Fonds Social pour le Climat de l\u2019UE menac\u00e9s par une gouvernance inad\u00e9quate - Energy Cities","og_description":"Ce rapport sur le Fonds Social pour le Climat (FSC) r\u00e9v\u00e8le comment une gouvernance multi-niveaux insuffisante risque de priver les 86 milliards d\u2019euros du FSC de leur capacit\u00e9 \u00e0 r\u00e9pondre efficacement aux besoins des m\u00e9nages vuln\u00e9rables.","og_url":"https:\/\/energy-cities.eu\/fr\/document-politique\/lalliance-locale-alerte-86-milliards-deuros-du-fonds-social-pour-le-climat-de-lue-menaces-par-une-gouvernance-inadequate\/","og_site_name":"Energy Cities","article_publisher":"https:\/\/www.facebook.com\/energycities.eu\/","article_modified_time":"2024-12-11T08:50:33+00:00","og_image":[{"width":1024,"height":683,"url":"https:\/\/energy-cities.eu\/wp-content\/uploads\/2024\/12\/Town-in-the-snpw-1024x683.png","type":"image\/png"}],"twitter_card":"summary_large_image","twitter_site":"@energycities","twitter_misc":{"Dur\u00e9e de lecture estim\u00e9e":"2 minutes"},"schema":{"@context":"https:\/\/schema.org","@graph":[{"@type":"Organization","@id":"https:\/\/energy-cities.eu\/fr\/#organization","name":"Energy Cities","url":"https:\/\/energy-cities.eu\/fr\/","sameAs":["https:\/\/www.facebook.com\/energycities.eu\/","https:\/\/www.youtube.com\/channel\/UChIHn2wF76JzuTbAjSMs0hQ","https:\/\/fr.wikipedia.org\/wiki\/Energy_Cities","https:\/\/twitter.com\/energycities"],"logo":{"@type":"ImageObject","inLanguage":"fr-FR","@id":"https:\/\/energy-cities.eu\/fr\/#\/schema\/logo\/image\/","url":"https:\/\/energy-cities.eu\/wp-content\/uploads\/2019\/07\/energy-cities-couleur.jpg","contentUrl":"https:\/\/energy-cities.eu\/wp-content\/uploads\/2019\/07\/energy-cities-couleur.jpg","width":3508,"height":2587,"caption":"Energy Cities"},"image":{"@id":"https:\/\/energy-cities.eu\/fr\/#\/schema\/logo\/image\/"}},{"@type":"WebSite","@id":"https:\/\/energy-cities.eu\/fr\/#website","url":"https:\/\/energy-cities.eu\/fr\/","name":"Energy Cities","description":" The European learning community for future-proof cities","publisher":{"@id":"https:\/\/energy-cities.eu\/fr\/#organization"},"potentialAction":[{"@type":"SearchAction","target":{"@type":"EntryPoint","urlTemplate":"https:\/\/energy-cities.eu\/fr\/?s={search_term_string}"},"query-input":"required name=search_term_string"}],"inLanguage":"fr-FR"},{"@type":"ImageObject","inLanguage":"fr-FR","@id":"https:\/\/energy-cities.eu\/fr\/document-politique\/lalliance-locale-alerte-86-milliards-deuros-du-fonds-social-pour-le-climat-de-lue-menaces-par-une-gouvernance-inadequate\/#primaryimage","url":"https:\/\/energy-cities.eu\/wp-content\/uploads\/2024\/12\/Town-in-the-snpw.png","contentUrl":"https:\/\/energy-cities.eu\/wp-content\/uploads\/2024\/12\/Town-in-the-snpw.png","width":1488,"height":992,"caption":"homes during the winter"},{"@type":"WebPage","@id":"https:\/\/energy-cities.eu\/fr\/document-politique\/lalliance-locale-alerte-86-milliards-deuros-du-fonds-social-pour-le-climat-de-lue-menaces-par-une-gouvernance-inadequate\/#webpage","url":"https:\/\/energy-cities.eu\/fr\/document-politique\/lalliance-locale-alerte-86-milliards-deuros-du-fonds-social-pour-le-climat-de-lue-menaces-par-une-gouvernance-inadequate\/","name":"L'Alliance Locale alerte : 86 milliards d\u2019euros du Fonds Social pour le Climat de l\u2019UE menac\u00e9s par une gouvernance inad\u00e9quate - Energy Cities","isPartOf":{"@id":"https:\/\/energy-cities.eu\/fr\/#website"},"primaryImageOfPage":{"@id":"https:\/\/energy-cities.eu\/fr\/document-politique\/lalliance-locale-alerte-86-milliards-deuros-du-fonds-social-pour-le-climat-de-lue-menaces-par-une-gouvernance-inadequate\/#primaryimage"},"datePublished":"2024-12-11T08:49:16+00:00","dateModified":"2024-12-11T08:50:33+00:00","description":"Ce rapport sur le Fonds Social pour le Climat (FSC) r\u00e9v\u00e8le comment une gouvernance multi-niveaux insuffisante risque de priver les 86 milliards d\u2019euros du FSC de leur capacit\u00e9 \u00e0 r\u00e9pondre efficacement aux besoins des m\u00e9nages vuln\u00e9rables.","breadcrumb":{"@id":"https:\/\/energy-cities.eu\/fr\/document-politique\/lalliance-locale-alerte-86-milliards-deuros-du-fonds-social-pour-le-climat-de-lue-menaces-par-une-gouvernance-inadequate\/#breadcrumb"},"inLanguage":"fr-FR","potentialAction":[{"@type":"ReadAction","target":["https:\/\/energy-cities.eu\/fr\/document-politique\/lalliance-locale-alerte-86-milliards-deuros-du-fonds-social-pour-le-climat-de-lue-menaces-par-une-gouvernance-inadequate\/"]}]},{"@type":"BreadcrumbList","@id":"https:\/\/energy-cities.eu\/fr\/document-politique\/lalliance-locale-alerte-86-milliards-deuros-du-fonds-social-pour-le-climat-de-lue-menaces-par-une-gouvernance-inadequate\/#breadcrumb","itemListElement":[{"@type":"ListItem","position":1,"name":"Home","item":"https:\/\/energy-cities.eu\/fr\/nous-sommes-un-reseau-europeen-blabla\/"},{"@type":"ListItem","position":2,"name":"L'Alliance Locale alerte : 86 milliards d\u2019euros du Fonds Social pour le Climat de l\u2019UE menac\u00e9s par une gouvernance inad\u00e9quate"}]}]}},"featured_img":"https:\/\/energy-cities.eu\/wp-content\/uploads\/2024\/12\/Town-in-the-snpw.png","coauthors":[],"author_meta":{"author_link":"https:\/\/energy-cities.eu\/fr\/staff\/a-lecorre\/","display_name":"Allison Le Corre"},"relative_dates":{"created":"Publi\u00e9 1 an il y a","modified":"Mis \u00e0 jour 1 an il y a"},"absolute_dates":{"created":"Publi\u00e9 le 11 d\u00e9cembre 2024","modified":"Mise \u00e0 jour le 11 d\u00e9cembre 2024"},"absolute_dates_time":{"created":"Publi\u00e9 le 11 d\u00e9cembre 2024 9:49  ","modified":"Mise \u00e0 jour le 11 d\u00e9cembre 2024 9:50  "},"featured_img_caption":"","tax_additional":{"hub":{"linked":["<a href=\"https:\/\/energy-cities.eu\/fr\/hub\/gouvernance-locale\/\" class=\"advgb-post-tax-term\">Gouvernance locale<\/a>","<a href=\"https:\/\/energy-cities.eu\/fr\/hub\/villes-zero-carbone\/\" class=\"advgb-post-tax-term\">Villes z\u00e9ro carbone<\/a>","<a href=\"https:\/\/energy-cities.eu\/fr\/hub\/energie-citoyenne\/\" class=\"advgb-post-tax-term\">\u00c9nergie citoyenne<\/a>","<a href=\"https:\/\/energy-cities.eu\/fr\/hub\/alimentation-durable\/\" class=\"advgb-post-tax-term\">Alimentation durable<\/a>","<a href=\"https:\/\/energy-cities.eu\/fr\/hub\/economies-locales\/\" class=\"advgb-post-tax-term\">\u00c9conomies justes<\/a>"],"unlinked":["<span class=\"advgb-post-tax-term\">Gouvernance locale<\/span>","<span class=\"advgb-post-tax-term\">Villes z\u00e9ro carbone<\/span>","<span class=\"advgb-post-tax-term\">\u00c9nergie citoyenne<\/span>","<span class=\"advgb-post-tax-term\">Alimentation durable<\/span>","<span class=\"advgb-post-tax-term\">\u00c9conomies justes<\/span>"],"slug":"hub","name":"Hubs"},"topic":{"linked":["<a href=\"https:\/\/energy-cities.eu\/fr\/th\u00e9matique\/politiques-europeennes\/\" class=\"advgb-post-tax-term\">Politiques europ\u00e9ennes<\/a>","<a href=\"https:\/\/energy-cities.eu\/fr\/th\u00e9matique\/financement\/\" class=\"advgb-post-tax-term\">Financement<\/a>","<a href=\"https:\/\/energy-cities.eu\/fr\/th\u00e9matique\/multilevel-governance-fr\/\" class=\"advgb-post-tax-term\">Multilevel Governance<\/a>"],"unlinked":["<span class=\"advgb-post-tax-term\">Politiques europ\u00e9ennes<\/span>","<span class=\"advgb-post-tax-term\">Financement<\/span>","<span class=\"advgb-post-tax-term\">Multilevel Governance<\/span>"],"slug":"topic","name":"Topics"},"legislative_initiative":{"linked":["<a href=\"https:\/\/energy-cities.eu\/fr\/initiative_legislative\/budget-ue\/\" class=\"advgb-post-tax-term\">Budget de l&#039;UE<\/a>"],"unlinked":["<span class=\"advgb-post-tax-term\">Budget de l&#039;UE<\/span>"],"slug":"legislative_initiative","name":"Legislative Initiatives"},"document_type":{"linked":["<a href=\"https:\/\/energy-cities.eu\/fr\/type_de_document\/syntheses-analyses\/\" class=\"advgb-post-tax-term\">Synth\u00e8ses &amp; Analyses<\/a>"],"unlinked":["<span class=\"advgb-post-tax-term\">Synth\u00e8ses &amp; Analyses<\/span>"],"slug":"document_type","name":"Document type"}},"_links":{"self":[{"href":"https:\/\/energy-cities.eu\/fr\/wp-json\/wp\/v2\/policies\/82774"}],"collection":[{"href":"https:\/\/energy-cities.eu\/fr\/wp-json\/wp\/v2\/policies"}],"about":[{"href":"https:\/\/energy-cities.eu\/fr\/wp-json\/wp\/v2\/types\/policies"}],"author":[{"embeddable":true,"href":"https:\/\/energy-cities.eu\/fr\/wp-json\/wp\/v2\/users\/62"}],"version-history":[{"count":8,"href":"https:\/\/energy-cities.eu\/fr\/wp-json\/wp\/v2\/policies\/82774\/revisions"}],"predecessor-version":[{"id":82791,"href":"https:\/\/energy-cities.eu\/fr\/wp-json\/wp\/v2\/policies\/82774\/revisions\/82791"}],"wp:featuredmedia":[{"embeddable":true,"href":"https:\/\/energy-cities.eu\/fr\/wp-json\/wp\/v2\/media\/82765"}],"wp:attachment":[{"href":"https:\/\/energy-cities.eu\/fr\/wp-json\/wp\/v2\/media?parent=82774"}],"wp:term":[{"taxonomy":"hub","embeddable":true,"href":"https:\/\/energy-cities.eu\/fr\/wp-json\/wp\/v2\/hub?post=82774"},{"taxonomy":"topic","embeddable":true,"href":"https:\/\/energy-cities.eu\/fr\/wp-json\/wp\/v2\/topic?post=82774"},{"taxonomy":"legislative_initiative","embeddable":true,"href":"https:\/\/energy-cities.eu\/fr\/wp-json\/wp\/v2\/legislative_initiative?post=82774"},{"taxonomy":"document_type","embeddable":true,"href":"https:\/\/energy-cities.eu\/fr\/wp-json\/wp\/v2\/document_type?post=82774"}],"curies":[{"name":"wp","href":"https:\/\/api.w.org\/{rel}","templated":true}]}}