{"id":91815,"date":"2025-11-19T11:39:05","date_gmt":"2025-11-19T10:39:05","guid":{"rendered":"https:\/\/energy-cities.eu\/?post_type=policies&#038;p=91815"},"modified":"2025-11-19T11:42:46","modified_gmt":"2025-11-19T10:42:46","slug":"faire-en-sorte-que-le-prochain-budget-de-lue-fonctionne-pour-les-collectivites-et-les-regions","status":"publish","type":"policies","link":"https:\/\/energy-cities.eu\/fr\/document-politique\/faire-en-sorte-que-le-prochain-budget-de-lue-fonctionne-pour-les-collectivites-et-les-regions\/","title":{"rendered":"Faire en sorte que le prochain budget de l\u2019UE fonctionne pour les collectivit\u00e9s et les r\u00e9gions"},"content":{"rendered":"\n<p><strong>L\u2019Alliance locale \u2013 une coalition des principaux gouvernements locaux et r\u00e9gionaux d\u2019Europe \u2013 vise \u00e0 garantir que nos collectivit\u00e9s disposent des comp\u00e9tences et des ressources n\u00e9cessaires pour mettre en \u0153uvre et renforcer la r\u00e9silience, la comp\u00e9titivit\u00e9 et la d\u00e9carbonation de l\u2019Europe.<\/strong><\/p>\n\n\n\n<p>Nous partageons une vision commune selon laquelle le Cadre financier pluriannuel (CFP) 2028\u20132034 doit devenir un instrument solide, d\u00e9mocratique et tourn\u00e9 vers l\u2019avenir, capable de renforcer la coh\u00e9sion entre les territoires, d\u2019accro\u00eetre la comp\u00e9titivit\u00e9 de l\u2019Europe et de permettre une transition juste vers une \u00e9conomie climatiquement neutre et r\u00e9siliente.<\/p>\n\n\n\n<p>Les gouvernements locaux et r\u00e9gionaux sont \u00e0 l\u2019avant-garde de la transformation en Europe. Ils constituent l\u2019\u00e9chelon d\u00e9mocratique le plus proche des citoyens, jouissent de la confiance de la majorit\u00e9 des Europ\u00e9ens et sont responsables, directement ou conjointement, de la mise en \u0153uvre de la plupart des l\u00e9gislations de l\u2019UE. <\/p>\n\n\n\n<p>Ils mobilisent la majeure partie des investissements li\u00e9s au climat, stimulent l\u2019innovation et la comp\u00e9titivit\u00e9, et garantissent la coh\u00e9sion et la transition juste en veillant \u00e0 ce qu\u2019aucune communaut\u00e9 ne soit laiss\u00e9e de c\u00f4t\u00e9. Sans leur leadership, l\u2019Europe ne peut r\u00e9ussir \u00e0 atteindre ses ambitions en mati\u00e8re de transition verte, num\u00e9rique, sociale et de comp\u00e9titivit\u00e9.<\/p>\n\n\n\n<p>Alors que les n\u00e9gociations sont d\u00e9j\u00e0 en cours, l\u2019Alliance locale appelle le Parlement europ\u00e9en et le Conseil de l\u2019UE \u00e0 saisir cette occasion pour placer la d\u00e9mocratie, la coh\u00e9sion territoriale et la comp\u00e9titivit\u00e9 au c\u0153ur du prochain CFP, en reconnaissant les gouvernements locaux et r\u00e9gionaux comme des partenaires indispensables.<\/p>\n\n\n\n<p>L\u2019Europe ne peut atteindre ses objectifs strat\u00e9giques sans travailler main dans la main avec ses communes, ses villes et ses r\u00e9gions. C\u2019est pourquoi l\u2019Alliance locale pr\u00e9sente un plan d\u2019action en 10 points visant \u00e0 garantir que le budget de l\u2019UE produise des r\u00e9sultats concrets pour les habitants de tous les territoires, en Europe et au-del\u00e0.<\/p>\n\n\n\n<h3>Pour le prochain CFP, nous appelons \u00e0 :<\/h3>\n\n\n\n<ul><li>Des m\u00e9canismes de gouvernance multiniveaux plus solides pour r\u00e9aliser \u00e0 la fois les r\u00e9formes et les investissements<\/li><li>Un renforcement du principe de partenariat pour la mise en \u0153uvre du CFP<\/li><\/ul>\n\n\n\n<h3>Pour les Plans nationaux et r\u00e9gionaux de partenariat :<\/h3>\n\n\n\n<ul><li>Rendre obligatoires les chapitres r\u00e9gionaux et territoriaux des <a href=\"https:\/\/energy-cities.eu\/fr\/document-politique\/quoi-de-neuf-27-plans-nationaux-pour-prochain-budget-eu\/\">Plans de partenariat nationaux et r\u00e9gionaux (PNR)<\/a>, avec une section clairement d\u00e9di\u00e9e aux collectivit\u00e9s<\/li><li>R\u00e9server des financements \u00e0 la transition juste et \u00e0 un cadre de vie abordable pour tous<\/li><li>Mettre en place un v\u00e9ritable programme europ\u00e9en pour les collectivit\u00e9s de toutes tailles dans le cadre du dispositif europ\u00e9en propos\u00e9<\/li><li>Un m\u00e9canisme de garantie permettant aux niveaux local et r\u00e9gional d\u2019acc\u00e9der aux fonds de l\u2019UE<\/li><li>Relier les indicateurs de performance \u00e0 la mise en \u0153uvre du droit europ\u00e9en et aux r\u00e9sultats territoriaux<\/li><\/ul>\n\n\n\n<h3>Pour le Fonds europ\u00e9en pour la comp\u00e9titivit\u00e9 et Horizon Europe :<\/h3>\n\n\n\n<ul><li>Le Fonds pour la comp\u00e9titivit\u00e9 et Horizon Europe doivent reconna\u00eetre explicitement les collectivit\u00e9s et les r\u00e9gions en tant qu\u2019innovateurs et investisseurs<\/li><\/ul>\n\n\n\n<h3>Pour Horizon Europe :<\/h3>\n\n\n\n<ul><li>Poursuivre l\u2019approche des Missions dans Horizon Europe<\/li><\/ul>\n\n\n\n<h3>Pour le dispositif Europe globale :<\/h3>\n\n\n\n<ul><li>Un soutien renforc\u00e9 aux collectivit\u00e9s et r\u00e9gions des pays candidats, pour assurer l\u2019avenir de la coh\u00e9sion europ\u00e9enne<\/li><\/ul>\n\n\n\n<p class=\"has-text-align-center has-medium-font-size light-blue-message\"><a href=\"https:\/\/energy-cities.eu\/wp-content\/uploads\/2025\/11\/Local-Alliance-10-Point-Action-Plan-1.pdf\"><strong>Lire le plan d\u2019action d\u00e9taill\u00e9 en 10 points (en anglais)<\/strong>.<\/a><\/p>\n\n\n\n<p><em>L\u2019Alliance locale rassemble 8 grands r\u00e9seaux europ\u00e9ens de gouvernements locaux et r\u00e9gionaux : ACR+, CEMR, Climate Alliance, Energy Cities, Eurocities, FEDARENE, ICLEI Europe et POLIS.<\/em><\/p>\n","protected":false},"excerpt":{"rendered":"<p>L\u2019Alliance locale pr\u00e9sente un plan d\u2019action en 10 points pour garantir que le budget de l\u2019UE produise des r\u00e9sultats concrets pour les habitants de tous les territoires en Europe.<\/p>\n","protected":false},"author":62,"featured_media":80888,"template":"","hub":[310,308,306,307,309],"topic":[332,363],"legislative_initiative":[177],"document_type":[269],"acf":[],"yoast_head":"<!-- This site is optimized with the Yoast SEO plugin v18.8 - https:\/\/yoast.com\/wordpress\/plugins\/seo\/ -->\n<title>Faire en sorte que le prochain budget de l\u2019UE fonctionne pour les collectivit\u00e9s et les r\u00e9gions - Energy Cities<\/title>\n<meta name=\"description\" content=\"L\u2019Alliance locale pr\u00e9sente un plan d\u2019action en 10 points pour garantir que le budget de l\u2019UE produise des r\u00e9sultats concrets pour les habitants de tous les territoires en Europe.\" \/>\n<meta name=\"robots\" content=\"index, follow, max-snippet:-1, max-image-preview:large, max-video-preview:-1\" \/>\n<link rel=\"canonical\" href=\"https:\/\/energy-cities.eu\/fr\/document-politique\/faire-en-sorte-que-le-prochain-budget-de-lue-fonctionne-pour-les-collectivites-et-les-regions\/\" \/>\n<meta property=\"og:locale\" content=\"fr_FR\" \/>\n<meta property=\"og:type\" content=\"article\" \/>\n<meta property=\"og:title\" content=\"Faire en sorte que le prochain budget de l\u2019UE fonctionne pour les collectivit\u00e9s et les r\u00e9gions - Energy Cities\" \/>\n<meta property=\"og:description\" content=\"L\u2019Alliance locale pr\u00e9sente un plan d\u2019action en 10 points pour garantir que le budget de l\u2019UE produise des r\u00e9sultats concrets pour les habitants de tous les territoires en Europe.\" \/>\n<meta property=\"og:url\" content=\"https:\/\/energy-cities.eu\/fr\/document-politique\/faire-en-sorte-que-le-prochain-budget-de-lue-fonctionne-pour-les-collectivites-et-les-regions\/\" \/>\n<meta property=\"og:site_name\" content=\"Energy Cities\" \/>\n<meta property=\"article:publisher\" content=\"https:\/\/www.facebook.com\/energycities.eu\/\" \/>\n<meta property=\"article:modified_time\" content=\"2025-11-19T10:42:46+00:00\" \/>\n<meta property=\"og:image\" content=\"https:\/\/energy-cities.eu\/wp-content\/uploads\/2024\/10\/3-1024x683.png\" \/>\n\t<meta property=\"og:image:width\" content=\"1024\" \/>\n\t<meta property=\"og:image:height\" content=\"683\" \/>\n\t<meta property=\"og:image:type\" content=\"image\/png\" \/>\n<meta name=\"twitter:card\" content=\"summary_large_image\" \/>\n<meta name=\"twitter:site\" content=\"@energycities\" \/>\n<meta name=\"twitter:label1\" content=\"Dur\u00e9e de lecture estim\u00e9e\" \/>\n\t<meta name=\"twitter:data1\" content=\"3 minutes\" \/>\n<script type=\"application\/ld+json\" class=\"yoast-schema-graph\">{\"@context\":\"https:\/\/schema.org\",\"@graph\":[{\"@type\":\"Organization\",\"@id\":\"https:\/\/energy-cities.eu\/fr\/#organization\",\"name\":\"Energy Cities\",\"url\":\"https:\/\/energy-cities.eu\/fr\/\",\"sameAs\":[\"https:\/\/www.facebook.com\/energycities.eu\/\",\"https:\/\/www.youtube.com\/channel\/UChIHn2wF76JzuTbAjSMs0hQ\",\"https:\/\/fr.wikipedia.org\/wiki\/Energy_Cities\",\"https:\/\/twitter.com\/energycities\"],\"logo\":{\"@type\":\"ImageObject\",\"inLanguage\":\"fr-FR\",\"@id\":\"https:\/\/energy-cities.eu\/fr\/#\/schema\/logo\/image\/\",\"url\":\"https:\/\/energy-cities.eu\/wp-content\/uploads\/2019\/07\/energy-cities-couleur.jpg\",\"contentUrl\":\"https:\/\/energy-cities.eu\/wp-content\/uploads\/2019\/07\/energy-cities-couleur.jpg\",\"width\":3508,\"height\":2587,\"caption\":\"Energy Cities\"},\"image\":{\"@id\":\"https:\/\/energy-cities.eu\/fr\/#\/schema\/logo\/image\/\"}},{\"@type\":\"WebSite\",\"@id\":\"https:\/\/energy-cities.eu\/fr\/#website\",\"url\":\"https:\/\/energy-cities.eu\/fr\/\",\"name\":\"Energy Cities\",\"description\":\" The European learning community for future-proof cities\",\"publisher\":{\"@id\":\"https:\/\/energy-cities.eu\/fr\/#organization\"},\"potentialAction\":[{\"@type\":\"SearchAction\",\"target\":{\"@type\":\"EntryPoint\",\"urlTemplate\":\"https:\/\/energy-cities.eu\/fr\/?s={search_term_string}\"},\"query-input\":\"required name=search_term_string\"}],\"inLanguage\":\"fr-FR\"},{\"@type\":\"ImageObject\",\"inLanguage\":\"fr-FR\",\"@id\":\"https:\/\/energy-cities.eu\/fr\/document-politique\/faire-en-sorte-que-le-prochain-budget-de-lue-fonctionne-pour-les-collectivites-et-les-regions\/#primaryimage\",\"url\":\"https:\/\/energy-cities.eu\/wp-content\/uploads\/2024\/10\/3.png\",\"contentUrl\":\"https:\/\/energy-cities.eu\/wp-content\/uploads\/2024\/10\/3.png\",\"width\":1488,\"height\":992,\"caption\":\"New EU Commissioners 2024 landscape\"},{\"@type\":\"WebPage\",\"@id\":\"https:\/\/energy-cities.eu\/fr\/document-politique\/faire-en-sorte-que-le-prochain-budget-de-lue-fonctionne-pour-les-collectivites-et-les-regions\/#webpage\",\"url\":\"https:\/\/energy-cities.eu\/fr\/document-politique\/faire-en-sorte-que-le-prochain-budget-de-lue-fonctionne-pour-les-collectivites-et-les-regions\/\",\"name\":\"Faire en sorte que le prochain budget de l\u2019UE fonctionne pour les collectivit\u00e9s et les r\u00e9gions - Energy Cities\",\"isPartOf\":{\"@id\":\"https:\/\/energy-cities.eu\/fr\/#website\"},\"primaryImageOfPage\":{\"@id\":\"https:\/\/energy-cities.eu\/fr\/document-politique\/faire-en-sorte-que-le-prochain-budget-de-lue-fonctionne-pour-les-collectivites-et-les-regions\/#primaryimage\"},\"datePublished\":\"2025-11-19T10:39:05+00:00\",\"dateModified\":\"2025-11-19T10:42:46+00:00\",\"description\":\"L\u2019Alliance locale pr\u00e9sente un plan d\u2019action en 10 points pour garantir que le budget de l\u2019UE produise des r\u00e9sultats concrets pour les habitants de tous les territoires en Europe.\",\"breadcrumb\":{\"@id\":\"https:\/\/energy-cities.eu\/fr\/document-politique\/faire-en-sorte-que-le-prochain-budget-de-lue-fonctionne-pour-les-collectivites-et-les-regions\/#breadcrumb\"},\"inLanguage\":\"fr-FR\",\"potentialAction\":[{\"@type\":\"ReadAction\",\"target\":[\"https:\/\/energy-cities.eu\/fr\/document-politique\/faire-en-sorte-que-le-prochain-budget-de-lue-fonctionne-pour-les-collectivites-et-les-regions\/\"]}]},{\"@type\":\"BreadcrumbList\",\"@id\":\"https:\/\/energy-cities.eu\/fr\/document-politique\/faire-en-sorte-que-le-prochain-budget-de-lue-fonctionne-pour-les-collectivites-et-les-regions\/#breadcrumb\",\"itemListElement\":[{\"@type\":\"ListItem\",\"position\":1,\"name\":\"Home\",\"item\":\"https:\/\/energy-cities.eu\/fr\/nous-sommes-un-reseau-europeen-blabla\/\"},{\"@type\":\"ListItem\",\"position\":2,\"name\":\"Faire en sorte que le prochain budget de l\u2019UE fonctionne pour les collectivit\u00e9s et les r\u00e9gions\"}]}]}<\/script>\n<!-- \/ Yoast SEO plugin. -->","yoast_head_json":{"title":"Faire en sorte que le prochain budget de l\u2019UE fonctionne pour les collectivit\u00e9s et les r\u00e9gions - Energy Cities","description":"L\u2019Alliance locale pr\u00e9sente un plan d\u2019action en 10 points pour garantir que le budget de l\u2019UE produise des r\u00e9sultats concrets pour les habitants de tous les territoires en Europe.","robots":{"index":"index","follow":"follow","max-snippet":"max-snippet:-1","max-image-preview":"max-image-preview:large","max-video-preview":"max-video-preview:-1"},"canonical":"https:\/\/energy-cities.eu\/fr\/document-politique\/faire-en-sorte-que-le-prochain-budget-de-lue-fonctionne-pour-les-collectivites-et-les-regions\/","og_locale":"fr_FR","og_type":"article","og_title":"Faire en sorte que le prochain budget de l\u2019UE fonctionne pour les collectivit\u00e9s et les r\u00e9gions - Energy Cities","og_description":"L\u2019Alliance locale pr\u00e9sente un plan d\u2019action en 10 points pour garantir que le budget de l\u2019UE produise des r\u00e9sultats concrets pour les habitants de tous les territoires en Europe.","og_url":"https:\/\/energy-cities.eu\/fr\/document-politique\/faire-en-sorte-que-le-prochain-budget-de-lue-fonctionne-pour-les-collectivites-et-les-regions\/","og_site_name":"Energy Cities","article_publisher":"https:\/\/www.facebook.com\/energycities.eu\/","article_modified_time":"2025-11-19T10:42:46+00:00","og_image":[{"width":1024,"height":683,"url":"https:\/\/energy-cities.eu\/wp-content\/uploads\/2024\/10\/3-1024x683.png","type":"image\/png"}],"twitter_card":"summary_large_image","twitter_site":"@energycities","twitter_misc":{"Dur\u00e9e de lecture estim\u00e9e":"3 minutes"},"schema":{"@context":"https:\/\/schema.org","@graph":[{"@type":"Organization","@id":"https:\/\/energy-cities.eu\/fr\/#organization","name":"Energy Cities","url":"https:\/\/energy-cities.eu\/fr\/","sameAs":["https:\/\/www.facebook.com\/energycities.eu\/","https:\/\/www.youtube.com\/channel\/UChIHn2wF76JzuTbAjSMs0hQ","https:\/\/fr.wikipedia.org\/wiki\/Energy_Cities","https:\/\/twitter.com\/energycities"],"logo":{"@type":"ImageObject","inLanguage":"fr-FR","@id":"https:\/\/energy-cities.eu\/fr\/#\/schema\/logo\/image\/","url":"https:\/\/energy-cities.eu\/wp-content\/uploads\/2019\/07\/energy-cities-couleur.jpg","contentUrl":"https:\/\/energy-cities.eu\/wp-content\/uploads\/2019\/07\/energy-cities-couleur.jpg","width":3508,"height":2587,"caption":"Energy Cities"},"image":{"@id":"https:\/\/energy-cities.eu\/fr\/#\/schema\/logo\/image\/"}},{"@type":"WebSite","@id":"https:\/\/energy-cities.eu\/fr\/#website","url":"https:\/\/energy-cities.eu\/fr\/","name":"Energy Cities","description":" The European learning community for future-proof cities","publisher":{"@id":"https:\/\/energy-cities.eu\/fr\/#organization"},"potentialAction":[{"@type":"SearchAction","target":{"@type":"EntryPoint","urlTemplate":"https:\/\/energy-cities.eu\/fr\/?s={search_term_string}"},"query-input":"required name=search_term_string"}],"inLanguage":"fr-FR"},{"@type":"ImageObject","inLanguage":"fr-FR","@id":"https:\/\/energy-cities.eu\/fr\/document-politique\/faire-en-sorte-que-le-prochain-budget-de-lue-fonctionne-pour-les-collectivites-et-les-regions\/#primaryimage","url":"https:\/\/energy-cities.eu\/wp-content\/uploads\/2024\/10\/3.png","contentUrl":"https:\/\/energy-cities.eu\/wp-content\/uploads\/2024\/10\/3.png","width":1488,"height":992,"caption":"New EU Commissioners 2024 landscape"},{"@type":"WebPage","@id":"https:\/\/energy-cities.eu\/fr\/document-politique\/faire-en-sorte-que-le-prochain-budget-de-lue-fonctionne-pour-les-collectivites-et-les-regions\/#webpage","url":"https:\/\/energy-cities.eu\/fr\/document-politique\/faire-en-sorte-que-le-prochain-budget-de-lue-fonctionne-pour-les-collectivites-et-les-regions\/","name":"Faire en sorte que le prochain budget de l\u2019UE fonctionne pour les collectivit\u00e9s et les r\u00e9gions - Energy Cities","isPartOf":{"@id":"https:\/\/energy-cities.eu\/fr\/#website"},"primaryImageOfPage":{"@id":"https:\/\/energy-cities.eu\/fr\/document-politique\/faire-en-sorte-que-le-prochain-budget-de-lue-fonctionne-pour-les-collectivites-et-les-regions\/#primaryimage"},"datePublished":"2025-11-19T10:39:05+00:00","dateModified":"2025-11-19T10:42:46+00:00","description":"L\u2019Alliance locale pr\u00e9sente un plan d\u2019action en 10 points pour garantir que le budget de l\u2019UE produise des r\u00e9sultats concrets pour les habitants de tous les territoires en Europe.","breadcrumb":{"@id":"https:\/\/energy-cities.eu\/fr\/document-politique\/faire-en-sorte-que-le-prochain-budget-de-lue-fonctionne-pour-les-collectivites-et-les-regions\/#breadcrumb"},"inLanguage":"fr-FR","potentialAction":[{"@type":"ReadAction","target":["https:\/\/energy-cities.eu\/fr\/document-politique\/faire-en-sorte-que-le-prochain-budget-de-lue-fonctionne-pour-les-collectivites-et-les-regions\/"]}]},{"@type":"BreadcrumbList","@id":"https:\/\/energy-cities.eu\/fr\/document-politique\/faire-en-sorte-que-le-prochain-budget-de-lue-fonctionne-pour-les-collectivites-et-les-regions\/#breadcrumb","itemListElement":[{"@type":"ListItem","position":1,"name":"Home","item":"https:\/\/energy-cities.eu\/fr\/nous-sommes-un-reseau-europeen-blabla\/"},{"@type":"ListItem","position":2,"name":"Faire en sorte que le prochain budget de l\u2019UE fonctionne pour les collectivit\u00e9s et les r\u00e9gions"}]}]}},"featured_img":"https:\/\/energy-cities.eu\/wp-content\/uploads\/2024\/10\/3.png","coauthors":[],"author_meta":{"author_link":"https:\/\/energy-cities.eu\/fr\/staff\/a-lecorre\/","display_name":"Allison Le Corre"},"relative_dates":{"created":"Publi\u00e9 5 mois il y a","modified":"Mis \u00e0 jour 5 mois il y a"},"absolute_dates":{"created":"Publi\u00e9 le 19 novembre 2025","modified":"Mise \u00e0 jour le 19 novembre 2025"},"absolute_dates_time":{"created":"Publi\u00e9 le 19 novembre 2025 11:39  ","modified":"Mise \u00e0 jour le 19 novembre 2025 11:42  "},"featured_img_caption":"","tax_additional":{"hub":{"linked":["<a href=\"https:\/\/energy-cities.eu\/fr\/hub\/gouvernance-locale\/\" class=\"advgb-post-tax-term\">Gouvernance locale<\/a>","<a href=\"https:\/\/energy-cities.eu\/fr\/hub\/villes-zero-carbone\/\" class=\"advgb-post-tax-term\">Villes z\u00e9ro carbone<\/a>","<a href=\"https:\/\/energy-cities.eu\/fr\/hub\/energie-citoyenne\/\" class=\"advgb-post-tax-term\">\u00c9nergie citoyenne<\/a>","<a href=\"https:\/\/energy-cities.eu\/fr\/hub\/alimentation-durable\/\" class=\"advgb-post-tax-term\">Alimentation durable<\/a>","<a href=\"https:\/\/energy-cities.eu\/fr\/hub\/economies-locales\/\" class=\"advgb-post-tax-term\">\u00c9conomies justes<\/a>"],"unlinked":["<span class=\"advgb-post-tax-term\">Gouvernance locale<\/span>","<span class=\"advgb-post-tax-term\">Villes z\u00e9ro carbone<\/span>","<span class=\"advgb-post-tax-term\">\u00c9nergie citoyenne<\/span>","<span class=\"advgb-post-tax-term\">Alimentation durable<\/span>","<span class=\"advgb-post-tax-term\">\u00c9conomies justes<\/span>"],"slug":"hub","name":"Hubs"},"topic":{"linked":["<a href=\"https:\/\/energy-cities.eu\/fr\/th\u00e9matique\/politiques-europeennes\/\" class=\"advgb-post-tax-term\">Politiques europ\u00e9ennes<\/a>","<a href=\"https:\/\/energy-cities.eu\/fr\/th\u00e9matique\/financement\/\" class=\"advgb-post-tax-term\">Financement<\/a>"],"unlinked":["<span class=\"advgb-post-tax-term\">Politiques europ\u00e9ennes<\/span>","<span class=\"advgb-post-tax-term\">Financement<\/span>"],"slug":"topic","name":"Topics"},"legislative_initiative":{"linked":["<a href=\"https:\/\/energy-cities.eu\/fr\/initiative_legislative\/budget-ue\/\" class=\"advgb-post-tax-term\">Budget de l&#039;UE<\/a>"],"unlinked":["<span class=\"advgb-post-tax-term\">Budget de l&#039;UE<\/span>"],"slug":"legislative_initiative","name":"Legislative Initiatives"},"document_type":{"linked":["<a href=\"https:\/\/energy-cities.eu\/fr\/type_de_document\/prises-de-position\/\" class=\"advgb-post-tax-term\">Prises de position<\/a>"],"unlinked":["<span class=\"advgb-post-tax-term\">Prises de position<\/span>"],"slug":"document_type","name":"Document type"}},"_links":{"self":[{"href":"https:\/\/energy-cities.eu\/fr\/wp-json\/wp\/v2\/policies\/91815"}],"collection":[{"href":"https:\/\/energy-cities.eu\/fr\/wp-json\/wp\/v2\/policies"}],"about":[{"href":"https:\/\/energy-cities.eu\/fr\/wp-json\/wp\/v2\/types\/policies"}],"author":[{"embeddable":true,"href":"https:\/\/energy-cities.eu\/fr\/wp-json\/wp\/v2\/users\/62"}],"version-history":[{"count":7,"href":"https:\/\/energy-cities.eu\/fr\/wp-json\/wp\/v2\/policies\/91815\/revisions"}],"predecessor-version":[{"id":91824,"href":"https:\/\/energy-cities.eu\/fr\/wp-json\/wp\/v2\/policies\/91815\/revisions\/91824"}],"wp:featuredmedia":[{"embeddable":true,"href":"https:\/\/energy-cities.eu\/fr\/wp-json\/wp\/v2\/media\/80888"}],"wp:attachment":[{"href":"https:\/\/energy-cities.eu\/fr\/wp-json\/wp\/v2\/media?parent=91815"}],"wp:term":[{"taxonomy":"hub","embeddable":true,"href":"https:\/\/energy-cities.eu\/fr\/wp-json\/wp\/v2\/hub?post=91815"},{"taxonomy":"topic","embeddable":true,"href":"https:\/\/energy-cities.eu\/fr\/wp-json\/wp\/v2\/topic?post=91815"},{"taxonomy":"legislative_initiative","embeddable":true,"href":"https:\/\/energy-cities.eu\/fr\/wp-json\/wp\/v2\/legislative_initiative?post=91815"},{"taxonomy":"document_type","embeddable":true,"href":"https:\/\/energy-cities.eu\/fr\/wp-json\/wp\/v2\/document_type?post=91815"}],"curies":[{"name":"wp","href":"https:\/\/api.w.org\/{rel}","templated":true}]}}