{"id":40346,"date":"2021-08-21T10:21:58","date_gmt":"2021-08-21T08:21:58","guid":{"rendered":"https:\/\/energy-cities.eu\/project\/wellbased\/"},"modified":"2021-08-30T15:33:15","modified_gmt":"2021-08-30T13:33:15","slug":"wellbased","status":"publish","type":"projects","link":"https:\/\/energy-cities.eu\/fr\/projet\/wellbased\/","title":{"rendered":"WELLbased"},"content":{"rendered":"\n<h4>Le projet en bref<\/h4>\n\n\n\n<div class=\"wp-block-image\"><figure class=\"alignleft is-resized\"><img loading=\"lazy\" src=\"https:\/\/logo-marque.com\/wp-content\/uploads\/2020\/04\/Twitter-Logo.png\" alt=\"Twitter Logo : histoire, signification de l'embl\u00e8me\" width=\"42\" height=\"23\"\/><figcaption>Suivez nous sur Twitter @wellbasedEU <a href=\"https:\/\/twitter.com\/wellbasedEU\">twitter.com\/wellbasedEU<\/a> <\/figcaption><\/figure><\/div>\n\n\n\n<p><strong>Alors que 10&nbsp;% des citoyens europ\u00e9ens sont touch\u00e9s par la pr\u00e9carit\u00e9 \u00e9nerg\u00e9tique et que les r\u00e9ponses restent rares, six villes en Europe ont d\u00e9cid\u00e9 de relever ce d\u00e9fi. Valence (Espagne), Heerlen (Pays-Bas), Leeds (R.-U.), Edirne (Turquie), \u00d3buda (Hongrie) et Jelgava (Lettonie) entendent concevoir, mettre en \u0153uvre et \u00e9valuer six programmes pilotes visant en particulier \u00e0 am\u00e9liorer la sant\u00e9, le bien-\u00eatre et l&rsquo;\u00e9galit\u00e9 aupr\u00e8s des personnes touch\u00e9es par la pr\u00e9carit\u00e9 \u00e9nerg\u00e9tique. \u00c0 partir de ces exp\u00e9riences, les pilotes et leurs partenaires acad\u00e9miques ou \u00e0 but non lucratif proposeront des solutions r\u00e9alistes aux d\u00e9cideurs politiques et aux repr\u00e9sentants municipaux.<\/strong><\/p>\n\n\n\n<h4>Pr\u00e9carit\u00e9 \u00e9nerg\u00e9tique&nbsp;: causes et cons\u00e9quences<\/h4>\n\n\n\n<p>L&rsquo;\u00e9quipe WELLbased d\u00e9veloppera, testera et \u00e9valuera des approches centr\u00e9es sur la sant\u00e9 innovantes afin de r\u00e9duire la pr\u00e9carit\u00e9 \u00e9nerg\u00e9tique au sein des communaut\u00e9s les plus vuln\u00e9rables et les plus pr\u00e9caires. Il s\u2019agira notamment d\u2019encourager les comportements d&rsquo;efficacit\u00e9 \u00e9nerg\u00e9tique et de r\u00e9duire la demande en \u00e9nergie de ces foyers.&nbsp; Les mesures s&rsquo;attaqueront \u00e0 ce probl\u00e8me aussi bien du point de vue des comportements individuels que du point de vue sociopolitique, par la r\u00e8glementation et la planification urbaine. <\/p>\n\n\n\n<p>La d\u00e9finition officielle de pr\u00e9carit\u00e9 \u00e9nerg\u00e9tique concerne un foyer qui \u00e9prouve des difficult\u00e9s ou qui n&rsquo;est pas en mesure de payer ses besoins de base en \u00e9nergie. Ce ph\u00e9nom\u00e8ne touche principalement les foyers \u00e0 faibles revenus, des personnes au ch\u00f4mage ou pr\u00e9caires, les personnes retrait\u00e9es, les c\u00e9libataires, ou encore des populations marginalis\u00e9es qui d\u00e9pendent des prestations sociales. Cependant, dans des villes telles que Valence, certains foyers de la classe moyenne \u00e9prouvent toujours plus de difficult\u00e9s \u00e0 payer leurs factures d&rsquo;\u00e9nergie. Cette vuln\u00e9rabilit\u00e9 socio\u00e9conomique va g\u00e9n\u00e9ralement de pair avec des tarifs \u00e9lev\u00e9s de l&rsquo;\u00e9nergie et une pi\u00e8tre efficacit\u00e9 \u00e9nerg\u00e9tique des logements (isolation pauvre, syst\u00e8mes de chauffage d\u00e9suets, gaz polluant ou cher). Par ailleurs, les foyers qui subissent la pr\u00e9carit\u00e9 \u00e9nerg\u00e9tique sont souvent isol\u00e9s socialement et ne profitent pas de soutien ext\u00e9rieur. Ils font face \u00e0 une d\u00e9gradation de leur habitation, \u00e0 un surendettement et \u00e0 des risques aussi bien pour leur sant\u00e9 physique que mentale. En effet, des donn\u00e9es provenant de plusieurs pays europ\u00e9ens montrent que la pr\u00e9carit\u00e9 \u00e9nerg\u00e9tique a des cons\u00e9quences importantes sur la sant\u00e9 et le bien-\u00eatre. <\/p>\n\n\n\n<h4>Pr\u00e9carit\u00e9 \u00e9nerg\u00e9tique et sant\u00e9<\/h4>\n\n\n\n<p>La pr\u00e9carit\u00e9 \u00e9nerg\u00e9tique engendre des probl\u00e8mes sanitaires, parmi lesquels maladies respiratoires, crises cardiaques, AVC et troubles mentaux (stress, angoisse, d\u00e9pression), avec parfois des complications graves telles que l&rsquo;hypothermie, des blessures ou la grippe. <\/p>\n\n\n\n<p>La nature complexe de ce ph\u00e9nom\u00e8ne r\u00e9cemment identifi\u00e9 n\u00e9cessite une analyse approfondie, qui couvre les questions environnementales mais aussi politiques, sociales, r\u00e9glementaires et psychologiques, impliquant d&rsquo;autres facteurs d\u00e9terminants de la sant\u00e9 et des in\u00e9galit\u00e9s en la mati\u00e8re. Toutefois, la plupart des pays de l&rsquo;UE n&rsquo;identifient ni ne quantifient toujours pas les consommateurs d&rsquo;\u00e9nergie vuln\u00e9rables et ne prennent pas les mesures de soutien n\u00e9cessaires. Le droit \u00e0 l&rsquo;\u00e9nergie est un concept politique encore nouveau. <\/p>\n\n\n\n<h4>Les programmes urbains de WELLbased<\/h4>\n\n\n\n<p>Les actions men\u00e9es par les six villes pilotes incluent&nbsp;:<\/p>\n\n\n\n<ul><li>des audits \u00e9nerg\u00e9tiques et sociosanitaires&nbsp;;<\/li><li>des mesures de r\u00e9novation des habitations&nbsp;;<\/li><li>des actions d&rsquo;autonomisation des foyers touch\u00e9s par la pr\u00e9carit\u00e9 \u00e9nerg\u00e9tique&nbsp;;<\/li><li>un soutien financier&nbsp;; <\/li><li>des changements de comportement accompagn\u00e9s par des outils num\u00e9riques&nbsp;;<\/li><li>des campagnes d&rsquo;information et de sensibilisation.<\/li><\/ul>\n\n\n\n<p>Ces actions devront s&rsquo;appliquer dans six syst\u00e8mes de sant\u00e9 et de mod\u00e8les d&rsquo;assistance publique diff\u00e9rents, soit des mod\u00e8les m\u00e9diterran\u00e9ens, anglo-saxon, nordique ou encore d\u2019Orient.&nbsp; <\/p>\n\n\n\n<h4>Partenariat et r\u00f4le d&rsquo;Energy Cities<\/h4>\n\n\n\n<p style=\"background-color:#31aa7e\" class=\"has-text-color has-background has-very-light-gray-color light-red-message\"><strong>WELLbased <\/strong>r\u00e9unit 18&nbsp;partenaires provenant de 10&nbsp;pays et \u00e9voluant dans des disciplines aussi bien scientifiques que cliniques, sociales ou encore environnementales. <\/p>\n\n\n\n<p style=\"background-color:#f1b355\" class=\"has-background light-yellow-message\">Energy Cities coordonne l&rsquo;ensemble des actions d&rsquo;information&nbsp;: <\/p>\n\n\n<div class=\"wp-block-ub-styled-list ub_styled_list \" id=\"ub_styled_list-45150824-31fa-4196-a602-c55c09fff52f\"><ul class=\"fa-ul\"><li>La communication a pour but d&rsquo;assurer la visibilit\u00e9 du projet et <strong>de sensibiliser \u00e0 la pr\u00e9carit\u00e9      \u00e9nerg\u00e9tique en tant que d\u00e9fi majeur de nos soci\u00e9t\u00e9s<\/strong>. Elle sera am\u00e9lior\u00e9e par le recours \u00e0 des techniques issues du marketing social et des communications de sant\u00e9 publique.  <\/li><li> La diffusion a pour but de faire conna\u00eetre les projets de WELLbased et de les mettre au service d&rsquo;autrui, afin de <strong>d\u00e9fendre et de faire avancer la cause de la pr\u00e9carit\u00e9 \u00e9nerg\u00e9tique dans les sph\u00e8res politiques, scientifiques et organisationnelles \u00e0 long terme<\/strong> <\/li><\/ul><\/div>","protected":false},"excerpt":{"rendered":"<p>Alors que 10 % des citoyens europ\u00e9ens souffrent de pauvret\u00e9 \u00e9nerg\u00e9tique et que les solutions politiques restent rares, six villes d&rsquo;Europe ont d\u00e9cid\u00e9 de concevoir des programmes urbains qui pourraient servir de mod\u00e8le \u00e0 d&rsquo;autres. <\/p>\n","protected":false},"author":25,"featured_media":39414,"template":"","hub":[306],"topic":[22,102,108,112,113],"acf":[],"yoast_head":"<!-- This site is optimized with the Yoast SEO plugin v18.8 - https:\/\/yoast.com\/wordpress\/plugins\/seo\/ -->\n<title>WELLbased - Energy Cities -Tackling energy poverty &amp; its health problems<\/title>\n<meta name=\"description\" content=\"Six cities around Europe have decided to design urban programmes that may serve as blueprint for policy-makers and city practitioners.\" \/>\n<meta name=\"robots\" content=\"index, follow, max-snippet:-1, max-image-preview:large, max-video-preview:-1\" \/>\n<link rel=\"canonical\" href=\"https:\/\/energy-cities.eu\/fr\/projet\/wellbased\/\" \/>\n<meta property=\"og:locale\" content=\"fr_FR\" \/>\n<meta property=\"og:type\" content=\"article\" \/>\n<meta property=\"og:title\" content=\"WELLbased - Energy Cities -Tackling energy poverty &amp; its health problems\" \/>\n<meta property=\"og:description\" content=\"Six cities around Europe have decided to design urban programmes that may serve as blueprint for policy-makers and city practitioners.\" \/>\n<meta property=\"og:url\" content=\"https:\/\/energy-cities.eu\/fr\/projet\/wellbased\/\" \/>\n<meta property=\"og:site_name\" content=\"Energy Cities\" \/>\n<meta property=\"article:publisher\" content=\"https:\/\/www.facebook.com\/energycities.eu\/\" \/>\n<meta property=\"article:modified_time\" content=\"2021-08-30T13:33:15+00:00\" \/>\n<meta property=\"og:image\" content=\"https:\/\/energy-cities.eu\/wp-content\/uploads\/2021\/05\/Image2_colored-steps.jpg\" \/>\n\t<meta property=\"og:image:width\" content=\"2385\" \/>\n\t<meta property=\"og:image:height\" content=\"1591\" \/>\n\t<meta property=\"og:image:type\" content=\"image\/jpeg\" \/>\n<meta name=\"twitter:card\" content=\"summary_large_image\" \/>\n<meta name=\"twitter:site\" content=\"@energycities\" \/>\n<meta name=\"twitter:label1\" content=\"Dur\u00e9e de lecture estim\u00e9e\" \/>\n\t<meta name=\"twitter:data1\" content=\"3 minutes\" \/>\n<script type=\"application\/ld+json\" class=\"yoast-schema-graph\">{\"@context\":\"https:\/\/schema.org\",\"@graph\":[{\"@type\":\"Organization\",\"@id\":\"https:\/\/energy-cities.eu\/fr\/#organization\",\"name\":\"Energy Cities\",\"url\":\"https:\/\/energy-cities.eu\/fr\/\",\"sameAs\":[\"https:\/\/www.facebook.com\/energycities.eu\/\",\"https:\/\/www.youtube.com\/channel\/UChIHn2wF76JzuTbAjSMs0hQ\",\"https:\/\/fr.wikipedia.org\/wiki\/Energy_Cities\",\"https:\/\/twitter.com\/energycities\"],\"logo\":{\"@type\":\"ImageObject\",\"inLanguage\":\"fr-FR\",\"@id\":\"https:\/\/energy-cities.eu\/fr\/#\/schema\/logo\/image\/\",\"url\":\"https:\/\/energy-cities.eu\/wp-content\/uploads\/2019\/07\/energy-cities-couleur.jpg\",\"contentUrl\":\"https:\/\/energy-cities.eu\/wp-content\/uploads\/2019\/07\/energy-cities-couleur.jpg\",\"width\":3508,\"height\":2587,\"caption\":\"Energy Cities\"},\"image\":{\"@id\":\"https:\/\/energy-cities.eu\/fr\/#\/schema\/logo\/image\/\"}},{\"@type\":\"WebSite\",\"@id\":\"https:\/\/energy-cities.eu\/fr\/#website\",\"url\":\"https:\/\/energy-cities.eu\/fr\/\",\"name\":\"Energy Cities\",\"description\":\" The European learning community for future-proof cities\",\"publisher\":{\"@id\":\"https:\/\/energy-cities.eu\/fr\/#organization\"},\"potentialAction\":[{\"@type\":\"SearchAction\",\"target\":{\"@type\":\"EntryPoint\",\"urlTemplate\":\"https:\/\/energy-cities.eu\/fr\/?s={search_term_string}\"},\"query-input\":\"required name=search_term_string\"}],\"inLanguage\":\"fr-FR\"},{\"@type\":\"ImageObject\",\"inLanguage\":\"fr-FR\",\"@id\":\"https:\/\/energy-cities.eu\/fr\/projet\/wellbased\/#primaryimage\",\"url\":\"https:\/\/energy-cities.eu\/wp-content\/uploads\/2021\/05\/Image2_colored-steps.jpg\",\"contentUrl\":\"https:\/\/energy-cities.eu\/wp-content\/uploads\/2021\/05\/Image2_colored-steps.jpg\",\"width\":2385,\"height\":1591},{\"@type\":\"WebPage\",\"@id\":\"https:\/\/energy-cities.eu\/fr\/projet\/wellbased\/#webpage\",\"url\":\"https:\/\/energy-cities.eu\/fr\/projet\/wellbased\/\",\"name\":\"WELLbased - Energy Cities -Tackling energy poverty & its health problems\",\"isPartOf\":{\"@id\":\"https:\/\/energy-cities.eu\/fr\/#website\"},\"primaryImageOfPage\":{\"@id\":\"https:\/\/energy-cities.eu\/fr\/projet\/wellbased\/#primaryimage\"},\"datePublished\":\"2021-08-21T08:21:58+00:00\",\"dateModified\":\"2021-08-30T13:33:15+00:00\",\"description\":\"Six cities around Europe have decided to design urban programmes that may serve as blueprint for policy-makers and city practitioners.\",\"breadcrumb\":{\"@id\":\"https:\/\/energy-cities.eu\/fr\/projet\/wellbased\/#breadcrumb\"},\"inLanguage\":\"fr-FR\",\"potentialAction\":[{\"@type\":\"ReadAction\",\"target\":[\"https:\/\/energy-cities.eu\/fr\/projet\/wellbased\/\"]}]},{\"@type\":\"BreadcrumbList\",\"@id\":\"https:\/\/energy-cities.eu\/fr\/projet\/wellbased\/#breadcrumb\",\"itemListElement\":[{\"@type\":\"ListItem\",\"position\":1,\"name\":\"Home\",\"item\":\"https:\/\/energy-cities.eu\/fr\/nous-sommes-un-reseau-europeen-blabla\/\"},{\"@type\":\"ListItem\",\"position\":2,\"name\":\"WELLbased\"}]}]}<\/script>\n<!-- \/ Yoast SEO plugin. -->","yoast_head_json":{"title":"WELLbased - Energy Cities -Tackling energy poverty & its health problems","description":"Six cities around Europe have decided to design urban programmes that may serve as blueprint for policy-makers and city practitioners.","robots":{"index":"index","follow":"follow","max-snippet":"max-snippet:-1","max-image-preview":"max-image-preview:large","max-video-preview":"max-video-preview:-1"},"canonical":"https:\/\/energy-cities.eu\/fr\/projet\/wellbased\/","og_locale":"fr_FR","og_type":"article","og_title":"WELLbased - Energy Cities -Tackling energy poverty & its health problems","og_description":"Six cities around Europe have decided to design urban programmes that may serve as blueprint for policy-makers and city practitioners.","og_url":"https:\/\/energy-cities.eu\/fr\/projet\/wellbased\/","og_site_name":"Energy Cities","article_publisher":"https:\/\/www.facebook.com\/energycities.eu\/","article_modified_time":"2021-08-30T13:33:15+00:00","og_image":[{"width":2385,"height":1591,"url":"https:\/\/energy-cities.eu\/wp-content\/uploads\/2021\/05\/Image2_colored-steps.jpg","type":"image\/jpeg"}],"twitter_card":"summary_large_image","twitter_site":"@energycities","twitter_misc":{"Dur\u00e9e de lecture estim\u00e9e":"3 minutes"},"schema":{"@context":"https:\/\/schema.org","@graph":[{"@type":"Organization","@id":"https:\/\/energy-cities.eu\/fr\/#organization","name":"Energy Cities","url":"https:\/\/energy-cities.eu\/fr\/","sameAs":["https:\/\/www.facebook.com\/energycities.eu\/","https:\/\/www.youtube.com\/channel\/UChIHn2wF76JzuTbAjSMs0hQ","https:\/\/fr.wikipedia.org\/wiki\/Energy_Cities","https:\/\/twitter.com\/energycities"],"logo":{"@type":"ImageObject","inLanguage":"fr-FR","@id":"https:\/\/energy-cities.eu\/fr\/#\/schema\/logo\/image\/","url":"https:\/\/energy-cities.eu\/wp-content\/uploads\/2019\/07\/energy-cities-couleur.jpg","contentUrl":"https:\/\/energy-cities.eu\/wp-content\/uploads\/2019\/07\/energy-cities-couleur.jpg","width":3508,"height":2587,"caption":"Energy Cities"},"image":{"@id":"https:\/\/energy-cities.eu\/fr\/#\/schema\/logo\/image\/"}},{"@type":"WebSite","@id":"https:\/\/energy-cities.eu\/fr\/#website","url":"https:\/\/energy-cities.eu\/fr\/","name":"Energy Cities","description":" The European learning community for future-proof cities","publisher":{"@id":"https:\/\/energy-cities.eu\/fr\/#organization"},"potentialAction":[{"@type":"SearchAction","target":{"@type":"EntryPoint","urlTemplate":"https:\/\/energy-cities.eu\/fr\/?s={search_term_string}"},"query-input":"required name=search_term_string"}],"inLanguage":"fr-FR"},{"@type":"ImageObject","inLanguage":"fr-FR","@id":"https:\/\/energy-cities.eu\/fr\/projet\/wellbased\/#primaryimage","url":"https:\/\/energy-cities.eu\/wp-content\/uploads\/2021\/05\/Image2_colored-steps.jpg","contentUrl":"https:\/\/energy-cities.eu\/wp-content\/uploads\/2021\/05\/Image2_colored-steps.jpg","width":2385,"height":1591},{"@type":"WebPage","@id":"https:\/\/energy-cities.eu\/fr\/projet\/wellbased\/#webpage","url":"https:\/\/energy-cities.eu\/fr\/projet\/wellbased\/","name":"WELLbased - Energy Cities -Tackling energy poverty & its health problems","isPartOf":{"@id":"https:\/\/energy-cities.eu\/fr\/#website"},"primaryImageOfPage":{"@id":"https:\/\/energy-cities.eu\/fr\/projet\/wellbased\/#primaryimage"},"datePublished":"2021-08-21T08:21:58+00:00","dateModified":"2021-08-30T13:33:15+00:00","description":"Six cities around Europe have decided to design urban programmes that may serve as blueprint for policy-makers and city practitioners.","breadcrumb":{"@id":"https:\/\/energy-cities.eu\/fr\/projet\/wellbased\/#breadcrumb"},"inLanguage":"fr-FR","potentialAction":[{"@type":"ReadAction","target":["https:\/\/energy-cities.eu\/fr\/projet\/wellbased\/"]}]},{"@type":"BreadcrumbList","@id":"https:\/\/energy-cities.eu\/fr\/projet\/wellbased\/#breadcrumb","itemListElement":[{"@type":"ListItem","position":1,"name":"Home","item":"https:\/\/energy-cities.eu\/fr\/nous-sommes-un-reseau-europeen-blabla\/"},{"@type":"ListItem","position":2,"name":"WELLbased"}]}]}},"featured_img":"https:\/\/energy-cities.eu\/wp-content\/uploads\/2021\/05\/Image2_colored-steps.jpg","coauthors":[],"author_meta":{"author_link":"https:\/\/energy-cities.eu\/fr\/staff\/m-eisermann\/","display_name":"Miriam Eisermann"},"relative_dates":{"created":"Publi\u00e9 5 ans il y a","modified":"Mis \u00e0 jour 5 ans il y a"},"absolute_dates":{"created":"Publi\u00e9 le 21 ao\u00fbt 2021","modified":"Mise \u00e0 jour le 30 ao\u00fbt 2021"},"absolute_dates_time":{"created":"Publi\u00e9 le 21 ao\u00fbt 2021 10:21  ","modified":"Mise \u00e0 jour le 30 ao\u00fbt 2021 3:33  "},"featured_img_caption":"","tax_additional":{"hub":{"linked":["<a href=\"https:\/\/energy-cities.eu\/fr\/hub\/energie-citoyenne\/\" class=\"advgb-post-tax-term\">\u00c9nergie citoyenne<\/a>"],"unlinked":["<span class=\"advgb-post-tax-term\">\u00c9nergie citoyenne<\/span>"],"slug":"hub","name":"Hubs"},"topic":{"linked":["<a href=\"https:\/\/energy-cities.eu\/fr\/th\u00e9matique\/efficacite-energetique-batiments\/\" class=\"advgb-post-tax-term\">Efficacit\u00e9 \u00e9nerg\u00e9tique &amp; B\u00e2timents<\/a>","<a href=\"https:\/\/energy-cities.eu\/fr\/th\u00e9matique\/outils-formation\/\" class=\"advgb-post-tax-term\">Outils &amp; formation<\/a>","<a href=\"https:\/\/energy-cities.eu\/fr\/th\u00e9matique\/democratie-energetique\/\" class=\"advgb-post-tax-term\">D\u00e9mocratie \u00e9nerg\u00e9tique<\/a>","<a href=\"https:\/\/energy-cities.eu\/fr\/th\u00e9matique\/chaleur-froid\/\" class=\"advgb-post-tax-term\">Chaleur &amp; Froid<\/a>","<a href=\"https:\/\/energy-cities.eu\/fr\/th\u00e9matique\/style-de-vie-comportements\/\" class=\"advgb-post-tax-term\">Mode de vie &amp; Comportements<\/a>"],"unlinked":["<span class=\"advgb-post-tax-term\">Efficacit\u00e9 \u00e9nerg\u00e9tique &amp; B\u00e2timents<\/span>","<span class=\"advgb-post-tax-term\">Outils &amp; formation<\/span>","<span class=\"advgb-post-tax-term\">D\u00e9mocratie \u00e9nerg\u00e9tique<\/span>","<span class=\"advgb-post-tax-term\">Chaleur &amp; Froid<\/span>","<span class=\"advgb-post-tax-term\">Mode de vie &amp; Comportements<\/span>"],"slug":"topic","name":"Topics"}},"_links":{"self":[{"href":"https:\/\/energy-cities.eu\/fr\/wp-json\/wp\/v2\/projects\/40346"}],"collection":[{"href":"https:\/\/energy-cities.eu\/fr\/wp-json\/wp\/v2\/projects"}],"about":[{"href":"https:\/\/energy-cities.eu\/fr\/wp-json\/wp\/v2\/types\/projects"}],"author":[{"embeddable":true,"href":"https:\/\/energy-cities.eu\/fr\/wp-json\/wp\/v2\/users\/25"}],"version-history":[{"count":9,"href":"https:\/\/energy-cities.eu\/fr\/wp-json\/wp\/v2\/projects\/40346\/revisions"}],"predecessor-version":[{"id":42885,"href":"https:\/\/energy-cities.eu\/fr\/wp-json\/wp\/v2\/projects\/40346\/revisions\/42885"}],"wp:featuredmedia":[{"embeddable":true,"href":"https:\/\/energy-cities.eu\/fr\/wp-json\/wp\/v2\/media\/39414"}],"wp:attachment":[{"href":"https:\/\/energy-cities.eu\/fr\/wp-json\/wp\/v2\/media?parent=40346"}],"wp:term":[{"taxonomy":"hub","embeddable":true,"href":"https:\/\/energy-cities.eu\/fr\/wp-json\/wp\/v2\/hub?post=40346"},{"taxonomy":"topic","embeddable":true,"href":"https:\/\/energy-cities.eu\/fr\/wp-json\/wp\/v2\/topic?post=40346"}],"curies":[{"name":"wp","href":"https:\/\/api.w.org\/{rel}","templated":true}]}}