{"id":61066,"date":"2023-02-22T09:29:42","date_gmt":"2023-02-22T08:29:42","guid":{"rendered":"https:\/\/energy-cities.eu\/project\/feel\/"},"modified":"2023-09-14T09:52:45","modified_gmt":"2023-09-14T07:52:45","slug":"feel","status":"publish","type":"projects","link":"https:\/\/energy-cities.eu\/fr\/projet\/feel\/","title":{"rendered":"FEEL"},"content":{"rendered":"\n<h2><strong>Faire plus avec moins<\/strong><\/h2>\n\n\n\n<p>En Europe, les autorit\u00e9s publiques doivent r\u00e9pondre \u00e0 des demandes croissantes, avec un budget toujours plus limit\u00e9. Le probl\u00e8me s\u2019\u00e9tend, de fa\u00e7on plus g\u00e9n\u00e9rale, \u00e0 l&rsquo;utilisation des ressources par l&rsquo;humanit\u00e9 et il est intrins\u00e8quement li\u00e9 \u00e0 l&rsquo;engagement des \u00c9tats membres de l&rsquo;UE \u00e0 r\u00e9duire leurs \u00e9missions de CO2. Plus ne signifie pas toujours mieux, aussi il nous faut cr\u00e9er les infrastructures et les syst\u00e8mes qui permettront aux citoyens de vivre agr\u00e9ablement, dans les limites environnementales de la plan\u00e8te. <\/p>\n\n\n\n<p>Mais en sommes-nous seulement capables\u00a0? <\/p>\n\n\n\n<p>La r\u00e9ponse est oui. Les villes les plus audacieuses ont compris que les contraintes en mati\u00e8re d\u2019\u00e9nergie \u00e9taient une opportunit\u00e9 formidable de se r\u00e9inventer en s&rsquo;appuyant sur une autre vision de la ville de demain.<\/p>\n\n\n\n<p>La <strong>VILLE FRUGALE<\/strong> organise ses quartiers, ses syst\u00e8mes techniques urbains et ses b\u00e2timents, de sorte que leurs interactions reposent sur deux approches transversales distinctes&nbsp;:<\/p>\n\n\n\n<p>La <strong><strong>SOBRI\u00c9T\u00c9<\/strong>. <\/strong>La low-tech est au c\u0153ur de l&rsquo;innovation dite \u00ab\u00a0frugale\u00a0\u00bb : il s&rsquo;agit de r\u00e9pondre \u00e0 des besoins par des moyens ultra-simples. Une technologie suffisante r\u00e9pondra aux besoins en utilisant les solutions les moins sophistiqu\u00e9es et les moins co\u00fbteuses possibles, sans alt\u00e9rer la qualit\u00e9 du r\u00e9sultat final. L&rsquo;\u00e9co-conception des services urbains, des infrastructures et des b\u00e2timents est au c\u0153ur de cette approche. <\/p>\n\n\n\n<p>La <strong><strong>COOP\u00c9RATION<\/strong>. <\/strong>Agir de mani\u00e8re individuelle ne suffit pas. Pour progresser, il faut augmenter le b\u00e9n\u00e9fice collectif, gr\u00e2ce \u00e0 la coop\u00e9ration entre les \u00e9lus, les entrepreneurs et les citoyens.<\/p>\n\n\n\n<p>Le projet<strong><strong> FEEL<\/strong> <\/strong>entend tester et d\u00e9velopper des approches de sobri\u00e9t\u00e9 et de coop\u00e9ration dans 8\u00a0villes et r\u00e9gions europ\u00e9ennes. Les partenaires appliqueront les principes de la frugalit\u00e9 dans des projets de r\u00e9novation de logements anciens, en impliquant leurs communaut\u00e9s.<\/p>\n\n\n\n<p>Ils coop\u00e9reront autour de <strong>deux d\u00e9fis<\/strong>&nbsp;:<\/p>\n\n\n\n<ul><li>le d\u00e9veloppement de l&rsquo;approche frugale\u00a0: par des solutions d\u2019une grande simplicit\u00e9, la sobri\u00e9t\u00e9 et l\u2019engagement communautaire\u00a0;<\/li><li>la transition vers la ville frugale\u00a0: il s\u2019agit de d\u00e9finir le mod\u00e8le \u00e9conomique et de pr\u00e9parer l\u2019acceptation et l\u2019adoption par le public.<\/li><\/ul>\n\n\n\n<p>Chaque partenaire est d\u00e9j\u00e0 engag\u00e9 dans cette voie, \u00e0 sa fa\u00e7on. Gr\u00e2ce au projet FEEL, ils pourront tous am\u00e9liorer leur planification par l&rsquo;apprentissage entre r\u00e9gions.<\/p>\n","protected":false},"excerpt":{"rendered":"<p>Faire plus avec moins En Europe, les autorit\u00e9s publiques doivent r\u00e9pondre \u00e0 des demandes croissantes, avec un budget toujours plus limit\u00e9. Le probl\u00e8me s\u2019\u00e9tend, de <a href=\"https:\/\/energy-cities.eu\/fr\/projet\/feel\/\">[\u2026]<\/a><\/p>\n","protected":false},"author":30,"featured_media":61007,"template":"","hub":[309],"topic":[82,108,109,418,419],"acf":[],"yoast_head":"<!-- This site is optimized with the Yoast SEO plugin v18.8 - https:\/\/yoast.com\/wordpress\/plugins\/seo\/ -->\n<title>FEEL - Energy Cities<\/title>\n<meta name=\"robots\" content=\"index, follow, max-snippet:-1, max-image-preview:large, max-video-preview:-1\" \/>\n<link rel=\"canonical\" href=\"https:\/\/energy-cities.eu\/fr\/projet\/feel\/\" \/>\n<meta property=\"og:locale\" content=\"fr_FR\" \/>\n<meta property=\"og:type\" content=\"article\" \/>\n<meta property=\"og:title\" content=\"FEEL - Energy Cities\" \/>\n<meta property=\"og:description\" content=\"Faire plus avec moins En Europe, les autorit\u00e9s publiques doivent r\u00e9pondre \u00e0 des demandes croissantes, avec un budget toujours plus limit\u00e9. Le probl\u00e8me s\u2019\u00e9tend, de [\u2026]\" \/>\n<meta property=\"og:url\" content=\"https:\/\/energy-cities.eu\/fr\/projet\/feel\/\" \/>\n<meta property=\"og:site_name\" content=\"Energy Cities\" \/>\n<meta property=\"article:publisher\" content=\"https:\/\/www.facebook.com\/energycities.eu\/\" \/>\n<meta property=\"article:modified_time\" content=\"2023-09-14T07:52:45+00:00\" \/>\n<meta property=\"og:image\" content=\"https:\/\/energy-cities.eu\/wp-content\/uploads\/2023\/02\/tobias-schafer-unsplash-scaled.jpg\" \/>\n\t<meta property=\"og:image:width\" content=\"2560\" \/>\n\t<meta property=\"og:image:height\" content=\"1539\" \/>\n\t<meta property=\"og:image:type\" content=\"image\/jpeg\" \/>\n<meta name=\"twitter:card\" content=\"summary_large_image\" \/>\n<meta name=\"twitter:site\" content=\"@energycities\" \/>\n<meta name=\"twitter:label1\" content=\"Dur\u00e9e de lecture estim\u00e9e\" \/>\n\t<meta name=\"twitter:data1\" content=\"2 minutes\" \/>\n<script type=\"application\/ld+json\" class=\"yoast-schema-graph\">{\"@context\":\"https:\/\/schema.org\",\"@graph\":[{\"@type\":\"Organization\",\"@id\":\"https:\/\/energy-cities.eu\/fr\/#organization\",\"name\":\"Energy Cities\",\"url\":\"https:\/\/energy-cities.eu\/fr\/\",\"sameAs\":[\"https:\/\/www.facebook.com\/energycities.eu\/\",\"https:\/\/www.youtube.com\/channel\/UChIHn2wF76JzuTbAjSMs0hQ\",\"https:\/\/fr.wikipedia.org\/wiki\/Energy_Cities\",\"https:\/\/twitter.com\/energycities\"],\"logo\":{\"@type\":\"ImageObject\",\"inLanguage\":\"fr-FR\",\"@id\":\"https:\/\/energy-cities.eu\/fr\/#\/schema\/logo\/image\/\",\"url\":\"https:\/\/energy-cities.eu\/wp-content\/uploads\/2019\/07\/energy-cities-couleur.jpg\",\"contentUrl\":\"https:\/\/energy-cities.eu\/wp-content\/uploads\/2019\/07\/energy-cities-couleur.jpg\",\"width\":3508,\"height\":2587,\"caption\":\"Energy Cities\"},\"image\":{\"@id\":\"https:\/\/energy-cities.eu\/fr\/#\/schema\/logo\/image\/\"}},{\"@type\":\"WebSite\",\"@id\":\"https:\/\/energy-cities.eu\/fr\/#website\",\"url\":\"https:\/\/energy-cities.eu\/fr\/\",\"name\":\"Energy Cities\",\"description\":\" The European learning community for future-proof cities\",\"publisher\":{\"@id\":\"https:\/\/energy-cities.eu\/fr\/#organization\"},\"potentialAction\":[{\"@type\":\"SearchAction\",\"target\":{\"@type\":\"EntryPoint\",\"urlTemplate\":\"https:\/\/energy-cities.eu\/fr\/?s={search_term_string}\"},\"query-input\":\"required name=search_term_string\"}],\"inLanguage\":\"fr-FR\"},{\"@type\":\"ImageObject\",\"inLanguage\":\"fr-FR\",\"@id\":\"https:\/\/energy-cities.eu\/fr\/projet\/feel\/#primaryimage\",\"url\":\"https:\/\/energy-cities.eu\/wp-content\/uploads\/2023\/02\/tobias-schafer-unsplash-scaled.jpg\",\"contentUrl\":\"https:\/\/energy-cities.eu\/wp-content\/uploads\/2023\/02\/tobias-schafer-unsplash-scaled.jpg\",\"width\":2560,\"height\":1539},{\"@type\":\"WebPage\",\"@id\":\"https:\/\/energy-cities.eu\/fr\/projet\/feel\/#webpage\",\"url\":\"https:\/\/energy-cities.eu\/fr\/projet\/feel\/\",\"name\":\"FEEL - Energy Cities\",\"isPartOf\":{\"@id\":\"https:\/\/energy-cities.eu\/fr\/#website\"},\"primaryImageOfPage\":{\"@id\":\"https:\/\/energy-cities.eu\/fr\/projet\/feel\/#primaryimage\"},\"datePublished\":\"2023-02-22T08:29:42+00:00\",\"dateModified\":\"2023-09-14T07:52:45+00:00\",\"breadcrumb\":{\"@id\":\"https:\/\/energy-cities.eu\/fr\/projet\/feel\/#breadcrumb\"},\"inLanguage\":\"fr-FR\",\"potentialAction\":[{\"@type\":\"ReadAction\",\"target\":[\"https:\/\/energy-cities.eu\/fr\/projet\/feel\/\"]}]},{\"@type\":\"BreadcrumbList\",\"@id\":\"https:\/\/energy-cities.eu\/fr\/projet\/feel\/#breadcrumb\",\"itemListElement\":[{\"@type\":\"ListItem\",\"position\":1,\"name\":\"Home\",\"item\":\"https:\/\/energy-cities.eu\/fr\/nous-sommes-un-reseau-europeen-blabla\/\"},{\"@type\":\"ListItem\",\"position\":2,\"name\":\"FEEL\"}]}]}<\/script>\n<!-- \/ Yoast SEO plugin. -->","yoast_head_json":{"title":"FEEL - Energy Cities","robots":{"index":"index","follow":"follow","max-snippet":"max-snippet:-1","max-image-preview":"max-image-preview:large","max-video-preview":"max-video-preview:-1"},"canonical":"https:\/\/energy-cities.eu\/fr\/projet\/feel\/","og_locale":"fr_FR","og_type":"article","og_title":"FEEL - Energy Cities","og_description":"Faire plus avec moins En Europe, les autorit\u00e9s publiques doivent r\u00e9pondre \u00e0 des demandes croissantes, avec un budget toujours plus limit\u00e9. Le probl\u00e8me s\u2019\u00e9tend, de [\u2026]","og_url":"https:\/\/energy-cities.eu\/fr\/projet\/feel\/","og_site_name":"Energy Cities","article_publisher":"https:\/\/www.facebook.com\/energycities.eu\/","article_modified_time":"2023-09-14T07:52:45+00:00","og_image":[{"width":2560,"height":1539,"url":"https:\/\/energy-cities.eu\/wp-content\/uploads\/2023\/02\/tobias-schafer-unsplash-scaled.jpg","type":"image\/jpeg"}],"twitter_card":"summary_large_image","twitter_site":"@energycities","twitter_misc":{"Dur\u00e9e de lecture estim\u00e9e":"2 minutes"},"schema":{"@context":"https:\/\/schema.org","@graph":[{"@type":"Organization","@id":"https:\/\/energy-cities.eu\/fr\/#organization","name":"Energy Cities","url":"https:\/\/energy-cities.eu\/fr\/","sameAs":["https:\/\/www.facebook.com\/energycities.eu\/","https:\/\/www.youtube.com\/channel\/UChIHn2wF76JzuTbAjSMs0hQ","https:\/\/fr.wikipedia.org\/wiki\/Energy_Cities","https:\/\/twitter.com\/energycities"],"logo":{"@type":"ImageObject","inLanguage":"fr-FR","@id":"https:\/\/energy-cities.eu\/fr\/#\/schema\/logo\/image\/","url":"https:\/\/energy-cities.eu\/wp-content\/uploads\/2019\/07\/energy-cities-couleur.jpg","contentUrl":"https:\/\/energy-cities.eu\/wp-content\/uploads\/2019\/07\/energy-cities-couleur.jpg","width":3508,"height":2587,"caption":"Energy Cities"},"image":{"@id":"https:\/\/energy-cities.eu\/fr\/#\/schema\/logo\/image\/"}},{"@type":"WebSite","@id":"https:\/\/energy-cities.eu\/fr\/#website","url":"https:\/\/energy-cities.eu\/fr\/","name":"Energy Cities","description":" The European learning community for future-proof cities","publisher":{"@id":"https:\/\/energy-cities.eu\/fr\/#organization"},"potentialAction":[{"@type":"SearchAction","target":{"@type":"EntryPoint","urlTemplate":"https:\/\/energy-cities.eu\/fr\/?s={search_term_string}"},"query-input":"required name=search_term_string"}],"inLanguage":"fr-FR"},{"@type":"ImageObject","inLanguage":"fr-FR","@id":"https:\/\/energy-cities.eu\/fr\/projet\/feel\/#primaryimage","url":"https:\/\/energy-cities.eu\/wp-content\/uploads\/2023\/02\/tobias-schafer-unsplash-scaled.jpg","contentUrl":"https:\/\/energy-cities.eu\/wp-content\/uploads\/2023\/02\/tobias-schafer-unsplash-scaled.jpg","width":2560,"height":1539},{"@type":"WebPage","@id":"https:\/\/energy-cities.eu\/fr\/projet\/feel\/#webpage","url":"https:\/\/energy-cities.eu\/fr\/projet\/feel\/","name":"FEEL - Energy Cities","isPartOf":{"@id":"https:\/\/energy-cities.eu\/fr\/#website"},"primaryImageOfPage":{"@id":"https:\/\/energy-cities.eu\/fr\/projet\/feel\/#primaryimage"},"datePublished":"2023-02-22T08:29:42+00:00","dateModified":"2023-09-14T07:52:45+00:00","breadcrumb":{"@id":"https:\/\/energy-cities.eu\/fr\/projet\/feel\/#breadcrumb"},"inLanguage":"fr-FR","potentialAction":[{"@type":"ReadAction","target":["https:\/\/energy-cities.eu\/fr\/projet\/feel\/"]}]},{"@type":"BreadcrumbList","@id":"https:\/\/energy-cities.eu\/fr\/projet\/feel\/#breadcrumb","itemListElement":[{"@type":"ListItem","position":1,"name":"Home","item":"https:\/\/energy-cities.eu\/fr\/nous-sommes-un-reseau-europeen-blabla\/"},{"@type":"ListItem","position":2,"name":"FEEL"}]}]}},"featured_img":"https:\/\/energy-cities.eu\/wp-content\/uploads\/2023\/02\/tobias-schafer-unsplash-scaled.jpg","coauthors":[],"author_meta":{"author_link":"https:\/\/energy-cities.eu\/fr\/staff\/b-karas\/","display_name":"Beatrice Karas"},"relative_dates":{"created":"Publi\u00e9 3 ans il y a","modified":"Mis \u00e0 jour 3 ans il y a"},"absolute_dates":{"created":"Publi\u00e9 le 22 f\u00e9vrier 2023","modified":"Mise \u00e0 jour le 14 septembre 2023"},"absolute_dates_time":{"created":"Publi\u00e9 le 22 f\u00e9vrier 2023 9:29  ","modified":"Mise \u00e0 jour le 14 septembre 2023 9:52  "},"featured_img_caption":"","tax_additional":{"hub":{"linked":["<a href=\"https:\/\/energy-cities.eu\/fr\/hub\/economies-locales\/\" class=\"advgb-post-tax-term\">\u00c9conomies justes<\/a>"],"unlinked":["<span class=\"advgb-post-tax-term\">\u00c9conomies justes<\/span>"],"slug":"hub","name":"Hubs"},"topic":{"linked":["<a href=\"https:\/\/energy-cities.eu\/fr\/th\u00e9matique\/gouvernance-participative\/\" class=\"advgb-post-tax-term\">Gouvernance participative<\/a>","<a href=\"https:\/\/energy-cities.eu\/fr\/th\u00e9matique\/democratie-energetique\/\" class=\"advgb-post-tax-term\">D\u00e9mocratie \u00e9nerg\u00e9tique<\/a>","<a href=\"https:\/\/energy-cities.eu\/fr\/th\u00e9matique\/cooperation-fr\/\" class=\"advgb-post-tax-term\">Coop\u00e9ration<\/a>","<a href=\"https:\/\/energy-cities.eu\/fr\/th\u00e9matique\/sufficiency-fr\/\" class=\"advgb-post-tax-term\">Sufficiency<\/a>","<a href=\"https:\/\/energy-cities.eu\/fr\/th\u00e9matique\/low-tech-fr\/\" class=\"advgb-post-tax-term\">Low-tech<\/a>"],"unlinked":["<span class=\"advgb-post-tax-term\">Gouvernance participative<\/span>","<span class=\"advgb-post-tax-term\">D\u00e9mocratie \u00e9nerg\u00e9tique<\/span>","<span class=\"advgb-post-tax-term\">Coop\u00e9ration<\/span>","<span class=\"advgb-post-tax-term\">Sufficiency<\/span>","<span class=\"advgb-post-tax-term\">Low-tech<\/span>"],"slug":"topic","name":"Topics"}},"_links":{"self":[{"href":"https:\/\/energy-cities.eu\/fr\/wp-json\/wp\/v2\/projects\/61066"}],"collection":[{"href":"https:\/\/energy-cities.eu\/fr\/wp-json\/wp\/v2\/projects"}],"about":[{"href":"https:\/\/energy-cities.eu\/fr\/wp-json\/wp\/v2\/types\/projects"}],"author":[{"embeddable":true,"href":"https:\/\/energy-cities.eu\/fr\/wp-json\/wp\/v2\/users\/30"}],"version-history":[{"count":6,"href":"https:\/\/energy-cities.eu\/fr\/wp-json\/wp\/v2\/projects\/61066\/revisions"}],"predecessor-version":[{"id":70665,"href":"https:\/\/energy-cities.eu\/fr\/wp-json\/wp\/v2\/projects\/61066\/revisions\/70665"}],"wp:featuredmedia":[{"embeddable":true,"href":"https:\/\/energy-cities.eu\/fr\/wp-json\/wp\/v2\/media\/61007"}],"wp:attachment":[{"href":"https:\/\/energy-cities.eu\/fr\/wp-json\/wp\/v2\/media?parent=61066"}],"wp:term":[{"taxonomy":"hub","embeddable":true,"href":"https:\/\/energy-cities.eu\/fr\/wp-json\/wp\/v2\/hub?post=61066"},{"taxonomy":"topic","embeddable":true,"href":"https:\/\/energy-cities.eu\/fr\/wp-json\/wp\/v2\/topic?post=61066"}],"curies":[{"name":"wp","href":"https:\/\/api.w.org\/{rel}","templated":true}]}}