{"id":13825,"date":"2019-03-02T15:16:21","date_gmt":"2019-03-02T14:16:21","guid":{"rendered":"http:\/\/ec.kuusi.ovh\/?post_type=publications&#038;p=13825"},"modified":"2022-12-22T12:14:48","modified_gmt":"2022-12-22T11:14:48","slug":"manifeste-denergy-cities","status":"publish","type":"publications","link":"https:\/\/energy-cities.eu\/fr\/publication\/manifeste-denergy-cities\/","title":{"rendered":"Manifeste d&rsquo;Energy Cities"},"content":{"rendered":"\n<p><strong>Pourquoi maintenant ?<\/strong><br>L\u2019Europe change. Des forces internes et externes sont en train de redessiner notre soci\u00e9t\u00e9, notre \u00e9conomie et notre paysage politique. La Russie, renforc\u00e9e, s\u2019adonne \u00e0 la p\u00e9tro-diplomatie \u00e0 l\u2019est. Les voix des  populistes  r\u00e9sonnent  \u00e0  travers l\u2019Europe. La  tension monte au sujet des  migrations. Les IN\u00c9GALIT\u00c9S  \u00c9CONOMIQUES alimentent l\u2019ali\u00e9nation, la col\u00e8re et le d\u00e9sengagement. La POLLUTION DE L\u2019AIR met de nombreuses vies en danger, tandis que des changements climatiques catastrophiques s\u2019annoncent, exigeant une mobilisation de ressources sans pr\u00e9c\u00e9dent dans l&rsquo;histoire de l&rsquo;Europe. <\/p>\n\n\n\n<p><strong>Le temps presse mais nous avons une fen\u00eatre pour des actions rapides et efficaces. Nous devons saisir cette opportunit\u00e9.<\/strong><\/p>\n\n\n\n<h3>Succ\u00e8s imm\u00e9diats<\/h3>\n\n\n\n<ol><li> Inciter la Banque europ\u00e9enne d&rsquo;investissement, qui a financ\u00e9 les \u00e9nergies fossiles \u00e0 hauteur de 12 milliards d&rsquo;euros depuis 2013, \u00e0 suivre le principe de subsidiarit\u00e9 \u00e9nerg\u00e9tique (financer des projets qui mobilisent d\u2019abord les ressources locales et renouvelables) et \u00e0 se d\u00e9sengager des projets d&rsquo;\u00e9nergies fossiles<\/li><li> Fournir aux municipalit\u00e9s soutien et conseil juridiques afin de les prot\u00e9ger contre les proc\u00e9dures judiciaires qui visent \u00e0 contourner des projets et plans \u00e9nergie &#8211; climat malgr\u00e9 leur conformit\u00e9 avec l&rsquo;Accord de Paris. <\/li><li> Impliquer la Convention des Maires comme partenaire des \u00c9tats membres et des institutions europ\u00e9ennes, pour concevoir les politiques \u00e9nerg\u00e9tiques en partant du niveau local. <\/li><li> Augmenter les moyens du Fonds Europ\u00e9en pour la Transition,pour rendre possible un changement radical dans la production d\u2019\u00e9nergie et favoriser la prise de conscience environnementale dans toute l\u2019UE. Ce Fonds pourra \u00e9galement financer les Plans d&rsquo;Actions pour l\u2019\u00c9nergie Durable et le Climat (PAEDC) des villes (il faut ajouter une ligne budg\u00e9taire dans tous les accords de partenariats r\u00e9gionaux visant \u00e0 financer les PAEDC).<\/li><\/ol>\n\n\n\n<p><strong>La cl\u00e9 pour enrayer le changement climatique est de construire une \u00e9conomie r\u00e9siliente, qui se base sur les ressources disponibles.<\/strong><\/p>\n\n\n\n<h3>B\u00e2tir un h\u00e9ritage<\/h3>\n\n\n\n<ol><li> Faire adh\u00e9rer les \u00c9tats membres de l&rsquo;UE aux principes de budget carbone et lever les obstacles aux investissements publics qui accroissent l&rsquo;efficacit\u00e9 \u00e9nerg\u00e9tique et l&rsquo;ind\u00e9pendance locale.<\/li><li>D\u00e9velopper un programme sp\u00e9cifique commun \u00e0 la Politique Agricole Commune et aux politiques de d\u00e9veloppement r\u00e9gional\/urbain pour \u00e9tablir des partenariats en mati\u00e8re de production d&rsquo;\u00e9nergie, d&rsquo;alimentation et de transport.<\/li><li> Faire de la Convention des Maires un v\u00e9ritable laboratoire pour la transition, et une plateforme de travail en r\u00e9seau. Faire de la \u00ab\u00a0Mission Innovation\u00a0\u00bb de chaque ville un dispositif de soutien aux actions climat locales, comme un \u00ab\u00a0hackathon pour le climat\u00a0\u00bb.<\/li><li> \u00ab Sans transparence, pas de confiance. Sans \u00e9quit\u00e9, pas de mobilisation \u00bb : c&rsquo;est le principe qui doit guider les politiques europ\u00e9ennes \u00e0 inclure tous les citoyen(ne)s dans les changements \u00e0 venir. <\/li><\/ol>\n","protected":false},"excerpt":{"rendered":"<p>R\u00e9aliser ensemble la transition \u00e9nerg\u00e9tique peut transformer le paysage \u00e9nerg\u00e9tique et traiter les causes r\u00e9elles des conflits en Europe.<\/p>\n","protected":false},"author":30,"featured_media":17039,"template":"","hub":[310],"topic":[],"acf":[],"yoast_head":"<!-- This site is optimized with the Yoast SEO plugin v18.8 - https:\/\/yoast.com\/wordpress\/plugins\/seo\/ -->\n<title>Manifeste d&#039;Energy Cities - Energy Cities<\/title>\n<meta name=\"robots\" content=\"index, follow, max-snippet:-1, max-image-preview:large, max-video-preview:-1\" \/>\n<link rel=\"canonical\" href=\"https:\/\/energy-cities.eu\/fr\/publication\/manifeste-denergy-cities\/\" \/>\n<meta property=\"og:locale\" content=\"fr_FR\" \/>\n<meta property=\"og:type\" content=\"article\" \/>\n<meta property=\"og:title\" content=\"Manifeste d&#039;Energy Cities - Energy Cities\" \/>\n<meta property=\"og:description\" content=\"R\u00e9aliser ensemble la transition \u00e9nerg\u00e9tique peut transformer le paysage \u00e9nerg\u00e9tique et traiter les causes r\u00e9elles des conflits en Europe.\" \/>\n<meta property=\"og:url\" content=\"https:\/\/energy-cities.eu\/fr\/publication\/manifeste-denergy-cities\/\" \/>\n<meta property=\"og:site_name\" content=\"Energy Cities\" \/>\n<meta property=\"article:publisher\" content=\"https:\/\/www.facebook.com\/energycities.eu\/\" \/>\n<meta property=\"article:modified_time\" content=\"2022-12-22T11:14:48+00:00\" \/>\n<meta property=\"og:image\" content=\"https:\/\/energy-cities.eu\/wp-content\/uploads\/2019\/03\/header_publi_manifesto.jpg\" \/>\n\t<meta property=\"og:image:width\" content=\"2000\" \/>\n\t<meta property=\"og:image:height\" content=\"664\" \/>\n\t<meta property=\"og:image:type\" content=\"image\/jpeg\" \/>\n<meta name=\"twitter:card\" content=\"summary_large_image\" \/>\n<meta name=\"twitter:site\" content=\"@energycities\" \/>\n<meta name=\"twitter:label1\" content=\"Dur\u00e9e de lecture estim\u00e9e\" \/>\n\t<meta name=\"twitter:data1\" content=\"2 minutes\" \/>\n<script type=\"application\/ld+json\" class=\"yoast-schema-graph\">{\"@context\":\"https:\/\/schema.org\",\"@graph\":[{\"@type\":\"Organization\",\"@id\":\"https:\/\/energy-cities.eu\/fr\/#organization\",\"name\":\"Energy Cities\",\"url\":\"https:\/\/energy-cities.eu\/fr\/\",\"sameAs\":[\"https:\/\/www.facebook.com\/energycities.eu\/\",\"https:\/\/www.youtube.com\/channel\/UChIHn2wF76JzuTbAjSMs0hQ\",\"https:\/\/fr.wikipedia.org\/wiki\/Energy_Cities\",\"https:\/\/twitter.com\/energycities\"],\"logo\":{\"@type\":\"ImageObject\",\"inLanguage\":\"fr-FR\",\"@id\":\"https:\/\/energy-cities.eu\/fr\/#\/schema\/logo\/image\/\",\"url\":\"https:\/\/energy-cities.eu\/wp-content\/uploads\/2019\/07\/energy-cities-couleur.jpg\",\"contentUrl\":\"https:\/\/energy-cities.eu\/wp-content\/uploads\/2019\/07\/energy-cities-couleur.jpg\",\"width\":3508,\"height\":2587,\"caption\":\"Energy Cities\"},\"image\":{\"@id\":\"https:\/\/energy-cities.eu\/fr\/#\/schema\/logo\/image\/\"}},{\"@type\":\"WebSite\",\"@id\":\"https:\/\/energy-cities.eu\/fr\/#website\",\"url\":\"https:\/\/energy-cities.eu\/fr\/\",\"name\":\"Energy Cities\",\"description\":\" The European learning community for future-proof cities\",\"publisher\":{\"@id\":\"https:\/\/energy-cities.eu\/fr\/#organization\"},\"potentialAction\":[{\"@type\":\"SearchAction\",\"target\":{\"@type\":\"EntryPoint\",\"urlTemplate\":\"https:\/\/energy-cities.eu\/fr\/?s={search_term_string}\"},\"query-input\":\"required name=search_term_string\"}],\"inLanguage\":\"fr-FR\"},{\"@type\":\"ImageObject\",\"inLanguage\":\"fr-FR\",\"@id\":\"https:\/\/energy-cities.eu\/fr\/publication\/manifeste-denergy-cities\/#primaryimage\",\"url\":\"https:\/\/energy-cities.eu\/wp-content\/uploads\/2019\/03\/header_publi_manifesto.jpg\",\"contentUrl\":\"https:\/\/energy-cities.eu\/wp-content\/uploads\/2019\/03\/header_publi_manifesto.jpg\",\"width\":2000,\"height\":664},{\"@type\":\"WebPage\",\"@id\":\"https:\/\/energy-cities.eu\/fr\/publication\/manifeste-denergy-cities\/#webpage\",\"url\":\"https:\/\/energy-cities.eu\/fr\/publication\/manifeste-denergy-cities\/\",\"name\":\"Manifeste d'Energy Cities - Energy Cities\",\"isPartOf\":{\"@id\":\"https:\/\/energy-cities.eu\/fr\/#website\"},\"primaryImageOfPage\":{\"@id\":\"https:\/\/energy-cities.eu\/fr\/publication\/manifeste-denergy-cities\/#primaryimage\"},\"datePublished\":\"2019-03-02T14:16:21+00:00\",\"dateModified\":\"2022-12-22T11:14:48+00:00\",\"breadcrumb\":{\"@id\":\"https:\/\/energy-cities.eu\/fr\/publication\/manifeste-denergy-cities\/#breadcrumb\"},\"inLanguage\":\"fr-FR\",\"potentialAction\":[{\"@type\":\"ReadAction\",\"target\":[\"https:\/\/energy-cities.eu\/fr\/publication\/manifeste-denergy-cities\/\"]}]},{\"@type\":\"BreadcrumbList\",\"@id\":\"https:\/\/energy-cities.eu\/fr\/publication\/manifeste-denergy-cities\/#breadcrumb\",\"itemListElement\":[{\"@type\":\"ListItem\",\"position\":1,\"name\":\"Home\",\"item\":\"https:\/\/energy-cities.eu\/fr\/nous-sommes-un-reseau-europeen-blabla\/\"},{\"@type\":\"ListItem\",\"position\":2,\"name\":\"Manifeste d'Energy Cities\"}]}]}<\/script>\n<!-- \/ Yoast SEO plugin. -->","yoast_head_json":{"title":"Manifeste d'Energy Cities - Energy Cities","robots":{"index":"index","follow":"follow","max-snippet":"max-snippet:-1","max-image-preview":"max-image-preview:large","max-video-preview":"max-video-preview:-1"},"canonical":"https:\/\/energy-cities.eu\/fr\/publication\/manifeste-denergy-cities\/","og_locale":"fr_FR","og_type":"article","og_title":"Manifeste d'Energy Cities - Energy Cities","og_description":"R\u00e9aliser ensemble la transition \u00e9nerg\u00e9tique peut transformer le paysage \u00e9nerg\u00e9tique et traiter les causes r\u00e9elles des conflits en Europe.","og_url":"https:\/\/energy-cities.eu\/fr\/publication\/manifeste-denergy-cities\/","og_site_name":"Energy Cities","article_publisher":"https:\/\/www.facebook.com\/energycities.eu\/","article_modified_time":"2022-12-22T11:14:48+00:00","og_image":[{"width":2000,"height":664,"url":"https:\/\/energy-cities.eu\/wp-content\/uploads\/2019\/03\/header_publi_manifesto.jpg","type":"image\/jpeg"}],"twitter_card":"summary_large_image","twitter_site":"@energycities","twitter_misc":{"Dur\u00e9e de lecture estim\u00e9e":"2 minutes"},"schema":{"@context":"https:\/\/schema.org","@graph":[{"@type":"Organization","@id":"https:\/\/energy-cities.eu\/fr\/#organization","name":"Energy Cities","url":"https:\/\/energy-cities.eu\/fr\/","sameAs":["https:\/\/www.facebook.com\/energycities.eu\/","https:\/\/www.youtube.com\/channel\/UChIHn2wF76JzuTbAjSMs0hQ","https:\/\/fr.wikipedia.org\/wiki\/Energy_Cities","https:\/\/twitter.com\/energycities"],"logo":{"@type":"ImageObject","inLanguage":"fr-FR","@id":"https:\/\/energy-cities.eu\/fr\/#\/schema\/logo\/image\/","url":"https:\/\/energy-cities.eu\/wp-content\/uploads\/2019\/07\/energy-cities-couleur.jpg","contentUrl":"https:\/\/energy-cities.eu\/wp-content\/uploads\/2019\/07\/energy-cities-couleur.jpg","width":3508,"height":2587,"caption":"Energy Cities"},"image":{"@id":"https:\/\/energy-cities.eu\/fr\/#\/schema\/logo\/image\/"}},{"@type":"WebSite","@id":"https:\/\/energy-cities.eu\/fr\/#website","url":"https:\/\/energy-cities.eu\/fr\/","name":"Energy Cities","description":" The European learning community for future-proof cities","publisher":{"@id":"https:\/\/energy-cities.eu\/fr\/#organization"},"potentialAction":[{"@type":"SearchAction","target":{"@type":"EntryPoint","urlTemplate":"https:\/\/energy-cities.eu\/fr\/?s={search_term_string}"},"query-input":"required name=search_term_string"}],"inLanguage":"fr-FR"},{"@type":"ImageObject","inLanguage":"fr-FR","@id":"https:\/\/energy-cities.eu\/fr\/publication\/manifeste-denergy-cities\/#primaryimage","url":"https:\/\/energy-cities.eu\/wp-content\/uploads\/2019\/03\/header_publi_manifesto.jpg","contentUrl":"https:\/\/energy-cities.eu\/wp-content\/uploads\/2019\/03\/header_publi_manifesto.jpg","width":2000,"height":664},{"@type":"WebPage","@id":"https:\/\/energy-cities.eu\/fr\/publication\/manifeste-denergy-cities\/#webpage","url":"https:\/\/energy-cities.eu\/fr\/publication\/manifeste-denergy-cities\/","name":"Manifeste d'Energy Cities - Energy Cities","isPartOf":{"@id":"https:\/\/energy-cities.eu\/fr\/#website"},"primaryImageOfPage":{"@id":"https:\/\/energy-cities.eu\/fr\/publication\/manifeste-denergy-cities\/#primaryimage"},"datePublished":"2019-03-02T14:16:21+00:00","dateModified":"2022-12-22T11:14:48+00:00","breadcrumb":{"@id":"https:\/\/energy-cities.eu\/fr\/publication\/manifeste-denergy-cities\/#breadcrumb"},"inLanguage":"fr-FR","potentialAction":[{"@type":"ReadAction","target":["https:\/\/energy-cities.eu\/fr\/publication\/manifeste-denergy-cities\/"]}]},{"@type":"BreadcrumbList","@id":"https:\/\/energy-cities.eu\/fr\/publication\/manifeste-denergy-cities\/#breadcrumb","itemListElement":[{"@type":"ListItem","position":1,"name":"Home","item":"https:\/\/energy-cities.eu\/fr\/nous-sommes-un-reseau-europeen-blabla\/"},{"@type":"ListItem","position":2,"name":"Manifeste d'Energy Cities"}]}]}},"featured_img":"https:\/\/energy-cities.eu\/wp-content\/uploads\/2019\/03\/header_publi_manifesto.jpg","coauthors":[],"author_meta":{"author_link":"https:\/\/energy-cities.eu\/fr\/staff\/b-karas\/","display_name":"Beatrice Karas"},"relative_dates":{"created":"Publi\u00e9 7 ans il y a","modified":"Mis \u00e0 jour 3 ans il y a"},"absolute_dates":{"created":"Publi\u00e9 le 02 mars 2019","modified":"Mise \u00e0 jour le 22 d\u00e9cembre 2022"},"absolute_dates_time":{"created":"Publi\u00e9 le 02 mars 2019 3:16  ","modified":"Mise \u00e0 jour le 22 d\u00e9cembre 2022 12:14  "},"featured_img_caption":"","tax_additional":{"hub":{"linked":["<a href=\"https:\/\/energy-cities.eu\/fr\/hub\/gouvernance-locale\/\" class=\"advgb-post-tax-term\">Gouvernance locale<\/a>"],"unlinked":["<span class=\"advgb-post-tax-term\">Gouvernance locale<\/span>"],"slug":"hub","name":"Hubs"},"topic":{"linked":[],"unlinked":[],"slug":"topic","name":"Topics"}},"_links":{"self":[{"href":"https:\/\/energy-cities.eu\/fr\/wp-json\/wp\/v2\/publications\/13825"}],"collection":[{"href":"https:\/\/energy-cities.eu\/fr\/wp-json\/wp\/v2\/publications"}],"about":[{"href":"https:\/\/energy-cities.eu\/fr\/wp-json\/wp\/v2\/types\/publications"}],"author":[{"embeddable":true,"href":"https:\/\/energy-cities.eu\/fr\/wp-json\/wp\/v2\/users\/30"}],"version-history":[{"count":3,"href":"https:\/\/energy-cities.eu\/fr\/wp-json\/wp\/v2\/publications\/13825\/revisions"}],"predecessor-version":[{"id":22243,"href":"https:\/\/energy-cities.eu\/fr\/wp-json\/wp\/v2\/publications\/13825\/revisions\/22243"}],"wp:featuredmedia":[{"embeddable":true,"href":"https:\/\/energy-cities.eu\/fr\/wp-json\/wp\/v2\/media\/17039"}],"wp:attachment":[{"href":"https:\/\/energy-cities.eu\/fr\/wp-json\/wp\/v2\/media?parent=13825"}],"wp:term":[{"taxonomy":"hub","embeddable":true,"href":"https:\/\/energy-cities.eu\/fr\/wp-json\/wp\/v2\/hub?post=13825"},{"taxonomy":"topic","embeddable":true,"href":"https:\/\/energy-cities.eu\/fr\/wp-json\/wp\/v2\/topic?post=13825"}],"curies":[{"name":"wp","href":"https:\/\/api.w.org\/{rel}","templated":true}]}}