{"id":55044,"date":"2022-09-01T12:04:39","date_gmt":"2022-09-01T10:04:39","guid":{"rendered":"https:\/\/energy-cities.eu\/?post_type=publications&#038;p=55044"},"modified":"2022-12-22T12:10:29","modified_gmt":"2022-12-22T11:10:29","slug":"inspirer-les-decideurs-locaux-a-devenir-des-leaders-de-la-transition","status":"publish","type":"publications","link":"https:\/\/energy-cities.eu\/fr\/publication\/inspirer-les-decideurs-locaux-a-devenir-des-leaders-de-la-transition\/","title":{"rendered":"Inspirer les d\u00e9cideurs locaux \u00e0 devenir des leaders de la transition"},"content":{"rendered":"\n<p>L\u2019Union europ\u00e9enne a l&rsquo;ambition audacieuse d\u2019atteindre la neutralit\u00e9 carbone d&rsquo;ici \u00e0 2050. Cela signifie qu&rsquo;elle va devoir r\u00e9duire ses \u00e9missions de gaz \u00e0 effet de serre de 80 \u00e0 95 % par rapport aux niveaux de 1990.<\/p>\n\n\n\n<p>70 % de ces \u00e9missions \u00e9tant produit dans les villes, les collectivit\u00e9s locales sont tenues d&rsquo;acc\u00e9l\u00e9rer leurs efforts. Elles doivent cr\u00e9er des villes \u00e0 faible \u00e9mission de carbone, r\u00e9silientes et agr\u00e9ables \u00e0 vivre &#8211; pour le bien-\u00eatre de leurs citoyens et pour lutter collectivement contre le changement climatique.<\/p>\n\n\n\n<p>Dans le cadre du programme Horizon 2020, <a href=\"https:\/\/www.citiesoftomorrow.eu\/\">le projet TOMORROW<\/a> travaille avec six villes pilotes (Brasov, Brest M\u00e9tropole, R\u00e9gion de Dublin, Mouscron, Ni\u0161 et Valence) afin de d\u00e9velopper des <em>feuilles de route de transition locales<\/em> r\u00e9pondant aux d\u00e9fis de la transition \u00e9nerg\u00e9tique dans toutes ses dimensions&nbsp;: environnementaux, \u00e9conomiques et sociaux. B\u00e9n\u00e9ficiant du partage d\u2019exp\u00e9riences de villes phares telles que Louvain, Nantes et V\u00e4xj\u00f6, TOMORROW a pu fixer des objectifs ambitieux et susciter des engagements politiques forts. Cela a permis aux villes pilotes d&rsquo;impliquer avec succ\u00e8s les citoyens dans la prise de d\u00e9cision, la gouvernance collaborative et la mise en \u0153uvre d\u2019actions concr\u00e8tes.<\/p>\n\n\n\n<p>Cette note pr\u00e9sente les principaux enseignements des efforts du projet et propose des politiques \u00e0 mettre en \u0153uvre par les autorit\u00e9s locales en tant que leaders de la transition vers la neutralit\u00e9 climatique. Mise en \u00e9vidence les caract\u00e9ristiques essentielles des feuilles de route de la transition locale, chaque recommandation est compl\u00e9t\u00e9e par un exemple de r\u00e9ussite d&rsquo;une ville pilote du projet.<\/p>\n\n\n\n<p>Mettant en avant les caract\u00e9ristiques essentielles de feuilles de route de la transition locale, chaque recommandation politique est compl\u00e9t\u00e9e par un exemple de r\u00e9ussite d&rsquo;une ville pilote du projet TOMORROW.<\/p>\n\n\n\n<p>Cette brochure vise \u00e0 orienter les r\u00e9flexions des d\u00e9cideurs et administrateurs locaux et \u00e0 les inspirer de devenir moteur dans leur transition territoriale vers la neutralit\u00e9 climatique. L\u2019id\u00e9e c\u2019est de augmenter les ambitions en am\u00e9liorant les capacit\u00e9s des initiatives existantes, en renfor\u00e7ant les r\u00e9seaux et en cr\u00e9ant des synergies entre les diff\u00e9rents acteurs \u2013 et le tout dans un processus hautement collaboratif et co-cr\u00e9atif.<\/p>\n","protected":false},"excerpt":{"rendered":"<p>L\u2019Union europ\u00e9enne a l&rsquo;ambition audacieuse d\u2019atteindre la neutralit\u00e9 carbone d&rsquo;ici \u00e0 2050. Cela signifie qu&rsquo;elle va devoir r\u00e9duire ses \u00e9missions de gaz \u00e0 effet de <a href=\"https:\/\/energy-cities.eu\/fr\/publication\/inspirer-les-decideurs-locaux-a-devenir-des-leaders-de-la-transition\/\">[\u2026]<\/a><\/p>\n","protected":false},"author":62,"featured_media":55353,"template":"","hub":[310],"topic":[82],"acf":[],"yoast_head":"<!-- This site is optimized with the Yoast SEO plugin v18.8 - https:\/\/yoast.com\/wordpress\/plugins\/seo\/ -->\n<title>Inspirer les d\u00e9cideurs locaux \u00e0 devenir des leaders de la transition - Energy Cities<\/title>\n<meta name=\"robots\" content=\"index, follow, max-snippet:-1, max-image-preview:large, max-video-preview:-1\" \/>\n<link rel=\"canonical\" href=\"https:\/\/energy-cities.eu\/fr\/publication\/inspirer-les-decideurs-locaux-a-devenir-des-leaders-de-la-transition\/\" \/>\n<meta property=\"og:locale\" content=\"fr_FR\" \/>\n<meta property=\"og:type\" content=\"article\" \/>\n<meta property=\"og:title\" content=\"Inspirer les d\u00e9cideurs locaux \u00e0 devenir des leaders de la transition - Energy Cities\" \/>\n<meta property=\"og:description\" content=\"L\u2019Union europ\u00e9enne a l&rsquo;ambition audacieuse d\u2019atteindre la neutralit\u00e9 carbone d&rsquo;ici \u00e0 2050. Cela signifie qu&rsquo;elle va devoir r\u00e9duire ses \u00e9missions de gaz \u00e0 effet de [\u2026]\" \/>\n<meta property=\"og:url\" content=\"https:\/\/energy-cities.eu\/fr\/publication\/inspirer-les-decideurs-locaux-a-devenir-des-leaders-de-la-transition\/\" \/>\n<meta property=\"og:site_name\" content=\"Energy Cities\" \/>\n<meta property=\"article:publisher\" content=\"https:\/\/www.facebook.com\/energycities.eu\/\" \/>\n<meta property=\"article:modified_time\" content=\"2022-12-22T11:10:29+00:00\" \/>\n<meta property=\"og:image\" content=\"https:\/\/energy-cities.eu\/wp-content\/uploads\/2022\/08\/Matisse-La-danse.jpg\" \/>\n\t<meta property=\"og:image:width\" content=\"1200\" \/>\n\t<meta property=\"og:image:height\" content=\"675\" \/>\n\t<meta property=\"og:image:type\" content=\"image\/jpeg\" \/>\n<meta name=\"twitter:card\" content=\"summary_large_image\" \/>\n<meta name=\"twitter:site\" content=\"@energycities\" \/>\n<meta name=\"twitter:label1\" content=\"Dur\u00e9e de lecture estim\u00e9e\" \/>\n\t<meta name=\"twitter:data1\" content=\"2 minutes\" \/>\n<script type=\"application\/ld+json\" class=\"yoast-schema-graph\">{\"@context\":\"https:\/\/schema.org\",\"@graph\":[{\"@type\":\"Organization\",\"@id\":\"https:\/\/energy-cities.eu\/fr\/#organization\",\"name\":\"Energy Cities\",\"url\":\"https:\/\/energy-cities.eu\/fr\/\",\"sameAs\":[\"https:\/\/www.facebook.com\/energycities.eu\/\",\"https:\/\/www.youtube.com\/channel\/UChIHn2wF76JzuTbAjSMs0hQ\",\"https:\/\/fr.wikipedia.org\/wiki\/Energy_Cities\",\"https:\/\/twitter.com\/energycities\"],\"logo\":{\"@type\":\"ImageObject\",\"inLanguage\":\"fr-FR\",\"@id\":\"https:\/\/energy-cities.eu\/fr\/#\/schema\/logo\/image\/\",\"url\":\"https:\/\/energy-cities.eu\/wp-content\/uploads\/2019\/07\/energy-cities-couleur.jpg\",\"contentUrl\":\"https:\/\/energy-cities.eu\/wp-content\/uploads\/2019\/07\/energy-cities-couleur.jpg\",\"width\":3508,\"height\":2587,\"caption\":\"Energy Cities\"},\"image\":{\"@id\":\"https:\/\/energy-cities.eu\/fr\/#\/schema\/logo\/image\/\"}},{\"@type\":\"WebSite\",\"@id\":\"https:\/\/energy-cities.eu\/fr\/#website\",\"url\":\"https:\/\/energy-cities.eu\/fr\/\",\"name\":\"Energy Cities\",\"description\":\" The European learning community for future-proof cities\",\"publisher\":{\"@id\":\"https:\/\/energy-cities.eu\/fr\/#organization\"},\"potentialAction\":[{\"@type\":\"SearchAction\",\"target\":{\"@type\":\"EntryPoint\",\"urlTemplate\":\"https:\/\/energy-cities.eu\/fr\/?s={search_term_string}\"},\"query-input\":\"required name=search_term_string\"}],\"inLanguage\":\"fr-FR\"},{\"@type\":\"ImageObject\",\"inLanguage\":\"fr-FR\",\"@id\":\"https:\/\/energy-cities.eu\/fr\/publication\/inspirer-les-decideurs-locaux-a-devenir-des-leaders-de-la-transition\/#primaryimage\",\"url\":\"https:\/\/energy-cities.eu\/wp-content\/uploads\/2022\/08\/Matisse-La-danse.jpg\",\"contentUrl\":\"https:\/\/energy-cities.eu\/wp-content\/uploads\/2022\/08\/Matisse-La-danse.jpg\",\"width\":1200,\"height\":675},{\"@type\":\"WebPage\",\"@id\":\"https:\/\/energy-cities.eu\/fr\/publication\/inspirer-les-decideurs-locaux-a-devenir-des-leaders-de-la-transition\/#webpage\",\"url\":\"https:\/\/energy-cities.eu\/fr\/publication\/inspirer-les-decideurs-locaux-a-devenir-des-leaders-de-la-transition\/\",\"name\":\"Inspirer les d\u00e9cideurs locaux \u00e0 devenir des leaders de la transition - Energy Cities\",\"isPartOf\":{\"@id\":\"https:\/\/energy-cities.eu\/fr\/#website\"},\"primaryImageOfPage\":{\"@id\":\"https:\/\/energy-cities.eu\/fr\/publication\/inspirer-les-decideurs-locaux-a-devenir-des-leaders-de-la-transition\/#primaryimage\"},\"datePublished\":\"2022-09-01T10:04:39+00:00\",\"dateModified\":\"2022-12-22T11:10:29+00:00\",\"breadcrumb\":{\"@id\":\"https:\/\/energy-cities.eu\/fr\/publication\/inspirer-les-decideurs-locaux-a-devenir-des-leaders-de-la-transition\/#breadcrumb\"},\"inLanguage\":\"fr-FR\",\"potentialAction\":[{\"@type\":\"ReadAction\",\"target\":[\"https:\/\/energy-cities.eu\/fr\/publication\/inspirer-les-decideurs-locaux-a-devenir-des-leaders-de-la-transition\/\"]}]},{\"@type\":\"BreadcrumbList\",\"@id\":\"https:\/\/energy-cities.eu\/fr\/publication\/inspirer-les-decideurs-locaux-a-devenir-des-leaders-de-la-transition\/#breadcrumb\",\"itemListElement\":[{\"@type\":\"ListItem\",\"position\":1,\"name\":\"Home\",\"item\":\"https:\/\/energy-cities.eu\/fr\/nous-sommes-un-reseau-europeen-blabla\/\"},{\"@type\":\"ListItem\",\"position\":2,\"name\":\"Inspirer les d\u00e9cideurs locaux \u00e0 devenir des leaders de la transition\"}]}]}<\/script>\n<!-- \/ Yoast SEO plugin. -->","yoast_head_json":{"title":"Inspirer les d\u00e9cideurs locaux \u00e0 devenir des leaders de la transition - Energy Cities","robots":{"index":"index","follow":"follow","max-snippet":"max-snippet:-1","max-image-preview":"max-image-preview:large","max-video-preview":"max-video-preview:-1"},"canonical":"https:\/\/energy-cities.eu\/fr\/publication\/inspirer-les-decideurs-locaux-a-devenir-des-leaders-de-la-transition\/","og_locale":"fr_FR","og_type":"article","og_title":"Inspirer les d\u00e9cideurs locaux \u00e0 devenir des leaders de la transition - Energy Cities","og_description":"L\u2019Union europ\u00e9enne a l&rsquo;ambition audacieuse d\u2019atteindre la neutralit\u00e9 carbone d&rsquo;ici \u00e0 2050. Cela signifie qu&rsquo;elle va devoir r\u00e9duire ses \u00e9missions de gaz \u00e0 effet de [\u2026]","og_url":"https:\/\/energy-cities.eu\/fr\/publication\/inspirer-les-decideurs-locaux-a-devenir-des-leaders-de-la-transition\/","og_site_name":"Energy Cities","article_publisher":"https:\/\/www.facebook.com\/energycities.eu\/","article_modified_time":"2022-12-22T11:10:29+00:00","og_image":[{"width":1200,"height":675,"url":"https:\/\/energy-cities.eu\/wp-content\/uploads\/2022\/08\/Matisse-La-danse.jpg","type":"image\/jpeg"}],"twitter_card":"summary_large_image","twitter_site":"@energycities","twitter_misc":{"Dur\u00e9e de lecture estim\u00e9e":"2 minutes"},"schema":{"@context":"https:\/\/schema.org","@graph":[{"@type":"Organization","@id":"https:\/\/energy-cities.eu\/fr\/#organization","name":"Energy Cities","url":"https:\/\/energy-cities.eu\/fr\/","sameAs":["https:\/\/www.facebook.com\/energycities.eu\/","https:\/\/www.youtube.com\/channel\/UChIHn2wF76JzuTbAjSMs0hQ","https:\/\/fr.wikipedia.org\/wiki\/Energy_Cities","https:\/\/twitter.com\/energycities"],"logo":{"@type":"ImageObject","inLanguage":"fr-FR","@id":"https:\/\/energy-cities.eu\/fr\/#\/schema\/logo\/image\/","url":"https:\/\/energy-cities.eu\/wp-content\/uploads\/2019\/07\/energy-cities-couleur.jpg","contentUrl":"https:\/\/energy-cities.eu\/wp-content\/uploads\/2019\/07\/energy-cities-couleur.jpg","width":3508,"height":2587,"caption":"Energy Cities"},"image":{"@id":"https:\/\/energy-cities.eu\/fr\/#\/schema\/logo\/image\/"}},{"@type":"WebSite","@id":"https:\/\/energy-cities.eu\/fr\/#website","url":"https:\/\/energy-cities.eu\/fr\/","name":"Energy Cities","description":" The European learning community for future-proof cities","publisher":{"@id":"https:\/\/energy-cities.eu\/fr\/#organization"},"potentialAction":[{"@type":"SearchAction","target":{"@type":"EntryPoint","urlTemplate":"https:\/\/energy-cities.eu\/fr\/?s={search_term_string}"},"query-input":"required name=search_term_string"}],"inLanguage":"fr-FR"},{"@type":"ImageObject","inLanguage":"fr-FR","@id":"https:\/\/energy-cities.eu\/fr\/publication\/inspirer-les-decideurs-locaux-a-devenir-des-leaders-de-la-transition\/#primaryimage","url":"https:\/\/energy-cities.eu\/wp-content\/uploads\/2022\/08\/Matisse-La-danse.jpg","contentUrl":"https:\/\/energy-cities.eu\/wp-content\/uploads\/2022\/08\/Matisse-La-danse.jpg","width":1200,"height":675},{"@type":"WebPage","@id":"https:\/\/energy-cities.eu\/fr\/publication\/inspirer-les-decideurs-locaux-a-devenir-des-leaders-de-la-transition\/#webpage","url":"https:\/\/energy-cities.eu\/fr\/publication\/inspirer-les-decideurs-locaux-a-devenir-des-leaders-de-la-transition\/","name":"Inspirer les d\u00e9cideurs locaux \u00e0 devenir des leaders de la transition - Energy Cities","isPartOf":{"@id":"https:\/\/energy-cities.eu\/fr\/#website"},"primaryImageOfPage":{"@id":"https:\/\/energy-cities.eu\/fr\/publication\/inspirer-les-decideurs-locaux-a-devenir-des-leaders-de-la-transition\/#primaryimage"},"datePublished":"2022-09-01T10:04:39+00:00","dateModified":"2022-12-22T11:10:29+00:00","breadcrumb":{"@id":"https:\/\/energy-cities.eu\/fr\/publication\/inspirer-les-decideurs-locaux-a-devenir-des-leaders-de-la-transition\/#breadcrumb"},"inLanguage":"fr-FR","potentialAction":[{"@type":"ReadAction","target":["https:\/\/energy-cities.eu\/fr\/publication\/inspirer-les-decideurs-locaux-a-devenir-des-leaders-de-la-transition\/"]}]},{"@type":"BreadcrumbList","@id":"https:\/\/energy-cities.eu\/fr\/publication\/inspirer-les-decideurs-locaux-a-devenir-des-leaders-de-la-transition\/#breadcrumb","itemListElement":[{"@type":"ListItem","position":1,"name":"Home","item":"https:\/\/energy-cities.eu\/fr\/nous-sommes-un-reseau-europeen-blabla\/"},{"@type":"ListItem","position":2,"name":"Inspirer les d\u00e9cideurs locaux \u00e0 devenir des leaders de la transition"}]}]}},"featured_img":"https:\/\/energy-cities.eu\/wp-content\/uploads\/2022\/08\/Matisse-La-danse.jpg","coauthors":[],"author_meta":{"author_link":"https:\/\/energy-cities.eu\/fr\/staff\/a-lecorre\/","display_name":"Allison Le Corre"},"relative_dates":{"created":"Publi\u00e9 4 ans il y a","modified":"Mis \u00e0 jour 3 ans il y a"},"absolute_dates":{"created":"Publi\u00e9 le 01 septembre 2022","modified":"Mise \u00e0 jour le 22 d\u00e9cembre 2022"},"absolute_dates_time":{"created":"Publi\u00e9 le 01 septembre 2022 12:04  ","modified":"Mise \u00e0 jour le 22 d\u00e9cembre 2022 12:10  "},"featured_img_caption":"","tax_additional":{"hub":{"linked":["<a href=\"https:\/\/energy-cities.eu\/fr\/hub\/gouvernance-locale\/\" class=\"advgb-post-tax-term\">Gouvernance locale<\/a>"],"unlinked":["<span class=\"advgb-post-tax-term\">Gouvernance locale<\/span>"],"slug":"hub","name":"Hubs"},"topic":{"linked":["<a href=\"https:\/\/energy-cities.eu\/fr\/th\u00e9matique\/gouvernance-participative\/\" class=\"advgb-post-tax-term\">Gouvernance participative<\/a>"],"unlinked":["<span class=\"advgb-post-tax-term\">Gouvernance participative<\/span>"],"slug":"topic","name":"Topics"}},"_links":{"self":[{"href":"https:\/\/energy-cities.eu\/fr\/wp-json\/wp\/v2\/publications\/55044"}],"collection":[{"href":"https:\/\/energy-cities.eu\/fr\/wp-json\/wp\/v2\/publications"}],"about":[{"href":"https:\/\/energy-cities.eu\/fr\/wp-json\/wp\/v2\/types\/publications"}],"author":[{"embeddable":true,"href":"https:\/\/energy-cities.eu\/fr\/wp-json\/wp\/v2\/users\/62"}],"version-history":[{"count":8,"href":"https:\/\/energy-cities.eu\/fr\/wp-json\/wp\/v2\/publications\/55044\/revisions"}],"predecessor-version":[{"id":55055,"href":"https:\/\/energy-cities.eu\/fr\/wp-json\/wp\/v2\/publications\/55044\/revisions\/55055"}],"wp:featuredmedia":[{"embeddable":true,"href":"https:\/\/energy-cities.eu\/fr\/wp-json\/wp\/v2\/media\/55353"}],"wp:attachment":[{"href":"https:\/\/energy-cities.eu\/fr\/wp-json\/wp\/v2\/media?parent=55044"}],"wp:term":[{"taxonomy":"hub","embeddable":true,"href":"https:\/\/energy-cities.eu\/fr\/wp-json\/wp\/v2\/hub?post=55044"},{"taxonomy":"topic","embeddable":true,"href":"https:\/\/energy-cities.eu\/fr\/wp-json\/wp\/v2\/topic?post=55044"}],"curies":[{"name":"wp","href":"https:\/\/api.w.org\/{rel}","templated":true}]}}