{"id":12436,"date":"2019-03-14T11:32:09","date_gmt":"2019-03-14T11:32:09","guid":{"rendered":"http:\/\/ec.kuusi.ovh\/?post_type=members&#038;p=12436"},"modified":"2022-08-02T11:46:57","modified_gmt":"2022-08-02T09:46:57","slug":"krizevci","status":"publish","type":"members","link":"https:\/\/energy-cities.eu\/fr\/membre\/krizevci\/","title":{"rendered":"Ville de Kri\u017eevci"},"content":{"rendered":"\n<p>La ville de Kri\u017eevci coop\u00e8re et m\u00e8ne une transition avec ses citoyens pour devenir efficace \u00e9nerg\u00e9tiquement d&rsquo;ici 2030. Pour cela, Kri\u017eevci proc\u00e8de \u00e0 la r\u00e9cup\u00e9ration d&rsquo;\u00e9nergie dans les b\u00e2timents publics. Elle utilise \u00e9galement la biomasse comme source de chauffage. Parall\u00e8lement, la ville <a href=\"http:\/\/europeangeothermalcongress.eu\/wp-content\/uploads\/2019\/07\/CUR-06-Croatia.pdf\" target=\"_blank\" rel=\"noreferrer noopener\">explore le potentiel<\/a> des sources d&rsquo;\u00e9nergie g\u00e9othermique.<\/p>\n\n\n\n<h2>Donner l&rsquo;\u00e9nergie n\u00e9cessaire \u00e0 la transition climatique<\/h2>\n\n\n\n<p>La municipalit\u00e9 souhaite utiliser les sources d&rsquo;\u00e9nergie disponibles localement pour la consommation des habitants &#8211; et notamment pour le chauffage. Mais elle veut aussi encourager les citoyens \u00e0 adopter des comportements respectueux de l&rsquo;environnement.<\/p>\n\n\n\n<p>Et pour limiter l&rsquo;utilisation des mobilit\u00e9s motoris\u00e9es, Kri\u017eevci a install\u00e9 pour les v\u00e9hicules \u00e9lectriques des particuli\u00e8r.es et\/ou hybrides des salari\u00e9.es de l&rsquo;administration municipale, des <a href=\"https:\/\/www.compile-project.eu\/news\/pilot-site-krizevci-also-with-the-ev-charger\/\" target=\"_blank\" rel=\"noreferrer noopener\">stations de recharge<\/a>. Elle pr\u00e9voit \u00e9galement d&rsquo;installer des v\u00e9los \u00e9lectriques publics et de <a href=\"https:\/\/hrturizam.hr\/en\/krizevci-proaktivno-krenuli-u-razvoj-cikloturizma\" target=\"_blank\" rel=\"noreferrer noopener\">d\u00e9velopper le cyclotourisme<\/a> dans la ville.<\/p>\n\n\n\n<h2>Donner du pouvoir aux gens : La cl\u00e9 d&rsquo;une transition viable pour chacun.e<\/h2>\n\n\n\n<p>En outre, la ville a cofinanc\u00e9 avec ses citoyens des centrales solaires sur les toits des m\u00e9nages et de certains b\u00e2timents municipaux. Ainsi, la ville a particip\u00e9 au premier projet de crowdlending et d&rsquo;\u00e9nergie citoyenne en Croatie : le projet de toits solaires de Kri\u017eevci ou <a href=\"https:\/\/www.managenergy.net\/node\/1042\" target=\"_blank\" rel=\"noreferrer noopener\">Kri\u017eevci Solar Roofs project<\/a>.<\/p>\n\n\n\n<p>Ce projet a \u00e9t\u00e9 financ\u00e9 via une campagne de crowdlending bas\u00e9e sur le mod\u00e8le des micro-pr\u00eats. Les citoyens pouvaient investir de 1 000, 00 kuna (130 euros) \u00e0 10 000,00 kuna (1 300 euros) avec un taux d&rsquo;int\u00e9r\u00eat de 4,5 %. Les int\u00e9r\u00eats sont calcul\u00e9s sur 10 ans, \u00e0 partir des revenus de la production d&rsquo;\u00e9lectricit\u00e9 de la centrale solaire sur le toit.<br>Gr\u00e2ce \u00e0 53 petits investisseurs, le projet a r\u00e9uni le montant n\u00e9cessaire de 23 000 kuna (30 000 euros) en seulement 10 jours. Kri\u017eevci a donc construit une centrale solaire de 30 kW sur le toit du centre de d\u00e9veloppement et du parc technologique. Une autre a \u00e9t\u00e9 plac\u00e9e sur le b\u00e2timent de la biblioth\u00e8que publique.<\/p>\n\n\n\n<p>Dans le but de rendre les informations sur les sources d&rsquo;\u00e9nergie renouvelables accessibles \u00e0 tous et toutes, Kri\u017eevci a ouvert <a href=\"https:\/\/www.compile-project.eu\/news\/opening-of-the-first-croatian-energy-climate-office\/\" target=\"_blank\" rel=\"noreferrer noopener\">un bureau \u00e9nergie-climat<\/a> dans le centre ville.<\/p>\n\n\n\n<hr class=\"wp-block-separator\"\/>\n\n\n\n<p><em>Sources : Dijana Markovi\u0107, conseill\u00e8re en relations publiques et protocole pour la ville de Kri\u017eevci ; <a href=\"http:\/\/europeangeothermalcongress.eu\/wp-content\/uploads\/2019\/07\/CUR-06-Croatia.pdf\" target=\"_blank\" rel=\"noreferrer noopener\">rapport <\/a>du site officiel du Congr\u00e8s g\u00e9othermique europ\u00e9en ; <a href=\"http:\/\/www.compile-project.eu\/\" target=\"_blank\" rel=\"noreferrer noopener\">site <\/a>du projet europ\u00e9en H2020 \u00ab\u00a0COMPILE\u00a0\u00bb ; <a href=\"https:\/\/hrturizam.hr\/en\/krizevci-proaktivno-krenuli-u-razvoj-cikloturizma\" target=\"_blank\" rel=\"noreferrer noopener\">article <\/a>du portail d&rsquo;information touristique croate hrturizamm.fr ; <a href=\"https:\/\/www.managenergy.net\/node\/1042\" target=\"_blank\" rel=\"noreferrer noopener\">article d&rsquo;information<\/a> du site du projet europ\u00e9en \u00ab\u00a0ManagEnergy\u00a0\u00bb ;<\/em><\/p>\n","protected":false},"author":30,"featured_media":16052,"template":"","countries":[130],"acf":[],"yoast_head":"<!-- This site is optimized with the Yoast SEO plugin v18.8 - https:\/\/yoast.com\/wordpress\/plugins\/seo\/ -->\n<title>Ville de Kri\u017eevci - Energy Cities<\/title>\n<meta name=\"description\" content=\"La ville de Kri\u017eevci coop\u00e8re et m\u00e8ne une transition avec ses citoyens pour devenir efficace \u00e9nerg\u00e9tiquement d&#039;ici 2030\" \/>\n<meta name=\"robots\" content=\"index, follow, max-snippet:-1, max-image-preview:large, max-video-preview:-1\" \/>\n<link rel=\"canonical\" href=\"https:\/\/energy-cities.eu\/fr\/membre\/krizevci\/\" \/>\n<meta property=\"og:locale\" content=\"fr_FR\" \/>\n<meta property=\"og:type\" content=\"article\" \/>\n<meta property=\"og:title\" content=\"Ville de Kri\u017eevci - Energy Cities\" \/>\n<meta property=\"og:description\" content=\"La ville de Kri\u017eevci coop\u00e8re et m\u00e8ne une transition avec ses citoyens pour devenir efficace \u00e9nerg\u00e9tiquement d&#039;ici 2030\" \/>\n<meta property=\"og:url\" content=\"https:\/\/energy-cities.eu\/fr\/membre\/krizevci\/\" \/>\n<meta property=\"og:site_name\" content=\"Energy Cities\" \/>\n<meta property=\"article:publisher\" content=\"https:\/\/www.facebook.com\/energycities.eu\/\" \/>\n<meta property=\"article:modified_time\" content=\"2022-08-02T09:46:57+00:00\" \/>\n<meta property=\"og:image\" content=\"https:\/\/energy-cities.eu\/wp-content\/uploads\/2019\/05\/Panorama-from-Mountain-of-Kalnik-2010-c-Fraxinus-Croat-via-wikipedia-2000x500.jpg\" \/>\n\t<meta property=\"og:image:width\" content=\"2000\" \/>\n\t<meta property=\"og:image:height\" content=\"500\" \/>\n\t<meta property=\"og:image:type\" content=\"image\/jpeg\" \/>\n<meta name=\"twitter:card\" content=\"summary_large_image\" \/>\n<meta name=\"twitter:site\" content=\"@energycities\" \/>\n<meta name=\"twitter:label1\" content=\"Dur\u00e9e de lecture estim\u00e9e\" \/>\n\t<meta name=\"twitter:data1\" content=\"2 minutes\" \/>\n<script type=\"application\/ld+json\" class=\"yoast-schema-graph\">{\"@context\":\"https:\/\/schema.org\",\"@graph\":[{\"@type\":\"Organization\",\"@id\":\"https:\/\/energy-cities.eu\/fr\/#organization\",\"name\":\"Energy Cities\",\"url\":\"https:\/\/energy-cities.eu\/fr\/\",\"sameAs\":[\"https:\/\/www.facebook.com\/energycities.eu\/\",\"https:\/\/www.youtube.com\/channel\/UChIHn2wF76JzuTbAjSMs0hQ\",\"https:\/\/fr.wikipedia.org\/wiki\/Energy_Cities\",\"https:\/\/twitter.com\/energycities\"],\"logo\":{\"@type\":\"ImageObject\",\"inLanguage\":\"fr-FR\",\"@id\":\"https:\/\/energy-cities.eu\/fr\/#\/schema\/logo\/image\/\",\"url\":\"https:\/\/energy-cities.eu\/wp-content\/uploads\/2019\/07\/energy-cities-couleur.jpg\",\"contentUrl\":\"https:\/\/energy-cities.eu\/wp-content\/uploads\/2019\/07\/energy-cities-couleur.jpg\",\"width\":3508,\"height\":2587,\"caption\":\"Energy Cities\"},\"image\":{\"@id\":\"https:\/\/energy-cities.eu\/fr\/#\/schema\/logo\/image\/\"}},{\"@type\":\"WebSite\",\"@id\":\"https:\/\/energy-cities.eu\/fr\/#website\",\"url\":\"https:\/\/energy-cities.eu\/fr\/\",\"name\":\"Energy Cities\",\"description\":\" The European learning community for future-proof cities\",\"publisher\":{\"@id\":\"https:\/\/energy-cities.eu\/fr\/#organization\"},\"potentialAction\":[{\"@type\":\"SearchAction\",\"target\":{\"@type\":\"EntryPoint\",\"urlTemplate\":\"https:\/\/energy-cities.eu\/fr\/?s={search_term_string}\"},\"query-input\":\"required name=search_term_string\"}],\"inLanguage\":\"fr-FR\"},{\"@type\":\"ImageObject\",\"inLanguage\":\"fr-FR\",\"@id\":\"https:\/\/energy-cities.eu\/fr\/membre\/krizevci\/#primaryimage\",\"url\":\"https:\/\/energy-cities.eu\/wp-content\/uploads\/2019\/05\/Panorama-from-Mountain-of-Kalnik-2010-c-Fraxinus-Croat-via-wikipedia-2000x500.jpg\",\"contentUrl\":\"https:\/\/energy-cities.eu\/wp-content\/uploads\/2019\/05\/Panorama-from-Mountain-of-Kalnik-2010-c-Fraxinus-Croat-via-wikipedia-2000x500.jpg\",\"width\":2000,\"height\":500,\"caption\":\"Fraxinus Croat via wikipedia\"},{\"@type\":\"WebPage\",\"@id\":\"https:\/\/energy-cities.eu\/fr\/membre\/krizevci\/#webpage\",\"url\":\"https:\/\/energy-cities.eu\/fr\/membre\/krizevci\/\",\"name\":\"Ville de Kri\u017eevci - Energy Cities\",\"isPartOf\":{\"@id\":\"https:\/\/energy-cities.eu\/fr\/#website\"},\"primaryImageOfPage\":{\"@id\":\"https:\/\/energy-cities.eu\/fr\/membre\/krizevci\/#primaryimage\"},\"datePublished\":\"2019-03-14T11:32:09+00:00\",\"dateModified\":\"2022-08-02T09:46:57+00:00\",\"description\":\"La ville de Kri\u017eevci coop\u00e8re et m\u00e8ne une transition avec ses citoyens pour devenir efficace \u00e9nerg\u00e9tiquement d'ici 2030\",\"breadcrumb\":{\"@id\":\"https:\/\/energy-cities.eu\/fr\/membre\/krizevci\/#breadcrumb\"},\"inLanguage\":\"fr-FR\",\"potentialAction\":[{\"@type\":\"ReadAction\",\"target\":[\"https:\/\/energy-cities.eu\/fr\/membre\/krizevci\/\"]}]},{\"@type\":\"BreadcrumbList\",\"@id\":\"https:\/\/energy-cities.eu\/fr\/membre\/krizevci\/#breadcrumb\",\"itemListElement\":[{\"@type\":\"ListItem\",\"position\":1,\"name\":\"Home\",\"item\":\"https:\/\/energy-cities.eu\/fr\/nous-sommes-un-reseau-europeen-blabla\/\"},{\"@type\":\"ListItem\",\"position\":2,\"name\":\"Ville de Kri\u017eevci\"}]}]}<\/script>\n<!-- \/ Yoast SEO plugin. -->","yoast_head_json":{"title":"Ville de Kri\u017eevci - Energy Cities","description":"La ville de Kri\u017eevci coop\u00e8re et m\u00e8ne une transition avec ses citoyens pour devenir efficace \u00e9nerg\u00e9tiquement d'ici 2030","robots":{"index":"index","follow":"follow","max-snippet":"max-snippet:-1","max-image-preview":"max-image-preview:large","max-video-preview":"max-video-preview:-1"},"canonical":"https:\/\/energy-cities.eu\/fr\/membre\/krizevci\/","og_locale":"fr_FR","og_type":"article","og_title":"Ville de Kri\u017eevci - Energy Cities","og_description":"La ville de Kri\u017eevci coop\u00e8re et m\u00e8ne une transition avec ses citoyens pour devenir efficace \u00e9nerg\u00e9tiquement d'ici 2030","og_url":"https:\/\/energy-cities.eu\/fr\/membre\/krizevci\/","og_site_name":"Energy Cities","article_publisher":"https:\/\/www.facebook.com\/energycities.eu\/","article_modified_time":"2022-08-02T09:46:57+00:00","og_image":[{"width":2000,"height":500,"url":"https:\/\/energy-cities.eu\/wp-content\/uploads\/2019\/05\/Panorama-from-Mountain-of-Kalnik-2010-c-Fraxinus-Croat-via-wikipedia-2000x500.jpg","type":"image\/jpeg"}],"twitter_card":"summary_large_image","twitter_site":"@energycities","twitter_misc":{"Dur\u00e9e de lecture estim\u00e9e":"2 minutes"},"schema":{"@context":"https:\/\/schema.org","@graph":[{"@type":"Organization","@id":"https:\/\/energy-cities.eu\/fr\/#organization","name":"Energy Cities","url":"https:\/\/energy-cities.eu\/fr\/","sameAs":["https:\/\/www.facebook.com\/energycities.eu\/","https:\/\/www.youtube.com\/channel\/UChIHn2wF76JzuTbAjSMs0hQ","https:\/\/fr.wikipedia.org\/wiki\/Energy_Cities","https:\/\/twitter.com\/energycities"],"logo":{"@type":"ImageObject","inLanguage":"fr-FR","@id":"https:\/\/energy-cities.eu\/fr\/#\/schema\/logo\/image\/","url":"https:\/\/energy-cities.eu\/wp-content\/uploads\/2019\/07\/energy-cities-couleur.jpg","contentUrl":"https:\/\/energy-cities.eu\/wp-content\/uploads\/2019\/07\/energy-cities-couleur.jpg","width":3508,"height":2587,"caption":"Energy Cities"},"image":{"@id":"https:\/\/energy-cities.eu\/fr\/#\/schema\/logo\/image\/"}},{"@type":"WebSite","@id":"https:\/\/energy-cities.eu\/fr\/#website","url":"https:\/\/energy-cities.eu\/fr\/","name":"Energy Cities","description":" The European learning community for future-proof cities","publisher":{"@id":"https:\/\/energy-cities.eu\/fr\/#organization"},"potentialAction":[{"@type":"SearchAction","target":{"@type":"EntryPoint","urlTemplate":"https:\/\/energy-cities.eu\/fr\/?s={search_term_string}"},"query-input":"required name=search_term_string"}],"inLanguage":"fr-FR"},{"@type":"ImageObject","inLanguage":"fr-FR","@id":"https:\/\/energy-cities.eu\/fr\/membre\/krizevci\/#primaryimage","url":"https:\/\/energy-cities.eu\/wp-content\/uploads\/2019\/05\/Panorama-from-Mountain-of-Kalnik-2010-c-Fraxinus-Croat-via-wikipedia-2000x500.jpg","contentUrl":"https:\/\/energy-cities.eu\/wp-content\/uploads\/2019\/05\/Panorama-from-Mountain-of-Kalnik-2010-c-Fraxinus-Croat-via-wikipedia-2000x500.jpg","width":2000,"height":500,"caption":"Fraxinus Croat via wikipedia"},{"@type":"WebPage","@id":"https:\/\/energy-cities.eu\/fr\/membre\/krizevci\/#webpage","url":"https:\/\/energy-cities.eu\/fr\/membre\/krizevci\/","name":"Ville de Kri\u017eevci - Energy Cities","isPartOf":{"@id":"https:\/\/energy-cities.eu\/fr\/#website"},"primaryImageOfPage":{"@id":"https:\/\/energy-cities.eu\/fr\/membre\/krizevci\/#primaryimage"},"datePublished":"2019-03-14T11:32:09+00:00","dateModified":"2022-08-02T09:46:57+00:00","description":"La ville de Kri\u017eevci coop\u00e8re et m\u00e8ne une transition avec ses citoyens pour devenir efficace \u00e9nerg\u00e9tiquement d'ici 2030","breadcrumb":{"@id":"https:\/\/energy-cities.eu\/fr\/membre\/krizevci\/#breadcrumb"},"inLanguage":"fr-FR","potentialAction":[{"@type":"ReadAction","target":["https:\/\/energy-cities.eu\/fr\/membre\/krizevci\/"]}]},{"@type":"BreadcrumbList","@id":"https:\/\/energy-cities.eu\/fr\/membre\/krizevci\/#breadcrumb","itemListElement":[{"@type":"ListItem","position":1,"name":"Home","item":"https:\/\/energy-cities.eu\/fr\/nous-sommes-un-reseau-europeen-blabla\/"},{"@type":"ListItem","position":2,"name":"Ville de Kri\u017eevci"}]}]}},"featured_img":"https:\/\/energy-cities.eu\/wp-content\/uploads\/2019\/05\/Panorama-from-Mountain-of-Kalnik-2010-c-Fraxinus-Croat-via-wikipedia-2000x500.jpg","coauthors":[],"author_meta":{"author_link":"https:\/\/energy-cities.eu\/fr\/staff\/b-karas\/","display_name":"Beatrice Karas"},"relative_dates":{"created":"Publi\u00e9 7 ans il y a","modified":"Mis \u00e0 jour 4 ans il y a"},"absolute_dates":{"created":"Publi\u00e9 le 14 mars 2019","modified":"Mise \u00e0 jour le 02 ao\u00fbt 2022"},"absolute_dates_time":{"created":"Publi\u00e9 le 14 mars 2019 11:32  ","modified":"Mise \u00e0 jour le 02 ao\u00fbt 2022 11:46  "},"featured_img_caption":"Fraxinus Croat via wikipedia ","tax_additional":{"countries":{"linked":["<a href=\"https:\/\/energy-cities.eu\/fr\/countries\/croatie\/\" class=\"advgb-post-tax-term\">Croatie<\/a>"],"unlinked":["<span class=\"advgb-post-tax-term\">Croatie<\/span>"],"slug":"countries","name":"Countries"}},"_links":{"self":[{"href":"https:\/\/energy-cities.eu\/fr\/wp-json\/wp\/v2\/members\/12436"}],"collection":[{"href":"https:\/\/energy-cities.eu\/fr\/wp-json\/wp\/v2\/members"}],"about":[{"href":"https:\/\/energy-cities.eu\/fr\/wp-json\/wp\/v2\/types\/members"}],"author":[{"embeddable":true,"href":"https:\/\/energy-cities.eu\/fr\/wp-json\/wp\/v2\/users\/30"}],"version-history":[{"count":5,"href":"https:\/\/energy-cities.eu\/fr\/wp-json\/wp\/v2\/members\/12436\/revisions"}],"predecessor-version":[{"id":54075,"href":"https:\/\/energy-cities.eu\/fr\/wp-json\/wp\/v2\/members\/12436\/revisions\/54075"}],"wp:featuredmedia":[{"embeddable":true,"href":"https:\/\/energy-cities.eu\/fr\/wp-json\/wp\/v2\/media\/16052"}],"wp:attachment":[{"href":"https:\/\/energy-cities.eu\/fr\/wp-json\/wp\/v2\/media?parent=12436"}],"wp:term":[{"taxonomy":"countries","embeddable":true,"href":"https:\/\/energy-cities.eu\/fr\/wp-json\/wp\/v2\/countries?post=12436"}],"curies":[{"name":"wp","href":"https:\/\/api.w.org\/{rel}","templated":true}]}}