{"id":12416,"date":"2019-02-21T12:55:17","date_gmt":"2019-02-21T12:55:17","guid":{"rendered":"http:\/\/ec.kuusi.ovh\/?post_type=best_practices&#038;p=12416"},"modified":"2022-12-22T12:03:42","modified_gmt":"2022-12-22T11:03:42","slug":"plan-economie-circulaire-de-paris","status":"publish","type":"best_practices","link":"https:\/\/energy-cities.eu\/fr\/bonne-pratique\/plan-economie-circulaire-de-paris\/","title":{"rendered":"Plan \u00e9conomie circulaire de Paris"},"content":{"rendered":"\n<p>La Ville de Paris a men\u00e9 tout au long de l\u2019ann\u00e9e 2015 un travail d\u2019envergure, en collaboration avec une vingtaine de collectivit\u00e9s du Grand Paris, pour organiser les \u00c9tats g\u00e9n\u00e9raux de l\u2019\u00e9conomie circulaire du Grand Paris. Ils ont mobilis\u00e9 et r\u00e9uni de nombreux acteurs m\u00e9tropolitains, soit plus de 120 structures du monde associatif, industriel, \u00e9conomique, institutionnel et acad\u00e9mique.<\/p>\n\n\n\n<p>En synth\u00e8se, les enjeux pr\u00e9gnants d\u2019\u00e9conomie circulaire pour Paris sont :<\/p>\n\n\n\n<ul><li>La ma\u00eetrise de la fili\u00e8re alimentaire<\/li><li>La valorisation du gisement des mati\u00e8res organiques<\/li><li>La lutte contre le gaspillage<\/li><li>La visibilit\u00e9 sur l&rsquo;approvisionnement des marchandises<\/li><li>Les impacts de la fili\u00e8re BTP<\/li><li>Le soutien \u00e0 l&rsquo;innovation et aux nouvelles \u00e9conomies<\/li><li>les solutions facilitant l&rsquo;acc\u00e8s et le partage de locaux et de foncier <\/li><li>La priorit\u00e9 aux circuits courts de production et de distribution<\/li><\/ul>\n\n\n\n<h3>Une administration d\u00e9j\u00e0 \u00e0 l&rsquo;oeuvre<\/h3>\n\n\n\n<p>Les services de la Ville sont mobilis\u00e9s \u00e0 travers leurs comp\u00e9tences sp\u00e9cifiques pour mettre en \u0153uvre au quotidien des actions qui rel\u00e8vent du concept de l\u2019\u00e9conomie circulaire. Voici un tour d\u2019horizon des actions phares de l\u2019administration parisienne qui donne une vision de ce qui a \u00e9t\u00e9 engag\u00e9 et de ses perspectives de d\u00e9ploiement.<\/p>\n\n\n\n<h4>Valorisation des d\u00e9chets verts<\/h4>\n\n\n\n<p><strong>Recyclage des d\u00e9chets ligneux des espaces verts<\/strong><br>Depuis 2012, le broyage des branches \u00e9lagu\u00e9es permet de produire 5 000 m3 de broyat par an qui sont utilis\u00e9s en paillage au pied des massifs des jardins parisiens pour \u00e9viter la pousse d\u2019herbes ind\u00e9sirables, en substitution des produits phytosanitaires interdits, et limiter l\u2019arrosage. Les grumes de bois des arbres parisiens ont quant \u00e0 elles \u00e9t\u00e9 valoris\u00e9es pour fabriquer les \u00e9l\u00e9ments et mobiliers de 4 aires de jeux, d\u2019autres projets sont \u00e0 l\u2019\u00e9tude. <\/p>\n\n\n\n<p><strong>Valorisation des sapins de No\u00ebl <\/strong><br>69 500 sapins ont \u00e9t\u00e9 collect\u00e9s d\u00e9but 2016 dans les points d\u2019apport volontaire situ\u00e9s dans les jardins de Paris (54 000 en 2014). Ils ont \u00e9t\u00e9 transform\u00e9s en 1 120 m3 de broyat utilis\u00e9s pour le paillage de massifs ou comme couverture des chemins pi\u00e9tonniers.<\/p>\n\n\n\n<h4>Valorisation des mat\u00e9riaux (de construction et de travaux publics)<\/h4>\n\n\n\n<p><strong>Recyclage des produits de d\u00e9construction des monuments fun\u00e9raires <\/strong><br>Les mat\u00e9riaux issus du d\u00e9montage des monuments fun\u00e9raires en reprise de concession sont regroup\u00e9s sur des aires de stockage et de concassage dans les cimeti\u00e8res de Pantin et de Thiais permettant de produire en moyenne pour chaque site entre 2 400 et 3 500 tonnes de graves par an, utilis\u00e9es pour la constitution de voies pi\u00e9tonnes et routi\u00e8res. <\/p>\n\n\n\n<p><strong>Recyclage des mat\u00e9riaux de voirie <\/strong><br>Le r\u00e8glement de voirie parisien impose que les mat\u00e9riaux issus des chantiers soient amen\u00e9s au centre de recyclage des mat\u00e9riaux de la Ville de Paris pour y \u00eatre retaill\u00e9s ou recycl\u00e9s. Sur les 15 000 tonnes de granit pos\u00e9es annuellement, 50 % sont issues de granit recycl\u00e9. Pour assurer une utilisation optimale des mat\u00e9riaux recycl\u00e9s, la Ville met en vente une partie de ses stocks. Cette d\u00e9marche in\u00e9dite va ainsi renforcer les \u00e9changes entre les collectivit\u00e9s de la m\u00e9tropole. <\/p>\n\n\n\n<p><strong>Valorisation des mat\u00e9riaux lors d\u2019op\u00e9rations de r\u00e9habilitations lourdes <\/strong>Int\u00e9gration du principe de la d\u00e9construction s\u00e9lective et du r\u00e9emploi des mat\u00e9riaux de construction de gros et second \u0153uvre dans la programmation de la r\u00e9habilitation des sites d\u2019Alembert (D\u00e9partement de Paris), Caserne de Reuilly (Paris Habitat) ou encore Les Canaux (Ville de Paris). Ces exp\u00e9riences pourront d\u00e8s lors servir de r\u00e9f\u00e9rence pour l\u2019int\u00e9gration de telles prescriptions dans de futures op\u00e9rations. <\/p>\n\n\n\n<p><strong>Plateforme num\u00e9rique d\u2019\u00e9change interservices <\/strong><br>Une plateforme num\u00e9rique d\u2019\u00e9changes de mat\u00e9riaux, objets et mobiliers a \u00e9t\u00e9 cr\u00e9\u00e9e en 2015 par les services des espaces verts. Suite \u00e0 de nombreuses propositions des agents, un groupe de travail a \u00e9t\u00e9 constitu\u00e9 pour l\u2019ouvrir \u00e0 toutes les directions de la Ville de Paris et la faire \u00e9voluer vers des fonctionnalit\u00e9s en lien direct avec les autres applications m\u00e9tiers.<\/p>\n\n\n\n<h4>\u00c9coconception des lieux et \u00e9v\u00e9nements<\/h4>\n\n\n\n<p><strong>R\u00e9f\u00e9rentiel d\u2019\u00e9coconception des espaces verts <\/strong><br>Une grille d\u2019analyse permet de passer en revue l\u2019ensemble des objectifs environnementaux et d\u2019accueil du public lors de la conception ou du r\u00e9am\u00e9nagement des jardins et espaces verts. Associ\u00e9e au guide d\u2019am\u00e9nagement durable des espaces verts (GADEV), ces outils facilitent le dialogue entre les diff\u00e9rents acteurs et l\u2019atteinte des objectifs cibl\u00e9s par le r\u00e9f\u00e9rentiel. <br><strong>Charte des \u00e9v\u00e9nements \u00e9coresponsables <\/strong><br>Pour les \u00e9v\u00e9nements et manifestations organis\u00e9s sur l\u2019espace public parisien, la Ville de Paris a instaur\u00e9 une charte des \u00e9v\u00e9nements \u00e9coresponsables syst\u00e9matiquement transmises aux organisateurs d\u2019\u00e9v\u00e9nements qui pr\u00e9conise l\u2019\u00e9coconception et s\u2019applique \u00e0 chaque \u00e9tape de l\u2019\u00e9v\u00e9nement de sa conception \u00e0 son d\u00e9montage.<\/p>\n\n\n\n<h4>Approvisionnements durables et responsables <\/h4>\n\n\n\n<p><strong>Approvisionnement en produits bio et durables dans les restaurants collectifs <\/strong><br>La Ville est engag\u00e9e depuis 2009 dans son plan d\u2019alimentation durable, programme d\u2019actions ambitieux pour ses restaurants collectifs (30 millions de repas par an dans ses 1 200 restaurants) qui a permis d\u2019atteindre 32,9 % d\u2019alimentation durable en 2015 (51,2 % dans les cr\u00e8ches). L\u2019 objectif est d\u2019atteindre 50 % d\u2019alimentation durable d\u2019ici 2020. <br><\/p>\n\n\n\n<p><strong>Sch\u00e9ma de la commande publique socialement et \u00e9cologiquement responsable <\/strong><br>Adopt\u00e9 en Conseil de Paris en f\u00e9vrier 2016, le sch\u00e9ma parisien de la commande publique responsable r\u00e9pond \u00e0 une exigence r\u00e9glementaire et engage notamment la ville dans une d\u00e9marche innovante avec la cr\u00e9ation d\u2019un indicateur d\u2019empreinte \u00e9cologique de ces achats, de nouveaux crit\u00e8res pour les futurs march\u00e9s publics portant sur l\u2019efficacit\u00e9 des ressources ainsi qu\u2019un questionnement en amont des besoins. <\/p>\n\n\n\n<p><strong>D\u00e9veloppement de l\u2019agriculture urbaine <\/strong><br>La Ville de Paris a lanc\u00e9 l\u2019appel \u00e0 projets les \u00ab Parisculteurs \u00bb avec le soutien des signataires de la charte \u00ab Objectif 100 hectares \u00bb. Sur les 33 projets retenus par la Mairie de Paris et ses partenaires, 28 sont d\u00e9di\u00e9s \u00e0 des projets d\u2019agriculture urbaine, soit plus de 5,3 ha.<\/p>\n\n\n\n<h4>\u00c9nergie : r\u00e9cup\u00e9rations et valorisation de la chaleur et du froid<\/h4>\n\n\n\n<p><strong>R\u00e9cup\u00e9ration de chaleur des eaux us\u00e9es pour chauffer des b\u00e2timents publics <\/strong><br>En plus des sites op\u00e9rationnels (\u00e9cole Wattignies, piscine Aspirant Dunand et H\u00f4tel de Ville) 13 sites \u00e0 potentiel de r\u00e9cup\u00e9ration \u00e9nerg\u00e9tique sur les r\u00e9seaux d\u2019eaux us\u00e9es et d\u2019eau non potable ont \u00e9t\u00e9 recens\u00e9s. Ce dispositif offrira la possibilit\u00e9 d\u2019\u00e9conomiser chaque ann\u00e9e 250 tonnes de CO 2 . <\/p>\n\n\n\n<p><strong>R\u00e9cup\u00e9ration de chaleur de data-centers <\/strong><br>La Ville de Paris s\u2019engage dans la valorisation de l\u2019\u00e9nergie des data-centers, \u00e0 travers une premi\u00e8re exp\u00e9rimentation visant \u00e0 chauffer le bassin de la piscine de la Butte-aux-Cailles (13 e arrondisse &#8211; ment). Les serveurs informatiques seront install\u00e9s dans les locaux de la piscine par le titulaire du march\u00e9 qui pourra commercialiser la puissance informatique \u00e0 des clients tiers. <\/p>\n\n\n\n<p><strong>Refroidissement de b\u00e2timent public <\/strong><br>\u00c0 l\u2019exemple du syst\u00e8me d\u2019\u00e9changeur reli\u00e9 \u00e0 la conduite d\u2019eau non potable et permettant d\u2019ex &#8211; traire des calories de l\u2019eau pour la production de froid de l\u2019H\u00f4tel de Ville (44 % d\u2019\u00e9conomie d\u2019\u00e9ner &#8211; gie), de nombreuses applications sont \u00e0 l\u2019\u00e9tude pour favoriser les \u00e9nergies de r\u00e9cup\u00e9ration et alimenter le r\u00e9seau froid parisien. <br><\/p>\n\n\n\n<h4>Gestion de l\u2019eau <\/h4>\n\n\n\n<p><strong>D\u00e9veloppement des usages et du r\u00e9seau d\u2019eau non potable <\/strong><br>Le sch\u00e9ma directeur des usages et du r\u00e9seau d\u2019eau non potable, approuv\u00e9 par le Conseil de Paris en octobre 2015, pr\u00e9voit d\u2019optimiser et de moderniser ce r\u00e9seau en faisant \u00e9voluer la pro &#8211; duction et en d\u00e9veloppant de nouveaux usages pour rafra\u00eechir la ville, s\u2019adapter au d\u00e9r\u00e8glement climatique ou encore d\u00e9velopper des projets couplant eau et \u00e9nergie. <strong>Gestion rationnalis\u00e9e de l\u2019eau dans les espaces verts <\/strong><br>L\u2019installation de compteurs divisionnaires, le suivi t\u00e9l\u00e9relev\u00e9 des consommations et la r\u00e9fection des \u00e9tanch\u00e9it\u00e9s des fontaines permettent d\u2019optimiser les consommations : meilleure r\u00e9activit\u00e9 face aux fuites, meilleure connaissance des consommations par usage et contr\u00f4le des volumes d\u2019eau r\u00e9ellement apport\u00e9s aux v\u00e9g\u00e9taux. <\/p>\n\n\n\n<h4>Mobilit\u00e9 et transport de marchandises <\/h4>\n\n\n\n<p><strong>D\u00e9veloppement des espaces logistiques urbains<\/strong> <br>La rationalisation du transport de marchandises par la mutualisation d\u2019espaces ou de v\u00e9hicules et le maillage du territoire est un \u00e9l\u00e9ment essentiel du d\u00e9veloppement de l\u2019\u00e9conomie circulaire. \u00c0 ce jour, 15 espaces logistiques urbains (ELU) sont r\u00e9partis sur le territoire de Paris. Le Plan local d\u2019urbanisme pr\u00e9voit de pr\u00e9server les emprises logistiques existantes et de r\u00e9server des espaces d\u00e9di\u00e9s \u00e0 cet usage lors de mutation de parcelles et\/ou de projets urbains. <br><strong>Flotte municipale en partage (auto et v\u00e9lo) <\/strong><br>Entre 2014 et 2016, des services d\u2019auto partage et de v\u00e9lo \u00e0 assistance \u00e9lectrique en partage ont \u00e9t\u00e9 d\u00e9ploy\u00e9s. Plus de 700 inscrits peuvent ainsi b\u00e9n\u00e9ficier de 58 v\u00e9hicules partag\u00e9s pour leurs d\u00e9placements professionnels. Ces services de v\u00e9hicules partag\u00e9s seront propos\u00e9s sur les nouveaux sites administratifs en projet. En compl\u00e9ment de cette offre, des exp\u00e9rimentations se poursuivent sur l\u2019utilisation d\u2019Autolib\u2019 pour les trajets professionnels.<\/p>\n","protected":false},"excerpt":{"rendered":"<p>La Ville de Paris a men\u00e9 tout au long de l\u2019ann\u00e9e 2015 un travail d\u2019envergure, en collaboration avec une vingtaine de collectivit\u00e9s du Grand Paris, <a href=\"https:\/\/energy-cities.eu\/fr\/bonne-pratique\/plan-economie-circulaire-de-paris\/\">[\u2026]<\/a><\/p>\n","protected":false},"author":30,"featured_media":17897,"template":"","hub":[310,309],"topic":[22,110,113],"acf":[],"yoast_head":"<!-- This site is optimized with the Yoast SEO plugin v18.8 - https:\/\/yoast.com\/wordpress\/plugins\/seo\/ -->\n<title>Plan \u00e9conomie circulaire de Paris - Energy Cities<\/title>\n<meta name=\"robots\" content=\"index, follow, max-snippet:-1, max-image-preview:large, max-video-preview:-1\" \/>\n<link rel=\"canonical\" href=\"https:\/\/energy-cities.eu\/fr\/bonne-pratique\/plan-economie-circulaire-de-paris\/\" \/>\n<meta property=\"og:locale\" content=\"fr_FR\" \/>\n<meta property=\"og:type\" content=\"article\" \/>\n<meta property=\"og:title\" content=\"Plan \u00e9conomie circulaire de Paris - Energy Cities\" \/>\n<meta property=\"og:description\" content=\"La Ville de Paris a men\u00e9 tout au long de l\u2019ann\u00e9e 2015 un travail d\u2019envergure, en collaboration avec une vingtaine de collectivit\u00e9s du Grand Paris, [\u2026]\" \/>\n<meta property=\"og:url\" content=\"https:\/\/energy-cities.eu\/fr\/bonne-pratique\/plan-economie-circulaire-de-paris\/\" \/>\n<meta property=\"og:site_name\" content=\"Energy Cities\" \/>\n<meta property=\"article:publisher\" content=\"https:\/\/www.facebook.com\/energycities.eu\/\" \/>\n<meta property=\"article:modified_time\" content=\"2022-12-22T11:03:42+00:00\" \/>\n<meta property=\"og:image\" content=\"https:\/\/energy-cities.eu\/wp-content\/uploads\/2018\/06\/pexels-photo-earth-in-hand_done.png\" \/>\n\t<meta property=\"og:image:width\" content=\"2000\" \/>\n\t<meta property=\"og:image:height\" content=\"962\" \/>\n\t<meta property=\"og:image:type\" content=\"image\/png\" \/>\n<meta name=\"twitter:card\" content=\"summary_large_image\" \/>\n<meta name=\"twitter:site\" content=\"@energycities\" \/>\n<meta name=\"twitter:label1\" content=\"Dur\u00e9e de lecture estim\u00e9e\" \/>\n\t<meta name=\"twitter:data1\" content=\"6 minutes\" \/>\n<script type=\"application\/ld+json\" class=\"yoast-schema-graph\">{\"@context\":\"https:\/\/schema.org\",\"@graph\":[{\"@type\":\"Organization\",\"@id\":\"https:\/\/energy-cities.eu\/fr\/#organization\",\"name\":\"Energy Cities\",\"url\":\"https:\/\/energy-cities.eu\/fr\/\",\"sameAs\":[\"https:\/\/www.facebook.com\/energycities.eu\/\",\"https:\/\/www.youtube.com\/channel\/UChIHn2wF76JzuTbAjSMs0hQ\",\"https:\/\/fr.wikipedia.org\/wiki\/Energy_Cities\",\"https:\/\/twitter.com\/energycities\"],\"logo\":{\"@type\":\"ImageObject\",\"inLanguage\":\"fr-FR\",\"@id\":\"https:\/\/energy-cities.eu\/fr\/#\/schema\/logo\/image\/\",\"url\":\"https:\/\/energy-cities.eu\/wp-content\/uploads\/2019\/07\/energy-cities-couleur.jpg\",\"contentUrl\":\"https:\/\/energy-cities.eu\/wp-content\/uploads\/2019\/07\/energy-cities-couleur.jpg\",\"width\":3508,\"height\":2587,\"caption\":\"Energy Cities\"},\"image\":{\"@id\":\"https:\/\/energy-cities.eu\/fr\/#\/schema\/logo\/image\/\"}},{\"@type\":\"WebSite\",\"@id\":\"https:\/\/energy-cities.eu\/fr\/#website\",\"url\":\"https:\/\/energy-cities.eu\/fr\/\",\"name\":\"Energy Cities\",\"description\":\" The European learning community for future-proof cities\",\"publisher\":{\"@id\":\"https:\/\/energy-cities.eu\/fr\/#organization\"},\"potentialAction\":[{\"@type\":\"SearchAction\",\"target\":{\"@type\":\"EntryPoint\",\"urlTemplate\":\"https:\/\/energy-cities.eu\/fr\/?s={search_term_string}\"},\"query-input\":\"required name=search_term_string\"}],\"inLanguage\":\"fr-FR\"},{\"@type\":\"ImageObject\",\"inLanguage\":\"fr-FR\",\"@id\":\"https:\/\/energy-cities.eu\/fr\/bonne-pratique\/plan-economie-circulaire-de-paris\/#primaryimage\",\"url\":\"https:\/\/energy-cities.eu\/wp-content\/uploads\/2018\/06\/pexels-photo-earth-in-hand_done.png\",\"contentUrl\":\"https:\/\/energy-cities.eu\/wp-content\/uploads\/2018\/06\/pexels-photo-earth-in-hand_done.png\",\"width\":2000,\"height\":962,\"caption\":\"@pexels\"},{\"@type\":\"WebPage\",\"@id\":\"https:\/\/energy-cities.eu\/fr\/bonne-pratique\/plan-economie-circulaire-de-paris\/#webpage\",\"url\":\"https:\/\/energy-cities.eu\/fr\/bonne-pratique\/plan-economie-circulaire-de-paris\/\",\"name\":\"Plan \u00e9conomie circulaire de Paris - Energy Cities\",\"isPartOf\":{\"@id\":\"https:\/\/energy-cities.eu\/fr\/#website\"},\"primaryImageOfPage\":{\"@id\":\"https:\/\/energy-cities.eu\/fr\/bonne-pratique\/plan-economie-circulaire-de-paris\/#primaryimage\"},\"datePublished\":\"2019-02-21T12:55:17+00:00\",\"dateModified\":\"2022-12-22T11:03:42+00:00\",\"breadcrumb\":{\"@id\":\"https:\/\/energy-cities.eu\/fr\/bonne-pratique\/plan-economie-circulaire-de-paris\/#breadcrumb\"},\"inLanguage\":\"fr-FR\",\"potentialAction\":[{\"@type\":\"ReadAction\",\"target\":[\"https:\/\/energy-cities.eu\/fr\/bonne-pratique\/plan-economie-circulaire-de-paris\/\"]}]},{\"@type\":\"BreadcrumbList\",\"@id\":\"https:\/\/energy-cities.eu\/fr\/bonne-pratique\/plan-economie-circulaire-de-paris\/#breadcrumb\",\"itemListElement\":[{\"@type\":\"ListItem\",\"position\":1,\"name\":\"Home\",\"item\":\"https:\/\/energy-cities.eu\/fr\/nous-sommes-un-reseau-europeen-blabla\/\"},{\"@type\":\"ListItem\",\"position\":2,\"name\":\"Plan \u00e9conomie circulaire de Paris\"}]}]}<\/script>\n<!-- \/ Yoast SEO plugin. -->","yoast_head_json":{"title":"Plan \u00e9conomie circulaire de Paris - Energy Cities","robots":{"index":"index","follow":"follow","max-snippet":"max-snippet:-1","max-image-preview":"max-image-preview:large","max-video-preview":"max-video-preview:-1"},"canonical":"https:\/\/energy-cities.eu\/fr\/bonne-pratique\/plan-economie-circulaire-de-paris\/","og_locale":"fr_FR","og_type":"article","og_title":"Plan \u00e9conomie circulaire de Paris - Energy Cities","og_description":"La Ville de Paris a men\u00e9 tout au long de l\u2019ann\u00e9e 2015 un travail d\u2019envergure, en collaboration avec une vingtaine de collectivit\u00e9s du Grand Paris, [\u2026]","og_url":"https:\/\/energy-cities.eu\/fr\/bonne-pratique\/plan-economie-circulaire-de-paris\/","og_site_name":"Energy Cities","article_publisher":"https:\/\/www.facebook.com\/energycities.eu\/","article_modified_time":"2022-12-22T11:03:42+00:00","og_image":[{"width":2000,"height":962,"url":"https:\/\/energy-cities.eu\/wp-content\/uploads\/2018\/06\/pexels-photo-earth-in-hand_done.png","type":"image\/png"}],"twitter_card":"summary_large_image","twitter_site":"@energycities","twitter_misc":{"Dur\u00e9e de lecture estim\u00e9e":"6 minutes"},"schema":{"@context":"https:\/\/schema.org","@graph":[{"@type":"Organization","@id":"https:\/\/energy-cities.eu\/fr\/#organization","name":"Energy Cities","url":"https:\/\/energy-cities.eu\/fr\/","sameAs":["https:\/\/www.facebook.com\/energycities.eu\/","https:\/\/www.youtube.com\/channel\/UChIHn2wF76JzuTbAjSMs0hQ","https:\/\/fr.wikipedia.org\/wiki\/Energy_Cities","https:\/\/twitter.com\/energycities"],"logo":{"@type":"ImageObject","inLanguage":"fr-FR","@id":"https:\/\/energy-cities.eu\/fr\/#\/schema\/logo\/image\/","url":"https:\/\/energy-cities.eu\/wp-content\/uploads\/2019\/07\/energy-cities-couleur.jpg","contentUrl":"https:\/\/energy-cities.eu\/wp-content\/uploads\/2019\/07\/energy-cities-couleur.jpg","width":3508,"height":2587,"caption":"Energy Cities"},"image":{"@id":"https:\/\/energy-cities.eu\/fr\/#\/schema\/logo\/image\/"}},{"@type":"WebSite","@id":"https:\/\/energy-cities.eu\/fr\/#website","url":"https:\/\/energy-cities.eu\/fr\/","name":"Energy Cities","description":" The European learning community for future-proof cities","publisher":{"@id":"https:\/\/energy-cities.eu\/fr\/#organization"},"potentialAction":[{"@type":"SearchAction","target":{"@type":"EntryPoint","urlTemplate":"https:\/\/energy-cities.eu\/fr\/?s={search_term_string}"},"query-input":"required name=search_term_string"}],"inLanguage":"fr-FR"},{"@type":"ImageObject","inLanguage":"fr-FR","@id":"https:\/\/energy-cities.eu\/fr\/bonne-pratique\/plan-economie-circulaire-de-paris\/#primaryimage","url":"https:\/\/energy-cities.eu\/wp-content\/uploads\/2018\/06\/pexels-photo-earth-in-hand_done.png","contentUrl":"https:\/\/energy-cities.eu\/wp-content\/uploads\/2018\/06\/pexels-photo-earth-in-hand_done.png","width":2000,"height":962,"caption":"@pexels"},{"@type":"WebPage","@id":"https:\/\/energy-cities.eu\/fr\/bonne-pratique\/plan-economie-circulaire-de-paris\/#webpage","url":"https:\/\/energy-cities.eu\/fr\/bonne-pratique\/plan-economie-circulaire-de-paris\/","name":"Plan \u00e9conomie circulaire de Paris - Energy Cities","isPartOf":{"@id":"https:\/\/energy-cities.eu\/fr\/#website"},"primaryImageOfPage":{"@id":"https:\/\/energy-cities.eu\/fr\/bonne-pratique\/plan-economie-circulaire-de-paris\/#primaryimage"},"datePublished":"2019-02-21T12:55:17+00:00","dateModified":"2022-12-22T11:03:42+00:00","breadcrumb":{"@id":"https:\/\/energy-cities.eu\/fr\/bonne-pratique\/plan-economie-circulaire-de-paris\/#breadcrumb"},"inLanguage":"fr-FR","potentialAction":[{"@type":"ReadAction","target":["https:\/\/energy-cities.eu\/fr\/bonne-pratique\/plan-economie-circulaire-de-paris\/"]}]},{"@type":"BreadcrumbList","@id":"https:\/\/energy-cities.eu\/fr\/bonne-pratique\/plan-economie-circulaire-de-paris\/#breadcrumb","itemListElement":[{"@type":"ListItem","position":1,"name":"Home","item":"https:\/\/energy-cities.eu\/fr\/nous-sommes-un-reseau-europeen-blabla\/"},{"@type":"ListItem","position":2,"name":"Plan \u00e9conomie circulaire de Paris"}]}]}},"featured_img":"https:\/\/energy-cities.eu\/wp-content\/uploads\/2018\/06\/pexels-photo-earth-in-hand_done.png","coauthors":[],"author_meta":{"author_link":"https:\/\/energy-cities.eu\/fr\/staff\/b-karas\/","display_name":"Beatrice Karas"},"relative_dates":{"created":"Publi\u00e9 7 ans il y a","modified":"Mis \u00e0 jour 3 ans il y a"},"absolute_dates":{"created":"Publi\u00e9 le 21 f\u00e9vrier 2019","modified":"Mise \u00e0 jour le 22 d\u00e9cembre 2022"},"absolute_dates_time":{"created":"Publi\u00e9 le 21 f\u00e9vrier 2019 12:55  ","modified":"Mise \u00e0 jour le 22 d\u00e9cembre 2022 12:03  "},"featured_img_caption":"@pexels","tax_additional":{"hub":{"linked":["<a href=\"https:\/\/energy-cities.eu\/fr\/hub\/gouvernance-locale\/\" class=\"advgb-post-tax-term\">Gouvernance locale<\/a>","<a href=\"https:\/\/energy-cities.eu\/fr\/hub\/economies-locales\/\" class=\"advgb-post-tax-term\">\u00c9conomies justes<\/a>"],"unlinked":["<span class=\"advgb-post-tax-term\">Gouvernance locale<\/span>","<span class=\"advgb-post-tax-term\">\u00c9conomies justes<\/span>"],"slug":"hub","name":"Hubs"},"topic":{"linked":["<a href=\"https:\/\/energy-cities.eu\/fr\/th\u00e9matique\/efficacite-energetique-batiments\/\" class=\"advgb-post-tax-term\">Efficacit\u00e9 \u00e9nerg\u00e9tique &amp; B\u00e2timents<\/a>","<a href=\"https:\/\/energy-cities.eu\/fr\/th\u00e9matique\/planification-vision\/\" class=\"advgb-post-tax-term\">Vision &amp; Planification urbaine<\/a>","<a href=\"https:\/\/energy-cities.eu\/fr\/th\u00e9matique\/style-de-vie-comportements\/\" class=\"advgb-post-tax-term\">Mode de vie &amp; Comportements<\/a>"],"unlinked":["<span class=\"advgb-post-tax-term\">Efficacit\u00e9 \u00e9nerg\u00e9tique &amp; B\u00e2timents<\/span>","<span class=\"advgb-post-tax-term\">Vision &amp; Planification urbaine<\/span>","<span class=\"advgb-post-tax-term\">Mode de vie &amp; Comportements<\/span>"],"slug":"topic","name":"Topics"}},"_links":{"self":[{"href":"https:\/\/energy-cities.eu\/fr\/wp-json\/wp\/v2\/best_practices\/12416"}],"collection":[{"href":"https:\/\/energy-cities.eu\/fr\/wp-json\/wp\/v2\/best_practices"}],"about":[{"href":"https:\/\/energy-cities.eu\/fr\/wp-json\/wp\/v2\/types\/best_practices"}],"author":[{"embeddable":true,"href":"https:\/\/energy-cities.eu\/fr\/wp-json\/wp\/v2\/users\/30"}],"version-history":[{"count":1,"href":"https:\/\/energy-cities.eu\/fr\/wp-json\/wp\/v2\/best_practices\/12416\/revisions"}],"predecessor-version":[{"id":30548,"href":"https:\/\/energy-cities.eu\/fr\/wp-json\/wp\/v2\/best_practices\/12416\/revisions\/30548"}],"wp:featuredmedia":[{"embeddable":true,"href":"https:\/\/energy-cities.eu\/fr\/wp-json\/wp\/v2\/media\/17897"}],"wp:attachment":[{"href":"https:\/\/energy-cities.eu\/fr\/wp-json\/wp\/v2\/media?parent=12416"}],"wp:term":[{"taxonomy":"hub","embeddable":true,"href":"https:\/\/energy-cities.eu\/fr\/wp-json\/wp\/v2\/hub?post=12416"},{"taxonomy":"topic","embeddable":true,"href":"https:\/\/energy-cities.eu\/fr\/wp-json\/wp\/v2\/topic?post=12416"}],"curies":[{"name":"wp","href":"https:\/\/api.w.org\/{rel}","templated":true}]}}